{"id":55545,"date":"2021-06-08T13:09:09","date_gmt":"2021-06-08T16:09:09","guid":{"rendered":"https:\/\/rioonwatch.org.br\/?page_id=55545"},"modified":"2021-09-20T09:41:44","modified_gmt":"2021-09-20T12:41:44","slug":"serie-justica-energetica","status":"publish","type":"page","link":"https:\/\/rioonwatch.org.br\/?page_id=55545","title":{"rendered":"S\u00e9rie: Justi\u00e7a Energ\u00e9tica"},"content":{"rendered":"\t\t<div data-elementor-type=\"wp-page\" data-elementor-id=\"55545\" class=\"elementor elementor-55545\" data-elementor-post-type=\"page\">\n\t\t\t\t\t\t<section class=\"elementor-section elementor-top-section elementor-element elementor-element-2c9a78d elementor-section-full_width elementor-section-height-default elementor-section-height-default\" data-id=\"2c9a78d\" data-element_type=\"section\" data-settings=\"{&quot;background_background&quot;:&quot;classic&quot;}\">\n\t\t\t\t\t\t<div class=\"elementor-container elementor-column-gap-default\">\n\t\t\t\t\t<div class=\"elementor-column elementor-col-100 elementor-top-column elementor-element elementor-element-2e2ae53\" data-id=\"2e2ae53\" data-element_type=\"column\">\n\t\t\t<div class=\"elementor-widget-wrap elementor-element-populated\">\n\t\t\t\t\t\t<div class=\"elementor-element elementor-element-6a74b7a elementor-widget elementor-widget-image\" data-id=\"6a74b7a\" data-element_type=\"widget\" data-widget_type=\"image.default\">\n\t\t\t\t<div class=\"elementor-widget-container\">\n\t\t\t\t\t\t\t\t\t\t\t\t\t<img fetchpriority=\"high\" decoding=\"async\" width=\"1280\" height=\"193\" src=\"https:\/\/rioonwatch.org.br\/wp-content\/uploads\/2021\/09\/Justica-Energetica.jpeg\" class=\"attachment-full size-full wp-image-58344\" alt=\"\" srcset=\"https:\/\/rioonwatch.org.br\/wp-content\/uploads\/2021\/09\/Justica-Energetica.jpeg 1280w, https:\/\/rioonwatch.org.br\/wp-content\/uploads\/2021\/09\/Justica-Energetica-620x93.jpeg 620w, https:\/\/rioonwatch.org.br\/wp-content\/uploads\/2021\/09\/Justica-Energetica-1024x154.jpeg 1024w, https:\/\/rioonwatch.org.br\/wp-content\/uploads\/2021\/09\/Justica-Energetica-768x116.jpeg 768w\" sizes=\"(max-width: 1280px) 100vw, 1280px\" \/>\t\t\t\t\t\t\t\t\t\t\t\t\t<\/div>\n\t\t\t\t<\/div>\n\t\t\t\t\t<\/div>\n\t\t<\/div>\n\t\t\t\t\t<\/div>\n\t\t<\/section>\n\t\t\t\t<section class=\"elementor-section elementor-top-section elementor-element elementor-element-29ecb46 elementor-section-boxed elementor-section-height-default elementor-section-height-default\" data-id=\"29ecb46\" data-element_type=\"section\" data-settings=\"{&quot;background_background&quot;:&quot;classic&quot;}\">\n\t\t\t\t\t\t<div class=\"elementor-container elementor-column-gap-default\">\n\t\t\t\t\t<div class=\"elementor-column elementor-col-100 elementor-top-column elementor-element elementor-element-4bf6ff5\" data-id=\"4bf6ff5\" data-element_type=\"column\">\n\t\t\t<div class=\"elementor-widget-wrap elementor-element-populated\">\n\t\t\t\t\t\t<div class=\"elementor-element elementor-element-0a27ec3 elementor-widget elementor-widget-text-editor\" data-id=\"0a27ec3\" data-element_type=\"widget\" data-widget_type=\"text-editor.default\">\n\t\t\t\t<div class=\"elementor-widget-container\">\n\t\t\t\t\t\t\t<p><span style=\"font-weight: 400;\">A s\u00e9rie <a href=\"https:\/\/bit.ly\/JusticaEnergeticaResumo\" target=\"_blank\" rel=\"noopener\">Justi\u00e7a Energ\u00e9tica<\/a> \u00e9 resultado do projeto &#8220;Comunicando em Prol da Efici\u00eancia e Justi\u00e7a Energ\u00e9tica nas Favelas&#8221;, que publicou doze relatos e seis pesquisas, realizadas e ilustradas por moradores de favelas, e mais <\/span><a href=\"https:\/\/bit.ly\/EnergiaFavelas\" target=\"_blank\" rel=\"noopener\"><span style=\"font-weight: 400;\">um v\u00eddeo<\/span><\/a><span style=\"font-weight: 400;\"> resumindo o projeto. A s\u00e9rie visa gerar consci\u00eancia sobre o tema por moradores e formadores de opini\u00e3o dentro e fora das favelas, para que realizem boas decis\u00f5es sobre efici\u00eancia energ\u00e9tica e reivindiquem o direito \u00e0 justi\u00e7a energ\u00e9tica.\u00a0<\/span><\/p><p>\u00a0<\/p><p><span style=\"font-weight: 400;\">Para introduzir a s\u00e9rie o <\/span><i><span style=\"font-weight: 400;\">RioOnWatch <\/span><\/i><span style=\"font-weight: 400;\">publicou <\/span><a href=\"https:\/\/bit.ly\/QueEJusticaEnergetica\" target=\"_blank\" rel=\"noopener\"><span style=\"font-weight: 400;\">uma mat\u00e9ria<\/span><\/a><span style=\"font-weight: 400;\"> resumindo uma pesquisa internacional, onde quatro pesquisadores classificaram tr\u00eas no\u00e7\u00f5es distintas referentes \u00e0 justi\u00e7a energ\u00e9tica: justi\u00e7a distributiva, justi\u00e7a de reconhecimento e justi\u00e7a procedimental.<\/span><\/p>\t\t\t\t\t\t<\/div>\n\t\t\t\t<\/div>\n\t\t\t\t\t<\/div>\n\t\t<\/div>\n\t\t\t\t\t<\/div>\n\t\t<\/section>\n\t\t\t\t<section class=\"elementor-section elementor-top-section elementor-element elementor-element-6ea955f elementor-section-boxed elementor-section-height-default elementor-section-height-default\" data-id=\"6ea955f\" data-element_type=\"section\" data-settings=\"{&quot;background_background&quot;:&quot;classic&quot;}\">\n\t\t\t\t\t\t<div class=\"elementor-container elementor-column-gap-narrow\">\n\t\t\t\t\t<div class=\"elementor-column elementor-col-33 elementor-top-column elementor-element elementor-element-3e72069\" data-id=\"3e72069\" data-element_type=\"column\">\n\t\t\t<div class=\"elementor-widget-wrap elementor-element-populated\">\n\t\t\t\t\t\t<div class=\"elementor-element elementor-element-19274ac elementor-widget elementor-widget-video\" data-id=\"19274ac\" data-element_type=\"widget\" data-settings=\"{&quot;youtube_url&quot;:&quot;https:\\\/\\\/www.youtube.com\\\/watch?v=fDrbqBNZcvo&quot;,&quot;show_image_overlay&quot;:&quot;yes&quot;,&quot;image_overlay&quot;:{&quot;url&quot;:&quot;https:\\\/\\\/rioonwatch.org.br\\\/wp-content\\\/uploads\\\/2021\\\/07\\\/WhatsApp-Image-2021-07-02-at-10.10.33.jpeg&quot;,&quot;id&quot;:56809,&quot;size&quot;:&quot;&quot;},&quot;video_type&quot;:&quot;youtube&quot;,&quot;controls&quot;:&quot;yes&quot;}\" data-widget_type=\"video.default\">\n\t\t\t\t<div class=\"elementor-widget-container\">\n\t\t\t\t\t<div class=\"elementor-wrapper elementor-open-inline\">\n\t\t\t<div class=\"elementor-video\"><\/div>\t\t\t\t<div class=\"elementor-custom-embed-image-overlay\" style=\"background-image: url(https:\/\/rioonwatch.org.br\/wp-content\/uploads\/2021\/07\/WhatsApp-Image-2021-07-02-at-10.10.33.jpeg);\">\n\t\t\t\t\t\t\t\t\t\t\t\t\t\t\t\t<div class=\"elementor-custom-embed-play\" role=\"button\" aria-label=\"Reproduzir v\u00eddeo\" tabindex=\"0\">\n\t\t\t\t\t\t\t<i aria-hidden=\"true\" class=\"eicon-play\"><\/i>\t\t\t\t\t\t\t<span class=\"elementor-screen-only\">Reproduzir v\u00eddeo<\/span>\n\t\t\t\t\t\t<\/div>\n\t\t\t\t\t\t\t\t\t<\/div>\n\t\t\t\t\t<\/div>\n\t\t\t\t<\/div>\n\t\t\t\t<\/div>\n\t\t\t\t<div class=\"elementor-element elementor-element-7a7cf0b elementor-widget elementor-widget-heading\" data-id=\"7a7cf0b\" data-element_type=\"widget\" data-widget_type=\"heading.default\">\n\t\t\t\t<div class=\"elementor-widget-container\">\n\t\t\t<h2 class=\"elementor-heading-title elementor-size-medium\"><a href=\"https:\/\/bit.ly\/EnergiaFavelas\">Entenda a Justi\u00e7a e Efici\u00eancia Energ\u00e9tica nas Favelas do Rio de Janeiro<\/a><\/h2>\t\t<\/div>\n\t\t\t\t<\/div>\n\t\t\t\t\t<\/div>\n\t\t<\/div>\n\t\t\t\t<div class=\"elementor-column elementor-col-33 elementor-top-column elementor-element elementor-element-dab09ff\" data-id=\"dab09ff\" data-element_type=\"column\">\n\t\t\t<div class=\"elementor-widget-wrap elementor-element-populated\">\n\t\t\t\t\t\t<div class=\"elementor-element elementor-element-966dff9 elementor-widget elementor-widget-video\" data-id=\"966dff9\" data-element_type=\"widget\" data-settings=\"{&quot;youtube_url&quot;:&quot;https:\\\/\\\/youtu.be\\\/67nkMthMbzI&quot;,&quot;show_image_overlay&quot;:&quot;yes&quot;,&quot;image_overlay&quot;:{&quot;url&quot;:&quot;https:\\\/\\\/rioonwatch.org.br\\\/wp-content\\\/uploads\\\/2021\\\/01\\\/Ar-Condicionado-no-Parque-Arara-Estudos-Mostram-Potencial-do-Telhado-Verde-para-a-Favela.-Arte-por-Antonio-Vieira.jpeg&quot;,&quot;id&quot;:53365,&quot;size&quot;:&quot;&quot;},&quot;video_type&quot;:&quot;youtube&quot;,&quot;controls&quot;:&quot;yes&quot;}\" data-widget_type=\"video.default\">\n\t\t\t\t<div class=\"elementor-widget-container\">\n\t\t\t\t\t<div class=\"elementor-wrapper elementor-open-inline\">\n\t\t\t<div class=\"elementor-video\"><\/div>\t\t\t\t<div class=\"elementor-custom-embed-image-overlay\" style=\"background-image: url(https:\/\/rioonwatch.org.br\/wp-content\/uploads\/2021\/01\/Ar-Condicionado-no-Parque-Arara-Estudos-Mostram-Potencial-do-Telhado-Verde-para-a-Favela.-Arte-por-Antonio-Vieira.jpeg);\">\n\t\t\t\t\t\t\t\t\t\t\t\t\t\t\t\t<div class=\"elementor-custom-embed-play\" role=\"button\" aria-label=\"Reproduzir v\u00eddeo\" tabindex=\"0\">\n\t\t\t\t\t\t\t<i aria-hidden=\"true\" class=\"eicon-play\"><\/i>\t\t\t\t\t\t\t<span class=\"elementor-screen-only\">Reproduzir v\u00eddeo<\/span>\n\t\t\t\t\t\t<\/div>\n\t\t\t\t\t\t\t\t\t<\/div>\n\t\t\t\t\t<\/div>\n\t\t\t\t<\/div>\n\t\t\t\t<\/div>\n\t\t\t\t<div class=\"elementor-element elementor-element-a42baef elementor-widget elementor-widget-heading\" data-id=\"a42baef\" data-element_type=\"widget\" data-widget_type=\"heading.default\">\n\t\t\t\t<div class=\"elementor-widget-container\">\n\t\t\t<h2 class=\"elementor-heading-title elementor-size-medium\"><a href=\"http:\/\/bit.ly\/3rKu83R\">Teto Verde ou Ar Condicionado no Parque Arar\u00e1? Estudos Mostram Potencial do Telhado Verde na Favela\n<\/a><\/h2>\t\t<\/div>\n\t\t\t\t<\/div>\n\t\t\t\t\t<\/div>\n\t\t<\/div>\n\t\t\t\t<div class=\"elementor-column elementor-col-33 elementor-top-column elementor-element elementor-element-1824931\" data-id=\"1824931\" data-element_type=\"column\">\n\t\t\t<div class=\"elementor-widget-wrap elementor-element-populated\">\n\t\t\t\t\t\t<div class=\"elementor-element elementor-element-c535e0b elementor-widget elementor-widget-video\" data-id=\"c535e0b\" data-element_type=\"widget\" data-settings=\"{&quot;youtube_url&quot;:&quot;https:\\\/\\\/youtu.be\\\/bWo2eVIbKZ0&quot;,&quot;show_image_overlay&quot;:&quot;yes&quot;,&quot;image_overlay&quot;:{&quot;url&quot;:&quot;https:\\\/\\\/rioonwatch.org.br\\\/wp-content\\\/uploads\\\/2021\\\/06\\\/Arte-original-por-Yara-Santos-1.jpg&quot;,&quot;id&quot;:55706,&quot;size&quot;:&quot;&quot;},&quot;video_type&quot;:&quot;youtube&quot;,&quot;controls&quot;:&quot;yes&quot;}\" data-widget_type=\"video.default\">\n\t\t\t\t<div class=\"elementor-widget-container\">\n\t\t\t\t\t<div class=\"elementor-wrapper elementor-open-inline\">\n\t\t\t<div class=\"elementor-video\"><\/div>\t\t\t\t<div class=\"elementor-custom-embed-image-overlay\" style=\"background-image: url(https:\/\/rioonwatch.org.br\/wp-content\/uploads\/2021\/06\/Arte-original-por-Yara-Santos-1.jpg);\">\n\t\t\t\t\t\t\t\t\t\t\t\t\t\t\t\t<div class=\"elementor-custom-embed-play\" role=\"button\" aria-label=\"Reproduzir v\u00eddeo\" tabindex=\"0\">\n\t\t\t\t\t\t\t<i aria-hidden=\"true\" class=\"eicon-play\"><\/i>\t\t\t\t\t\t\t<span class=\"elementor-screen-only\">Reproduzir v\u00eddeo<\/span>\n\t\t\t\t\t\t<\/div>\n\t\t\t\t\t\t\t\t\t<\/div>\n\t\t\t\t\t<\/div>\n\t\t\t\t<\/div>\n\t\t\t\t<\/div>\n\t\t\t\t<div class=\"elementor-element elementor-element-7a13474 elementor-widget elementor-widget-heading\" data-id=\"7a13474\" data-element_type=\"widget\" data-widget_type=\"heading.default\">\n\t\t\t\t<div class=\"elementor-widget-container\">\n\t\t\t<h2 class=\"elementor-heading-title elementor-size-medium\"><a href=\"https:\/\/bit.ly\/ValeEncantadoGas\">A Energia que Vem do Lixo: Biodigestor Transforma Esgoto em Biog\u00e1s no Vale Encantado<\/a><\/h2>\t\t<\/div>\n\t\t\t\t<\/div>\n\t\t\t\t\t<\/div>\n\t\t<\/div>\n\t\t\t\t\t<\/div>\n\t\t<\/section>\n\t\t\t\t<section class=\"elementor-section elementor-top-section elementor-element elementor-element-118c02a elementor-section-boxed elementor-section-height-default elementor-section-height-default\" data-id=\"118c02a\" data-element_type=\"section\" data-settings=\"{&quot;background_background&quot;:&quot;classic&quot;}\">\n\t\t\t\t\t\t<div class=\"elementor-container elementor-column-gap-default\">\n\t\t\t\t\t<div class=\"elementor-column elementor-col-100 elementor-top-column elementor-element elementor-element-52462d7\" data-id=\"52462d7\" data-element_type=\"column\">\n\t\t\t<div class=\"elementor-widget-wrap elementor-element-populated\">\n\t\t\t\t\t\t<div class=\"elementor-element elementor-element-8f76f79 elementor-widget elementor-widget-spacer\" data-id=\"8f76f79\" data-element_type=\"widget\" data-widget_type=\"spacer.default\">\n\t\t\t\t<div class=\"elementor-widget-container\">\n\t\t\t\t\t<div class=\"elementor-spacer\">\n\t\t\t<div class=\"elementor-spacer-inner\"><\/div>\n\t\t<\/div>\n\t\t\t\t<\/div>\n\t\t\t\t<\/div>\n\t\t\t\t\t<\/div>\n\t\t<\/div>\n\t\t\t\t\t<\/div>\n\t\t<\/section>\n\t\t\t\t<section class=\"elementor-section elementor-top-section elementor-element elementor-element-f72df33 elementor-section-boxed elementor-section-height-default elementor-section-height-default\" data-id=\"f72df33\" data-element_type=\"section\" data-settings=\"{&quot;background_background&quot;:&quot;classic&quot;}\">\n\t\t\t\t\t\t<div class=\"elementor-container elementor-column-gap-default\">\n\t\t\t\t\t<div class=\"elementor-column elementor-col-100 elementor-top-column elementor-element elementor-element-0774062\" data-id=\"0774062\" data-element_type=\"column\" data-settings=\"{&quot;background_background&quot;:&quot;classic&quot;}\">\n\t\t\t<div class=\"elementor-widget-wrap elementor-element-populated\">\n\t\t\t\t\t\t<div class=\"elementor-element elementor-element-9c8480d elementor-widget elementor-widget-heading\" data-id=\"9c8480d\" data-element_type=\"widget\" data-widget_type=\"heading.default\">\n\t\t\t\t<div class=\"elementor-widget-container\">\n\t\t\t<h3 class=\"elementor-heading-title elementor-size-medium\">Pano de Fundo<\/h3>\t\t<\/div>\n\t\t\t\t<\/div>\n\t\t\t\t\t<\/div>\n\t\t<\/div>\n\t\t\t\t\t<\/div>\n\t\t<\/section>\n\t\t\t\t<section class=\"elementor-section elementor-top-section elementor-element elementor-element-d97880b elementor-section-boxed elementor-section-height-default elementor-section-height-default\" data-id=\"d97880b\" data-element_type=\"section\" data-settings=\"{&quot;background_background&quot;:&quot;classic&quot;}\">\n\t\t\t\t\t\t<div class=\"elementor-container elementor-column-gap-default\">\n\t\t\t\t\t<div class=\"elementor-column elementor-col-33 elementor-top-column elementor-element elementor-element-226a947\" data-id=\"226a947\" data-element_type=\"column\">\n\t\t\t<div class=\"elementor-widget-wrap elementor-element-populated\">\n\t\t\t\t\t\t<div class=\"elementor-element elementor-element-1e91fbc elementor-widget elementor-widget-image\" data-id=\"1e91fbc\" data-element_type=\"widget\" data-widget_type=\"image.default\">\n\t\t\t\t<div class=\"elementor-widget-container\">\n\t\t\t\t\t\t\t\t\t\t\t\t\t\t<a href=\"https:\/\/rioonwatch.org.br\/?p=54826\" target=\"_blank\">\n\t\t\t\t\t\t\t<img decoding=\"async\" src=\"https:\/\/rioonwatch.org.br\/wp-content\/uploads\/2021\/05\/Arte-original-por-Natalia-S.-Flores-580x326.jpg\" title=\"Arte original por Natalia S. Flores\" alt=\"Arte original por Natalia S. Flores\" loading=\"lazy\" \/>\t\t\t\t\t\t\t\t<\/a>\n\t\t\t\t\t\t\t\t\t\t\t\t\t<\/div>\n\t\t\t\t<\/div>\n\t\t\t\t<div class=\"elementor-element elementor-element-f1edcf9 elementor-widget elementor-widget-heading\" data-id=\"f1edcf9\" data-element_type=\"widget\" data-widget_type=\"heading.default\">\n\t\t\t\t<div class=\"elementor-widget-container\">\n\t\t\t<h2 class=\"elementor-heading-title elementor-size-default\"><a href=\"https:\/\/rioonwatch.org.br\/?p=54826\" target=\"_blank\">Tradicionais do Maci\u00e7o da Pedra Branca e os Dilemas Energ\u00e9ticos da Urbaniza\u00e7\u00e3o: Do Carv\u00e3o \u00e0 Eletricidade<\/a><\/h2>\t\t<\/div>\n\t\t\t\t<\/div>\n\t\t\t\t<div class=\"elementor-element elementor-element-fa6ee22 elementor-widget elementor-widget-text-editor\" data-id=\"fa6ee22\" data-element_type=\"widget\" data-widget_type=\"text-editor.default\">\n\t\t\t\t<div class=\"elementor-widget-container\">\n\t\t\t\t\t\t\t<p><span style=\"font-weight: 400;\">Na \u00e9poca da urbaniza\u00e7\u00e3o do Rio, o carv\u00e3o era a principal matriz energ\u00e9tica e indispens\u00e1vel em diversas atividades da constru\u00e7\u00e3o civil. Era o povo negro que desbravava a mata e que, com suas tecnologias carvoeiras, transferia para o Centro do Rio a energia da floresta. Em diversos locais do Maci\u00e7o da Pedra Branca foram encontrados vest\u00edgios de pequenas carvoarias, que tiveram papel importante na constru\u00e7\u00e3o do Centro da Cidade<\/span>.<\/p>\t\t\t\t\t\t<\/div>\n\t\t\t\t<\/div>\n\t\t\t\t\t<\/div>\n\t\t<\/div>\n\t\t\t\t<div class=\"elementor-column elementor-col-33 elementor-top-column elementor-element elementor-element-3cb2b86\" data-id=\"3cb2b86\" data-element_type=\"column\">\n\t\t\t<div class=\"elementor-widget-wrap elementor-element-populated\">\n\t\t\t\t\t\t<div class=\"elementor-element elementor-element-905256a elementor-widget elementor-widget-image\" data-id=\"905256a\" data-element_type=\"widget\" data-widget_type=\"image.default\">\n\t\t\t\t<div class=\"elementor-widget-container\">\n\t\t\t\t\t\t\t\t\t\t\t\t\t\t<a href=\"https:\/\/rioonwatch.org.br\/?p=53534\" target=\"_blank\">\n\t\t\t\t\t\t\t<img decoding=\"async\" src=\"https:\/\/rioonwatch.org.br\/wp-content\/uploads\/2021\/02\/ok-IlustracaoCriseDoApagao2001_Anna-Paula-Rodrigues-1-580x326.jpg\" title=\"Arte original por Anna Paula Rodrigues\" alt=\"Arte: Anna Paula Rodrigues\" loading=\"lazy\" \/>\t\t\t\t\t\t\t\t<\/a>\n\t\t\t\t\t\t\t\t\t\t\t\t\t<\/div>\n\t\t\t\t<\/div>\n\t\t\t\t<div class=\"elementor-element elementor-element-bfc9e82 elementor-widget elementor-widget-heading\" data-id=\"bfc9e82\" data-element_type=\"widget\" data-widget_type=\"heading.default\">\n\t\t\t\t<div class=\"elementor-widget-container\">\n\t\t\t<h2 class=\"elementor-heading-title elementor-size-default\"><a href=\"https:\/\/rioonwatch.org.br\/?p=53534\" target=\"_blank\">O Apag\u00e3o de Mem\u00f3ria Como C\u00famplice na Injusti\u00e7a Energ\u00e9tica Brasileira<\/a><\/h2>\t\t<\/div>\n\t\t\t\t<\/div>\n\t\t\t\t<div class=\"elementor-element elementor-element-a8db710 elementor-widget elementor-widget-text-editor\" data-id=\"a8db710\" data-element_type=\"widget\" data-widget_type=\"text-editor.default\">\n\t\t\t\t<div class=\"elementor-widget-container\">\n\t\t\t\t\t\t\t<p><span style=\"font-weight: 400;\">Lembrando a crise energ\u00e9tica de 2001: uma grande crise energ\u00e9tica gerou apag\u00f5es e um severo racionamento de energia no pa\u00eds, em 2001, atingindo duramente as periferias. Pol\u00edticas de redu\u00e7\u00e3o impuseram tarifas mais altas e limites na quantidade de energia consumida. Nas favelas, a falta de energia era ainda mais comum e somava-se \u00e0s quest\u00f5es sociais pr\u00e9-existentes, acentuando as desigualdades no acesso \u00e0 direitos b\u00e1sicos, al\u00e9m de provocar preju\u00edzos. <\/span><\/p>\t\t\t\t\t\t<\/div>\n\t\t\t\t<\/div>\n\t\t\t\t\t<\/div>\n\t\t<\/div>\n\t\t\t\t<div class=\"elementor-column elementor-col-33 elementor-top-column elementor-element elementor-element-5cfb969\" data-id=\"5cfb969\" data-element_type=\"column\">\n\t\t\t<div class=\"elementor-widget-wrap elementor-element-populated\">\n\t\t\t\t\t\t<div class=\"elementor-element elementor-element-abf5d4b elementor-widget elementor-widget-image\" data-id=\"abf5d4b\" data-element_type=\"widget\" data-widget_type=\"image.default\">\n\t\t\t\t<div class=\"elementor-widget-container\">\n\t\t\t\t\t\t\t\t\t\t\t\t\t\t<a href=\"https:\/\/rioonwatch.org.br\/?p=52639\" target=\"_blank\">\n\t\t\t\t\t\t\t<img decoding=\"async\" src=\"https:\/\/rioonwatch.org.br\/wp-content\/uploads\/2020\/12\/Gato-e\u0301-Justic\u0327a-Distributiva-por-Nata\u0301lia-de-S.-Flores-580x326.jpg\" title=\"Gato e\u0301 Justic\u0327a Distributiva por Nata\u0301lia de S. Flores\" alt=\"&quot;Gato \u00e9 Justi\u00e7a Distributiva&quot; por: Nat\u00e1lia de S. Flores\" loading=\"lazy\" \/>\t\t\t\t\t\t\t\t<\/a>\n\t\t\t\t\t\t\t\t\t\t\t\t\t<\/div>\n\t\t\t\t<\/div>\n\t\t\t\t<div class=\"elementor-element elementor-element-53e66f4 elementor-widget elementor-widget-heading\" data-id=\"53e66f4\" data-element_type=\"widget\" data-widget_type=\"heading.default\">\n\t\t\t\t<div class=\"elementor-widget-container\">\n\t\t\t<h2 class=\"elementor-heading-title elementor-size-default\"><a href=\"https:\/\/rioonwatch.org.br\/?p=52639\" target=\"_blank\">O \u2018Gato\u2019 \u00c9 Furto de Energia ou Justi\u00e7a Distributiva?<\/a><\/h2>\t\t<\/div>\n\t\t\t\t<\/div>\n\t\t\t\t<div class=\"elementor-element elementor-element-63d4af3 elementor-widget elementor-widget-text-editor\" data-id=\"63d4af3\" data-element_type=\"widget\" data-widget_type=\"text-editor.default\">\n\t\t\t\t<div class=\"elementor-widget-container\">\n\t\t\t\t\t\t\t<p><span style=\"font-weight: 400;\">Diante da necessidade do acesso \u00e0 energia por parte da popula\u00e7\u00e3o, da aus\u00eancia da presta\u00e7\u00e3o do servi\u00e7o por parte da concession\u00e1ria, juntamente com a falta de fiscaliza\u00e7\u00e3o e garantia do servi\u00e7o pelo Estado, os \u201cgatos\u201d surgem como forma de acesso \u00e0 energia el\u00e9trica nas favelas. Um acesso excludente n\u00e3o apenas pela criminaliza\u00e7\u00e3o das pessoas e territ\u00f3rios, mas tamb\u00e9m pelos potenciais riscos acarretados.<\/span><\/p>\t\t\t\t\t\t<\/div>\n\t\t\t\t<\/div>\n\t\t\t\t\t<\/div>\n\t\t<\/div>\n\t\t\t\t\t<\/div>\n\t\t<\/section>\n\t\t\t\t<section class=\"elementor-section elementor-top-section elementor-element elementor-element-0d97370 elementor-section-boxed elementor-section-height-default elementor-section-height-default\" data-id=\"0d97370\" data-element_type=\"section\" data-settings=\"{&quot;background_background&quot;:&quot;classic&quot;}\">\n\t\t\t\t\t\t<div class=\"elementor-container elementor-column-gap-default\">\n\t\t\t\t\t<div class=\"elementor-column elementor-col-100 elementor-top-column elementor-element elementor-element-d25b1ca\" data-id=\"d25b1ca\" data-element_type=\"column\" data-settings=\"{&quot;background_background&quot;:&quot;classic&quot;}\">\n\t\t\t<div class=\"elementor-widget-wrap elementor-element-populated\">\n\t\t\t\t\t\t<div class=\"elementor-element elementor-element-5c66930 elementor-widget elementor-widget-heading\" data-id=\"5c66930\" data-element_type=\"widget\" data-widget_type=\"heading.default\">\n\t\t\t\t<div class=\"elementor-widget-container\">\n\t\t\t<h3 class=\"elementor-heading-title elementor-size-medium\">Desigualdade e Inseguran\u00e7a Energ\u00e9tica<\/h3>\t\t<\/div>\n\t\t\t\t<\/div>\n\t\t\t\t\t<\/div>\n\t\t<\/div>\n\t\t\t\t\t<\/div>\n\t\t<\/section>\n\t\t\t\t<section class=\"elementor-section elementor-top-section elementor-element elementor-element-94f4dfb elementor-section-boxed elementor-section-height-default elementor-section-height-default\" data-id=\"94f4dfb\" data-element_type=\"section\" data-settings=\"{&quot;background_background&quot;:&quot;classic&quot;}\">\n\t\t\t\t\t\t<div class=\"elementor-container elementor-column-gap-default\">\n\t\t\t\t\t<div class=\"elementor-column elementor-col-33 elementor-top-column elementor-element elementor-element-8ea3c06\" data-id=\"8ea3c06\" data-element_type=\"column\">\n\t\t\t<div class=\"elementor-widget-wrap elementor-element-populated\">\n\t\t\t\t\t\t<div class=\"elementor-element elementor-element-597af61 elementor-widget elementor-widget-image\" data-id=\"597af61\" data-element_type=\"widget\" data-widget_type=\"image.default\">\n\t\t\t\t<div class=\"elementor-widget-container\">\n\t\t\t\t\t\t\t\t\t\t\t\t\t\t<a href=\"https:\/\/rioonwatch.org.br\/?p=55455\" target=\"_blank\">\n\t\t\t\t\t\t\t<img decoding=\"async\" src=\"https:\/\/rioonwatch.org.br\/wp-content\/uploads\/2021\/05\/Arte-original-por-Anna-Paula-Rodrigues-580x326.jpg\" title=\"Arte original por Anna Paula Rodrigues\" alt=\"Arte original por Anna Paula Rodrigues\" loading=\"lazy\" \/>\t\t\t\t\t\t\t\t<\/a>\n\t\t\t\t\t\t\t\t\t\t\t\t\t<\/div>\n\t\t\t\t<\/div>\n\t\t\t\t<div class=\"elementor-element elementor-element-5692de3 elementor-widget elementor-widget-heading\" data-id=\"5692de3\" data-element_type=\"widget\" data-widget_type=\"heading.default\">\n\t\t\t\t<div class=\"elementor-widget-container\">\n\t\t\t<h2 class=\"elementor-heading-title elementor-size-default\"><a href=\"https:\/\/rioonwatch.org.br\/?p=55455\" target=\"_blank\">No Brasil, Energia N\u00e3o \u00c9 Direito Social<\/a><\/h2>\t\t<\/div>\n\t\t\t\t<\/div>\n\t\t\t\t<div class=\"elementor-element elementor-element-3d67e0a elementor-widget elementor-widget-text-editor\" data-id=\"3d67e0a\" data-element_type=\"widget\" data-widget_type=\"text-editor.default\">\n\t\t\t\t<div class=\"elementor-widget-container\">\n\t\t\t\t\t\t\t<p><span style=\"font-weight: 400;\">At\u00e9 hoje, o acesso \u00e0 energia el\u00e9trica ainda n\u00e3o \u00e9 um direito social garantido pela Constitui\u00e7\u00e3o Federal. Com isso, <\/span><span style=\"font-weight: 400;\">a neglig\u00eancia no setor el\u00e9trico nas \u00e1reas perif\u00e9ricas, ainda, n\u00e3o \u00e9 constitucionalmente vista como uma viola\u00e7\u00e3o de direitos. <\/span><span style=\"font-weight: 400;\">H\u00e1 meses, moradores da Rocinha criaram um grupo no WhatsApp para reclamar sobre as quedas no fornecimento de energia. A instala\u00e7\u00e3o de novos medidores e manuten\u00e7\u00e3o dos antigos tamb\u00e9m n\u00e3o ocorre como deveria. <\/span><\/p>\t\t\t\t\t\t<\/div>\n\t\t\t\t<\/div>\n\t\t\t\t\t<\/div>\n\t\t<\/div>\n\t\t\t\t<div class=\"elementor-column elementor-col-33 elementor-top-column elementor-element elementor-element-f3f2ec5\" data-id=\"f3f2ec5\" data-element_type=\"column\">\n\t\t\t<div class=\"elementor-widget-wrap elementor-element-populated\">\n\t\t\t\t\t\t<div class=\"elementor-element elementor-element-7e26726 elementor-widget elementor-widget-image\" data-id=\"7e26726\" data-element_type=\"widget\" data-widget_type=\"image.default\">\n\t\t\t\t<div class=\"elementor-widget-container\">\n\t\t\t\t\t\t\t\t\t\t\t\t\t\t<a href=\"https:\/\/rioonwatch.org.br\/?p=52815\" target=\"_blank\">\n\t\t\t\t\t\t\t<img decoding=\"async\" src=\"https:\/\/rioonwatch.org.br\/wp-content\/uploads\/2021\/01\/Rodrigo-Binarts-arte-Inseguranc\u0327a-Energe\u0301tica-580x326.jpg\" title=\"Rodrigo Binarts arte Inseguranc\u0327a Energe\u0301tica\" alt=\"Arte original por Rodrigo Binarts\" loading=\"lazy\" \/>\t\t\t\t\t\t\t\t<\/a>\n\t\t\t\t\t\t\t\t\t\t\t\t\t<\/div>\n\t\t\t\t<\/div>\n\t\t\t\t<div class=\"elementor-element elementor-element-f978bae elementor-widget elementor-widget-heading\" data-id=\"f978bae\" data-element_type=\"widget\" data-widget_type=\"heading.default\">\n\t\t\t\t<div class=\"elementor-widget-container\">\n\t\t\t<h2 class=\"elementor-heading-title elementor-size-default\"><a href=\"https:\/\/rioonwatch.org.br\/?p=52815\" target=\"_blank\">A Inseguran\u00e7a Energ\u00e9tica no Salgueiro, em S\u00e3o Gon\u00e7alo<\/a><\/h2>\t\t<\/div>\n\t\t\t\t<\/div>\n\t\t\t\t<div class=\"elementor-element elementor-element-4217cd8 elementor-widget elementor-widget-text-editor\" data-id=\"4217cd8\" data-element_type=\"widget\" data-widget_type=\"text-editor.default\">\n\t\t\t\t<div class=\"elementor-widget-container\">\n\t\t\t\t\t\t\t<p><span style=\"font-weight: 400;\">A invisibilidade dos mais pobres resulta em in\u00fameras fam\u00edlias, no escuro, no calor, sem alimentos refrigerados ou \u00e1gua gelada. As quedas de energia s\u00e3o frequentes nas favelas e aumentam as dificuldades na rotina daqueles que j\u00e1 s\u00e3o marcados pelo medo, fome e desamparo. A precariedade do servi\u00e7o acentua as desigualdades e exp\u00f5e as fam\u00edlias a liga\u00e7\u00f5es el\u00e9tricas inseguras.<\/span><\/p>\t\t\t\t\t\t<\/div>\n\t\t\t\t<\/div>\n\t\t\t\t\t<\/div>\n\t\t<\/div>\n\t\t\t\t<div class=\"elementor-column elementor-col-33 elementor-top-column elementor-element elementor-element-74b4294\" data-id=\"74b4294\" data-element_type=\"column\">\n\t\t\t<div class=\"elementor-widget-wrap elementor-element-populated\">\n\t\t\t\t\t\t<div class=\"elementor-element elementor-element-89d943f elementor-widget elementor-widget-image\" data-id=\"89d943f\" data-element_type=\"widget\" data-widget_type=\"image.default\">\n\t\t\t\t<div class=\"elementor-widget-container\">\n\t\t\t\t\t\t\t\t\t\t\t\t\t\t<a href=\"https:\/\/rioonwatch.org.br\/?p=54568\" target=\"_blank\">\n\t\t\t\t\t\t\t<img decoding=\"async\" src=\"https:\/\/rioonwatch.org.br\/wp-content\/uploads\/2021\/04\/Arte-original-por-Natalia-S.-Flores-580x326.jpg\" title=\"Arte original por Natalia S. Flores\" alt=\"Arte original por Natalia S. Flores\" loading=\"lazy\" \/>\t\t\t\t\t\t\t\t<\/a>\n\t\t\t\t\t\t\t\t\t\t\t\t\t<\/div>\n\t\t\t\t<\/div>\n\t\t\t\t<div class=\"elementor-element elementor-element-bb83448 elementor-widget elementor-widget-heading\" data-id=\"bb83448\" data-element_type=\"widget\" data-widget_type=\"heading.default\">\n\t\t\t\t<div class=\"elementor-widget-container\">\n\t\t\t<h2 class=\"elementor-heading-title elementor-size-default\"><a href=\"https:\/\/rioonwatch.org.br\/?p=54568\" target=\"_blank\">Como Anda a Luz no Jacarezinho?<\/a><\/h2>\t\t<\/div>\n\t\t\t\t<\/div>\n\t\t\t\t<div class=\"elementor-element elementor-element-f426038 elementor-widget elementor-widget-text-editor\" data-id=\"f426038\" data-element_type=\"widget\" data-widget_type=\"text-editor.default\">\n\t\t\t\t<div class=\"elementor-widget-container\">\n\t\t\t\t\t\t\t<p><span style=\"font-weight: 400;\">O LabJaca realizou um levantamento de dados, sobre a percep\u00e7\u00e3o de moradores da favela do Jacarezinho sobre a energia el\u00e9trica e trouxe em n\u00fameros um cen\u00e1rio j\u00e1 conhecido por quem vive no territ\u00f3rio. Entre os entrevistados, metade afirmou sofrer com a falta de luz, pelo menos, uma vez por semana e 75% disseram j\u00e1 ter passado mais de uma semana sem luz. <\/span><\/p>\t\t\t\t\t\t<\/div>\n\t\t\t\t<\/div>\n\t\t\t\t\t<\/div>\n\t\t<\/div>\n\t\t\t\t\t<\/div>\n\t\t<\/section>\n\t\t\t\t<section class=\"elementor-section elementor-top-section elementor-element elementor-element-b0f0079 elementor-section-boxed elementor-section-height-default elementor-section-height-default\" data-id=\"b0f0079\" data-element_type=\"section\" data-settings=\"{&quot;background_background&quot;:&quot;classic&quot;}\">\n\t\t\t\t\t\t<div class=\"elementor-container elementor-column-gap-default\">\n\t\t\t\t\t<div class=\"elementor-column elementor-col-33 elementor-top-column elementor-element elementor-element-6854b5f\" data-id=\"6854b5f\" data-element_type=\"column\">\n\t\t\t<div class=\"elementor-widget-wrap elementor-element-populated\">\n\t\t\t\t\t\t<div class=\"elementor-element elementor-element-1695c99 elementor-widget elementor-widget-image\" data-id=\"1695c99\" data-element_type=\"widget\" data-widget_type=\"image.default\">\n\t\t\t\t<div class=\"elementor-widget-container\">\n\t\t\t\t\t\t\t\t\t\t\t\t\t\t<a href=\"https:\/\/rioonwatch.org.br\/?p=54408\" target=\"_blank\">\n\t\t\t\t\t\t\t<img decoding=\"async\" src=\"https:\/\/rioonwatch.org.br\/wp-content\/uploads\/2021\/04\/Arte-por-Rodrigo-Binarts-580x326.jpg\" title=\"Arte original por Rodrigo Binarts\" alt=\"Arte original por Rodrigo Binarts\" loading=\"lazy\" \/>\t\t\t\t\t\t\t\t<\/a>\n\t\t\t\t\t\t\t\t\t\t\t\t\t<\/div>\n\t\t\t\t<\/div>\n\t\t\t\t<div class=\"elementor-element elementor-element-ae7f37a elementor-widget elementor-widget-heading\" data-id=\"ae7f37a\" data-element_type=\"widget\" data-widget_type=\"heading.default\">\n\t\t\t\t<div class=\"elementor-widget-container\">\n\t\t\t<h2 class=\"elementor-heading-title elementor-size-default\"><a href=\"https:\/\/rioonwatch.org.br\/?p=54408\" target=\"_blank\">Vozes da Favela da Palmeira, em Niter\u00f3i, Sobre Pre\u00e7os Exorbitantes da Energia El\u00e9trica, em Meio \u00e0 Pandemia<\/a><\/h2>\t\t<\/div>\n\t\t\t\t<\/div>\n\t\t\t\t<div class=\"elementor-element elementor-element-0490ff7 elementor-widget elementor-widget-text-editor\" data-id=\"0490ff7\" data-element_type=\"widget\" data-widget_type=\"text-editor.default\">\n\t\t\t\t<div class=\"elementor-widget-container\">\n\t\t\t\t\t\t\t<p><span style=\"font-weight: 400;\">As favelas pagam muito por um servi\u00e7o muito ruim. Pagam caro e usufruem pouco, exatamente o contr\u00e1rio do que a sociedade, em geral, pensa sobre eletricidade nas favelas. Durante a pandemia, o impacto desse custo pesa ainda mais sobre as fam\u00edlias pobres. Na favela da Palmeira, a falta de manuten\u00e7\u00e3o na rede e nos postes que d\u00e3o sustenta\u00e7\u00e3o aos fios \u00e9 evidente e a solu\u00e7\u00e3o, improvisada, parte dos pr\u00f3prios moradores. <\/span><\/p>\t\t\t\t\t\t<\/div>\n\t\t\t\t<\/div>\n\t\t\t\t\t<\/div>\n\t\t<\/div>\n\t\t\t\t<div class=\"elementor-column elementor-col-33 elementor-top-column elementor-element elementor-element-bcee802\" data-id=\"bcee802\" data-element_type=\"column\">\n\t\t\t<div class=\"elementor-widget-wrap elementor-element-populated\">\n\t\t\t\t\t\t<div class=\"elementor-element elementor-element-cf6222e elementor-widget elementor-widget-image\" data-id=\"cf6222e\" data-element_type=\"widget\" data-widget_type=\"image.default\">\n\t\t\t\t<div class=\"elementor-widget-container\">\n\t\t\t\t\t\t\t\t\t\t\t\t\t\t<a href=\"https:\/\/rioonwatch.org.br\/?p=53722\" target=\"_blank\">\n\t\t\t\t\t\t\t<img decoding=\"async\" src=\"https:\/\/rioonwatch.org.br\/wp-content\/uploads\/2021\/02\/Arte-original-por-Rodrigo-Ca\u0302ndido-580x326.jpg\" title=\"Arte original por Rodrigo Ca\u0302ndido\" alt=\"Arte original por Rodrigo Ca\u0302ndido\" loading=\"lazy\" \/>\t\t\t\t\t\t\t\t<\/a>\n\t\t\t\t\t\t\t\t\t\t\t\t\t<\/div>\n\t\t\t\t<\/div>\n\t\t\t\t<div class=\"elementor-element elementor-element-279fcea elementor-widget elementor-widget-heading\" data-id=\"279fcea\" data-element_type=\"widget\" data-widget_type=\"heading.default\">\n\t\t\t\t<div class=\"elementor-widget-container\">\n\t\t\t<h2 class=\"elementor-heading-title elementor-size-default\"><a href=\"https:\/\/rioonwatch.org.br\/?p=53722\" target=\"_blank\">A Desigualdade no Fornecimento de Energia El\u00e9trica Entre o 'Asfalto' e a Favela Nova Divin\u00e9ia<\/a><\/h2>\t\t<\/div>\n\t\t\t\t<\/div>\n\t\t\t\t<div class=\"elementor-element elementor-element-26fbb99 elementor-widget elementor-widget-text-editor\" data-id=\"26fbb99\" data-element_type=\"widget\" data-widget_type=\"text-editor.default\">\n\t\t\t\t<div class=\"elementor-widget-container\">\n\t\t\t\t\t\t\t<p><span style=\"font-weight: 400;\">O servi\u00e7o de energia prestado pela concession\u00e1ria na favela Nova Divin\u00e9ia \u00e9 bem diferente do atendimento no bairro vizinho, Graja\u00fa. Essa desigualdade fica expl\u00edcita em pontos chaves, como: a falta de luz em hor\u00e1rios de picos e a frequ\u00eancia com que ela ocorre; A n\u00e3o entrega das contas de energia na casa do moradores; E, tamb\u00e9m, porque a empresa n\u00e3o atua devidamente nos servi\u00e7os de medi\u00e7\u00e3o dos rel\u00f3gios e na manuten\u00e7\u00e3o da rede. <\/span><\/p>\t\t\t\t\t\t<\/div>\n\t\t\t\t<\/div>\n\t\t\t\t\t<\/div>\n\t\t<\/div>\n\t\t\t\t<div class=\"elementor-column elementor-col-33 elementor-top-column elementor-element elementor-element-b3d3176\" data-id=\"b3d3176\" data-element_type=\"column\">\n\t\t\t<div class=\"elementor-widget-wrap elementor-element-populated\">\n\t\t\t\t\t\t<div class=\"elementor-element elementor-element-5cfcd79 elementor-widget elementor-widget-image\" data-id=\"5cfcd79\" data-element_type=\"widget\" data-widget_type=\"image.default\">\n\t\t\t\t<div class=\"elementor-widget-container\">\n\t\t\t\t\t\t\t\t\t\t\t\t\t\t<a href=\"https:\/\/rioonwatch.org.br\/?p=55849\" target=\"_blank\">\n\t\t\t\t\t\t\t<img decoding=\"async\" src=\"https:\/\/rioonwatch.org.br\/wp-content\/uploads\/2021\/06\/Arte-original-por-Anna-Paula-Rodrigues-580x326.jpg\" title=\"Arte original por Anna Paula Rodrigues\" alt=\"Arte original por Anna Paula Rodrigues\" loading=\"lazy\" \/>\t\t\t\t\t\t\t\t<\/a>\n\t\t\t\t\t\t\t\t\t\t\t\t\t<\/div>\n\t\t\t\t<\/div>\n\t\t\t\t<div class=\"elementor-element elementor-element-7507a33 elementor-widget elementor-widget-heading\" data-id=\"7507a33\" data-element_type=\"widget\" data-widget_type=\"heading.default\">\n\t\t\t\t<div class=\"elementor-widget-container\">\n\t\t\t<h2 class=\"elementor-heading-title elementor-size-default\"><a href=\"https:\/\/rioonwatch.org.br\/?p=55849\" target=\"_blank\">Com Aumentos em Plena Pandemia, Mobilizadores Buscam Garantir G\u00e1s e Evitar Lenha <\/a><\/h2>\t\t<\/div>\n\t\t\t\t<\/div>\n\t\t\t\t<div class=\"elementor-element elementor-element-1015227 elementor-widget elementor-widget-text-editor\" data-id=\"1015227\" data-element_type=\"widget\" data-widget_type=\"text-editor.default\">\n\t\t\t\t<div class=\"elementor-widget-container\">\n\t\t\t\t\t\t\t<p>O aumento do botij\u00e3o de g\u00e1s tem dificultado a vida das fam\u00edlias mais pobres, chegando a custar mais de R$100 em algumas capitais. O encarecimento do g\u00e1s de cozinha pesa no bolso e muitas fam\u00edlias est\u00e3o tendo que improvisar com alternativas como lenha e querosene, de forma bastante arriscada. Nesse cen\u00e1rio, organiza\u00e7\u00f5es da sociedade civil se mobilizam para garantir doa\u00e7\u00f5es e descontos na compra de botij\u00f5es.<\/p>\t\t\t\t\t\t<\/div>\n\t\t\t\t<\/div>\n\t\t\t\t\t<\/div>\n\t\t<\/div>\n\t\t\t\t\t<\/div>\n\t\t<\/section>\n\t\t\t\t<section class=\"elementor-section elementor-top-section elementor-element elementor-element-61955c4 elementor-section-boxed elementor-section-height-default elementor-section-height-default\" data-id=\"61955c4\" data-element_type=\"section\" data-settings=\"{&quot;background_background&quot;:&quot;classic&quot;}\">\n\t\t\t\t\t\t<div class=\"elementor-container elementor-column-gap-default\">\n\t\t\t\t\t<div class=\"elementor-column elementor-col-33 elementor-top-column elementor-element elementor-element-aacec04\" data-id=\"aacec04\" data-element_type=\"column\">\n\t\t\t<div class=\"elementor-widget-wrap elementor-element-populated\">\n\t\t\t\t\t\t<div class=\"elementor-element elementor-element-25f627d elementor-widget elementor-widget-image\" data-id=\"25f627d\" data-element_type=\"widget\" data-widget_type=\"image.default\">\n\t\t\t\t<div class=\"elementor-widget-container\">\n\t\t\t\t\t\t\t\t\t\t\t\t\t\t<a href=\"https:\/\/rioonwatch.org.br\/?p=53267\" target=\"_blank\">\n\t\t\t\t\t\t\t<img decoding=\"async\" src=\"https:\/\/rioonwatch.org.br\/wp-content\/uploads\/2021\/01\/Injustica-Distributiva-na-Favela-Cesar-Maia-as-Contingencias-Energeticas-da-Vacinacao-nas-Favelas.-Arte-por-Marcelo-Vitor-580x326.jpg\" title=\"Arte original por Marcelo Vitor\" alt=\"Arte original por Marcelo Vitor\" loading=\"lazy\" \/>\t\t\t\t\t\t\t\t<\/a>\n\t\t\t\t\t\t\t\t\t\t\t\t\t<\/div>\n\t\t\t\t<\/div>\n\t\t\t\t<div class=\"elementor-element elementor-element-7524b3f elementor-widget elementor-widget-heading\" data-id=\"7524b3f\" data-element_type=\"widget\" data-widget_type=\"heading.default\">\n\t\t\t\t<div class=\"elementor-widget-container\">\n\t\t\t<h2 class=\"elementor-heading-title elementor-size-default\"><a href=\"https:\/\/rioonwatch.org.br\/?p=53267\" target=\"_blank\">A Falta de Energia Pode Atrapalhar a Vacina\u00e7\u00e3o nas Favelas: Reflex\u00f5es a Partir da Favela C\u00e9sar Maia<\/a><\/h2>\t\t<\/div>\n\t\t\t\t<\/div>\n\t\t\t\t<div class=\"elementor-element elementor-element-3d7370d elementor-widget elementor-widget-text-editor\" data-id=\"3d7370d\" data-element_type=\"widget\" data-widget_type=\"text-editor.default\">\n\t\t\t\t<div class=\"elementor-widget-container\">\n\t\t\t\t\t\t\t<p><span style=\"font-weight: 400;\">A favela C\u00e9sar Maia, em Vargem Pequena, sofre com um problema semelhante ao enfrentado em v\u00e1rias outras comunidades do Rio: os apag\u00f5es. No local, funciona uma Cl\u00ednica da Fam\u00edlia que, frequentemente, tem seu atendimento afetado pelas quedas de energia. As Cl\u00ednicas da Fam\u00edlia s\u00e3o p\u00f3los de vacina\u00e7\u00e3o contra o coronav\u00edrus. Em meio ao abandono energ\u00e9tico, as favelas ter\u00e3o a possibilidade de armazenar os imunizantes? <\/span><\/p>\t\t\t\t\t\t<\/div>\n\t\t\t\t<\/div>\n\t\t\t\t\t<\/div>\n\t\t<\/div>\n\t\t\t\t<div class=\"elementor-column elementor-col-33 elementor-top-column elementor-element elementor-element-0400149\" data-id=\"0400149\" data-element_type=\"column\">\n\t\t\t<div class=\"elementor-widget-wrap elementor-element-populated\">\n\t\t\t\t\t\t<div class=\"elementor-element elementor-element-edf77ba elementor-widget elementor-widget-image\" data-id=\"edf77ba\" data-element_type=\"widget\" data-widget_type=\"image.default\">\n\t\t\t\t<div class=\"elementor-widget-container\">\n\t\t\t\t\t\t\t\t\t\t\t\t\t\t<a href=\"https:\/\/bit.ly\/369dfH2\" target=\"_blank\">\n\t\t\t\t\t\t\t<img decoding=\"async\" src=\"https:\/\/rioonwatch.org.br\/wp-content\/uploads\/2021\/06\/B_ILUSTRA_RIO_ON_WATCH_DORIA-1-580x326.jpg\" title=\"B_ILUSTRA_RIO_ON_WATCH_DORIA\" alt=\"B_ILUSTRA_RIO_ON_WATCH_DORIA\" loading=\"lazy\" \/>\t\t\t\t\t\t\t\t<\/a>\n\t\t\t\t\t\t\t\t\t\t\t\t\t<\/div>\n\t\t\t\t<\/div>\n\t\t\t\t<div class=\"elementor-element elementor-element-e1a5381 elementor-widget elementor-widget-heading\" data-id=\"e1a5381\" data-element_type=\"widget\" data-widget_type=\"heading.default\">\n\t\t\t\t<div class=\"elementor-widget-container\">\n\t\t\t<h2 class=\"elementor-heading-title elementor-size-default\"><a href=\"https:\/\/bit.ly\/369dfH2\" target=\"_blank\">Luz em Dados: Um Mergulho Profundo no Acesso, Ilumina\u00e7\u00e3o P\u00fablica e Seguran\u00e7a no Morro do Sereno<\/a><\/h2>\t\t<\/div>\n\t\t\t\t<\/div>\n\t\t\t\t<div class=\"elementor-element elementor-element-1c05682 elementor-widget elementor-widget-text-editor\" data-id=\"1c05682\" data-element_type=\"widget\" data-widget_type=\"text-editor.default\">\n\t\t\t\t<div class=\"elementor-widget-container\">\n\t\t\t\t\t\t\t<p>O servi\u00e7o de energia prestado no Morro do Sereno, no conjunto de favelas da Penha, \u00e9 deficit\u00e1rio e caro frente \u00e0 renda m\u00e9dia dos moradores. A pesquisa revelou problemas cr\u00f4nicos na estrutura el\u00e9trica que atende a comunidade, resultando em preju\u00edzos no dia a dia de quem vive no local. A aus\u00eancia de pontos de ilumina\u00e7\u00e3o p\u00fablica eficientes provoca, ainda, uma sensa\u00e7\u00e3o de inseguran\u00e7a.<\/p>\t\t\t\t\t\t<\/div>\n\t\t\t\t<\/div>\n\t\t\t\t\t<\/div>\n\t\t<\/div>\n\t\t\t\t<div class=\"elementor-column elementor-col-33 elementor-top-column elementor-element elementor-element-db7f744\" data-id=\"db7f744\" data-element_type=\"column\">\n\t\t\t<div class=\"elementor-widget-wrap elementor-element-populated\">\n\t\t\t\t\t\t<div class=\"elementor-element elementor-element-3fb45ff elementor-widget elementor-widget-image\" data-id=\"3fb45ff\" data-element_type=\"widget\" data-widget_type=\"image.default\">\n\t\t\t\t<div class=\"elementor-widget-container\">\n\t\t\t\t\t\t\t\t\t\t\t\t\t\t<a href=\"https:\/\/rioonwatch.org.br\/?p=56316\" target=\"_blank\">\n\t\t\t\t\t\t\t<img decoding=\"async\" src=\"https:\/\/rioonwatch.org.br\/wp-content\/uploads\/2021\/06\/Arte-original-por-Rodrigo-Candido-580x326.png\" title=\"Arte original por Rodrigo C\u00e2ndido\" alt=\"Arte original por Rodrigo C\u00e2ndido\" loading=\"lazy\" \/>\t\t\t\t\t\t\t\t<\/a>\n\t\t\t\t\t\t\t\t\t\t\t\t\t<\/div>\n\t\t\t\t<\/div>\n\t\t\t\t<div class=\"elementor-element elementor-element-62651d0 elementor-widget elementor-widget-heading\" data-id=\"62651d0\" data-element_type=\"widget\" data-widget_type=\"heading.default\">\n\t\t\t\t<div class=\"elementor-widget-container\">\n\t\t\t<h2 class=\"elementor-heading-title elementor-size-default\"><a href=\"https:\/\/rioonwatch.org.br\/?p=56316\" target=\"_blank\">Pesquisa Revela Percep\u00e7\u00e3o dos Moradores sobre Servi\u00e7o de Energia e Efici\u00eancia Energ\u00e9tica, na Mar\u00e9  <\/a><\/h2>\t\t<\/div>\n\t\t\t\t<\/div>\n\t\t\t\t<div class=\"elementor-element elementor-element-70abe85 elementor-widget elementor-widget-text-editor\" data-id=\"70abe85\" data-element_type=\"widget\" data-widget_type=\"text-editor.default\">\n\t\t\t\t<div class=\"elementor-widget-container\">\n\t\t\t\t\t\t\t<p>Qual a percep\u00e7\u00e3o do morador da Mar\u00e9 sobre o servi\u00e7o de energia prestado no territ\u00f3rio? Este questionamento norteou uma pesquisa realizada nas 16 comunidades que integram o Conjunto de Favelas da Mar\u00e9, que ouviu cerca de 400 moradores. A maior parte das pessoas ouvidas afirmaram se sentir inseguras com a rede el\u00e9trica e mais da metade diz conhecer algum caso de inc\u00eandio provocado por falhas no sistema el\u00e9trico.<\/p>\t\t\t\t\t\t<\/div>\n\t\t\t\t<\/div>\n\t\t\t\t\t<\/div>\n\t\t<\/div>\n\t\t\t\t\t<\/div>\n\t\t<\/section>\n\t\t\t\t<section class=\"elementor-section elementor-top-section elementor-element elementor-element-c48e9a8 elementor-section-boxed elementor-section-height-default elementor-section-height-default\" data-id=\"c48e9a8\" data-element_type=\"section\" data-settings=\"{&quot;background_background&quot;:&quot;classic&quot;}\">\n\t\t\t\t\t\t<div class=\"elementor-container elementor-column-gap-default\">\n\t\t\t\t\t<div class=\"elementor-column elementor-col-100 elementor-top-column elementor-element elementor-element-9fc1d13\" data-id=\"9fc1d13\" data-element_type=\"column\" data-settings=\"{&quot;background_background&quot;:&quot;classic&quot;}\">\n\t\t\t<div class=\"elementor-widget-wrap elementor-element-populated\">\n\t\t\t\t\t\t<div class=\"elementor-element elementor-element-1e13668 elementor-widget elementor-widget-heading\" data-id=\"1e13668\" data-element_type=\"widget\" data-widget_type=\"heading.default\">\n\t\t\t\t<div class=\"elementor-widget-container\">\n\t\t\t<h3 class=\"elementor-heading-title elementor-size-medium\">Efici\u00eancia Energ\u00e9tica e Solu\u00e7\u00f5es<\/h3>\t\t<\/div>\n\t\t\t\t<\/div>\n\t\t\t\t\t<\/div>\n\t\t<\/div>\n\t\t\t\t\t<\/div>\n\t\t<\/section>\n\t\t\t\t<section class=\"elementor-section elementor-top-section elementor-element elementor-element-f8fad45 elementor-section-boxed elementor-section-height-default elementor-section-height-default\" data-id=\"f8fad45\" data-element_type=\"section\" data-settings=\"{&quot;background_background&quot;:&quot;classic&quot;}\">\n\t\t\t\t\t\t<div class=\"elementor-container elementor-column-gap-default\">\n\t\t\t\t\t<div class=\"elementor-column elementor-col-33 elementor-top-column elementor-element elementor-element-0be5dd9\" data-id=\"0be5dd9\" data-element_type=\"column\">\n\t\t\t<div class=\"elementor-widget-wrap elementor-element-populated\">\n\t\t\t\t\t\t<div class=\"elementor-element elementor-element-ad34feb elementor-widget elementor-widget-image\" data-id=\"ad34feb\" data-element_type=\"widget\" data-widget_type=\"image.default\">\n\t\t\t\t<div class=\"elementor-widget-container\">\n\t\t\t\t\t\t\t\t\t\t\t\t\t\t<a href=\"https:\/\/rioonwatch.org.br\/?p=53983\" target=\"_blank\">\n\t\t\t\t\t\t\t<img decoding=\"async\" src=\"https:\/\/rioonwatch.org.br\/wp-content\/uploads\/2021\/03\/Eficiencia-energetica.png\" title=\"Arte original por Raquel Batista\" alt=\"Arte original por Raquel Batista\" loading=\"lazy\" \/>\t\t\t\t\t\t\t\t<\/a>\n\t\t\t\t\t\t\t\t\t\t\t\t\t<\/div>\n\t\t\t\t<\/div>\n\t\t\t\t<div class=\"elementor-element elementor-element-4149a3c elementor-widget elementor-widget-heading\" data-id=\"4149a3c\" data-element_type=\"widget\" data-widget_type=\"heading.default\">\n\t\t\t\t<div class=\"elementor-widget-container\">\n\t\t\t<h2 class=\"elementor-heading-title elementor-size-default\"><a href=\"https:\/\/rioonwatch.org.br\/?p=53983\" target=\"_blank\">Efici\u00eancia Energ\u00e9tica: Nunca Vi, Nem Comi e Muito Menos Ouvi Falar!<\/a><\/h2>\t\t<\/div>\n\t\t\t\t<\/div>\n\t\t\t\t<div class=\"elementor-element elementor-element-6126551 elementor-widget elementor-widget-text-editor\" data-id=\"6126551\" data-element_type=\"widget\" data-widget_type=\"text-editor.default\">\n\t\t\t\t<div class=\"elementor-widget-container\">\n\t\t\t\t\t\t\t<p><span style=\"font-weight: 400;\">Arquiteta da Mar\u00e9 analisa efici\u00eancia em 16 moradias, entre p\u00fablicas e autoconstru\u00eddas, perguntando: &#8216;voc\u00ea j\u00e1 ouviu falar em efici\u00eancia energ\u00e9tica?&#8217; A inten\u00e7\u00e3o era entender o quanto as pessoas estavam sabendo sobre o que \u00e9, e explicar como aplic\u00e1-la no dia a dia. Embora seja um tema importante, os moradores ouvidos demonstraram saber pouco, o que refor\u00e7a a necessidade de campanhas informativas destinadas, tamb\u00e9m, \u00e0s favelas. <\/span><\/p>\t\t\t\t\t\t<\/div>\n\t\t\t\t<\/div>\n\t\t\t\t\t<\/div>\n\t\t<\/div>\n\t\t\t\t<div class=\"elementor-column elementor-col-33 elementor-top-column elementor-element elementor-element-798a9e5\" data-id=\"798a9e5\" data-element_type=\"column\">\n\t\t\t<div class=\"elementor-widget-wrap elementor-element-populated\">\n\t\t\t\t\t\t<div class=\"elementor-element elementor-element-8ddda21 elementor-widget elementor-widget-image\" data-id=\"8ddda21\" data-element_type=\"widget\" data-widget_type=\"image.default\">\n\t\t\t\t<div class=\"elementor-widget-container\">\n\t\t\t\t\t\t\t\t\t\t\t\t\t\t<a href=\"https:\/\/rioonwatch.org.br\/?p=55415\" target=\"_blank\">\n\t\t\t\t\t\t\t<img decoding=\"async\" src=\"https:\/\/rioonwatch.org.br\/wp-content\/uploads\/2021\/06\/Arte-original-por-Yara-Santos-1-580x326.jpg\" title=\"Arte original por Yara Santos\" alt=\"Arte original por Yara Santos\" loading=\"lazy\" \/>\t\t\t\t\t\t\t\t<\/a>\n\t\t\t\t\t\t\t\t\t\t\t\t\t<\/div>\n\t\t\t\t<\/div>\n\t\t\t\t<div class=\"elementor-element elementor-element-faab1e1 elementor-widget elementor-widget-heading\" data-id=\"faab1e1\" data-element_type=\"widget\" data-widget_type=\"heading.default\">\n\t\t\t\t<div class=\"elementor-widget-container\">\n\t\t\t<h2 class=\"elementor-heading-title elementor-size-default\"><a href=\"https:\/\/rioonwatch.org.br\/?p=55415\" target=\"_blank\">A Energia que Vem do Lixo: Biodigestores Transformam Esgoto e Restos de Comida em Biog\u00e1s no Vale Encantado<\/a><\/h2>\t\t<\/div>\n\t\t\t\t<\/div>\n\t\t\t\t<div class=\"elementor-element elementor-element-67f8d82 elementor-widget elementor-widget-text-editor\" data-id=\"67f8d82\" data-element_type=\"widget\" data-widget_type=\"text-editor.default\">\n\t\t\t\t<div class=\"elementor-widget-container\">\n\t\t\t\t\t\t\t<p><span style=\"font-weight: 400;\">A falta de saneamento b\u00e1sico era um problema antigo no Vale Encantado, no Alto da Boa Vista. A busca dos moradores por uma solu\u00e7\u00e3o resultou na constru\u00e7\u00e3o de dois biodigestores na comunidade. O primeiro a ser constru\u00eddo opera apenas com restos de alimentos, produzindo biog\u00e1s para a cozinha da Cooperativa do Vale. J\u00e1 o segundo trata o esgoto de parte das moradias, gerando biog\u00e1s para uma fam\u00edlia da comunidade. <\/span><\/p>\t\t\t\t\t\t<\/div>\n\t\t\t\t<\/div>\n\t\t\t\t\t<\/div>\n\t\t<\/div>\n\t\t\t\t<div class=\"elementor-column elementor-col-33 elementor-top-column elementor-element elementor-element-d361843\" data-id=\"d361843\" data-element_type=\"column\">\n\t\t\t<div class=\"elementor-widget-wrap elementor-element-populated\">\n\t\t\t\t\t\t<div class=\"elementor-element elementor-element-c92adc0 elementor-widget elementor-widget-image\" data-id=\"c92adc0\" data-element_type=\"widget\" data-widget_type=\"image.default\">\n\t\t\t\t<div class=\"elementor-widget-container\">\n\t\t\t\t\t\t\t\t\t\t\t\t\t\t<a href=\"https:\/\/rioonwatch.org.br\/?p=54496\" target=\"_blank\">\n\t\t\t\t\t\t\t<img decoding=\"async\" src=\"https:\/\/rioonwatch.org.br\/wp-content\/uploads\/2021\/04\/Arte-original-por-Gilberto-FAO-580x326.jpeg\" title=\"Arte original por Gilberto FAO\" alt=\"Arte original por Gilberto FAO\" loading=\"lazy\" \/>\t\t\t\t\t\t\t\t<\/a>\n\t\t\t\t\t\t\t\t\t\t\t\t\t<\/div>\n\t\t\t\t<\/div>\n\t\t\t\t<div class=\"elementor-element elementor-element-e31e55f elementor-widget elementor-widget-heading\" data-id=\"e31e55f\" data-element_type=\"widget\" data-widget_type=\"heading.default\">\n\t\t\t\t<div class=\"elementor-widget-container\">\n\t\t\t<h2 class=\"elementor-heading-title elementor-size-default\"><a href=\"https:\/\/rioonwatch.org.br\/?p=54496\" target=\"_blank\">Favelas do Rio Provam que Energia Solar Tamb\u00e9m \u00e9 Poss\u00edvel nas Periferias<\/a><\/h2>\t\t<\/div>\n\t\t\t\t<\/div>\n\t\t\t\t<div class=\"elementor-element elementor-element-477904d elementor-widget elementor-widget-text-editor\" data-id=\"477904d\" data-element_type=\"widget\" data-widget_type=\"text-editor.default\">\n\t\t\t\t<div class=\"elementor-widget-container\">\n\t\t\t\t\t\t\t<p><span style=\"font-weight: 400;\">A produ\u00e7\u00e3o e consumo de energia solar \u00e9 uma realidade presente nas favelas.\u00a0 As instala\u00e7\u00f5es na Babil\u00f4nia, Chap\u00e9u Mangueira e Santa Marta, a maioria em institui\u00e7\u00f5es comunit\u00e1rias ou pequenos com\u00e9rcios, t\u00eam provocado mudan\u00e7as na paisagem e nas contas de energia. Al\u00e9m de ser uma fonte limpa e renov\u00e1vel de energia, as instala\u00e7\u00f5es fotovoltaicas, tamb\u00e9m, t\u00eam gerado emprego e renda nas comunidades. <\/span><\/p>\t\t\t\t\t\t<\/div>\n\t\t\t\t<\/div>\n\t\t\t\t\t<\/div>\n\t\t<\/div>\n\t\t\t\t\t<\/div>\n\t\t<\/section>\n\t\t\t\t<section class=\"elementor-section elementor-top-section elementor-element elementor-element-e564068 elementor-section-boxed elementor-section-height-default elementor-section-height-default\" data-id=\"e564068\" data-element_type=\"section\" data-settings=\"{&quot;background_background&quot;:&quot;classic&quot;}\">\n\t\t\t\t\t\t<div class=\"elementor-container elementor-column-gap-default\">\n\t\t\t\t\t<div class=\"elementor-column elementor-col-33 elementor-top-column elementor-element elementor-element-a72d7fb\" data-id=\"a72d7fb\" data-element_type=\"column\">\n\t\t\t<div class=\"elementor-widget-wrap elementor-element-populated\">\n\t\t\t\t\t\t<div class=\"elementor-element elementor-element-11d59ca elementor-widget elementor-widget-image\" data-id=\"11d59ca\" data-element_type=\"widget\" data-widget_type=\"image.default\">\n\t\t\t\t<div class=\"elementor-widget-container\">\n\t\t\t\t\t\t\t\t\t\t\t\t\t\t<a href=\"https:\/\/rioonwatch.org.br\/?p=53359\" target=\"_blank\">\n\t\t\t\t\t\t\t<img decoding=\"async\" src=\"https:\/\/rioonwatch.org.br\/wp-content\/uploads\/2021\/01\/Ar-Condicionado-no-Parque-Arara-Estudos-Mostram-Potencial-do-Telhado-Verde-para-a-Favela.-Arte-por-Antonio-Vieira-580x326.jpeg\" title=\"Arte original por Antonio Vieira\" alt=\"Arte original por Antonio Vieira\" loading=\"lazy\" \/>\t\t\t\t\t\t\t\t<\/a>\n\t\t\t\t\t\t\t\t\t\t\t\t\t<\/div>\n\t\t\t\t<\/div>\n\t\t\t\t<div class=\"elementor-element elementor-element-a822b63 elementor-widget elementor-widget-heading\" data-id=\"a822b63\" data-element_type=\"widget\" data-widget_type=\"heading.default\">\n\t\t\t\t<div class=\"elementor-widget-container\">\n\t\t\t<h2 class=\"elementor-heading-title elementor-size-default\"><a href=\"https:\/\/rioonwatch.org.br\/?p=53359\" target=\"_blank\">Teto Verde ou Ar Condicionado no Parque Arar\u00e1? Estudos Mostram Potencial do Telhado Verde para a Favela<\/a><\/h2>\t\t<\/div>\n\t\t\t\t<\/div>\n\t\t\t\t<div class=\"elementor-element elementor-element-fb19f88 elementor-widget elementor-widget-text-editor\" data-id=\"fb19f88\" data-element_type=\"widget\" data-widget_type=\"text-editor.default\">\n\t\t\t\t<div class=\"elementor-widget-container\">\n\t\t\t\t\t\t\t<p><span style=\"font-weight: 400;\">A falta de vegeta\u00e7\u00e3o, limita\u00e7\u00f5es arquitet\u00f4nicas e outros fatores fazem com que o uso de ar condicionado pare\u00e7a ser a \u00fanica solu\u00e7\u00e3o para domar o calor nas favelas, mas n\u00e3o \u00e9. O telhado verde \u00e9 um sistema de cobertura que usa a vegeta\u00e7\u00e3o para reduzir a temperatura no interior das casas. No Parque Arar\u00e1, o Teto Verde Favela j\u00e1 bateu um recorde ao registrar 15\u00baC de varia\u00e7\u00e3o entre uma resid\u00eancia com teto verde e outra sem. <\/span><\/p>\t\t\t\t\t\t<\/div>\n\t\t\t\t<\/div>\n\t\t\t\t\t<\/div>\n\t\t<\/div>\n\t\t\t\t<div class=\"elementor-column elementor-col-33 elementor-top-column elementor-element elementor-element-bcfdbf3\" data-id=\"bcfdbf3\" data-element_type=\"column\">\n\t\t\t<div class=\"elementor-widget-wrap elementor-element-populated\">\n\t\t\t\t\t\t<div class=\"elementor-element elementor-element-b1132cd elementor-widget elementor-widget-image\" data-id=\"b1132cd\" data-element_type=\"widget\" data-widget_type=\"image.default\">\n\t\t\t\t<div class=\"elementor-widget-container\">\n\t\t\t\t\t\t\t\t\t\t\t\t\t\t<a href=\"https:\/\/rioonwatch.org.br\/?p=54256\" target=\"_blank\">\n\t\t\t\t\t\t\t<img decoding=\"async\" src=\"https:\/\/rioonwatch.org.br\/wp-content\/uploads\/2021\/03\/Arte-original-por-David-Amen-580x326.jpg\" title=\"Arte original por David Amen\" alt=\"Arte original por David Amen\" loading=\"lazy\" \/>\t\t\t\t\t\t\t\t<\/a>\n\t\t\t\t\t\t\t\t\t\t\t\t\t<\/div>\n\t\t\t\t<\/div>\n\t\t\t\t<div class=\"elementor-element elementor-element-d72f4fb elementor-widget elementor-widget-heading\" data-id=\"d72f4fb\" data-element_type=\"widget\" data-widget_type=\"heading.default\">\n\t\t\t\t<div class=\"elementor-widget-container\">\n\t\t\t<h2 class=\"elementor-heading-title elementor-size-default\"><a href=\"https:\/\/rioonwatch.org.br\/?p=54256\" target=\"_blank\">Organiza\u00e7\u00f5es Comunit\u00e1rias Promovem A\u00e7\u00f5es Junto \u00e0 Enel em Prol da Efici\u00eancia Energ\u00e9tica, no Jardim Catarina<\/a><\/h2>\t\t<\/div>\n\t\t\t\t<\/div>\n\t\t\t\t<div class=\"elementor-element elementor-element-1bdd5af elementor-widget elementor-widget-text-editor\" data-id=\"1bdd5af\" data-element_type=\"widget\" data-widget_type=\"text-editor.default\">\n\t\t\t\t<div class=\"elementor-widget-container\">\n\t\t\t\t\t\t\t<p><span style=\"font-weight: 400;\">No bairro Jardim Catarina, em S\u00e3o Gon\u00e7alo, maior loteamento da Am\u00e9rica Latina, s\u00e3o realizadas a\u00e7\u00f5es de conscientiza\u00e7\u00e3o e de capacita\u00e7\u00e3o para uso racional de energia el\u00e9trica, visando a redu\u00e7\u00e3o do consumo de energia e do desperd\u00edcio na comunidade. As a\u00e7\u00f5es, como oficinas e campanhas educativas, resultam de parcerias entre organiza\u00e7\u00f5es comunit\u00e1rias e a prestadora de servi\u00e7o de energia el\u00e9trica na localidade. <\/span><\/p>\t\t\t\t\t\t<\/div>\n\t\t\t\t<\/div>\n\t\t\t\t\t<\/div>\n\t\t<\/div>\n\t\t\t\t<div class=\"elementor-column elementor-col-33 elementor-top-column elementor-element elementor-element-3e43b74\" data-id=\"3e43b74\" data-element_type=\"column\">\n\t\t\t<div class=\"elementor-widget-wrap elementor-element-populated\">\n\t\t\t\t\t\t<div class=\"elementor-element elementor-element-6056787 elementor-widget elementor-widget-image\" data-id=\"6056787\" data-element_type=\"widget\" data-widget_type=\"image.default\">\n\t\t\t\t<div class=\"elementor-widget-container\">\n\t\t\t\t\t\t\t\t\t\t\t\t\t\t<a href=\"https:\/\/rioonwatch.org.br\/?p=53060\" target=\"_blank\">\n\t\t\t\t\t\t\t<img decoding=\"async\" src=\"https:\/\/rioonwatch.org.br\/wp-content\/uploads\/2021\/01\/Lixo-e-Ouro-nas-favelas.-Ilustracao-por-David-Amen-580x326.jpg\" title=\"Lixo \u00e9 Ouro nas favelas. Ilustra\u00e7\u00e3o por: David Amen\" alt=\"Lixo \u00e9 Ouro nas favelas. Ilustra\u00e7\u00e3o por: David Amen\" loading=\"lazy\" \/>\t\t\t\t\t\t\t\t<\/a>\n\t\t\t\t\t\t\t\t\t\t\t\t\t<\/div>\n\t\t\t\t<\/div>\n\t\t\t\t<div class=\"elementor-element elementor-element-2f43e2e elementor-widget elementor-widget-heading\" data-id=\"2f43e2e\" data-element_type=\"widget\" data-widget_type=\"heading.default\">\n\t\t\t\t<div class=\"elementor-widget-container\">\n\t\t\t<h2 class=\"elementor-heading-title elementor-size-default\"><a href=\"https:\/\/rioonwatch.org.br\/?p=53060\" target=\"_blank\">Lixo \u00e9 Ouro: Recupera\u00e7\u00e3o Energ\u00e9tica e Gera\u00e7\u00e3o de Renda Como Solu\u00e7\u00f5es Para as Favelas<\/a><\/h2>\t\t<\/div>\n\t\t\t\t<\/div>\n\t\t\t\t<div class=\"elementor-element elementor-element-67b13c5 elementor-widget elementor-widget-text-editor\" data-id=\"67b13c5\" data-element_type=\"widget\" data-widget_type=\"text-editor.default\">\n\t\t\t\t<div class=\"elementor-widget-container\">\n\t\t\t\t\t\t\t<p><span style=\"font-weight: 400;\">A coleta e destina\u00e7\u00e3o de res\u00edduos fazem parte de uma realidade problem\u00e1tica enfrentada pelas favelas. Geralmente visto apenas como um problema, o lixo pode ser encarado como uma possibilidade de gera\u00e7\u00e3o de renda, al\u00e9m de ser uma sa\u00edda para melhorar os dilemas socioambientais, energ\u00e9ticos e de saneamento b\u00e1sico nos territ\u00f3rios. No Brasil, projetos j\u00e1 em funcionamento transformam materiais descartados em energia. <\/span><\/p>\t\t\t\t\t\t<\/div>\n\t\t\t\t<\/div>\n\t\t\t\t\t<\/div>\n\t\t<\/div>\n\t\t\t\t\t<\/div>\n\t\t<\/section>\n\t\t\t\t<section class=\"elementor-section elementor-top-section elementor-element elementor-element-15de937 elementor-section-boxed elementor-section-height-default elementor-section-height-default\" data-id=\"15de937\" data-element_type=\"section\" data-settings=\"{&quot;background_background&quot;:&quot;classic&quot;}\">\n\t\t\t\t\t\t<div class=\"elementor-container elementor-column-gap-default\">\n\t\t\t\t\t<div class=\"elementor-column elementor-col-100 elementor-top-column elementor-element elementor-element-9c0bc43\" data-id=\"9c0bc43\" data-element_type=\"column\">\n\t\t\t<div class=\"elementor-widget-wrap elementor-element-populated\">\n\t\t\t\t\t\t<div class=\"elementor-element elementor-element-7d99f54 elementor-widget elementor-widget-spacer\" data-id=\"7d99f54\" data-element_type=\"widget\" data-widget_type=\"spacer.default\">\n\t\t\t\t<div class=\"elementor-widget-container\">\n\t\t\t\t\t<div class=\"elementor-spacer\">\n\t\t\t<div class=\"elementor-spacer-inner\"><\/div>\n\t\t<\/div>\n\t\t\t\t<\/div>\n\t\t\t\t<\/div>\n\t\t\t\t\t<\/div>\n\t\t<\/div>\n\t\t\t\t\t<\/div>\n\t\t<\/section>\n\t\t\t\t<section class=\"elementor-section elementor-top-section elementor-element elementor-element-61f3810 elementor-section-boxed elementor-section-height-default elementor-section-height-default\" data-id=\"61f3810\" data-element_type=\"section\" data-settings=\"{&quot;background_background&quot;:&quot;classic&quot;}\">\n\t\t\t\t\t\t<div class=\"elementor-container elementor-column-gap-default\">\n\t\t\t\t\t<div class=\"elementor-column elementor-col-100 elementor-top-column elementor-element elementor-element-77d099f\" data-id=\"77d099f\" data-element_type=\"column\" data-settings=\"{&quot;background_background&quot;:&quot;classic&quot;}\">\n\t\t\t<div class=\"elementor-widget-wrap elementor-element-populated\">\n\t\t\t\t\t\t<div class=\"elementor-element elementor-element-dc72059 elementor-widget elementor-widget-heading\" data-id=\"dc72059\" data-element_type=\"widget\" data-widget_type=\"heading.default\">\n\t\t\t\t<div class=\"elementor-widget-container\">\n\t\t\t<h3 class=\"elementor-heading-title elementor-size-medium\">Conhe\u00e7a os Artistas<\/h3>\t\t<\/div>\n\t\t\t\t<\/div>\n\t\t\t\t\t<\/div>\n\t\t<\/div>\n\t\t\t\t\t<\/div>\n\t\t<\/section>\n\t\t\t\t<section class=\"elementor-section elementor-top-section elementor-element elementor-element-38607a2 elementor-section-boxed elementor-section-height-default elementor-section-height-default\" data-id=\"38607a2\" data-element_type=\"section\" data-settings=\"{&quot;background_background&quot;:&quot;classic&quot;}\">\n\t\t\t\t\t\t<div class=\"elementor-container elementor-column-gap-default\">\n\t\t\t\t\t<div class=\"elementor-column elementor-col-100 elementor-top-column elementor-element elementor-element-2718526\" data-id=\"2718526\" data-element_type=\"column\">\n\t\t\t<div class=\"elementor-widget-wrap elementor-element-populated\">\n\t\t\t\t\t\t<div class=\"elementor-element elementor-element-1ae25b5 elementor-arrows-position-inside elementor-pagination-position-outside elementor-widget elementor-widget-image-carousel\" data-id=\"1ae25b5\" data-element_type=\"widget\" data-settings=\"{&quot;slides_to_show&quot;:&quot;3&quot;,&quot;infinite&quot;:&quot;no&quot;,&quot;navigation&quot;:&quot;both&quot;,&quot;autoplay&quot;:&quot;yes&quot;,&quot;pause_on_hover&quot;:&quot;yes&quot;,&quot;pause_on_interaction&quot;:&quot;yes&quot;,&quot;autoplay_speed&quot;:5000,&quot;speed&quot;:500}\" data-widget_type=\"image-carousel.default\">\n\t\t\t\t<div class=\"elementor-widget-container\">\n\t\t\t\t\t<div class=\"elementor-image-carousel-wrapper swiper\" dir=\"ltr\">\n\t\t\t<div class=\"elementor-image-carousel swiper-wrapper\" aria-live=\"off\">\n\t\t\t\t\t\t\t\t<div class=\"swiper-slide\" role=\"group\" aria-roledescription=\"slide\" aria-label=\"1 de 17\"><a data-elementor-open-lightbox=\"yes\" data-elementor-lightbox-slideshow=\"1ae25b5\" data-elementor-lightbox-title=\"Arte original por David Amen\" data-elementor-lightbox-description=\"Sobre o artista: David Amen \u00e9 cria do Complexo do Alem\u00e3o, co-fundador e produtor de comunica\u00e7\u00e3o do Instituto Ra\u00edzes em Movimento, jornalista, grafiteiro e ilustrador.\" data-e-action-hash=\"#elementor-action%3Aaction%3Dlightbox%26settings%3DeyJpZCI6NTQyNTksInVybCI6Imh0dHBzOlwvXC9yaW9vbndhdGNoLm9yZy5iclwvd3AtY29udGVudFwvdXBsb2Fkc1wvMjAyMVwvMDNcL0FydGUtb3JpZ2luYWwtcG9yLURhdmlkLUFtZW4uanBnIiwic2xpZGVzaG93IjoiMWFlMjViNSJ9\" href=\"https:\/\/rioonwatch.org.br\/wp-content\/uploads\/2021\/03\/Arte-original-por-David-Amen.jpg\"><figure class=\"swiper-slide-inner\"><img decoding=\"async\" class=\"swiper-slide-image\" src=\"https:\/\/rioonwatch.org.br\/wp-content\/uploads\/2021\/03\/Arte-original-por-David-Amen-580x326.jpg\" alt=\"Arte original por David Amen\" \/><figcaption class=\"elementor-image-carousel-caption\">Arte original por David Amen<\/figcaption><\/figure><\/a><\/div><div class=\"swiper-slide\" role=\"group\" aria-roledescription=\"slide\" aria-label=\"2 de 17\"><a data-elementor-open-lightbox=\"yes\" data-elementor-lightbox-slideshow=\"1ae25b5\" data-elementor-lightbox-title=\"Arte original por Natalia S. Flores\" data-elementor-lightbox-description=\"Arte original por Natalia S. Flores\" data-e-action-hash=\"#elementor-action%3Aaction%3Dlightbox%26settings%3DeyJpZCI6NTQ4ODUsInVybCI6Imh0dHBzOlwvXC9yaW9vbndhdGNoLm9yZy5iclwvd3AtY29udGVudFwvdXBsb2Fkc1wvMjAyMVwvMDVcL0FydGUtb3JpZ2luYWwtcG9yLU5hdGFsaWEtUy4tRmxvcmVzLXNjYWxlZC5qcGciLCJzbGlkZXNob3ciOiIxYWUyNWI1In0%3D\" href=\"https:\/\/rioonwatch.org.br\/wp-content\/uploads\/2021\/05\/Arte-original-por-Natalia-S.-Flores-scaled.jpg\"><figure class=\"swiper-slide-inner\"><img decoding=\"async\" class=\"swiper-slide-image\" src=\"https:\/\/rioonwatch.org.br\/wp-content\/uploads\/2021\/05\/Arte-original-por-Natalia-S.-Flores-580x326.jpg\" alt=\"Arte original por Natalia S. Flores\" \/><figcaption class=\"elementor-image-carousel-caption\">Arte original por Natalia S. Flores<\/figcaption><\/figure><\/a><\/div><div class=\"swiper-slide\" role=\"group\" aria-roledescription=\"slide\" aria-label=\"3 de 17\"><a data-elementor-open-lightbox=\"yes\" data-elementor-lightbox-slideshow=\"1ae25b5\" data-elementor-lightbox-title=\"Arte original por Rodrigo Binarts\" data-elementor-lightbox-description=\"Sobre o artista: Rodrigo Binarts, 38 anos, \u00e9 artista pl\u00e1stico e m\u00fasico percussionista nascido e criado em Olavo Bilac, Duque de Caxias, na Baixada Fluminense. Rodrigo atua com trabalhos de grafite e percuss\u00e3o na ONG Terra dos Homens e C.E. Guadalajara, onde \u00e9 coordenador do n\u00facleo de cultura. \" data-e-action-hash=\"#elementor-action%3Aaction%3Dlightbox%26settings%3DeyJpZCI6NTQ0NzgsInVybCI6Imh0dHBzOlwvXC9yaW9vbndhdGNoLm9yZy5iclwvd3AtY29udGVudFwvdXBsb2Fkc1wvMjAyMVwvMDRcL0FydGUtcG9yLVJvZHJpZ28tQmluYXJ0cy5qcGciLCJzbGlkZXNob3ciOiIxYWUyNWI1In0%3D\" href=\"https:\/\/rioonwatch.org.br\/wp-content\/uploads\/2021\/04\/Arte-por-Rodrigo-Binarts.jpg\"><figure class=\"swiper-slide-inner\"><img decoding=\"async\" class=\"swiper-slide-image\" src=\"https:\/\/rioonwatch.org.br\/wp-content\/uploads\/2021\/04\/Arte-por-Rodrigo-Binarts-580x326.jpg\" alt=\"Arte original por Rodrigo Binarts\" \/><figcaption class=\"elementor-image-carousel-caption\">Arte: Rodrigo Binarts<\/figcaption><\/figure><\/a><\/div><div class=\"swiper-slide\" role=\"group\" aria-roledescription=\"slide\" aria-label=\"4 de 17\"><a data-elementor-open-lightbox=\"yes\" data-elementor-lightbox-slideshow=\"1ae25b5\" data-elementor-lightbox-title=\"Gato e\u0301 Justic\u0327a Distributiva por Nata\u0301lia de S. Flores\" data-elementor-lightbox-description=\"Sobre a artista: Natalia de Souza Flores \u00e9 cria da Zona Norte e integrante das Brabas Crew. Formada em Design Gr\u00e1fico pela Unigranrio em 2017, trabalha como designer desde 2015. Lan\u00e7ou a revista em quadrinhos coletiva \u2018T\u00e1 no Gibi\u2019, em 2017 na Bienal do Livro. Sua tem\u00e1tica principal \u00e9 afro usando elementos cyberpunk, wica e ind\u00edgena.\" data-e-action-hash=\"#elementor-action%3Aaction%3Dlightbox%26settings%3DeyJpZCI6NTI3ODUsInVybCI6Imh0dHBzOlwvXC9yaW9vbndhdGNoLm9yZy5iclwvd3AtY29udGVudFwvdXBsb2Fkc1wvMjAyMFwvMTJcL0dhdG8tZVx1MDMwMS1KdXN0aWNcdTAzMjdhLURpc3RyaWJ1dGl2YS1wb3ItTmF0YVx1MDMwMWxpYS1kZS1TLi1GbG9yZXMuanBnIiwic2xpZGVzaG93IjoiMWFlMjViNSJ9\" href=\"https:\/\/rioonwatch.org.br\/wp-content\/uploads\/2020\/12\/Gato-e\u0301-Justic\u0327a-Distributiva-por-Nata\u0301lia-de-S.-Flores.jpg\"><figure class=\"swiper-slide-inner\"><img decoding=\"async\" class=\"swiper-slide-image\" src=\"https:\/\/rioonwatch.org.br\/wp-content\/uploads\/2020\/12\/Gato-e\u0301-Justic\u0327a-Distributiva-por-Nata\u0301lia-de-S.-Flores-580x326.jpg\" alt=\"&quot;Gato \u00e9 Justi\u00e7a Distributiva&quot; por: Nat\u00e1lia de S. Flores\" \/><figcaption class=\"elementor-image-carousel-caption\">Arte: Nat\u00e1lia de S. Flores<\/figcaption><\/figure><\/a><\/div><div class=\"swiper-slide\" role=\"group\" aria-roledescription=\"slide\" aria-label=\"5 de 17\"><a data-elementor-open-lightbox=\"yes\" data-elementor-lightbox-slideshow=\"1ae25b5\" data-elementor-lightbox-title=\"Arte original por Anna Paula Rodrigues\" data-elementor-lightbox-description=\"Sobre a artista: Anna Paula Rodrigues \u00e9 designer e ilustradora freelancer, formada em desenho industrial pela UFRJ. Anna Paula\u2014que atua com a quest\u00e3o antirracista quanto a est\u00e9tica e beleza\u2014trabalha como designer gr\u00e1fica em diversas ONGs do Rio de Janeiro.\" data-e-action-hash=\"#elementor-action%3Aaction%3Dlightbox%26settings%3DeyJpZCI6NTU0NjAsInVybCI6Imh0dHBzOlwvXC9yaW9vbndhdGNoLm9yZy5iclwvd3AtY29udGVudFwvdXBsb2Fkc1wvMjAyMVwvMDVcL0FydGUtb3JpZ2luYWwtcG9yLUFubmEtUGF1bGEtUm9kcmlndWVzLmpwZyIsInNsaWRlc2hvdyI6IjFhZTI1YjUifQ%3D%3D\" href=\"https:\/\/rioonwatch.org.br\/wp-content\/uploads\/2021\/05\/Arte-original-por-Anna-Paula-Rodrigues.jpg\"><figure class=\"swiper-slide-inner\"><img decoding=\"async\" class=\"swiper-slide-image\" src=\"https:\/\/rioonwatch.org.br\/wp-content\/uploads\/2021\/05\/Arte-original-por-Anna-Paula-Rodrigues-580x326.jpg\" alt=\"Arte original por Anna Paula Rodrigues\" \/><figcaption class=\"elementor-image-carousel-caption\">Arte original por Anna Paula Rodrigues<\/figcaption><\/figure><\/a><\/div><div class=\"swiper-slide\" role=\"group\" aria-roledescription=\"slide\" aria-label=\"6 de 17\"><a data-elementor-open-lightbox=\"yes\" data-elementor-lightbox-slideshow=\"1ae25b5\" data-elementor-lightbox-title=\"Arte original por Anna Paula Rodrigues\" data-elementor-lightbox-description=\"Sobre o artista: Anna Paula Rodrigues \u00e9 designer e ilustradora freelancer, formada em desenho industrial pela UFRJ. Anna Paula\u2014que atua com a quest\u00e3o antirracista quanto a est\u00e9tica e beleza\u2014trabalha como designer gr\u00e1fica em diversas ONGs do Rio de Janeiro. \" data-e-action-hash=\"#elementor-action%3Aaction%3Dlightbox%26settings%3DeyJpZCI6NTM2MzksInVybCI6Imh0dHBzOlwvXC9yaW9vbndhdGNoLm9yZy5iclwvd3AtY29udGVudFwvdXBsb2Fkc1wvMjAyMVwvMDJcL29rLUlsdXN0cmFjYW9DcmlzZURvQXBhZ2FvMjAwMV9Bbm5hLVBhdWxhLVJvZHJpZ3Vlcy0xLmpwZyIsInNsaWRlc2hvdyI6IjFhZTI1YjUifQ%3D%3D\" href=\"https:\/\/rioonwatch.org.br\/wp-content\/uploads\/2021\/02\/ok-IlustracaoCriseDoApagao2001_Anna-Paula-Rodrigues-1.jpg\"><figure class=\"swiper-slide-inner\"><img decoding=\"async\" class=\"swiper-slide-image\" src=\"https:\/\/rioonwatch.org.br\/wp-content\/uploads\/2021\/02\/ok-IlustracaoCriseDoApagao2001_Anna-Paula-Rodrigues-1-580x326.jpg\" alt=\"Arte: Anna Paula Rodrigues\" \/><figcaption class=\"elementor-image-carousel-caption\">Arte: Anna Paula Rodrigues<\/figcaption><\/figure><\/a><\/div><div class=\"swiper-slide\" role=\"group\" aria-roledescription=\"slide\" aria-label=\"7 de 17\"><a data-elementor-open-lightbox=\"yes\" data-elementor-lightbox-slideshow=\"1ae25b5\" data-elementor-lightbox-title=\"Arte original por Yara Santos\" data-elementor-lightbox-description=\"Sobre a artista: Yara Santos, ilustradora, estudante de design generalista pela Universidade de S\u00e3o Paulo, nascida e criada na periferia da Zona Sul de S\u00e3o Paulo, busca representar em suas artes elementos da cultura negra e perif\u00e9rica na qual ela est\u00e1 inserida. A maior parte de sua produ\u00e7\u00e3o se concentra em t\u00e9cnicas digitais.\" data-e-action-hash=\"#elementor-action%3Aaction%3Dlightbox%26settings%3DeyJpZCI6NTU3MDYsInVybCI6Imh0dHBzOlwvXC9yaW9vbndhdGNoLm9yZy5iclwvd3AtY29udGVudFwvdXBsb2Fkc1wvMjAyMVwvMDZcL0FydGUtb3JpZ2luYWwtcG9yLVlhcmEtU2FudG9zLTEuanBnIiwic2xpZGVzaG93IjoiMWFlMjViNSJ9\" href=\"https:\/\/rioonwatch.org.br\/wp-content\/uploads\/2021\/06\/Arte-original-por-Yara-Santos-1.jpg\"><figure class=\"swiper-slide-inner\"><img decoding=\"async\" class=\"swiper-slide-image\" src=\"https:\/\/rioonwatch.org.br\/wp-content\/uploads\/2021\/06\/Arte-original-por-Yara-Santos-1-580x326.jpg\" alt=\"Arte original por Yara Santos\" \/><figcaption class=\"elementor-image-carousel-caption\">Arte: Yara Santos<\/figcaption><\/figure><\/a><\/div><div class=\"swiper-slide\" role=\"group\" aria-roledescription=\"slide\" aria-label=\"8 de 17\"><a data-elementor-open-lightbox=\"yes\" data-elementor-lightbox-slideshow=\"1ae25b5\" data-elementor-lightbox-title=\"Lixo \u00e9 Ouro nas favelas. Ilustra\u00e7\u00e3o por: David Amen\" data-elementor-lightbox-description=\"Sobre o artista: David Amen \u00e9 cria do Complexo do Alem\u00e3o, co-fundador e produtor de comunica\u00e7\u00e3o do Instituto Ra\u00edzes em Movimento, jornalista, grafiteiro e ilustrador.\" data-e-action-hash=\"#elementor-action%3Aaction%3Dlightbox%26settings%3DeyJpZCI6NTMwOTcsInVybCI6Imh0dHBzOlwvXC9yaW9vbndhdGNoLm9yZy5iclwvd3AtY29udGVudFwvdXBsb2Fkc1wvMjAyMVwvMDFcL0xpeG8tZS1PdXJvLW5hcy1mYXZlbGFzLi1JbHVzdHJhY2FvLXBvci1EYXZpZC1BbWVuLmpwZyIsInNsaWRlc2hvdyI6IjFhZTI1YjUifQ%3D%3D\" href=\"https:\/\/rioonwatch.org.br\/wp-content\/uploads\/2021\/01\/Lixo-e-Ouro-nas-favelas.-Ilustracao-por-David-Amen.jpg\"><figure class=\"swiper-slide-inner\"><img decoding=\"async\" class=\"swiper-slide-image\" src=\"https:\/\/rioonwatch.org.br\/wp-content\/uploads\/2021\/01\/Lixo-e-Ouro-nas-favelas.-Ilustracao-por-David-Amen-580x326.jpg\" alt=\"Lixo \u00e9 Ouro nas favelas. Ilustra\u00e7\u00e3o por: David Amen\" \/><figcaption class=\"elementor-image-carousel-caption\">Arte original por David Amen<\/figcaption><\/figure><\/a><\/div><div class=\"swiper-slide\" role=\"group\" aria-roledescription=\"slide\" aria-label=\"9 de 17\"><a data-elementor-open-lightbox=\"yes\" data-elementor-lightbox-slideshow=\"1ae25b5\" data-elementor-lightbox-title=\"Arte original por Raquel Batista\" data-elementor-lightbox-description=\"Sobre a artista: Raquel Batista \u00e9 artista visual e trabalha como fot\u00f3grafa e ilustradora. \u00c9 estudante na Escola de Belas Artes da UFRJ, mulher negra e moradora da Zona Oeste do Rio. \" data-e-action-hash=\"#elementor-action%3Aaction%3Dlightbox%26settings%3DeyJpZCI6NTQwMDAsInVybCI6Imh0dHBzOlwvXC9yaW9vbndhdGNoLm9yZy5iclwvd3AtY29udGVudFwvdXBsb2Fkc1wvMjAyMVwvMDNcL0VmaWNpZW5jaWEtZW5lcmdldGljYS5wbmciLCJzbGlkZXNob3ciOiIxYWUyNWI1In0%3D\" href=\"https:\/\/rioonwatch.org.br\/wp-content\/uploads\/2021\/03\/Eficiencia-energetica.png\"><figure class=\"swiper-slide-inner\"><img decoding=\"async\" class=\"swiper-slide-image\" src=\"https:\/\/rioonwatch.org.br\/wp-content\/uploads\/2021\/03\/Eficiencia-energetica.png\" alt=\"Arte original por Raquel Batista\" \/><figcaption class=\"elementor-image-carousel-caption\">Arte original por Raquel Batista<\/figcaption><\/figure><\/a><\/div><div class=\"swiper-slide\" role=\"group\" aria-roledescription=\"slide\" aria-label=\"10 de 17\"><a data-elementor-open-lightbox=\"yes\" data-elementor-lightbox-slideshow=\"1ae25b5\" data-elementor-lightbox-title=\"Arte original por Rodrigo Ca\u0302ndido\" data-elementor-lightbox-description=\"Sobre o artista: Rodrigo C\u00e2ndido \u00e9 ilustrador e quadrinista, cujo foco \u00e9 colocar gente preta em todas as narrativas imagin\u00e1veis. Seu trabalho tem influ\u00eancias de afrofuturismo, games, m\u00fasica, e a hist\u00f3ria de grandes negros e negras que moldaram a humanidade.\" data-e-action-hash=\"#elementor-action%3Aaction%3Dlightbox%26settings%3DeyJpZCI6NTQyMDEsInVybCI6Imh0dHBzOlwvXC9yaW9vbndhdGNoLm9yZy5iclwvd3AtY29udGVudFwvdXBsb2Fkc1wvMjAyMVwvMDJcL0FydGUtb3JpZ2luYWwtcG9yLVJvZHJpZ28tQ2FcdTAzMDJuZGlkby5qcGciLCJzbGlkZXNob3ciOiIxYWUyNWI1In0%3D\" href=\"https:\/\/rioonwatch.org.br\/wp-content\/uploads\/2021\/02\/Arte-original-por-Rodrigo-Ca\u0302ndido.jpg\"><figure class=\"swiper-slide-inner\"><img decoding=\"async\" class=\"swiper-slide-image\" src=\"https:\/\/rioonwatch.org.br\/wp-content\/uploads\/2021\/02\/Arte-original-por-Rodrigo-Ca\u0302ndido-580x326.jpg\" alt=\"Arte original por Rodrigo Ca\u0302ndido\" \/><figcaption class=\"elementor-image-carousel-caption\">Arte original por Rodrigo Ca\u0302ndido<\/figcaption><\/figure><\/a><\/div><div class=\"swiper-slide\" role=\"group\" aria-roledescription=\"slide\" aria-label=\"11 de 17\"><a data-elementor-open-lightbox=\"yes\" data-elementor-lightbox-slideshow=\"1ae25b5\" data-elementor-lightbox-title=\"Ilustra\u00e7\u00e3o &#039;Inseguran\u00e7a-Energ\u00e9tica no Complexo do Salgueiro em S\u00e3o Gon\u00e7alo&#039;. Foto por Rodrigo Binarts\" data-elementor-lightbox-description=\"Sobre o artista: Rodrigo Binarts, 38 anos, \u00e9 artista pl\u00e1stico e m\u00fasico percussionista nascido e criado em Olavo Bilac, Duque de Caxias, na Baixada Fluminense. Rodrigo atua com trabalhos de grafite e percuss\u00e3o na ONG Terra dos Homens e C.E. Guadalajara, onde \u00e9 coordenador do n\u00facleo de cultura. \" data-e-action-hash=\"#elementor-action%3Aaction%3Dlightbox%26settings%3DeyJpZCI6NTMwODQsInVybCI6Imh0dHBzOlwvXC9yaW9vbndhdGNoLm9yZy5iclwvd3AtY29udGVudFwvdXBsb2Fkc1wvMjAyMVwvMDFcL0lsdXN0cmFjYW8tSW5zZWd1cmFuY2EtRW5lcmdldGljYS1uby1Db21wbGV4by1kby1TYWxndWVpcm8tZW0tU2FvLUdvbmNhbG8uLUZvdG8tcG9yLVJvZHJpZ28tQmluYXJ0cy5qcGciLCJzbGlkZXNob3ciOiIxYWUyNWI1In0%3D\" href=\"https:\/\/rioonwatch.org.br\/wp-content\/uploads\/2021\/01\/Ilustracao-Inseguranca-Energetica-no-Complexo-do-Salgueiro-em-Sao-Goncalo.-Foto-por-Rodrigo-Binarts.jpg\"><figure class=\"swiper-slide-inner\"><img decoding=\"async\" class=\"swiper-slide-image\" src=\"https:\/\/rioonwatch.org.br\/wp-content\/uploads\/2021\/01\/Ilustracao-Inseguranca-Energetica-no-Complexo-do-Salgueiro-em-Sao-Goncalo.-Foto-por-Rodrigo-Binarts-580x326.jpg\" alt=\"Arte: Rodrigo Binarts\" \/><figcaption class=\"elementor-image-carousel-caption\">Arte: Rodrigo Binarts<\/figcaption><\/figure><\/a><\/div><div class=\"swiper-slide\" role=\"group\" aria-roledescription=\"slide\" aria-label=\"12 de 17\"><a data-elementor-open-lightbox=\"yes\" data-elementor-lightbox-slideshow=\"1ae25b5\" data-elementor-lightbox-title=\"Arte original por Antonio Vieira\" data-elementor-lightbox-description=\"Sobre o artista: Antonio Vieira, nascido no Rio de Janeiro, \u00e9 ilustrador de carioquices. Amante do carnaval das Escolas de Samba e das sa\u00eddas dos batebolas dos sub\u00farbios cariocas, \u00e9 mestre em arte pelo PPGARTES UERJ, e tem interesse em pesquisar toda a movimenta\u00e7\u00e3o negra e perif\u00e9rica da Cidade.\" data-e-action-hash=\"#elementor-action%3Aaction%3Dlightbox%26settings%3DeyJpZCI6NTMzNjUsInVybCI6Imh0dHBzOlwvXC9yaW9vbndhdGNoLm9yZy5iclwvd3AtY29udGVudFwvdXBsb2Fkc1wvMjAyMVwvMDFcL0FyLUNvbmRpY2lvbmFkby1uby1QYXJxdWUtQXJhcmEtRXN0dWRvcy1Nb3N0cmFtLVBvdGVuY2lhbC1kby1UZWxoYWRvLVZlcmRlLXBhcmEtYS1GYXZlbGEuLUFydGUtcG9yLUFudG9uaW8tVmllaXJhLmpwZWciLCJzbGlkZXNob3ciOiIxYWUyNWI1In0%3D\" href=\"https:\/\/rioonwatch.org.br\/wp-content\/uploads\/2021\/01\/Ar-Condicionado-no-Parque-Arara-Estudos-Mostram-Potencial-do-Telhado-Verde-para-a-Favela.-Arte-por-Antonio-Vieira.jpeg\"><figure class=\"swiper-slide-inner\"><img decoding=\"async\" class=\"swiper-slide-image\" src=\"https:\/\/rioonwatch.org.br\/wp-content\/uploads\/2021\/01\/Ar-Condicionado-no-Parque-Arara-Estudos-Mostram-Potencial-do-Telhado-Verde-para-a-Favela.-Arte-por-Antonio-Vieira-580x326.jpeg\" alt=\"Arte original por Antonio Vieira\" \/><figcaption class=\"elementor-image-carousel-caption\">Arte: Antonio Vieira<\/figcaption><\/figure><\/a><\/div><div class=\"swiper-slide\" role=\"group\" aria-roledescription=\"slide\" aria-label=\"13 de 17\"><a data-elementor-open-lightbox=\"yes\" data-elementor-lightbox-slideshow=\"1ae25b5\" data-elementor-lightbox-title=\"Arte original por Natalia S. Flores\" data-elementor-lightbox-description=\"Sobre a artista: Natalia de Souza Flores \u00e9 cria da Zona Norte e integrante das Brabas Crew. Formada em Design Gr\u00e1fico pela Unigranrio em 2017, trabalha como designer desde 2015. Lan\u00e7ou a revista em quadrinhos coletiva \u2018T\u00e1 no Gibi\u2019, em 2017 na Bienal do Livro. Sua tem\u00e1tica principal \u00e9 afro usando elementos cyberpunk, wica e ind\u00edgena.\" data-e-action-hash=\"#elementor-action%3Aaction%3Dlightbox%26settings%3DeyJpZCI6NTQ1NzMsInVybCI6Imh0dHBzOlwvXC9yaW9vbndhdGNoLm9yZy5iclwvd3AtY29udGVudFwvdXBsb2Fkc1wvMjAyMVwvMDRcL0FydGUtb3JpZ2luYWwtcG9yLU5hdGFsaWEtUy4tRmxvcmVzLmpwZyIsInNsaWRlc2hvdyI6IjFhZTI1YjUifQ%3D%3D\" href=\"https:\/\/rioonwatch.org.br\/wp-content\/uploads\/2021\/04\/Arte-original-por-Natalia-S.-Flores.jpg\"><figure class=\"swiper-slide-inner\"><img decoding=\"async\" class=\"swiper-slide-image\" src=\"https:\/\/rioonwatch.org.br\/wp-content\/uploads\/2021\/04\/Arte-original-por-Natalia-S.-Flores-580x326.jpg\" alt=\"Arte original por Natalia S. Flores\" \/><figcaption class=\"elementor-image-carousel-caption\">Arte original por Natalia S. Flores<\/figcaption><\/figure><\/a><\/div><div class=\"swiper-slide\" role=\"group\" aria-roledescription=\"slide\" aria-label=\"14 de 17\"><a data-elementor-open-lightbox=\"yes\" data-elementor-lightbox-slideshow=\"1ae25b5\" data-elementor-lightbox-title=\"Arte original por Marcelo Vitor\" data-elementor-lightbox-description=\"Sobre o artista: Marcelo Vitor de Macena, Marcelo Fanac, 43 anos \u00e9 designer, ilustrador, tatuador e artista urbano desde 1999. Ele atua como produtor cultural e curador em diversos projetos socioculturais.\" data-e-action-hash=\"#elementor-action%3Aaction%3Dlightbox%26settings%3DeyJpZCI6NTMyODMsInVybCI6Imh0dHBzOlwvXC9yaW9vbndhdGNoLm9yZy5iclwvd3AtY29udGVudFwvdXBsb2Fkc1wvMjAyMVwvMDFcL0luanVzdGljYS1EaXN0cmlidXRpdmEtbmEtRmF2ZWxhLUNlc2FyLU1haWEtYXMtQ29udGluZ2VuY2lhcy1FbmVyZ2V0aWNhcy1kYS1WYWNpbmFjYW8tbmFzLUZhdmVsYXMuLUFydGUtcG9yLU1hcmNlbG8tVml0b3IuanBnIiwic2xpZGVzaG93IjoiMWFlMjViNSJ9\" href=\"https:\/\/rioonwatch.org.br\/wp-content\/uploads\/2021\/01\/Injustica-Distributiva-na-Favela-Cesar-Maia-as-Contingencias-Energeticas-da-Vacinacao-nas-Favelas.-Arte-por-Marcelo-Vitor.jpg\"><figure class=\"swiper-slide-inner\"><img decoding=\"async\" class=\"swiper-slide-image\" src=\"https:\/\/rioonwatch.org.br\/wp-content\/uploads\/2021\/01\/Injustica-Distributiva-na-Favela-Cesar-Maia-as-Contingencias-Energeticas-da-Vacinacao-nas-Favelas.-Arte-por-Marcelo-Vitor-580x326.jpg\" alt=\"Arte original por Marcelo Vitor\" \/><figcaption class=\"elementor-image-carousel-caption\">Arte original por Marcelo Vitor<\/figcaption><\/figure><\/a><\/div><div class=\"swiper-slide\" role=\"group\" aria-roledescription=\"slide\" aria-label=\"15 de 17\"><a data-elementor-open-lightbox=\"yes\" data-elementor-lightbox-slideshow=\"1ae25b5\" data-elementor-lightbox-title=\"Arte original por Gilberto FAO\" data-elementor-lightbox-description=\"Sobre o artista: Gilberto FAO \u00e9 estudante de artes visuais, artista e grafiteiro. Gilberto tamb\u00e9m \u00e9 articulador cultural e organizador independente de eventos. Vive em S\u00e3o Paulo, no bairro Ch\u00e1cara Santana na regi\u00e3o do Cap\u00e3o Redondo, na Zona Sul da capital paulista.\" data-e-action-hash=\"#elementor-action%3Aaction%3Dlightbox%26settings%3DeyJpZCI6NTQ1MDQsInVybCI6Imh0dHBzOlwvXC9yaW9vbndhdGNoLm9yZy5iclwvd3AtY29udGVudFwvdXBsb2Fkc1wvMjAyMVwvMDRcL0FydGUtb3JpZ2luYWwtcG9yLUdpbGJlcnRvLUZBTy5qcGVnIiwic2xpZGVzaG93IjoiMWFlMjViNSJ9\" href=\"https:\/\/rioonwatch.org.br\/wp-content\/uploads\/2021\/04\/Arte-original-por-Gilberto-FAO.jpeg\"><figure class=\"swiper-slide-inner\"><img decoding=\"async\" class=\"swiper-slide-image\" src=\"https:\/\/rioonwatch.org.br\/wp-content\/uploads\/2021\/04\/Arte-original-por-Gilberto-FAO-580x326.jpeg\" alt=\"Arte original por Gilberto FAO\" \/><figcaption class=\"elementor-image-carousel-caption\">Arte original por Gilberto FAO<\/figcaption><\/figure><\/a><\/div><div class=\"swiper-slide\" role=\"group\" aria-roledescription=\"slide\" aria-label=\"16 de 17\"><a data-elementor-open-lightbox=\"yes\" data-elementor-lightbox-slideshow=\"1ae25b5\" data-elementor-lightbox-title=\"Arte original por Rodrigo C\u00e2ndido\" data-e-action-hash=\"#elementor-action%3Aaction%3Dlightbox%26settings%3DeyJpZCI6NTY0MDIsInVybCI6Imh0dHBzOlwvXC9yaW9vbndhdGNoLm9yZy5iclwvd3AtY29udGVudFwvdXBsb2Fkc1wvMjAyMVwvMDZcL0FydGUtb3JpZ2luYWwtcG9yLVJvZHJpZ28tQ2FuZGlkby5wbmciLCJzbGlkZXNob3ciOiIxYWUyNWI1In0%3D\" href=\"https:\/\/rioonwatch.org.br\/wp-content\/uploads\/2021\/06\/Arte-original-por-Rodrigo-Candido.png\"><figure class=\"swiper-slide-inner\"><img decoding=\"async\" class=\"swiper-slide-image\" src=\"https:\/\/rioonwatch.org.br\/wp-content\/uploads\/2021\/06\/Arte-original-por-Rodrigo-Candido-580x326.png\" alt=\"Arte original por Rodrigo C\u00e2ndido\" \/><figcaption class=\"elementor-image-carousel-caption\">Arte original por Rodrigo C\u00e2ndido<\/figcaption><\/figure><\/a><\/div><div class=\"swiper-slide\" role=\"group\" aria-roledescription=\"slide\" aria-label=\"17 de 17\"><a data-elementor-open-lightbox=\"yes\" data-elementor-lightbox-slideshow=\"1ae25b5\" data-elementor-lightbox-title=\"Arte original por Anna Paula Rodrigues\" data-e-action-hash=\"#elementor-action%3Aaction%3Dlightbox%26settings%3DeyJpZCI6NTU4NTEsInVybCI6Imh0dHBzOlwvXC9yaW9vbndhdGNoLm9yZy5iclwvd3AtY29udGVudFwvdXBsb2Fkc1wvMjAyMVwvMDZcL0FydGUtb3JpZ2luYWwtcG9yLUFubmEtUGF1bGEtUm9kcmlndWVzLmpwZyIsInNsaWRlc2hvdyI6IjFhZTI1YjUifQ%3D%3D\" href=\"https:\/\/rioonwatch.org.br\/wp-content\/uploads\/2021\/06\/Arte-original-por-Anna-Paula-Rodrigues.jpg\"><figure class=\"swiper-slide-inner\"><img decoding=\"async\" class=\"swiper-slide-image\" src=\"https:\/\/rioonwatch.org.br\/wp-content\/uploads\/2021\/06\/Arte-original-por-Anna-Paula-Rodrigues-580x326.jpg\" alt=\"Arte original por Anna Paula Rodrigues\" \/><figcaption class=\"elementor-image-carousel-caption\">Arte original por Anna Paula Rodrigues<\/figcaption><\/figure><\/a><\/div>\t\t\t<\/div>\n\t\t\t\t\t\t\t\t\t\t\t\t<div class=\"elementor-swiper-button elementor-swiper-button-prev\" role=\"button\" tabindex=\"0\">\n\t\t\t\t\t\t<i aria-hidden=\"true\" class=\"eicon-chevron-left\"><\/i>\t\t\t\t\t<\/div>\n\t\t\t\t\t<div class=\"elementor-swiper-button elementor-swiper-button-next\" role=\"button\" tabindex=\"0\">\n\t\t\t\t\t\t<i aria-hidden=\"true\" class=\"eicon-chevron-right\"><\/i>\t\t\t\t\t<\/div>\n\t\t\t\t\n\t\t\t\t\t\t\t\t\t<div class=\"swiper-pagination\"><\/div>\n\t\t\t\t\t\t\t\t\t<\/div>\n\t\t\t\t<\/div>\n\t\t\t\t<\/div>\n\t\t\t\t\t<\/div>\n\t\t<\/div>\n\t\t\t\t\t<\/div>\n\t\t<\/section>\n\t\t\t\t<section class=\"elementor-section elementor-top-section elementor-element elementor-element-6fb2b10 elementor-section-boxed elementor-section-height-default elementor-section-height-default\" data-id=\"6fb2b10\" data-element_type=\"section\" data-settings=\"{&quot;background_background&quot;:&quot;classic&quot;}\">\n\t\t\t\t\t\t<div class=\"elementor-container elementor-column-gap-default\">\n\t\t\t\t\t<div class=\"elementor-column elementor-col-100 elementor-top-column elementor-element elementor-element-2ab7587\" data-id=\"2ab7587\" data-element_type=\"column\">\n\t\t\t<div class=\"elementor-widget-wrap elementor-element-populated\">\n\t\t\t\t\t\t<div class=\"elementor-element elementor-element-a6427bc elementor-widget elementor-widget-spacer\" data-id=\"a6427bc\" data-element_type=\"widget\" data-widget_type=\"spacer.default\">\n\t\t\t\t<div class=\"elementor-widget-container\">\n\t\t\t\t\t<div class=\"elementor-spacer\">\n\t\t\t<div class=\"elementor-spacer-inner\"><\/div>\n\t\t<\/div>\n\t\t\t\t<\/div>\n\t\t\t\t<\/div>\n\t\t\t\t\t<\/div>\n\t\t<\/div>\n\t\t\t\t\t<\/div>\n\t\t<\/section>\n\t\t\t\t<\/div>\n\t\t<!-- AddThis Advanced Settings generic via filter on the_content --><!-- AddThis Share Buttons generic via filter on the_content -->","protected":false},"excerpt":{"rendered":"<div class=\"mh-excerpt\"><p>A s\u00e9rie Justi\u00e7a Energ\u00e9tica \u00e9 resultado do projeto &#8220;Comunicando em Prol da Efici\u00eancia e Justi\u00e7a Energ\u00e9tica nas Favelas&#8221;, que publicou doze relatos e seis pesquisas, realizadas e ilustradas por moradores de favelas, e mais um <a class=\"mh-excerpt-more\" href=\"https:\/\/rioonwatch.org.br\/?page_id=55545\" title=\"S\u00e9rie: Justi\u00e7a Energ\u00e9tica\">[&#8230;]<\/a><!-- AddThis Advanced Settings generic via filter on get_the_excerpt --><!-- AddThis Share Buttons generic via filter on get_the_excerpt --><\/p>\n<\/div>","protected":false},"author":3,"featured_media":58338,"parent":0,"menu_order":0,"comment_status":"closed","ping_status":"closed","template":"elementor_header_footer","meta":{"_acf_changed":false,"_monsterinsights_skip_tracking":false,"_monsterinsights_sitenote_active":false,"_monsterinsights_sitenote_note":"","_monsterinsights_sitenote_category":0,"footnotes":""},"class_list":["post-55545","page","type-page","status-publish","has-post-thumbnail"],"acf":[],"yoast_head":"<!-- This site is optimized with the Yoast SEO plugin v25.6 - https:\/\/yoast.com\/wordpress\/plugins\/seo\/ -->\n<title>S\u00e9rie: Justi\u00e7a Energ\u00e9tica - RioOnWatch<\/title>\n<meta name=\"robots\" content=\"index, follow, max-snippet:-1, max-image-preview:large, max-video-preview:-1\" \/>\n<link rel=\"canonical\" href=\"https:\/\/rioonwatch.org.br\/?page_id=55545\" \/>\n<meta property=\"og:locale\" content=\"pt_BR\" \/>\n<meta property=\"og:type\" content=\"article\" \/>\n<meta property=\"og:title\" content=\"S\u00e9rie: Justi\u00e7a Energ\u00e9tica - RioOnWatch\" \/>\n<meta property=\"og:description\" content=\"A s\u00e9rie Justi\u00e7a Energ\u00e9tica \u00e9 resultado do projeto &#8220;Comunicando em Prol da Efici\u00eancia e Justi\u00e7a Energ\u00e9tica nas Favelas&#8221;, que publicou doze relatos e seis pesquisas, realizadas e ilustradas por moradores de favelas, e mais um [...]\" \/>\n<meta property=\"og:url\" content=\"https:\/\/rioonwatch.org.br\/?page_id=55545\" \/>\n<meta property=\"og:site_name\" content=\"RioOnWatch\" \/>\n<meta property=\"article:modified_time\" content=\"2021-09-20T12:41:44+00:00\" \/>\n<meta property=\"og:image\" content=\"https:\/\/rioonwatch.org.br\/wp-content\/uploads\/2021\/09\/Justica-Energetica_barra-lateral.jpeg\" \/>\n\t<meta property=\"og:image:width\" content=\"1280\" \/>\n\t<meta property=\"og:image:height\" content=\"746\" \/>\n\t<meta property=\"og:image:type\" content=\"image\/jpeg\" \/>\n<meta name=\"twitter:card\" content=\"summary_large_image\" \/>\n<meta name=\"twitter:label1\" content=\"Est. tempo de leitura\" \/>\n\t<meta name=\"twitter:data1\" content=\"15 minutos\" \/>\n<script type=\"application\/ld+json\" class=\"yoast-schema-graph\">{\"@context\":\"https:\/\/schema.org\",\"@graph\":[{\"@type\":\"WebPage\",\"@id\":\"https:\/\/rioonwatch.org.br\/?page_id=55545\",\"url\":\"https:\/\/rioonwatch.org.br\/?page_id=55545\",\"name\":\"S\u00e9rie: Justi\u00e7a Energ\u00e9tica - RioOnWatch\",\"isPartOf\":{\"@id\":\"https:\/\/rioonwatch.org.br\/#website\"},\"primaryImageOfPage\":{\"@id\":\"https:\/\/rioonwatch.org.br\/?page_id=55545#primaryimage\"},\"image\":{\"@id\":\"https:\/\/rioonwatch.org.br\/?page_id=55545#primaryimage\"},\"thumbnailUrl\":\"https:\/\/rioonwatch.org.br\/wp-content\/uploads\/2021\/09\/Justica-Energetica_barra-lateral.jpeg\",\"datePublished\":\"2021-06-08T16:09:09+00:00\",\"dateModified\":\"2021-09-20T12:41:44+00:00\",\"breadcrumb\":{\"@id\":\"https:\/\/rioonwatch.org.br\/?page_id=55545#breadcrumb\"},\"inLanguage\":\"pt-BR\",\"potentialAction\":[{\"@type\":\"ReadAction\",\"target\":[\"https:\/\/rioonwatch.org.br\/?page_id=55545\"]}]},{\"@type\":\"ImageObject\",\"inLanguage\":\"pt-BR\",\"@id\":\"https:\/\/rioonwatch.org.br\/?page_id=55545#primaryimage\",\"url\":\"https:\/\/rioonwatch.org.br\/wp-content\/uploads\/2021\/09\/Justica-Energetica_barra-lateral.jpeg\",\"contentUrl\":\"https:\/\/rioonwatch.org.br\/wp-content\/uploads\/2021\/09\/Justica-Energetica_barra-lateral.jpeg\",\"width\":1280,\"height\":746},{\"@type\":\"BreadcrumbList\",\"@id\":\"https:\/\/rioonwatch.org.br\/?page_id=55545#breadcrumb\",\"itemListElement\":[{\"@type\":\"ListItem\",\"position\":1,\"name\":\"In\u00edcio\",\"item\":\"https:\/\/rioonwatch.org.br\/\"},{\"@type\":\"ListItem\",\"position\":2,\"name\":\"S\u00e9rie: Justi\u00e7a Energ\u00e9tica\"}]},{\"@type\":\"WebSite\",\"@id\":\"https:\/\/rioonwatch.org.br\/#website\",\"url\":\"https:\/\/rioonwatch.org.br\/\",\"name\":\"RioOnWatch\",\"description\":\"relatos das favelas cariocas\",\"publisher\":{\"@id\":\"https:\/\/rioonwatch.org.br\/#organization\"},\"potentialAction\":[{\"@type\":\"SearchAction\",\"target\":{\"@type\":\"EntryPoint\",\"urlTemplate\":\"https:\/\/rioonwatch.org.br\/?s={search_term_string}\"},\"query-input\":{\"@type\":\"PropertyValueSpecification\",\"valueRequired\":true,\"valueName\":\"search_term_string\"}}],\"inLanguage\":\"pt-BR\"},{\"@type\":\"Organization\",\"@id\":\"https:\/\/rioonwatch.org.br\/#organization\",\"name\":\"RioOnWatch\",\"url\":\"https:\/\/rioonwatch.org.br\/\",\"logo\":{\"@type\":\"ImageObject\",\"inLanguage\":\"pt-BR\",\"@id\":\"https:\/\/rioonwatch.org.br\/#\/schema\/logo\/image\/\",\"url\":\"https:\/\/rioonwatch.org.br\/wp-content\/uploads\/2021\/06\/RioOnWatchcabecalhoPT11anos-2.png\",\"contentUrl\":\"https:\/\/rioonwatch.org.br\/wp-content\/uploads\/2021\/06\/RioOnWatchcabecalhoPT11anos-2.png\",\"width\":779,\"height\":277,\"caption\":\"RioOnWatch\"},\"image\":{\"@id\":\"https:\/\/rioonwatch.org.br\/#\/schema\/logo\/image\/\"}}]}<\/script>\n<!-- \/ Yoast SEO plugin. -->","yoast_head_json":{"title":"S\u00e9rie: Justi\u00e7a Energ\u00e9tica - RioOnWatch","robots":{"index":"index","follow":"follow","max-snippet":"max-snippet:-1","max-image-preview":"max-image-preview:large","max-video-preview":"max-video-preview:-1"},"canonical":"https:\/\/rioonwatch.org.br\/?page_id=55545","og_locale":"pt_BR","og_type":"article","og_title":"S\u00e9rie: Justi\u00e7a Energ\u00e9tica - RioOnWatch","og_description":"A s\u00e9rie Justi\u00e7a Energ\u00e9tica \u00e9 resultado do projeto &#8220;Comunicando em Prol da Efici\u00eancia e Justi\u00e7a Energ\u00e9tica nas Favelas&#8221;, que publicou doze relatos e seis pesquisas, realizadas e ilustradas por moradores de favelas, e mais um [...]","og_url":"https:\/\/rioonwatch.org.br\/?page_id=55545","og_site_name":"RioOnWatch","article_modified_time":"2021-09-20T12:41:44+00:00","og_image":[{"width":1280,"height":746,"url":"https:\/\/rioonwatch.org.br\/wp-content\/uploads\/2021\/09\/Justica-Energetica_barra-lateral.jpeg","type":"image\/jpeg"}],"twitter_card":"summary_large_image","twitter_misc":{"Est. tempo de leitura":"15 minutos"},"schema":{"@context":"https:\/\/schema.org","@graph":[{"@type":"WebPage","@id":"https:\/\/rioonwatch.org.br\/?page_id=55545","url":"https:\/\/rioonwatch.org.br\/?page_id=55545","name":"S\u00e9rie: Justi\u00e7a Energ\u00e9tica - RioOnWatch","isPartOf":{"@id":"https:\/\/rioonwatch.org.br\/#website"},"primaryImageOfPage":{"@id":"https:\/\/rioonwatch.org.br\/?page_id=55545#primaryimage"},"image":{"@id":"https:\/\/rioonwatch.org.br\/?page_id=55545#primaryimage"},"thumbnailUrl":"https:\/\/rioonwatch.org.br\/wp-content\/uploads\/2021\/09\/Justica-Energetica_barra-lateral.jpeg","datePublished":"2021-06-08T16:09:09+00:00","dateModified":"2021-09-20T12:41:44+00:00","breadcrumb":{"@id":"https:\/\/rioonwatch.org.br\/?page_id=55545#breadcrumb"},"inLanguage":"pt-BR","potentialAction":[{"@type":"ReadAction","target":["https:\/\/rioonwatch.org.br\/?page_id=55545"]}]},{"@type":"ImageObject","inLanguage":"pt-BR","@id":"https:\/\/rioonwatch.org.br\/?page_id=55545#primaryimage","url":"https:\/\/rioonwatch.org.br\/wp-content\/uploads\/2021\/09\/Justica-Energetica_barra-lateral.jpeg","contentUrl":"https:\/\/rioonwatch.org.br\/wp-content\/uploads\/2021\/09\/Justica-Energetica_barra-lateral.jpeg","width":1280,"height":746},{"@type":"BreadcrumbList","@id":"https:\/\/rioonwatch.org.br\/?page_id=55545#breadcrumb","itemListElement":[{"@type":"ListItem","position":1,"name":"In\u00edcio","item":"https:\/\/rioonwatch.org.br\/"},{"@type":"ListItem","position":2,"name":"S\u00e9rie: Justi\u00e7a Energ\u00e9tica"}]},{"@type":"WebSite","@id":"https:\/\/rioonwatch.org.br\/#website","url":"https:\/\/rioonwatch.org.br\/","name":"RioOnWatch","description":"relatos das favelas cariocas","publisher":{"@id":"https:\/\/rioonwatch.org.br\/#organization"},"potentialAction":[{"@type":"SearchAction","target":{"@type":"EntryPoint","urlTemplate":"https:\/\/rioonwatch.org.br\/?s={search_term_string}"},"query-input":{"@type":"PropertyValueSpecification","valueRequired":true,"valueName":"search_term_string"}}],"inLanguage":"pt-BR"},{"@type":"Organization","@id":"https:\/\/rioonwatch.org.br\/#organization","name":"RioOnWatch","url":"https:\/\/rioonwatch.org.br\/","logo":{"@type":"ImageObject","inLanguage":"pt-BR","@id":"https:\/\/rioonwatch.org.br\/#\/schema\/logo\/image\/","url":"https:\/\/rioonwatch.org.br\/wp-content\/uploads\/2021\/06\/RioOnWatchcabecalhoPT11anos-2.png","contentUrl":"https:\/\/rioonwatch.org.br\/wp-content\/uploads\/2021\/06\/RioOnWatchcabecalhoPT11anos-2.png","width":779,"height":277,"caption":"RioOnWatch"},"image":{"@id":"https:\/\/rioonwatch.org.br\/#\/schema\/logo\/image\/"}}]}},"_links":{"self":[{"href":"https:\/\/rioonwatch.org.br\/index.php?rest_route=\/wp\/v2\/pages\/55545"}],"collection":[{"href":"https:\/\/rioonwatch.org.br\/index.php?rest_route=\/wp\/v2\/pages"}],"about":[{"href":"https:\/\/rioonwatch.org.br\/index.php?rest_route=\/wp\/v2\/types\/page"}],"author":[{"embeddable":true,"href":"https:\/\/rioonwatch.org.br\/index.php?rest_route=\/wp\/v2\/users\/3"}],"replies":[{"embeddable":true,"href":"https:\/\/rioonwatch.org.br\/index.php?rest_route=%2Fwp%2Fv2%2Fcomments&post=55545"}],"version-history":[{"count":699,"href":"https:\/\/rioonwatch.org.br\/index.php?rest_route=\/wp\/v2\/pages\/55545\/revisions"}],"predecessor-version":[{"id":58443,"href":"https:\/\/rioonwatch.org.br\/index.php?rest_route=\/wp\/v2\/pages\/55545\/revisions\/58443"}],"wp:featuredmedia":[{"embeddable":true,"href":"https:\/\/rioonwatch.org.br\/index.php?rest_route=\/wp\/v2\/media\/58338"}],"wp:attachment":[{"href":"https:\/\/rioonwatch.org.br\/index.php?rest_route=%2Fwp%2Fv2%2Fmedia&parent=55545"}],"curies":[{"name":"wp","href":"https:\/\/api.w.org\/{rel}","templated":true}]}}