{"id":57426,"date":"2021-07-29T13:54:40","date_gmt":"2021-07-29T16:54:40","guid":{"rendered":"https:\/\/rioonwatch.org.br\/?page_id=57426"},"modified":"2022-02-28T17:26:59","modified_gmt":"2022-02-28T20:26:59","slug":"serie-antirracismo","status":"publish","type":"page","link":"https:\/\/rioonwatch.org.br\/?page_id=57426","title":{"rendered":"S\u00e9rie: Antirracismo"},"content":{"rendered":"\t\t<div data-elementor-type=\"wp-page\" data-elementor-id=\"57426\" class=\"elementor elementor-57426\" data-elementor-post-type=\"page\">\n\t\t\t\t\t\t<section class=\"elementor-section elementor-top-section elementor-element elementor-element-2c9a78d elementor-section-full_width elementor-section-height-default elementor-section-height-default\" data-id=\"2c9a78d\" data-element_type=\"section\" data-settings=\"{&quot;background_background&quot;:&quot;classic&quot;}\">\n\t\t\t\t\t\t<div class=\"elementor-container elementor-column-gap-default\">\n\t\t\t\t\t<div class=\"elementor-column elementor-col-100 elementor-top-column elementor-element elementor-element-2e2ae53\" data-id=\"2e2ae53\" data-element_type=\"column\">\n\t\t\t<div class=\"elementor-widget-wrap elementor-element-populated\">\n\t\t\t\t\t\t<div class=\"elementor-element elementor-element-6a74b7a elementor-widget elementor-widget-image\" data-id=\"6a74b7a\" data-element_type=\"widget\" data-widget_type=\"image.default\">\n\t\t\t\t<div class=\"elementor-widget-container\">\n\t\t\t\t\t\t\t\t\t\t\t\t\t<img fetchpriority=\"high\" decoding=\"async\" width=\"2000\" height=\"300\" src=\"https:\/\/rioonwatch.org.br\/wp-content\/uploads\/2021\/09\/SERIE-ANTIRRACISMO_PEQ_ROW_FINAL.jpg\" class=\"attachment-full size-full wp-image-58224\" alt=\"\" srcset=\"https:\/\/rioonwatch.org.br\/wp-content\/uploads\/2021\/09\/SERIE-ANTIRRACISMO_PEQ_ROW_FINAL.jpg 2000w, https:\/\/rioonwatch.org.br\/wp-content\/uploads\/2021\/09\/SERIE-ANTIRRACISMO_PEQ_ROW_FINAL-620x93.jpg 620w, https:\/\/rioonwatch.org.br\/wp-content\/uploads\/2021\/09\/SERIE-ANTIRRACISMO_PEQ_ROW_FINAL-1024x154.jpg 1024w, https:\/\/rioonwatch.org.br\/wp-content\/uploads\/2021\/09\/SERIE-ANTIRRACISMO_PEQ_ROW_FINAL-768x115.jpg 768w, https:\/\/rioonwatch.org.br\/wp-content\/uploads\/2021\/09\/SERIE-ANTIRRACISMO_PEQ_ROW_FINAL-1536x230.jpg 1536w\" sizes=\"(max-width: 2000px) 100vw, 2000px\" \/>\t\t\t\t\t\t\t\t\t\t\t\t\t<\/div>\n\t\t\t\t<\/div>\n\t\t\t\t\t<\/div>\n\t\t<\/div>\n\t\t\t\t\t<\/div>\n\t\t<\/section>\n\t\t\t\t<section class=\"elementor-section elementor-top-section elementor-element elementor-element-29ecb46 elementor-section-boxed elementor-section-height-default elementor-section-height-default\" data-id=\"29ecb46\" data-element_type=\"section\" data-settings=\"{&quot;background_background&quot;:&quot;classic&quot;}\">\n\t\t\t\t\t\t<div class=\"elementor-container elementor-column-gap-default\">\n\t\t\t\t\t<div class=\"elementor-column elementor-col-100 elementor-top-column elementor-element elementor-element-4bf6ff5\" data-id=\"4bf6ff5\" data-element_type=\"column\">\n\t\t\t<div class=\"elementor-widget-wrap elementor-element-populated\">\n\t\t\t\t\t\t<div class=\"elementor-element elementor-element-0a27ec3 elementor-widget elementor-widget-text-editor\" data-id=\"0a27ec3\" data-element_type=\"widget\" data-widget_type=\"text-editor.default\">\n\t\t\t\t<div class=\"elementor-widget-container\">\n\t\t\t\t\t\t\t<p>Com a proposta de fomentar um debate contra o racismo de dentro para fora, com foco nas vozes das favelas do Rio, tendo como meio o jornalismo comunit\u00e1rio para provocar o di\u00e1logo urgente que precisamos, o <em>RioOnWatch<\/em> lan\u00e7ou o projeto: \u201cEnraizando o Antirracismo nas Favelas: Desconstruindo Narrativas Sociais sobre Racismo no Rio de Janeiro\u201d.<\/p><p>\u00a0<\/p><p>O objetivo \u00e9 debater racismo e ra\u00e7a de modo a fornecer uma vis\u00e3o detalhada, multidimensional e interseccional para desvelar como o racismo estrutural funciona no Rio de Janeiro, do pessoal ao sist\u00eamico e anal\u00edtico, para poder transformar o cotidiano do racismo estrutural, pois o que n\u00e3o \u00e9 nomeado, n\u00e3o pode ser reconhecido para ser combatido. O racismo no Brasil habita nas estruturas da sociedade, incluindo o sil\u00eancio e o eufemismo das not\u00edcias sobre desigualdade social.<\/p><p>\u00a0<\/p><p>Durante todo o ano de 2021 foram publicados, semanalmente no <em>RioOnWatch<\/em>, mat\u00e9rias, ilustra\u00e7\u00f5es, v\u00eddeos e podcasts majoritariamente realizados por comunicadores negros moradores de favelas no Rio de Janeiro. A a\u00e7\u00e3o antirrracista visa tr\u00eas eixos: mem\u00f3ria, atualidade e futuro \u2014 o que remete ao conceito africano Sankofa: San (voltar, retornar), Ko (ir), Fa (olhar, buscar, pegar).<\/p>\t\t\t\t\t\t<\/div>\n\t\t\t\t<\/div>\n\t\t\t\t<div class=\"elementor-element elementor-element-91a261d elementor-widget elementor-widget-spacer\" data-id=\"91a261d\" data-element_type=\"widget\" data-widget_type=\"spacer.default\">\n\t\t\t\t<div class=\"elementor-widget-container\">\n\t\t\t\t\t<div class=\"elementor-spacer\">\n\t\t\t<div class=\"elementor-spacer-inner\"><\/div>\n\t\t<\/div>\n\t\t\t\t<\/div>\n\t\t\t\t<\/div>\n\t\t\t\t\t<\/div>\n\t\t<\/div>\n\t\t\t\t\t<\/div>\n\t\t<\/section>\n\t\t\t\t<section class=\"elementor-section elementor-top-section elementor-element elementor-element-61f3810 elementor-section-boxed elementor-section-height-default elementor-section-height-default\" data-id=\"61f3810\" data-element_type=\"section\" data-settings=\"{&quot;background_background&quot;:&quot;classic&quot;}\">\n\t\t\t\t\t\t<div class=\"elementor-container elementor-column-gap-default\">\n\t\t\t\t\t<div class=\"elementor-column elementor-col-100 elementor-top-column elementor-element elementor-element-77d099f\" data-id=\"77d099f\" data-element_type=\"column\" data-settings=\"{&quot;background_background&quot;:&quot;classic&quot;}\">\n\t\t\t<div class=\"elementor-widget-wrap elementor-element-populated\">\n\t\t\t\t\t\t<div class=\"elementor-element elementor-element-dc72059 elementor-widget elementor-widget-heading\" data-id=\"dc72059\" data-element_type=\"widget\" data-widget_type=\"heading.default\">\n\t\t\t\t<div class=\"elementor-widget-container\">\n\t\t\t<h3 class=\"elementor-heading-title elementor-size-medium\">Introduzindo a S\u00e9rie Antirracista<\/h3>\t\t<\/div>\n\t\t\t\t<\/div>\n\t\t\t\t\t<\/div>\n\t\t<\/div>\n\t\t\t\t\t<\/div>\n\t\t<\/section>\n\t\t\t\t<section class=\"elementor-section elementor-top-section elementor-element elementor-element-d64da92 elementor-section-boxed elementor-section-height-default elementor-section-height-default\" data-id=\"d64da92\" data-element_type=\"section\" data-settings=\"{&quot;background_background&quot;:&quot;classic&quot;}\">\n\t\t\t\t\t\t<div class=\"elementor-container elementor-column-gap-default\">\n\t\t\t\t\t<div class=\"elementor-column elementor-col-33 elementor-top-column elementor-element elementor-element-09511fa\" data-id=\"09511fa\" data-element_type=\"column\">\n\t\t\t<div class=\"elementor-widget-wrap elementor-element-populated\">\n\t\t\t\t\t\t<div class=\"elementor-element elementor-element-a4d9989 elementor-widget elementor-widget-audio\" data-id=\"a4d9989\" data-element_type=\"widget\" data-widget_type=\"audio.default\">\n\t\t\t\t<div class=\"elementor-widget-container\">\n\t\t\t\t\t\t<div class=\"elementor-soundcloud-wrapper\">\n\t\t\t\t<iframe width=\"500\" height=\"400\" frameborder=\"no\" src=\"https:\/\/w.soundcloud.com\/player\/?visual=true&#038;url=https%3A%2F%2Fapi.soundcloud.com%2Ftracks%2F967099120&#038;show_artwork=false&#038;maxheight=750&#038;maxwidth=500&#038;auto_play=false&#038;buying=false&#038;liking=false&#038;download=false&#038;sharing=false&#038;show_comments=false&#038;show_playcount=false&#038;show_user=false&#038;color\"><\/iframe>\t\t\t<\/div>\n\t\t\t\t\t<\/div>\n\t\t\t\t<\/div>\n\t\t\t\t<div class=\"elementor-element elementor-element-3984e52 elementor-widget elementor-widget-heading\" data-id=\"3984e52\" data-element_type=\"widget\" data-widget_type=\"heading.default\">\n\t\t\t\t<div class=\"elementor-widget-container\">\n\t\t\t<h2 class=\"elementor-heading-title elementor-size-default\"><a href=\"https:\/\/rioonwatch.org.br\/?p=52766\" target=\"_blank\">Enraizando o Antirracismo nas Favelas: Desconstruindo Narrativas Sociais sobre Racismo no Rio de Janeiro<\/a><\/h2>\t\t<\/div>\n\t\t\t\t<\/div>\n\t\t\t\t\t<\/div>\n\t\t<\/div>\n\t\t\t\t<div class=\"elementor-column elementor-col-33 elementor-top-column elementor-element elementor-element-9b36d2e\" data-id=\"9b36d2e\" data-element_type=\"column\">\n\t\t\t<div class=\"elementor-widget-wrap elementor-element-populated\">\n\t\t\t\t\t\t<div class=\"elementor-element elementor-element-d4454ac elementor-widget elementor-widget-audio\" data-id=\"d4454ac\" data-element_type=\"widget\" data-widget_type=\"audio.default\">\n\t\t\t\t<div class=\"elementor-widget-container\">\n\t\t\t\t\t\t<div class=\"elementor-soundcloud-wrapper\">\n\t\t\t\t<iframe width=\"500\" height=\"400\" frameborder=\"no\" src=\"https:\/\/w.soundcloud.com\/player\/?visual=true&#038;url=https%3A%2F%2Fapi.soundcloud.com%2Ftracks%2F1121625943&#038;show_artwork=false&#038;maxheight=750&#038;maxwidth=500&#038;auto_play=false&#038;buying=false&#038;liking=false&#038;download=false&#038;sharing=false&#038;show_comments=false&#038;show_playcount=false&#038;show_user=false&#038;color\"><\/iframe>\t\t\t<\/div>\n\t\t\t\t\t<\/div>\n\t\t\t\t<\/div>\n\t\t\t\t<div class=\"elementor-element elementor-element-00d6449 elementor-widget elementor-widget-heading\" data-id=\"00d6449\" data-element_type=\"widget\" data-widget_type=\"heading.default\">\n\t\t\t\t<div class=\"elementor-widget-container\">\n\t\t\t<h2 class=\"elementor-heading-title elementor-size-default\"><a href=\"https:\/\/rioonwatch.org.br\/?p=57586\" target=\"_blank\">\u2018Exu Matou um P\u00e1ssaro Ontem, com uma Pedra que S\u00f3 Jogou Hoje\u2019: Um Mundo Antirracista \u00c9 Poss\u00edvel?<\/a><\/h2>\t\t<\/div>\n\t\t\t\t<\/div>\n\t\t\t\t\t<\/div>\n\t\t<\/div>\n\t\t\t\t<div class=\"elementor-column elementor-col-33 elementor-top-column elementor-element elementor-element-95a62a3\" data-id=\"95a62a3\" data-element_type=\"column\">\n\t\t\t<div class=\"elementor-widget-wrap elementor-element-populated\">\n\t\t\t\t\t\t<div class=\"elementor-element elementor-element-eb36fc5 elementor-widget elementor-widget-video\" data-id=\"eb36fc5\" data-element_type=\"widget\" data-settings=\"{&quot;youtube_url&quot;:&quot;https:\\\/\\\/youtu.be\\\/FvwNs0aDyHg&quot;,&quot;video_type&quot;:&quot;youtube&quot;,&quot;controls&quot;:&quot;yes&quot;}\" data-widget_type=\"video.default\">\n\t\t\t\t<div class=\"elementor-widget-container\">\n\t\t\t\t\t<div class=\"elementor-wrapper elementor-open-inline\">\n\t\t\t<div class=\"elementor-video\"><\/div>\t\t<\/div>\n\t\t\t\t<\/div>\n\t\t\t\t<\/div>\n\t\t\t\t<div class=\"elementor-element elementor-element-51da705 elementor-widget elementor-widget-heading\" data-id=\"51da705\" data-element_type=\"widget\" data-widget_type=\"heading.default\">\n\t\t\t\t<div class=\"elementor-widget-container\">\n\t\t\t<h2 class=\"elementor-heading-title elementor-size-default\"><a href=\"https:\/\/rioonwatch.org.br\/?p=60583\" target=\"_blank\">Sankofa e a Comunica\u00e7\u00e3o Comunit\u00e1ria Antirracista<\/a><\/h2>\t\t<\/div>\n\t\t\t\t<\/div>\n\t\t\t\t\t<\/div>\n\t\t<\/div>\n\t\t\t\t\t<\/div>\n\t\t<\/section>\n\t\t\t\t<section class=\"elementor-section elementor-top-section elementor-element elementor-element-dba6348 elementor-section-boxed elementor-section-height-default elementor-section-height-default\" data-id=\"dba6348\" data-element_type=\"section\" data-settings=\"{&quot;background_background&quot;:&quot;classic&quot;}\">\n\t\t\t\t\t\t<div class=\"elementor-container elementor-column-gap-default\">\n\t\t\t\t\t<div class=\"elementor-column elementor-col-100 elementor-top-column elementor-element elementor-element-8cfa476\" data-id=\"8cfa476\" data-element_type=\"column\" data-settings=\"{&quot;background_background&quot;:&quot;classic&quot;}\">\n\t\t\t<div class=\"elementor-widget-wrap elementor-element-populated\">\n\t\t\t\t\t\t<div class=\"elementor-element elementor-element-50d3e40 elementor-widget elementor-widget-heading\" data-id=\"50d3e40\" data-element_type=\"widget\" data-widget_type=\"heading.default\">\n\t\t\t\t<div class=\"elementor-widget-container\">\n\t\t\t<h3 class=\"elementor-heading-title elementor-size-medium\">Mat\u00e9rias de Refer\u00eancia<\/h3>\t\t<\/div>\n\t\t\t\t<\/div>\n\t\t\t\t\t<\/div>\n\t\t<\/div>\n\t\t\t\t\t<\/div>\n\t\t<\/section>\n\t\t\t\t<section class=\"elementor-section elementor-top-section elementor-element elementor-element-b0f0079 elementor-section-boxed elementor-section-height-default elementor-section-height-default\" data-id=\"b0f0079\" data-element_type=\"section\" data-settings=\"{&quot;background_background&quot;:&quot;classic&quot;}\">\n\t\t\t\t\t\t<div class=\"elementor-container elementor-column-gap-default\">\n\t\t\t\t\t<div class=\"elementor-column elementor-col-33 elementor-top-column elementor-element elementor-element-4a8efd9\" data-id=\"4a8efd9\" data-element_type=\"column\">\n\t\t\t<div class=\"elementor-widget-wrap elementor-element-populated\">\n\t\t\t\t\t\t<div class=\"elementor-element elementor-element-cee0201 elementor-widget elementor-widget-audio\" data-id=\"cee0201\" data-element_type=\"widget\" data-widget_type=\"audio.default\">\n\t\t\t\t<div class=\"elementor-widget-container\">\n\t\t\t\t\t\t<div class=\"elementor-soundcloud-wrapper\">\n\t\t\t\t<iframe width=\"500\" height=\"400\" frameborder=\"no\" src=\"https:\/\/w.soundcloud.com\/player\/?visual=true&#038;url=https%3A%2F%2Fapi.soundcloud.com%2Ftracks%2F967099120&#038;show_artwork=false&#038;maxheight=750&#038;maxwidth=500&#038;auto_play=false&#038;buying=false&#038;liking=false&#038;download=false&#038;sharing=false&#038;show_comments=false&#038;show_playcount=false&#038;show_user=false&#038;color\"><\/iframe>\t\t\t<\/div>\n\t\t\t\t\t<\/div>\n\t\t\t\t<\/div>\n\t\t\t\t<div class=\"elementor-element elementor-element-274f3f4 elementor-widget elementor-widget-heading\" data-id=\"274f3f4\" data-element_type=\"widget\" data-widget_type=\"heading.default\">\n\t\t\t\t<div class=\"elementor-widget-container\">\n\t\t\t<h2 class=\"elementor-heading-title elementor-size-default\"><a href=\"https:\/\/rioonwatch.org.br\/?p=52766\" target=\"_blank\">Enraizando o Antirracismo nas Favelas: Desconstruindo Narrativas Sociais sobre Racismo no Rio de Janeiro<\/a><\/h2>\t\t<\/div>\n\t\t\t\t<\/div>\n\t\t\t\t\t<\/div>\n\t\t<\/div>\n\t\t\t\t<div class=\"elementor-column elementor-col-33 elementor-top-column elementor-element elementor-element-c92876f\" data-id=\"c92876f\" data-element_type=\"column\">\n\t\t\t<div class=\"elementor-widget-wrap elementor-element-populated\">\n\t\t\t\t\t\t<div class=\"elementor-element elementor-element-9ea423c elementor-widget elementor-widget-audio\" data-id=\"9ea423c\" data-element_type=\"widget\" data-widget_type=\"audio.default\">\n\t\t\t\t<div class=\"elementor-widget-container\">\n\t\t\t\t\t\t<div class=\"elementor-soundcloud-wrapper\">\n\t\t\t\t<iframe width=\"500\" height=\"400\" frameborder=\"no\" src=\"https:\/\/w.soundcloud.com\/player\/?visual=true&#038;url=https%3A%2F%2Fapi.soundcloud.com%2Ftracks%2F1054808656&#038;show_artwork=false&#038;maxheight=750&#038;maxwidth=500&#038;auto_play=false&#038;buying=false&#038;liking=false&#038;download=false&#038;sharing=false&#038;show_comments=false&#038;show_playcount=false&#038;show_user=false&#038;color\"><\/iframe>\t\t\t<\/div>\n\t\t\t\t\t<\/div>\n\t\t\t\t<\/div>\n\t\t\t\t<div class=\"elementor-element elementor-element-38a9f2d elementor-widget elementor-widget-heading\" data-id=\"38a9f2d\" data-element_type=\"widget\" data-widget_type=\"heading.default\">\n\t\t\t\t<div class=\"elementor-widget-container\">\n\t\t\t<h2 class=\"elementor-heading-title elementor-size-default\"><a href=\"https:\/\/rioonwatch.org.br\/?p=54553\" target=\"_blank\">Favela \u00c9 Resist\u00eancia em Sua Ess\u00eancia<\/a><\/h2>\t\t<\/div>\n\t\t\t\t<\/div>\n\t\t\t\t\t<\/div>\n\t\t<\/div>\n\t\t\t\t<div class=\"elementor-column elementor-col-33 elementor-top-column elementor-element elementor-element-f2cc466\" data-id=\"f2cc466\" data-element_type=\"column\">\n\t\t\t<div class=\"elementor-widget-wrap elementor-element-populated\">\n\t\t\t\t\t\t<div class=\"elementor-element elementor-element-60f5b7f elementor-widget elementor-widget-audio\" data-id=\"60f5b7f\" data-element_type=\"widget\" data-widget_type=\"audio.default\">\n\t\t\t\t<div class=\"elementor-widget-container\">\n\t\t\t\t\t\t<div class=\"elementor-soundcloud-wrapper\">\n\t\t\t\t<iframe width=\"500\" height=\"400\" frameborder=\"no\" src=\"https:\/\/w.soundcloud.com\/player\/?visual=true&#038;url=https%3A%2F%2Fapi.soundcloud.com%2Ftracks%2F970603141&#038;show_artwork=false&#038;maxheight=750&#038;maxwidth=500&#038;auto_play=false&#038;buying=false&#038;liking=false&#038;download=false&#038;sharing=false&#038;show_comments=false&#038;show_playcount=false&#038;show_user=false&#038;color\"><\/iframe>\t\t\t<\/div>\n\t\t\t\t\t<\/div>\n\t\t\t\t<\/div>\n\t\t\t\t<div class=\"elementor-element elementor-element-2b2d457 elementor-widget elementor-widget-heading\" data-id=\"2b2d457\" data-element_type=\"widget\" data-widget_type=\"heading.default\">\n\t\t\t\t<div class=\"elementor-widget-container\">\n\t\t\t<h2 class=\"elementor-heading-title elementor-size-default\"><a href=\"https:\/\/rioonwatch.org.br\/?p=53112\" target=\"_blank\">Racismo na Favela: Como os Moradores Entendem o Preconceito Racial<\/a><\/h2>\t\t<\/div>\n\t\t\t\t<\/div>\n\t\t\t\t\t<\/div>\n\t\t<\/div>\n\t\t\t\t\t<\/div>\n\t\t<\/section>\n\t\t\t\t<section class=\"elementor-section elementor-top-section elementor-element elementor-element-74f947f elementor-section-boxed elementor-section-height-default elementor-section-height-default\" data-id=\"74f947f\" data-element_type=\"section\" data-settings=\"{&quot;background_background&quot;:&quot;classic&quot;}\">\n\t\t\t\t\t\t<div class=\"elementor-container elementor-column-gap-default\">\n\t\t\t\t\t<div class=\"elementor-column elementor-col-33 elementor-top-column elementor-element elementor-element-4b43580\" data-id=\"4b43580\" data-element_type=\"column\">\n\t\t\t<div class=\"elementor-widget-wrap elementor-element-populated\">\n\t\t\t\t\t\t<div class=\"elementor-element elementor-element-d6d5e16 elementor-widget elementor-widget-video\" data-id=\"d6d5e16\" data-element_type=\"widget\" data-settings=\"{&quot;youtube_url&quot;:&quot;https:\\\/\\\/youtu.be\\\/CcL3DQHxeKM&quot;,&quot;video_type&quot;:&quot;youtube&quot;,&quot;controls&quot;:&quot;yes&quot;}\" data-widget_type=\"video.default\">\n\t\t\t\t<div class=\"elementor-widget-container\">\n\t\t\t\t\t<div class=\"elementor-wrapper elementor-open-inline\">\n\t\t\t<div class=\"elementor-video\"><\/div>\t\t<\/div>\n\t\t\t\t<\/div>\n\t\t\t\t<\/div>\n\t\t\t\t<div class=\"elementor-element elementor-element-bc636c4 elementor-widget elementor-widget-heading\" data-id=\"bc636c4\" data-element_type=\"widget\" data-widget_type=\"heading.default\">\n\t\t\t\t<div class=\"elementor-widget-container\">\n\t\t\t<h2 class=\"elementor-heading-title elementor-size-default\"><a href=\"https:\/\/rioonwatch.org.br\/?p=53557\" target=\"_blank\">\u2018Qual Favela Voc\u00eas Constru\u00edram na Mente de Voc\u00eas?\u2019 Dois Cineastas Negros Discutem a Representa\u00e7\u00e3o no Cinema<\/a><\/h2>\t\t<\/div>\n\t\t\t\t<\/div>\n\t\t\t\t\t<\/div>\n\t\t<\/div>\n\t\t\t\t<div class=\"elementor-column elementor-col-33 elementor-top-column elementor-element elementor-element-f66b156\" data-id=\"f66b156\" data-element_type=\"column\">\n\t\t\t<div class=\"elementor-widget-wrap elementor-element-populated\">\n\t\t\t\t\t\t<div class=\"elementor-element elementor-element-36dc002 elementor-widget elementor-widget-audio\" data-id=\"36dc002\" data-element_type=\"widget\" data-widget_type=\"audio.default\">\n\t\t\t\t<div class=\"elementor-widget-container\">\n\t\t\t\t\t\t<div class=\"elementor-soundcloud-wrapper\">\n\t\t\t\t<iframe width=\"500\" height=\"400\" frameborder=\"no\" src=\"https:\/\/w.soundcloud.com\/player\/?visual=true&#038;url=https%3A%2F%2Fapi.soundcloud.com%2Ftracks%2F974444359&#038;show_artwork=false&#038;maxheight=750&#038;maxwidth=500&#038;auto_play=false&#038;buying=false&#038;liking=false&#038;download=false&#038;sharing=false&#038;show_comments=false&#038;show_playcount=false&#038;show_user=false&#038;color\"><\/iframe>\t\t\t<\/div>\n\t\t\t\t\t<\/div>\n\t\t\t\t<\/div>\n\t\t\t\t<div class=\"elementor-element elementor-element-c37559c elementor-widget elementor-widget-heading\" data-id=\"c37559c\" data-element_type=\"widget\" data-widget_type=\"heading.default\">\n\t\t\t\t<div class=\"elementor-widget-container\">\n\t\t\t<h2 class=\"elementor-heading-title elementor-size-default\"><a href=\"https:\/\/rioonwatch.org.br\/?p=53157\" target=\"_blank\">Racismo Religioso: Precisamos Falar Sobre Isso!<\/a><\/h2>\t\t<\/div>\n\t\t\t\t<\/div>\n\t\t\t\t\t<\/div>\n\t\t<\/div>\n\t\t\t\t<div class=\"elementor-column elementor-col-33 elementor-top-column elementor-element elementor-element-7518e94\" data-id=\"7518e94\" data-element_type=\"column\">\n\t\t\t<div class=\"elementor-widget-wrap elementor-element-populated\">\n\t\t\t\t\t\t<div class=\"elementor-element elementor-element-49e4822 elementor-widget elementor-widget-audio\" data-id=\"49e4822\" data-element_type=\"widget\" data-widget_type=\"audio.default\">\n\t\t\t\t<div class=\"elementor-widget-container\">\n\t\t\t\t\t\t<div class=\"elementor-soundcloud-wrapper\">\n\t\t\t\t<iframe width=\"500\" height=\"400\" frameborder=\"no\" src=\"https:\/\/w.soundcloud.com\/player\/?visual=true&#038;url=https%3A%2F%2Fapi.soundcloud.com%2Ftracks%2F1121625943&#038;show_artwork=false&#038;maxheight=750&#038;maxwidth=500&#038;auto_play=false&#038;buying=false&#038;liking=false&#038;download=false&#038;sharing=false&#038;show_comments=false&#038;show_playcount=false&#038;show_user=false&#038;color\"><\/iframe>\t\t\t<\/div>\n\t\t\t\t\t<\/div>\n\t\t\t\t<\/div>\n\t\t\t\t<div class=\"elementor-element elementor-element-dc1c05c elementor-widget elementor-widget-heading\" data-id=\"dc1c05c\" data-element_type=\"widget\" data-widget_type=\"heading.default\">\n\t\t\t\t<div class=\"elementor-widget-container\">\n\t\t\t<h2 class=\"elementor-heading-title elementor-size-default\"><a href=\"https:\/\/rioonwatch.org.br\/?p=57586\" target=\"_blank\">\u2018Exu Matou um P\u00e1ssaro Ontem, com uma Pedra que S\u00f3 Jogou Hoje\u2019: Um Mundo Antirracista \u00c9 Poss\u00edvel?<\/a><\/h2>\t\t<\/div>\n\t\t\t\t<\/div>\n\t\t\t\t\t<\/div>\n\t\t<\/div>\n\t\t\t\t\t<\/div>\n\t\t<\/section>\n\t\t\t\t<section class=\"elementor-section elementor-top-section elementor-element elementor-element-8e536c4 elementor-section-boxed elementor-section-height-default elementor-section-height-default\" data-id=\"8e536c4\" data-element_type=\"section\" data-settings=\"{&quot;background_background&quot;:&quot;classic&quot;}\">\n\t\t\t\t\t\t<div class=\"elementor-container elementor-column-gap-default\">\n\t\t\t\t\t<div class=\"elementor-column elementor-col-33 elementor-top-column elementor-element elementor-element-1deabde\" data-id=\"1deabde\" data-element_type=\"column\">\n\t\t\t<div class=\"elementor-widget-wrap elementor-element-populated\">\n\t\t\t\t\t\t<div class=\"elementor-element elementor-element-2603c03 elementor-widget elementor-widget-audio\" data-id=\"2603c03\" data-element_type=\"widget\" data-widget_type=\"audio.default\">\n\t\t\t\t<div class=\"elementor-widget-container\">\n\t\t\t\t\t\t<div class=\"elementor-soundcloud-wrapper\">\n\t\t\t\t<iframe width=\"500\" height=\"400\" frameborder=\"no\" src=\"https:\/\/w.soundcloud.com\/player\/?visual=true&#038;url=https%3A%2F%2Fapi.soundcloud.com%2Ftracks%2F983854684&#038;show_artwork=false&#038;maxheight=750&#038;maxwidth=500&#038;auto_play=false&#038;buying=false&#038;liking=false&#038;download=false&#038;sharing=false&#038;show_comments=false&#038;show_playcount=false&#038;show_user=false&#038;color\"><\/iframe>\t\t\t<\/div>\n\t\t\t\t\t<\/div>\n\t\t\t\t<\/div>\n\t\t\t\t<div class=\"elementor-element elementor-element-638ae8b elementor-widget elementor-widget-heading\" data-id=\"638ae8b\" data-element_type=\"widget\" data-widget_type=\"heading.default\">\n\t\t\t\t<div class=\"elementor-widget-container\">\n\t\t\t<h2 class=\"elementor-heading-title elementor-size-default\"><a href=\"https:\/\/rioonwatch.org.br\/?p=53519\" target=\"_blank\">A Chave da Gaiola: O Funk Como a Arte Libertadora de Corpos na Favela<\/a><\/h2>\t\t<\/div>\n\t\t\t\t<\/div>\n\t\t\t\t\t<\/div>\n\t\t<\/div>\n\t\t\t\t<div class=\"elementor-column elementor-col-33 elementor-top-column elementor-element elementor-element-bafa441\" data-id=\"bafa441\" data-element_type=\"column\">\n\t\t\t<div class=\"elementor-widget-wrap elementor-element-populated\">\n\t\t\t\t\t\t<div class=\"elementor-element elementor-element-23d9641 elementor-widget elementor-widget-image\" data-id=\"23d9641\" data-element_type=\"widget\" data-widget_type=\"image.default\">\n\t\t\t\t<div class=\"elementor-widget-container\">\n\t\t\t\t\t\t\t\t\t\t\t\t\t\t<a href=\"https:\/\/rioonwatch.org.br\/?p=55152\" target=\"_blank\">\n\t\t\t\t\t\t\t<img decoding=\"async\" width=\"620\" height=\"264\" src=\"https:\/\/rioonwatch.org.br\/wp-content\/uploads\/2021\/07\/Raquel-Batista-620x264.jpg\" class=\"attachment-thumbnail size-thumbnail wp-image-57085\" alt=\"\" srcset=\"https:\/\/rioonwatch.org.br\/wp-content\/uploads\/2021\/07\/Raquel-Batista-620x264.jpg 620w, https:\/\/rioonwatch.org.br\/wp-content\/uploads\/2021\/07\/Raquel-Batista-1024x436.jpg 1024w, https:\/\/rioonwatch.org.br\/wp-content\/uploads\/2021\/07\/Raquel-Batista-768x327.jpg 768w, https:\/\/rioonwatch.org.br\/wp-content\/uploads\/2021\/07\/Raquel-Batista-1536x654.jpg 1536w, https:\/\/rioonwatch.org.br\/wp-content\/uploads\/2021\/07\/Raquel-Batista-2048x872.jpg 2048w, https:\/\/rioonwatch.org.br\/wp-content\/uploads\/2021\/07\/Raquel-Batista-940x400.jpg 940w\" sizes=\"(max-width: 620px) 100vw, 620px\" \/>\t\t\t\t\t\t\t\t<\/a>\n\t\t\t\t\t\t\t\t\t\t\t\t\t<\/div>\n\t\t\t\t<\/div>\n\t\t\t\t<div class=\"elementor-element elementor-element-c7a4ebc elementor-widget elementor-widget-heading\" data-id=\"c7a4ebc\" data-element_type=\"widget\" data-widget_type=\"heading.default\">\n\t\t\t\t<div class=\"elementor-widget-container\">\n\t\t\t<h2 class=\"elementor-heading-title elementor-size-default\"><a href=\"https:\/\/rioonwatch.org.br\/?p=55152\" target=\"_blank\">O Racismo em Forma de Brincadeira: A Toxicidade do Racismo Recreativo<\/a><\/h2>\t\t<\/div>\n\t\t\t\t<\/div>\n\t\t\t\t\t<\/div>\n\t\t<\/div>\n\t\t\t\t<div class=\"elementor-column elementor-col-33 elementor-top-column elementor-element elementor-element-e532ad8\" data-id=\"e532ad8\" data-element_type=\"column\">\n\t\t\t<div class=\"elementor-widget-wrap elementor-element-populated\">\n\t\t\t\t\t\t<div class=\"elementor-element elementor-element-f9b9602 elementor-widget elementor-widget-audio\" data-id=\"f9b9602\" data-element_type=\"widget\" data-widget_type=\"audio.default\">\n\t\t\t\t<div class=\"elementor-widget-container\">\n\t\t\t\t\t\t<div class=\"elementor-soundcloud-wrapper\">\n\t\t\t\t<iframe width=\"500\" height=\"400\" frameborder=\"no\" src=\"https:\/\/w.soundcloud.com\/player\/?visual=true&#038;url=https%3A%2F%2Fapi.soundcloud.com%2Ftracks%2F1186414261&#038;show_artwork=false&#038;maxheight=750&#038;maxwidth=500&#038;auto_play=false&#038;buying=false&#038;liking=false&#038;download=false&#038;sharing=false&#038;show_comments=false&#038;show_playcount=false&#038;show_user=false&#038;color\"><\/iframe>\t\t\t<\/div>\n\t\t\t\t\t<\/div>\n\t\t\t\t<\/div>\n\t\t\t\t<div class=\"elementor-element elementor-element-ed3ccbe elementor-widget elementor-widget-heading\" data-id=\"ed3ccbe\" data-element_type=\"widget\" data-widget_type=\"heading.default\">\n\t\t\t\t<div class=\"elementor-widget-container\">\n\t\t\t<h2 class=\"elementor-heading-title elementor-size-default\"><a href=\"https:\/\/rioonwatch.org.br\/?p=59710\" target=\"_blank\">Precisamos Falar Sobre Branquitude: Um Mecanismo Estrutural de Privil\u00e9gios<\/a><\/h2>\t\t<\/div>\n\t\t\t\t<\/div>\n\t\t\t\t\t<\/div>\n\t\t<\/div>\n\t\t\t\t\t<\/div>\n\t\t<\/section>\n\t\t\t\t<section class=\"elementor-section elementor-top-section elementor-element elementor-element-0fc6893 elementor-section-boxed elementor-section-height-default elementor-section-height-default\" data-id=\"0fc6893\" data-element_type=\"section\" data-settings=\"{&quot;background_background&quot;:&quot;classic&quot;}\">\n\t\t\t\t\t\t<div class=\"elementor-container elementor-column-gap-default\">\n\t\t\t\t\t<div class=\"elementor-column elementor-col-33 elementor-top-column elementor-element elementor-element-069abc7\" data-id=\"069abc7\" data-element_type=\"column\">\n\t\t\t<div class=\"elementor-widget-wrap elementor-element-populated\">\n\t\t\t\t\t\t<div class=\"elementor-element elementor-element-c45669a elementor-widget elementor-widget-audio\" data-id=\"c45669a\" data-element_type=\"widget\" data-widget_type=\"audio.default\">\n\t\t\t\t<div class=\"elementor-widget-container\">\n\t\t\t\t\t\t<div class=\"elementor-soundcloud-wrapper\">\n\t\t\t\t<iframe width=\"500\" height=\"400\" frameborder=\"no\" src=\"https:\/\/w.soundcloud.com\/player\/?visual=true&#038;url=https%3A%2F%2Fapi.soundcloud.com%2Ftracks%2F1163385757&#038;show_artwork=false&#038;maxheight=750&#038;maxwidth=500&#038;auto_play=false&#038;buying=false&#038;liking=false&#038;download=false&#038;sharing=false&#038;show_comments=false&#038;show_playcount=false&#038;show_user=false&#038;color\"><\/iframe>\t\t\t<\/div>\n\t\t\t\t\t<\/div>\n\t\t\t\t<\/div>\n\t\t\t\t<div class=\"elementor-element elementor-element-1d7091b elementor-widget elementor-widget-heading\" data-id=\"1d7091b\" data-element_type=\"widget\" data-widget_type=\"heading.default\">\n\t\t\t\t<div class=\"elementor-widget-container\">\n\t\t\t<h2 class=\"elementor-heading-title elementor-size-default\"><a href=\"https:\/\/rioonwatch.org.br\/?p=59064\" target=\"_blank\">Racismo e o Of\u00edcio de Empregada Dom\u00e9stica<\/a><\/h2>\t\t<\/div>\n\t\t\t\t<\/div>\n\t\t\t\t\t<\/div>\n\t\t<\/div>\n\t\t\t\t<div class=\"elementor-column elementor-col-33 elementor-top-column elementor-element elementor-element-a6cecd4\" data-id=\"a6cecd4\" data-element_type=\"column\">\n\t\t\t<div class=\"elementor-widget-wrap elementor-element-populated\">\n\t\t\t\t\t\t<div class=\"elementor-element elementor-element-7b05a35 elementor-widget elementor-widget-image\" data-id=\"7b05a35\" data-element_type=\"widget\" data-widget_type=\"image.default\">\n\t\t\t\t<div class=\"elementor-widget-container\">\n\t\t\t\t\t\t\t\t\t\t\t\t\t\t<a href=\"https:\/\/rioonwatch.org.br\/?p=53323\" target=\"_blank\">\n\t\t\t\t\t\t\t<img decoding=\"async\" width=\"603\" height=\"264\" src=\"https:\/\/rioonwatch.org.br\/wp-content\/uploads\/2021\/07\/Raquel-Batista1-603x264.png\" class=\"attachment-thumbnail size-thumbnail wp-image-57084\" alt=\"\" srcset=\"https:\/\/rioonwatch.org.br\/wp-content\/uploads\/2021\/07\/Raquel-Batista1-603x264.png 603w, https:\/\/rioonwatch.org.br\/wp-content\/uploads\/2021\/07\/Raquel-Batista1-620x271.png 620w, https:\/\/rioonwatch.org.br\/wp-content\/uploads\/2021\/07\/Raquel-Batista1-1024x448.png 1024w, https:\/\/rioonwatch.org.br\/wp-content\/uploads\/2021\/07\/Raquel-Batista1-768x336.png 768w, https:\/\/rioonwatch.org.br\/wp-content\/uploads\/2021\/07\/Raquel-Batista1-1536x672.png 1536w, https:\/\/rioonwatch.org.br\/wp-content\/uploads\/2021\/07\/Raquel-Batista1.png 1718w\" sizes=\"(max-width: 603px) 100vw, 603px\" \/>\t\t\t\t\t\t\t\t<\/a>\n\t\t\t\t\t\t\t\t\t\t\t\t\t<\/div>\n\t\t\t\t<\/div>\n\t\t\t\t<div class=\"elementor-element elementor-element-12bf382 elementor-widget elementor-widget-heading\" data-id=\"12bf382\" data-element_type=\"widget\" data-widget_type=\"heading.default\">\n\t\t\t\t<div class=\"elementor-widget-container\">\n\t\t\t<h2 class=\"elementor-heading-title elementor-size-default\"><a href=\"https:\/\/rioonwatch.org.br\/?p=53323\" target=\"_blank\">Todo Trem da SuperVia Tem um Pouco de Navio Negreiro<\/a><\/h2>\t\t<\/div>\n\t\t\t\t<\/div>\n\t\t\t\t\t<\/div>\n\t\t<\/div>\n\t\t\t\t<div class=\"elementor-column elementor-col-33 elementor-top-column elementor-element elementor-element-1ca9ae7\" data-id=\"1ca9ae7\" data-element_type=\"column\">\n\t\t\t<div class=\"elementor-widget-wrap elementor-element-populated\">\n\t\t\t\t\t\t<div class=\"elementor-element elementor-element-b77060a elementor-widget elementor-widget-audio\" data-id=\"b77060a\" data-element_type=\"widget\" data-widget_type=\"audio.default\">\n\t\t\t\t<div class=\"elementor-widget-container\">\n\t\t\t\t\t\t<div class=\"elementor-soundcloud-wrapper\">\n\t\t\t\t<iframe width=\"500\" height=\"400\" frameborder=\"no\" src=\"https:\/\/w.soundcloud.com\/player\/?visual=true&#038;url=https%3A%2F%2Fapi.soundcloud.com%2Ftracks%2F1092168730&#038;show_artwork=false&#038;maxheight=750&#038;maxwidth=500&#038;auto_play=false&#038;buying=false&#038;liking=false&#038;download=false&#038;sharing=false&#038;show_comments=false&#038;show_playcount=false&#038;show_user=false&#038;color\"><\/iframe>\t\t\t<\/div>\n\t\t\t\t\t<\/div>\n\t\t\t\t<\/div>\n\t\t\t\t<div class=\"elementor-element elementor-element-4dcd749 elementor-widget elementor-widget-heading\" data-id=\"4dcd749\" data-element_type=\"widget\" data-widget_type=\"heading.default\">\n\t\t\t\t<div class=\"elementor-widget-container\">\n\t\t\t<h2 class=\"elementor-heading-title elementor-size-default\"><a href=\"https:\/\/rioonwatch.org.br\/?p=56820\" target=\"_blank\">Evas\u00e3o Escolar: Um Debate Sobre Ra\u00e7a<\/a><\/h2>\t\t<\/div>\n\t\t\t\t<\/div>\n\t\t\t\t\t<\/div>\n\t\t<\/div>\n\t\t\t\t\t<\/div>\n\t\t<\/section>\n\t\t\t\t<section class=\"elementor-section elementor-top-section elementor-element elementor-element-7ec03e7 elementor-section-boxed elementor-section-height-default elementor-section-height-default\" data-id=\"7ec03e7\" data-element_type=\"section\" data-settings=\"{&quot;background_background&quot;:&quot;classic&quot;}\">\n\t\t\t\t\t\t<div class=\"elementor-container elementor-column-gap-default\">\n\t\t\t\t\t<div class=\"elementor-column elementor-col-33 elementor-top-column elementor-element elementor-element-ea758dd\" data-id=\"ea758dd\" data-element_type=\"column\">\n\t\t\t<div class=\"elementor-widget-wrap elementor-element-populated\">\n\t\t\t\t\t\t<div class=\"elementor-element elementor-element-382d839 elementor-widget elementor-widget-image\" data-id=\"382d839\" data-element_type=\"widget\" data-widget_type=\"image.default\">\n\t\t\t\t<div class=\"elementor-widget-container\">\n\t\t\t\t\t\t\t\t\t\t\t\t\t\t<a href=\"https:\/\/rioonwatch.org.br\/?p=60712\" target=\"_blank\">\n\t\t\t\t\t\t\t<img loading=\"lazy\" decoding=\"async\" width=\"1030\" height=\"439\" src=\"https:\/\/rioonwatch.org.br\/wp-content\/uploads\/2022\/02\/Arte-original-por-Raquel-Batista-1030x439.png\" class=\"attachment-thumbnail size-thumbnail wp-image-60745\" alt=\"Arte original por Raquel Batista\" srcset=\"https:\/\/rioonwatch.org.br\/wp-content\/uploads\/2022\/02\/Arte-original-por-Raquel-Batista-1030x438.png 1030w, https:\/\/rioonwatch.org.br\/wp-content\/uploads\/2022\/02\/Arte-original-por-Raquel-Batista-620x264.png 620w, https:\/\/rioonwatch.org.br\/wp-content\/uploads\/2022\/02\/Arte-original-por-Raquel-Batista-1477x629.png 1477w, https:\/\/rioonwatch.org.br\/wp-content\/uploads\/2022\/02\/Arte-original-por-Raquel-Batista-768x327.png 768w\" sizes=\"(max-width: 1030px) 100vw, 1030px\" \/>\t\t\t\t\t\t\t\t<\/a>\n\t\t\t\t\t\t\t\t\t\t\t\t\t<\/div>\n\t\t\t\t<\/div>\n\t\t\t\t<div class=\"elementor-element elementor-element-8bf8feb elementor-widget elementor-widget-heading\" data-id=\"8bf8feb\" data-element_type=\"widget\" data-widget_type=\"heading.default\">\n\t\t\t\t<div class=\"elementor-widget-container\">\n\t\t\t<h2 class=\"elementor-heading-title elementor-size-default\"><a href=\"https:\/\/rioonwatch.org.br\/?p=60712\" target=\"_blank\">Uma Ferida Colonial Amefricana: DNA D\u00e1 Pistas Sobre Ancestralidade Negra e Ind\u00edgena<\/a><\/h2>\t\t<\/div>\n\t\t\t\t<\/div>\n\t\t\t\t\t<\/div>\n\t\t<\/div>\n\t\t\t\t<div class=\"elementor-column elementor-col-33 elementor-top-column elementor-element elementor-element-587e587\" data-id=\"587e587\" data-element_type=\"column\">\n\t\t\t<div class=\"elementor-widget-wrap elementor-element-populated\">\n\t\t\t\t\t\t<div class=\"elementor-element elementor-element-1093caa elementor-widget elementor-widget-video\" data-id=\"1093caa\" data-element_type=\"widget\" data-settings=\"{&quot;youtube_url&quot;:&quot;https:\\\/\\\/youtu.be\\\/FvwNs0aDyHg&quot;,&quot;video_type&quot;:&quot;youtube&quot;,&quot;controls&quot;:&quot;yes&quot;}\" data-widget_type=\"video.default\">\n\t\t\t\t<div class=\"elementor-widget-container\">\n\t\t\t\t\t<div class=\"elementor-wrapper elementor-open-inline\">\n\t\t\t<div class=\"elementor-video\"><\/div>\t\t<\/div>\n\t\t\t\t<\/div>\n\t\t\t\t<\/div>\n\t\t\t\t<div class=\"elementor-element elementor-element-ebe1174 elementor-widget elementor-widget-heading\" data-id=\"ebe1174\" data-element_type=\"widget\" data-widget_type=\"heading.default\">\n\t\t\t\t<div class=\"elementor-widget-container\">\n\t\t\t<h2 class=\"elementor-heading-title elementor-size-default\"><a href=\"https:\/\/rioonwatch.org.br\/?p=60583\" target=\"_blank\">Sankofa e a Comunica\u00e7\u00e3o Comunit\u00e1ria Antirracista<\/a><\/h2>\t\t<\/div>\n\t\t\t\t<\/div>\n\t\t\t\t\t<\/div>\n\t\t<\/div>\n\t\t\t\t<div class=\"elementor-column elementor-col-33 elementor-top-column elementor-element elementor-element-dae0d94\" data-id=\"dae0d94\" data-element_type=\"column\">\n\t\t\t<div class=\"elementor-widget-wrap\">\n\t\t\t\t\t\t\t<\/div>\n\t\t<\/div>\n\t\t\t\t\t<\/div>\n\t\t<\/section>\n\t\t\t\t<section class=\"elementor-section elementor-top-section elementor-element elementor-element-1837e37 elementor-section-boxed elementor-section-height-default elementor-section-height-default\" data-id=\"1837e37\" data-element_type=\"section\" data-settings=\"{&quot;background_background&quot;:&quot;classic&quot;}\">\n\t\t\t\t\t\t<div class=\"elementor-container elementor-column-gap-default\">\n\t\t\t\t\t<div class=\"elementor-column elementor-col-100 elementor-top-column elementor-element elementor-element-82b6c01\" data-id=\"82b6c01\" data-element_type=\"column\" data-settings=\"{&quot;background_background&quot;:&quot;classic&quot;}\">\n\t\t\t<div class=\"elementor-widget-wrap elementor-element-populated\">\n\t\t\t\t\t\t<div class=\"elementor-element elementor-element-72b5add elementor-widget elementor-widget-heading\" data-id=\"72b5add\" data-element_type=\"widget\" data-widget_type=\"heading.default\">\n\t\t\t\t<div class=\"elementor-widget-container\">\n\t\t\t<h3 class=\"elementor-heading-title elementor-size-medium\">Nossas Ra\u00edzes: Hist\u00f3ria e Mem\u00f3ria<\/h3>\t\t<\/div>\n\t\t\t\t<\/div>\n\t\t\t\t\t<\/div>\n\t\t<\/div>\n\t\t\t\t\t<\/div>\n\t\t<\/section>\n\t\t\t\t<section class=\"elementor-section elementor-top-section elementor-element elementor-element-6f0fbbf elementor-section-boxed elementor-section-height-default elementor-section-height-default\" data-id=\"6f0fbbf\" data-element_type=\"section\" data-settings=\"{&quot;background_background&quot;:&quot;classic&quot;}\">\n\t\t\t\t\t\t<div class=\"elementor-container elementor-column-gap-default\">\n\t\t\t\t\t<div class=\"elementor-column elementor-col-33 elementor-top-column elementor-element elementor-element-c7182b2\" data-id=\"c7182b2\" data-element_type=\"column\">\n\t\t\t<div class=\"elementor-widget-wrap elementor-element-populated\">\n\t\t\t\t\t\t<div class=\"elementor-element elementor-element-af0dae0 elementor-widget elementor-widget-audio\" data-id=\"af0dae0\" data-element_type=\"widget\" data-widget_type=\"audio.default\">\n\t\t\t\t<div class=\"elementor-widget-container\">\n\t\t\t\t\t\t<div class=\"elementor-soundcloud-wrapper\">\n\t\t\t\t<iframe width=\"500\" height=\"400\" frameborder=\"no\" src=\"https:\/\/w.soundcloud.com\/player\/?visual=true&#038;url=https%3A%2F%2Fapi.soundcloud.com%2Ftracks%2F1167232882&#038;show_artwork=false&#038;maxheight=750&#038;maxwidth=500&#038;auto_play=false&#038;buying=false&#038;liking=false&#038;download=false&#038;sharing=false&#038;show_comments=false&#038;show_playcount=false&#038;show_user=false&#038;color\"><\/iframe>\t\t\t<\/div>\n\t\t\t\t\t<\/div>\n\t\t\t\t<\/div>\n\t\t\t\t<div class=\"elementor-element elementor-element-1c6d68e elementor-widget elementor-widget-heading\" data-id=\"1c6d68e\" data-element_type=\"widget\" data-widget_type=\"heading.default\">\n\t\t\t\t<div class=\"elementor-widget-container\">\n\t\t\t<h2 class=\"elementor-heading-title elementor-size-default\"><a href=\"https:\/\/rioonwatch.org.br\/?p=59241\" target=\"_blank\">O Racismo Estrutural aos Olhos da Favela: A Mar\u00e9 Fala<\/a><\/h2>\t\t<\/div>\n\t\t\t\t<\/div>\n\t\t\t\t\t<\/div>\n\t\t<\/div>\n\t\t\t\t<div class=\"elementor-column elementor-col-33 elementor-top-column elementor-element elementor-element-eaafd97\" data-id=\"eaafd97\" data-element_type=\"column\">\n\t\t\t<div class=\"elementor-widget-wrap elementor-element-populated\">\n\t\t\t\t\t\t<div class=\"elementor-element elementor-element-cfb8f9b elementor-widget elementor-widget-audio\" data-id=\"cfb8f9b\" data-element_type=\"widget\" data-widget_type=\"audio.default\">\n\t\t\t\t<div class=\"elementor-widget-container\">\n\t\t\t\t\t\t<div class=\"elementor-soundcloud-wrapper\">\n\t\t\t\t<iframe width=\"500\" height=\"400\" frameborder=\"no\" src=\"https:\/\/w.soundcloud.com\/player\/?visual=true&#038;url=https%3A%2F%2Fapi.soundcloud.com%2Ftracks%2F1127967073&#038;show_artwork=false&#038;maxheight=750&#038;maxwidth=500&#038;auto_play=false&#038;buying=false&#038;liking=false&#038;download=false&#038;sharing=false&#038;show_comments=false&#038;show_playcount=false&#038;show_user=false&#038;color\"><\/iframe>\t\t\t<\/div>\n\t\t\t\t\t<\/div>\n\t\t\t\t<\/div>\n\t\t\t\t<div class=\"elementor-element elementor-element-936f730 elementor-widget elementor-widget-heading\" data-id=\"936f730\" data-element_type=\"widget\" data-widget_type=\"heading.default\">\n\t\t\t\t<div class=\"elementor-widget-container\">\n\t\t\t<h2 class=\"elementor-heading-title elementor-size-default\"><a href=\"https:\/\/rioonwatch.org.br\/?p=57987\" target=\"_blank\">Da Constru\u00e7\u00e3o dos Quilombos \u00e0 Democracia: As Vozes das Mulheres Negras Latino-Americanas e Caribenhas<\/a><\/h2>\t\t<\/div>\n\t\t\t\t<\/div>\n\t\t\t\t\t<\/div>\n\t\t<\/div>\n\t\t\t\t<div class=\"elementor-column elementor-col-33 elementor-top-column elementor-element elementor-element-2690552\" data-id=\"2690552\" data-element_type=\"column\">\n\t\t\t<div class=\"elementor-widget-wrap elementor-element-populated\">\n\t\t\t\t\t\t<div class=\"elementor-element elementor-element-818d33c elementor-widget elementor-widget-audio\" data-id=\"818d33c\" data-element_type=\"widget\" data-widget_type=\"audio.default\">\n\t\t\t\t<div class=\"elementor-widget-container\">\n\t\t\t\t\t\t<div class=\"elementor-soundcloud-wrapper\">\n\t\t\t\t<iframe width=\"500\" height=\"400\" frameborder=\"no\" src=\"https:\/\/w.soundcloud.com\/player\/?visual=true&#038;url=https%3A%2F%2Fapi.soundcloud.com%2Ftracks%2F1193734345&#038;show_artwork=false&#038;maxheight=750&#038;maxwidth=500&#038;auto_play=false&#038;buying=false&#038;liking=false&#038;download=false&#038;sharing=false&#038;show_comments=false&#038;show_playcount=false&#038;show_user=false&#038;color\"><\/iframe>\t\t\t<\/div>\n\t\t\t\t\t<\/div>\n\t\t\t\t<\/div>\n\t\t\t\t<div class=\"elementor-element elementor-element-6c67806 elementor-widget elementor-widget-heading\" data-id=\"6c67806\" data-element_type=\"widget\" data-widget_type=\"heading.default\">\n\t\t\t\t<div class=\"elementor-widget-container\">\n\t\t\t<h2 class=\"elementor-heading-title elementor-size-default\"><a href=\"https:\/\/rioonwatch.org.br\/?p=59922\" target=\"_blank\">Entre a Direita e a Esquerda, Eu Fico com o Quilombo!<\/a><\/h2>\t\t<\/div>\n\t\t\t\t<\/div>\n\t\t\t\t\t<\/div>\n\t\t<\/div>\n\t\t\t\t\t<\/div>\n\t\t<\/section>\n\t\t\t\t<section class=\"elementor-section elementor-top-section elementor-element elementor-element-538f61f elementor-section-boxed elementor-section-height-default elementor-section-height-default\" data-id=\"538f61f\" data-element_type=\"section\" data-settings=\"{&quot;background_background&quot;:&quot;classic&quot;}\">\n\t\t\t\t\t\t<div class=\"elementor-container elementor-column-gap-default\">\n\t\t\t\t\t<div class=\"elementor-column elementor-col-33 elementor-top-column elementor-element elementor-element-cfbacc0\" data-id=\"cfbacc0\" data-element_type=\"column\">\n\t\t\t<div class=\"elementor-widget-wrap elementor-element-populated\">\n\t\t\t\t\t\t<div class=\"elementor-element elementor-element-9e1802f elementor-widget elementor-widget-image\" data-id=\"9e1802f\" data-element_type=\"widget\" data-widget_type=\"image.default\">\n\t\t\t\t<div class=\"elementor-widget-container\">\n\t\t\t\t\t\t\t\t\t\t\t\t\t\t<a href=\"https:\/\/rioonwatch.org.br\/?p=54826\" target=\"_blank\">\n\t\t\t\t\t\t\t<img loading=\"lazy\" decoding=\"async\" width=\"618\" height=\"264\" src=\"https:\/\/rioonwatch.org.br\/wp-content\/uploads\/2021\/07\/12_Natalia-S.-Flores-scaled-1-618x264.jpg\" class=\"attachment-thumbnail size-thumbnail wp-image-57077\" alt=\"\" srcset=\"https:\/\/rioonwatch.org.br\/wp-content\/uploads\/2021\/07\/12_Natalia-S.-Flores-scaled-1-618x264.jpg 618w, https:\/\/rioonwatch.org.br\/wp-content\/uploads\/2021\/07\/12_Natalia-S.-Flores-scaled-1-620x264.jpg 620w, https:\/\/rioonwatch.org.br\/wp-content\/uploads\/2021\/07\/12_Natalia-S.-Flores-scaled-1-1024x437.jpg 1024w, https:\/\/rioonwatch.org.br\/wp-content\/uploads\/2021\/07\/12_Natalia-S.-Flores-scaled-1-768x328.jpg 768w, https:\/\/rioonwatch.org.br\/wp-content\/uploads\/2021\/07\/12_Natalia-S.-Flores-scaled-1-1536x656.jpg 1536w, https:\/\/rioonwatch.org.br\/wp-content\/uploads\/2021\/07\/12_Natalia-S.-Flores-scaled-1-2048x874.jpg 2048w, https:\/\/rioonwatch.org.br\/wp-content\/uploads\/2021\/07\/12_Natalia-S.-Flores-scaled-1-940x400.jpg 940w\" sizes=\"(max-width: 618px) 100vw, 618px\" \/>\t\t\t\t\t\t\t\t<\/a>\n\t\t\t\t\t\t\t\t\t\t\t\t\t<\/div>\n\t\t\t\t<\/div>\n\t\t\t\t<div class=\"elementor-element elementor-element-0408554 elementor-widget elementor-widget-heading\" data-id=\"0408554\" data-element_type=\"widget\" data-widget_type=\"heading.default\">\n\t\t\t\t<div class=\"elementor-widget-container\">\n\t\t\t<h2 class=\"elementor-heading-title elementor-size-default\"><a href=\"https:\/\/rioonwatch.org.br\/?p=54826\" target=\"_blank\">Povos da Pedra Branca e os Dilemas Energ\u00e9ticos da Urbaniza\u00e7\u00e3o: Do Carv\u00e3o \u00e0 Eletricidade<\/a><\/h2>\t\t<\/div>\n\t\t\t\t<\/div>\n\t\t\t\t\t<\/div>\n\t\t<\/div>\n\t\t\t\t<div class=\"elementor-column elementor-col-33 elementor-top-column elementor-element elementor-element-dc1c3ce\" data-id=\"dc1c3ce\" data-element_type=\"column\">\n\t\t\t<div class=\"elementor-widget-wrap elementor-element-populated\">\n\t\t\t\t\t\t<div class=\"elementor-element elementor-element-df22e75 elementor-widget elementor-widget-image\" data-id=\"df22e75\" data-element_type=\"widget\" data-widget_type=\"image.default\">\n\t\t\t\t<div class=\"elementor-widget-container\">\n\t\t\t\t\t\t\t\t\t\t\t\t\t\t<a href=\"https:\/\/rioonwatch.org.br\/?p=57576\" target=\"_blank\">\n\t\t\t\t\t\t\t<img loading=\"lazy\" decoding=\"async\" width=\"1030\" height=\"439\" src=\"https:\/\/rioonwatch.org.br\/wp-content\/uploads\/2021\/08\/Arte-original-por-Natalia-S.-Flores.jpg2_-1030x439.jpg\" class=\"attachment-thumbnail size-thumbnail wp-image-57889\" alt=\"\" srcset=\"https:\/\/rioonwatch.org.br\/wp-content\/uploads\/2021\/08\/Arte-original-por-Natalia-S.-Flores.jpg2_-1030x438.jpg 1030w, https:\/\/rioonwatch.org.br\/wp-content\/uploads\/2021\/08\/Arte-original-por-Natalia-S.-Flores.jpg2_-620x264.jpg 620w, https:\/\/rioonwatch.org.br\/wp-content\/uploads\/2021\/08\/Arte-original-por-Natalia-S.-Flores.jpg2_-1477x629.jpg 1477w, https:\/\/rioonwatch.org.br\/wp-content\/uploads\/2021\/08\/Arte-original-por-Natalia-S.-Flores.jpg2_-768x327.jpg 768w, https:\/\/rioonwatch.org.br\/wp-content\/uploads\/2021\/08\/Arte-original-por-Natalia-S.-Flores.jpg2_-1024x436.jpg 1024w, https:\/\/rioonwatch.org.br\/wp-content\/uploads\/2021\/08\/Arte-original-por-Natalia-S.-Flores.jpg2_-940x400.jpg 940w\" sizes=\"(max-width: 1030px) 100vw, 1030px\" \/>\t\t\t\t\t\t\t\t<\/a>\n\t\t\t\t\t\t\t\t\t\t\t\t\t<\/div>\n\t\t\t\t<\/div>\n\t\t\t\t<div class=\"elementor-element elementor-element-fde749d elementor-widget elementor-widget-heading\" data-id=\"fde749d\" data-element_type=\"widget\" data-widget_type=\"heading.default\">\n\t\t\t\t<div class=\"elementor-widget-container\">\n\t\t\t<h2 class=\"elementor-heading-title elementor-size-default\"><a href=\"https:\/\/rioonwatch.org.br\/?p=57576\" target=\"_blank\">A Comunidade do Horto e a Luta por um Territ\u00f3rio Ancestral, no Contexto do Racismo Ambiental<\/a><\/h2>\t\t<\/div>\n\t\t\t\t<\/div>\n\t\t\t\t\t<\/div>\n\t\t<\/div>\n\t\t\t\t<div class=\"elementor-column elementor-col-33 elementor-top-column elementor-element elementor-element-c7bad18\" data-id=\"c7bad18\" data-element_type=\"column\">\n\t\t\t<div class=\"elementor-widget-wrap elementor-element-populated\">\n\t\t\t\t\t\t<div class=\"elementor-element elementor-element-a64160f elementor-widget elementor-widget-image\" data-id=\"a64160f\" data-element_type=\"widget\" data-widget_type=\"image.default\">\n\t\t\t\t<div class=\"elementor-widget-container\">\n\t\t\t\t\t\t\t\t\t\t\t\t\t\t<a href=\"https:\/\/rioonwatch.org.br\/?p=58741\" target=\"_blank\">\n\t\t\t\t\t\t\t<img loading=\"lazy\" decoding=\"async\" width=\"1030\" height=\"439\" src=\"https:\/\/rioonwatch.org.br\/wp-content\/uploads\/2021\/10\/Ervas-e-Negritude_Anna-Paula-Rodrigues-1030x439.jpg\" class=\"attachment-thumbnail size-thumbnail wp-image-58766\" alt=\"\" srcset=\"https:\/\/rioonwatch.org.br\/wp-content\/uploads\/2021\/10\/Ervas-e-Negritude_Anna-Paula-Rodrigues-1030x438.jpg 1030w, https:\/\/rioonwatch.org.br\/wp-content\/uploads\/2021\/10\/Ervas-e-Negritude_Anna-Paula-Rodrigues-620x264.jpg 620w, https:\/\/rioonwatch.org.br\/wp-content\/uploads\/2021\/10\/Ervas-e-Negritude_Anna-Paula-Rodrigues-1477x629.jpg 1477w, https:\/\/rioonwatch.org.br\/wp-content\/uploads\/2021\/10\/Ervas-e-Negritude_Anna-Paula-Rodrigues-768x327.jpg 768w\" sizes=\"(max-width: 1030px) 100vw, 1030px\" \/>\t\t\t\t\t\t\t\t<\/a>\n\t\t\t\t\t\t\t\t\t\t\t\t\t<\/div>\n\t\t\t\t<\/div>\n\t\t\t\t<div class=\"elementor-element elementor-element-e36c890 elementor-widget elementor-widget-heading\" data-id=\"e36c890\" data-element_type=\"widget\" data-widget_type=\"heading.default\">\n\t\t\t\t<div class=\"elementor-widget-container\">\n\t\t\t<h2 class=\"elementor-heading-title elementor-size-default\"><a href=\"https:\/\/rioonwatch.org.br\/?p=58741\" target=\"_blank\">Saber Ancestral de Mulheres Pretas: O Poder Curativo das Plantas Cultivadas pelas Erveiras e Erveiros do Salgueiro<\/a><\/h2>\t\t<\/div>\n\t\t\t\t<\/div>\n\t\t\t\t\t<\/div>\n\t\t<\/div>\n\t\t\t\t\t<\/div>\n\t\t<\/section>\n\t\t\t\t<section class=\"elementor-section elementor-top-section elementor-element elementor-element-74d9b15 elementor-section-boxed elementor-section-height-default elementor-section-height-default\" data-id=\"74d9b15\" data-element_type=\"section\" data-settings=\"{&quot;background_background&quot;:&quot;classic&quot;}\">\n\t\t\t\t\t\t<div class=\"elementor-container elementor-column-gap-default\">\n\t\t\t\t\t<div class=\"elementor-column elementor-col-33 elementor-top-column elementor-element elementor-element-df4f62d\" data-id=\"df4f62d\" data-element_type=\"column\">\n\t\t\t<div class=\"elementor-widget-wrap elementor-element-populated\">\n\t\t\t\t\t\t<div class=\"elementor-element elementor-element-3c8e2ec elementor-widget elementor-widget-audio\" data-id=\"3c8e2ec\" data-element_type=\"widget\" data-widget_type=\"audio.default\">\n\t\t\t\t<div class=\"elementor-widget-container\">\n\t\t\t\t\t\t<div class=\"elementor-soundcloud-wrapper\">\n\t\t\t\t<iframe width=\"500\" height=\"400\" frameborder=\"no\" src=\"https:\/\/w.soundcloud.com\/player\/?visual=true&#038;url=https%3A%2F%2Fapi.soundcloud.com%2Ftracks%2F1020039418&#038;show_artwork=false&#038;maxheight=750&#038;maxwidth=500&#038;auto_play=false&#038;buying=false&#038;liking=false&#038;download=false&#038;sharing=false&#038;show_comments=false&#038;show_playcount=false&#038;show_user=false&#038;color\"><\/iframe>\t\t\t<\/div>\n\t\t\t\t\t<\/div>\n\t\t\t\t<\/div>\n\t\t\t\t<div class=\"elementor-element elementor-element-263a418 elementor-widget elementor-widget-heading\" data-id=\"263a418\" data-element_type=\"widget\" data-widget_type=\"heading.default\">\n\t\t\t\t<div class=\"elementor-widget-container\">\n\t\t\t<h2 class=\"elementor-heading-title elementor-size-default\"><a href=\"https:\/\/rioonwatch.org.br\/?p=54316\" target=\"_blank\">Feirinha da Pavuna, Patrim\u00f4nio da Popula\u00e7\u00e3o Negra do Rio de Janeiro<\/a><\/h2>\t\t<\/div>\n\t\t\t\t<\/div>\n\t\t\t\t\t<\/div>\n\t\t<\/div>\n\t\t\t\t<div class=\"elementor-column elementor-col-33 elementor-top-column elementor-element elementor-element-5ee9e17\" data-id=\"5ee9e17\" data-element_type=\"column\">\n\t\t\t<div class=\"elementor-widget-wrap elementor-element-populated\">\n\t\t\t\t\t\t<div class=\"elementor-element elementor-element-ef72858 elementor-widget elementor-widget-audio\" data-id=\"ef72858\" data-element_type=\"widget\" data-widget_type=\"audio.default\">\n\t\t\t\t<div class=\"elementor-widget-container\">\n\t\t\t\t\t\t<div class=\"elementor-soundcloud-wrapper\">\n\t\t\t\t<iframe width=\"500\" height=\"400\" frameborder=\"no\" src=\"https:\/\/w.soundcloud.com\/player\/?visual=true&#038;url=https%3A%2F%2Fapi.soundcloud.com%2Ftracks%2F1140540022&#038;show_artwork=false&#038;maxheight=750&#038;maxwidth=500&#038;auto_play=false&#038;buying=false&#038;liking=false&#038;download=false&#038;sharing=false&#038;show_comments=false&#038;show_playcount=false&#038;show_user=false&#038;color\"><\/iframe>\t\t\t<\/div>\n\t\t\t\t\t<\/div>\n\t\t\t\t<\/div>\n\t\t\t\t<div class=\"elementor-element elementor-element-3f53611 elementor-widget elementor-widget-heading\" data-id=\"3f53611\" data-element_type=\"widget\" data-widget_type=\"heading.default\">\n\t\t\t\t<div class=\"elementor-widget-container\">\n\t\t\t<h2 class=\"elementor-heading-title elementor-size-default\"><a href=\"https:\/\/rioonwatch.org.br\/?p=58702\" target=\"_blank\">Sa\u00fade Mental de Crian\u00e7as Negras e a Import\u00e2ncia das Emo\u00e7\u00f5es<\/a><\/h2>\t\t<\/div>\n\t\t\t\t<\/div>\n\t\t\t\t\t<\/div>\n\t\t<\/div>\n\t\t\t\t<div class=\"elementor-column elementor-col-33 elementor-top-column elementor-element elementor-element-95bb992\" data-id=\"95bb992\" data-element_type=\"column\">\n\t\t\t<div class=\"elementor-widget-wrap elementor-element-populated\">\n\t\t\t\t\t\t<div class=\"elementor-element elementor-element-71136d4 elementor-widget elementor-widget-audio\" data-id=\"71136d4\" data-element_type=\"widget\" data-widget_type=\"audio.default\">\n\t\t\t\t<div class=\"elementor-widget-container\">\n\t\t\t\t\t\t<div class=\"elementor-soundcloud-wrapper\">\n\t\t\t\t<iframe width=\"500\" height=\"400\" frameborder=\"no\" src=\"https:\/\/w.soundcloud.com\/player\/?visual=true&#038;url=https%3A%2F%2Fapi.soundcloud.com%2Ftracks%2F1044868477&#038;show_artwork=false&#038;maxheight=750&#038;maxwidth=500&#038;auto_play=false&#038;buying=false&#038;liking=false&#038;download=false&#038;sharing=false&#038;show_comments=false&#038;show_playcount=false&#038;show_user=false&#038;color\"><\/iframe>\t\t\t<\/div>\n\t\t\t\t\t<\/div>\n\t\t\t\t<\/div>\n\t\t\t\t<div class=\"elementor-element elementor-element-a959d1c elementor-widget elementor-widget-heading\" data-id=\"a959d1c\" data-element_type=\"widget\" data-widget_type=\"heading.default\">\n\t\t\t\t<div class=\"elementor-widget-container\">\n\t\t\t<h2 class=\"elementor-heading-title elementor-size-default\"><a href=\"https:\/\/rioonwatch.org.br\/?p=54762\" target=\"_blank\">Educa\u00e7\u00e3o Cient\u00edfica e Negritude: Mulheres Negras na Ci\u00eancia<\/a><\/h2>\t\t<\/div>\n\t\t\t\t<\/div>\n\t\t\t\t\t<\/div>\n\t\t<\/div>\n\t\t\t\t\t<\/div>\n\t\t<\/section>\n\t\t\t\t<section class=\"elementor-section elementor-top-section elementor-element elementor-element-23bea7f elementor-section-boxed elementor-section-height-default elementor-section-height-default\" data-id=\"23bea7f\" data-element_type=\"section\" data-settings=\"{&quot;background_background&quot;:&quot;classic&quot;}\">\n\t\t\t\t\t\t<div class=\"elementor-container elementor-column-gap-default\">\n\t\t\t\t\t<div class=\"elementor-column elementor-col-33 elementor-top-column elementor-element elementor-element-0005436\" data-id=\"0005436\" data-element_type=\"column\">\n\t\t\t<div class=\"elementor-widget-wrap elementor-element-populated\">\n\t\t\t\t\t\t<div class=\"elementor-element elementor-element-d18878f elementor-widget elementor-widget-audio\" data-id=\"d18878f\" data-element_type=\"widget\" data-widget_type=\"audio.default\">\n\t\t\t\t<div class=\"elementor-widget-container\">\n\t\t\t\t\t\t<div class=\"elementor-soundcloud-wrapper\">\n\t\t\t\t<iframe width=\"500\" height=\"400\" frameborder=\"no\" src=\"https:\/\/w.soundcloud.com\/player\/?visual=true&#038;url=https%3A%2F%2Fapi.soundcloud.com%2Ftracks%2F1009888693&#038;show_artwork=false&#038;maxheight=750&#038;maxwidth=500&#038;auto_play=false&#038;buying=false&#038;liking=false&#038;download=false&#038;sharing=false&#038;show_comments=false&#038;show_playcount=false&#038;show_user=false&#038;color\"><\/iframe>\t\t\t<\/div>\n\t\t\t\t\t<\/div>\n\t\t\t\t<\/div>\n\t\t\t\t<div class=\"elementor-element elementor-element-1debdb5 elementor-widget elementor-widget-heading\" data-id=\"1debdb5\" data-element_type=\"widget\" data-widget_type=\"heading.default\">\n\t\t\t\t<div class=\"elementor-widget-container\">\n\t\t\t<h2 class=\"elementor-heading-title elementor-size-default\"><a href=\"https:\/\/rioonwatch.org.br\/?p=53993\" target=\"_blank\">O Caminho dos Professores Negros no Ensino Superior<\/a><\/h2>\t\t<\/div>\n\t\t\t\t<\/div>\n\t\t\t\t\t<\/div>\n\t\t<\/div>\n\t\t\t\t<div class=\"elementor-column elementor-col-33 elementor-top-column elementor-element elementor-element-0b7fe13\" data-id=\"0b7fe13\" data-element_type=\"column\">\n\t\t\t<div class=\"elementor-widget-wrap elementor-element-populated\">\n\t\t\t\t\t\t<div class=\"elementor-element elementor-element-59111bc elementor-widget elementor-widget-video\" data-id=\"59111bc\" data-element_type=\"widget\" data-settings=\"{&quot;youtube_url&quot;:&quot;https:\\\/\\\/youtu.be\\\/39Q_wH-VoWk&quot;,&quot;video_type&quot;:&quot;youtube&quot;,&quot;controls&quot;:&quot;yes&quot;}\" data-widget_type=\"video.default\">\n\t\t\t\t<div class=\"elementor-widget-container\">\n\t\t\t\t\t<div class=\"elementor-wrapper elementor-open-inline\">\n\t\t\t<div class=\"elementor-video\"><\/div>\t\t<\/div>\n\t\t\t\t<\/div>\n\t\t\t\t<\/div>\n\t\t\t\t<div class=\"elementor-element elementor-element-c391b52 elementor-widget elementor-widget-heading\" data-id=\"c391b52\" data-element_type=\"widget\" data-widget_type=\"heading.default\">\n\t\t\t\t<div class=\"elementor-widget-container\">\n\t\t\t<h2 class=\"elementor-heading-title elementor-size-default\"><a href=\"https:\/\/rioonwatch.org.br\/?p=59205\" target=\"_blank\">V\u00eddeo Slam: P\u00fatria<\/a><\/h2>\t\t<\/div>\n\t\t\t\t<\/div>\n\t\t\t\t\t<\/div>\n\t\t<\/div>\n\t\t\t\t<div class=\"elementor-column elementor-col-33 elementor-top-column elementor-element elementor-element-fef221b\" data-id=\"fef221b\" data-element_type=\"column\">\n\t\t\t<div class=\"elementor-widget-wrap elementor-element-populated\">\n\t\t\t\t\t\t<div class=\"elementor-element elementor-element-698d72a elementor-widget elementor-widget-image\" data-id=\"698d72a\" data-element_type=\"widget\" data-widget_type=\"image.default\">\n\t\t\t\t<div class=\"elementor-widget-container\">\n\t\t\t\t\t\t\t\t\t\t\t\t\t\t<a href=\"https:\/\/rioonwatch.org.br\/?p=59546\" target=\"_blank\">\n\t\t\t\t\t\t\t<img loading=\"lazy\" decoding=\"async\" width=\"1030\" height=\"439\" src=\"https:\/\/rioonwatch.org.br\/wp-content\/uploads\/2021\/11\/Arte-original-por-Natalia-S-Flores-1030x439.jpg\" class=\"attachment-thumbnail size-thumbnail wp-image-59566\" alt=\"Arte original por Natalia S Flores\" srcset=\"https:\/\/rioonwatch.org.br\/wp-content\/uploads\/2021\/11\/Arte-original-por-Natalia-S-Flores-1030x438.jpg 1030w, https:\/\/rioonwatch.org.br\/wp-content\/uploads\/2021\/11\/Arte-original-por-Natalia-S-Flores-620x264.jpg 620w, https:\/\/rioonwatch.org.br\/wp-content\/uploads\/2021\/11\/Arte-original-por-Natalia-S-Flores-1479x629.jpg 1479w, https:\/\/rioonwatch.org.br\/wp-content\/uploads\/2021\/11\/Arte-original-por-Natalia-S-Flores-768x327.jpg 768w\" sizes=\"(max-width: 1030px) 100vw, 1030px\" \/>\t\t\t\t\t\t\t\t<\/a>\n\t\t\t\t\t\t\t\t\t\t\t\t\t<\/div>\n\t\t\t\t<\/div>\n\t\t\t\t<div class=\"elementor-element elementor-element-81ccf66 elementor-widget elementor-widget-heading\" data-id=\"81ccf66\" data-element_type=\"widget\" data-widget_type=\"heading.default\">\n\t\t\t\t<div class=\"elementor-widget-container\">\n\t\t\t<h2 class=\"elementor-heading-title elementor-size-default\"><a href=\"https:\/\/rioonwatch.org.br\/?p=59546\" target=\"_blank\">A Marginaliza\u00e7\u00e3o do Refugiado N\u00e3o-Branco no Brasil<\/a><\/h2>\t\t<\/div>\n\t\t\t\t<\/div>\n\t\t\t\t\t<\/div>\n\t\t<\/div>\n\t\t\t\t\t<\/div>\n\t\t<\/section>\n\t\t\t\t<section class=\"elementor-section elementor-top-section elementor-element elementor-element-75e22c5 elementor-section-boxed elementor-section-height-default elementor-section-height-default\" data-id=\"75e22c5\" data-element_type=\"section\" data-settings=\"{&quot;background_background&quot;:&quot;classic&quot;}\">\n\t\t\t\t\t\t<div class=\"elementor-container elementor-column-gap-default\">\n\t\t\t\t\t<div class=\"elementor-column elementor-col-100 elementor-top-column elementor-element elementor-element-ad076b6\" data-id=\"ad076b6\" data-element_type=\"column\" data-settings=\"{&quot;background_background&quot;:&quot;classic&quot;}\">\n\t\t\t<div class=\"elementor-widget-wrap elementor-element-populated\">\n\t\t\t\t\t\t<div class=\"elementor-element elementor-element-7142655 elementor-widget elementor-widget-heading\" data-id=\"7142655\" data-element_type=\"widget\" data-widget_type=\"heading.default\">\n\t\t\t\t<div class=\"elementor-widget-container\">\n\t\t\t<h3 class=\"elementor-heading-title elementor-size-medium\">Fatos e Ecos<\/h3>\t\t<\/div>\n\t\t\t\t<\/div>\n\t\t\t\t\t<\/div>\n\t\t<\/div>\n\t\t\t\t\t<\/div>\n\t\t<\/section>\n\t\t\t\t<section class=\"elementor-section elementor-top-section elementor-element elementor-element-681b8f1 elementor-section-boxed elementor-section-height-default elementor-section-height-default\" data-id=\"681b8f1\" data-element_type=\"section\" data-settings=\"{&quot;background_background&quot;:&quot;classic&quot;}\">\n\t\t\t\t\t\t<div class=\"elementor-container elementor-column-gap-default\">\n\t\t\t\t\t<div class=\"elementor-column elementor-col-33 elementor-top-column elementor-element elementor-element-00d1354\" data-id=\"00d1354\" data-element_type=\"column\">\n\t\t\t<div class=\"elementor-widget-wrap elementor-element-populated\">\n\t\t\t\t\t\t<div class=\"elementor-element elementor-element-b1abae6 elementor-widget elementor-widget-image\" data-id=\"b1abae6\" data-element_type=\"widget\" data-widget_type=\"image.default\">\n\t\t\t\t<div class=\"elementor-widget-container\">\n\t\t\t\t\t\t\t\t\t\t\t\t\t\t<a href=\"https:\/\/rioonwatch.org.br\/?p=53926\" target=\"_blank\">\n\t\t\t\t\t\t\t<img loading=\"lazy\" decoding=\"async\" width=\"620\" height=\"264\" src=\"https:\/\/rioonwatch.org.br\/wp-content\/uploads\/2021\/07\/8_Raquel-Batista-620x264.png\" class=\"attachment-thumbnail size-thumbnail wp-image-57073\" alt=\"\" srcset=\"https:\/\/rioonwatch.org.br\/wp-content\/uploads\/2021\/07\/8_Raquel-Batista-620x264.png 620w, https:\/\/rioonwatch.org.br\/wp-content\/uploads\/2021\/07\/8_Raquel-Batista-1024x436.png 1024w, https:\/\/rioonwatch.org.br\/wp-content\/uploads\/2021\/07\/8_Raquel-Batista-768x327.png 768w, https:\/\/rioonwatch.org.br\/wp-content\/uploads\/2021\/07\/8_Raquel-Batista-1536x654.png 1536w, https:\/\/rioonwatch.org.br\/wp-content\/uploads\/2021\/07\/8_Raquel-Batista-2048x872.png 2048w, https:\/\/rioonwatch.org.br\/wp-content\/uploads\/2021\/07\/8_Raquel-Batista-940x400.png 940w\" sizes=\"(max-width: 620px) 100vw, 620px\" \/>\t\t\t\t\t\t\t\t<\/a>\n\t\t\t\t\t\t\t\t\t\t\t\t\t<\/div>\n\t\t\t\t<\/div>\n\t\t\t\t<div class=\"elementor-element elementor-element-96309ea elementor-widget elementor-widget-heading\" data-id=\"96309ea\" data-element_type=\"widget\" data-widget_type=\"heading.default\">\n\t\t\t\t<div class=\"elementor-widget-container\">\n\t\t\t<h2 class=\"elementor-heading-title elementor-size-default\"><a href=\"https:\/\/rioonwatch.org.br\/?p=53926\" target=\"_blank\">Legado de Marielle \u00e9 Mulheres Negras na Linha de Frente da Transforma\u00e7\u00e3o #8M<\/a><\/h2>\t\t<\/div>\n\t\t\t\t<\/div>\n\t\t\t\t\t<\/div>\n\t\t<\/div>\n\t\t\t\t<div class=\"elementor-column elementor-col-33 elementor-top-column elementor-element elementor-element-86c274b\" data-id=\"86c274b\" data-element_type=\"column\">\n\t\t\t<div class=\"elementor-widget-wrap elementor-element-populated\">\n\t\t\t\t\t\t<div class=\"elementor-element elementor-element-a5cd04c elementor-widget elementor-widget-video\" data-id=\"a5cd04c\" data-element_type=\"widget\" data-settings=\"{&quot;youtube_url&quot;:&quot;https:\\\/\\\/youtu.be\\\/0GHJ6JsSfL0&quot;,&quot;video_type&quot;:&quot;youtube&quot;,&quot;controls&quot;:&quot;yes&quot;}\" data-widget_type=\"video.default\">\n\t\t\t\t<div class=\"elementor-widget-container\">\n\t\t\t\t\t<div class=\"elementor-wrapper elementor-open-inline\">\n\t\t\t<div class=\"elementor-video\"><\/div>\t\t<\/div>\n\t\t\t\t<\/div>\n\t\t\t\t<\/div>\n\t\t\t\t<div class=\"elementor-element elementor-element-4f8c69b elementor-widget elementor-widget-heading\" data-id=\"4f8c69b\" data-element_type=\"widget\" data-widget_type=\"heading.default\">\n\t\t\t\t<div class=\"elementor-widget-container\">\n\t\t\t<h2 class=\"elementor-heading-title elementor-size-default\"><a href=\"https:\/\/rioonwatch.org.br\/?p=54745\" target=\"_blank\">MC Martina: \u2018O V\u00edrus que Parou o Pa\u00eds\u2019<\/a><\/h2>\t\t<\/div>\n\t\t\t\t<\/div>\n\t\t\t\t\t<\/div>\n\t\t<\/div>\n\t\t\t\t<div class=\"elementor-column elementor-col-33 elementor-top-column elementor-element elementor-element-9b1f537\" data-id=\"9b1f537\" data-element_type=\"column\">\n\t\t\t<div class=\"elementor-widget-wrap elementor-element-populated\">\n\t\t\t\t\t\t<div class=\"elementor-element elementor-element-7f80596 elementor-widget elementor-widget-image\" data-id=\"7f80596\" data-element_type=\"widget\" data-widget_type=\"image.default\">\n\t\t\t\t<div class=\"elementor-widget-container\">\n\t\t\t\t\t\t\t\t\t\t\t\t\t\t<a href=\"https:\/\/rioonwatch.org.br\/?p=54465\" target=\"_blank\">\n\t\t\t\t\t\t\t<img loading=\"lazy\" decoding=\"async\" width=\"620\" height=\"264\" src=\"https:\/\/rioonwatch.org.br\/wp-content\/uploads\/2021\/07\/11_Yara-Santos-620x264-1-620x264.jpg\" class=\"attachment-thumbnail size-thumbnail wp-image-57076\" alt=\"\" \/>\t\t\t\t\t\t\t\t<\/a>\n\t\t\t\t\t\t\t\t\t\t\t\t\t<\/div>\n\t\t\t\t<\/div>\n\t\t\t\t<div class=\"elementor-element elementor-element-df2c2e4 elementor-widget elementor-widget-heading\" data-id=\"df2c2e4\" data-element_type=\"widget\" data-widget_type=\"heading.default\">\n\t\t\t\t<div class=\"elementor-widget-container\">\n\t\t\t<h2 class=\"elementor-heading-title elementor-size-default\"><a href=\"https:\/\/rioonwatch.org.br\/?p=54465\" target=\"_blank\">Arte da Reinven\u00e7\u00e3o: Artistas e Produtores Culturais Negros e Adapta\u00e7\u00f5es Durante a Pandemia<\/a><\/h2>\t\t<\/div>\n\t\t\t\t<\/div>\n\t\t\t\t\t<\/div>\n\t\t<\/div>\n\t\t\t\t\t<\/div>\n\t\t<\/section>\n\t\t\t\t<section class=\"elementor-section elementor-top-section elementor-element elementor-element-62e9d87 elementor-section-boxed elementor-section-height-default elementor-section-height-default\" data-id=\"62e9d87\" data-element_type=\"section\" data-settings=\"{&quot;background_background&quot;:&quot;classic&quot;}\">\n\t\t\t\t\t\t<div class=\"elementor-container elementor-column-gap-default\">\n\t\t\t\t\t<div class=\"elementor-column elementor-col-33 elementor-top-column elementor-element elementor-element-0206fa3\" data-id=\"0206fa3\" data-element_type=\"column\">\n\t\t\t<div class=\"elementor-widget-wrap elementor-element-populated\">\n\t\t\t\t\t\t<div class=\"elementor-element elementor-element-10189a7 elementor-widget elementor-widget-video\" data-id=\"10189a7\" data-element_type=\"widget\" data-settings=\"{&quot;youtube_url&quot;:&quot;https:\\\/\\\/youtu.be\\\/l4NQG0zTtjo&quot;,&quot;video_type&quot;:&quot;youtube&quot;,&quot;controls&quot;:&quot;yes&quot;}\" data-widget_type=\"video.default\">\n\t\t\t\t<div class=\"elementor-widget-container\">\n\t\t\t\t\t<div class=\"elementor-wrapper elementor-open-inline\">\n\t\t\t<div class=\"elementor-video\"><\/div>\t\t<\/div>\n\t\t\t\t<\/div>\n\t\t\t\t<\/div>\n\t\t\t\t<div class=\"elementor-element elementor-element-0c82182 elementor-widget elementor-widget-heading\" data-id=\"0c82182\" data-element_type=\"widget\" data-widget_type=\"heading.default\">\n\t\t\t\t<div class=\"elementor-widget-container\">\n\t\t\t<h2 class=\"elementor-heading-title elementor-size-default\"><a href=\"https:\/\/rioonwatch.org.br\/?p=54937\" target=\"_blank\">S\u00f3 Mais um Passo da Minha Trajet\u00f3ria: Juventude Fala da Favela na Pandemia<\/a><\/h2>\t\t<\/div>\n\t\t\t\t<\/div>\n\t\t\t\t\t<\/div>\n\t\t<\/div>\n\t\t\t\t<div class=\"elementor-column elementor-col-33 elementor-top-column elementor-element elementor-element-de95762\" data-id=\"de95762\" data-element_type=\"column\">\n\t\t\t<div class=\"elementor-widget-wrap elementor-element-populated\">\n\t\t\t\t\t\t<div class=\"elementor-element elementor-element-f45bdbd elementor-widget elementor-widget-video\" data-id=\"f45bdbd\" data-element_type=\"widget\" data-settings=\"{&quot;youtube_url&quot;:&quot;https:\\\/\\\/youtu.be\\\/0ItOD5agDT0&quot;,&quot;video_type&quot;:&quot;youtube&quot;,&quot;controls&quot;:&quot;yes&quot;}\" data-widget_type=\"video.default\">\n\t\t\t\t<div class=\"elementor-widget-container\">\n\t\t\t\t\t<div class=\"elementor-wrapper elementor-open-inline\">\n\t\t\t<div class=\"elementor-video\"><\/div>\t\t<\/div>\n\t\t\t\t<\/div>\n\t\t\t\t<\/div>\n\t\t\t\t<div class=\"elementor-element elementor-element-b30065f elementor-widget elementor-widget-heading\" data-id=\"b30065f\" data-element_type=\"widget\" data-widget_type=\"heading.default\">\n\t\t\t\t<div class=\"elementor-widget-container\">\n\t\t\t<h2 class=\"elementor-heading-title elementor-size-default\"><a href=\"https:\/\/rioonwatch.org.br\/?p=57332\" target=\"_blank\">Julho Negro: Contra o Racismo, a Militariza\u00e7\u00e3o e o Apartheid<\/a><\/h2>\t\t<\/div>\n\t\t\t\t<\/div>\n\t\t\t\t\t<\/div>\n\t\t<\/div>\n\t\t\t\t<div class=\"elementor-column elementor-col-33 elementor-top-column elementor-element elementor-element-052b5ff\" data-id=\"052b5ff\" data-element_type=\"column\">\n\t\t\t<div class=\"elementor-widget-wrap elementor-element-populated\">\n\t\t\t\t\t\t<div class=\"elementor-element elementor-element-5677f82 elementor-widget elementor-widget-image\" data-id=\"5677f82\" data-element_type=\"widget\" data-widget_type=\"image.default\">\n\t\t\t\t<div class=\"elementor-widget-container\">\n\t\t\t\t\t\t\t\t\t\t\t\t\t\t<a href=\"https:\/\/rioonwatch.org.br\/?p=57620\" target=\"_blank\">\n\t\t\t\t\t\t\t<img loading=\"lazy\" decoding=\"async\" width=\"1030\" height=\"439\" src=\"https:\/\/rioonwatch.org.br\/wp-content\/uploads\/2021\/08\/Arte-original-por-Anna-Paula-Rodrigues-1030x439.jpg\" class=\"attachment-thumbnail size-thumbnail wp-image-57627\" alt=\"Arte original por Anna Paula Rodrigues\" srcset=\"https:\/\/rioonwatch.org.br\/wp-content\/uploads\/2021\/08\/Arte-original-por-Anna-Paula-Rodrigues-1030x438.jpg 1030w, https:\/\/rioonwatch.org.br\/wp-content\/uploads\/2021\/08\/Arte-original-por-Anna-Paula-Rodrigues-620x264.jpg 620w, https:\/\/rioonwatch.org.br\/wp-content\/uploads\/2021\/08\/Arte-original-por-Anna-Paula-Rodrigues-1478x629.jpg 1478w, https:\/\/rioonwatch.org.br\/wp-content\/uploads\/2021\/08\/Arte-original-por-Anna-Paula-Rodrigues-768x327.jpg 768w, https:\/\/rioonwatch.org.br\/wp-content\/uploads\/2021\/08\/Arte-original-por-Anna-Paula-Rodrigues-1024x436.jpg 1024w, https:\/\/rioonwatch.org.br\/wp-content\/uploads\/2021\/08\/Arte-original-por-Anna-Paula-Rodrigues-940x400.jpg 940w\" sizes=\"(max-width: 1030px) 100vw, 1030px\" \/>\t\t\t\t\t\t\t\t<\/a>\n\t\t\t\t\t\t\t\t\t\t\t\t\t<\/div>\n\t\t\t\t<\/div>\n\t\t\t\t<div class=\"elementor-element elementor-element-0bd6ed5 elementor-widget elementor-widget-heading\" data-id=\"0bd6ed5\" data-element_type=\"widget\" data-widget_type=\"heading.default\">\n\t\t\t\t<div class=\"elementor-widget-container\">\n\t\t\t<h2 class=\"elementor-heading-title elementor-size-default\"><a href=\"https:\/\/rioonwatch.org.br\/?p=57620\" target=\"_blank\">VI Julho Negro: Elas Est\u00e3o na Linha de Frente na Luta pela Desmilitariza\u00e7\u00e3o<\/a><\/h2>\t\t<\/div>\n\t\t\t\t<\/div>\n\t\t\t\t\t<\/div>\n\t\t<\/div>\n\t\t\t\t\t<\/div>\n\t\t<\/section>\n\t\t\t\t<section class=\"elementor-section elementor-top-section elementor-element elementor-element-eced7f3 elementor-section-boxed elementor-section-height-default elementor-section-height-default\" data-id=\"eced7f3\" data-element_type=\"section\" data-settings=\"{&quot;background_background&quot;:&quot;classic&quot;}\">\n\t\t\t\t\t\t<div class=\"elementor-container elementor-column-gap-default\">\n\t\t\t\t\t<div class=\"elementor-column elementor-col-33 elementor-top-column elementor-element elementor-element-3b762c0\" data-id=\"3b762c0\" data-element_type=\"column\">\n\t\t\t<div class=\"elementor-widget-wrap elementor-element-populated\">\n\t\t\t\t\t\t<div class=\"elementor-element elementor-element-e358df2 elementor-widget elementor-widget-image\" data-id=\"e358df2\" data-element_type=\"widget\" data-widget_type=\"image.default\">\n\t\t\t\t<div class=\"elementor-widget-container\">\n\t\t\t\t\t\t\t\t\t\t\t\t\t\t<a href=\"https:\/\/rioonwatch.org.br\/?p=57809\" target=\"_blank\">\n\t\t\t\t\t\t\t<img loading=\"lazy\" decoding=\"async\" width=\"1030\" height=\"439\" src=\"https:\/\/rioonwatch.org.br\/wp-content\/uploads\/2021\/08\/Arte-original-por-Anna-Paula-Rodrigues-1-1030x439.jpg\" class=\"attachment-thumbnail size-thumbnail wp-image-57818\" alt=\"Arte original por Anna Paula Rodrigues\" srcset=\"https:\/\/rioonwatch.org.br\/wp-content\/uploads\/2021\/08\/Arte-original-por-Anna-Paula-Rodrigues-1-1030x438.jpg 1030w, https:\/\/rioonwatch.org.br\/wp-content\/uploads\/2021\/08\/Arte-original-por-Anna-Paula-Rodrigues-1-620x264.jpg 620w, https:\/\/rioonwatch.org.br\/wp-content\/uploads\/2021\/08\/Arte-original-por-Anna-Paula-Rodrigues-1-1477x629.jpg 1477w, https:\/\/rioonwatch.org.br\/wp-content\/uploads\/2021\/08\/Arte-original-por-Anna-Paula-Rodrigues-1-768x327.jpg 768w, https:\/\/rioonwatch.org.br\/wp-content\/uploads\/2021\/08\/Arte-original-por-Anna-Paula-Rodrigues-1-1024x436.jpg 1024w, https:\/\/rioonwatch.org.br\/wp-content\/uploads\/2021\/08\/Arte-original-por-Anna-Paula-Rodrigues-1-940x400.jpg 940w\" sizes=\"(max-width: 1030px) 100vw, 1030px\" \/>\t\t\t\t\t\t\t\t<\/a>\n\t\t\t\t\t\t\t\t\t\t\t\t\t<\/div>\n\t\t\t\t<\/div>\n\t\t\t\t<div class=\"elementor-element elementor-element-559908d elementor-widget elementor-widget-heading\" data-id=\"559908d\" data-element_type=\"widget\" data-widget_type=\"heading.default\">\n\t\t\t\t<div class=\"elementor-widget-container\">\n\t\t\t<h2 class=\"elementor-heading-title elementor-size-default\"><a href=\"https:\/\/rioonwatch.org.br\/?p=57809\" target=\"_blank\">VI Julho Negro Discute ADPF das Favelas, sua Incid\u00eancia Pol\u00edtica e Lutas Sociais<\/a><\/h2>\t\t<\/div>\n\t\t\t\t<\/div>\n\t\t\t\t\t<\/div>\n\t\t<\/div>\n\t\t\t\t<div class=\"elementor-column elementor-col-33 elementor-top-column elementor-element elementor-element-6fb0d43\" data-id=\"6fb0d43\" data-element_type=\"column\">\n\t\t\t<div class=\"elementor-widget-wrap elementor-element-populated\">\n\t\t\t\t\t\t<div class=\"elementor-element elementor-element-917e56c elementor-widget elementor-widget-image\" data-id=\"917e56c\" data-element_type=\"widget\" data-widget_type=\"image.default\">\n\t\t\t\t<div class=\"elementor-widget-container\">\n\t\t\t\t\t\t\t\t\t\t\t\t\t\t<a href=\"https:\/\/rioonwatch.org.br\/?p=55692\" target=\"_blank\">\n\t\t\t\t\t\t\t<img loading=\"lazy\" decoding=\"async\" width=\"620\" height=\"264\" src=\"https:\/\/rioonwatch.org.br\/wp-content\/uploads\/2021\/07\/David-Amem-620x264.jpg\" class=\"attachment-thumbnail size-thumbnail wp-image-57082\" alt=\"\" srcset=\"https:\/\/rioonwatch.org.br\/wp-content\/uploads\/2021\/07\/David-Amem-620x264.jpg 620w, https:\/\/rioonwatch.org.br\/wp-content\/uploads\/2021\/07\/David-Amem-1024x436.jpg 1024w, https:\/\/rioonwatch.org.br\/wp-content\/uploads\/2021\/07\/David-Amem-768x327.jpg 768w, https:\/\/rioonwatch.org.br\/wp-content\/uploads\/2021\/07\/David-Amem-940x400.jpg 940w, https:\/\/rioonwatch.org.br\/wp-content\/uploads\/2021\/07\/David-Amem.jpg 1240w\" sizes=\"(max-width: 620px) 100vw, 620px\" \/>\t\t\t\t\t\t\t\t<\/a>\n\t\t\t\t\t\t\t\t\t\t\t\t\t<\/div>\n\t\t\t\t<\/div>\n\t\t\t\t<div class=\"elementor-element elementor-element-44933b1 elementor-widget elementor-widget-heading\" data-id=\"44933b1\" data-element_type=\"widget\" data-widget_type=\"heading.default\">\n\t\t\t\t<div class=\"elementor-widget-container\">\n\t\t\t<h2 class=\"elementor-heading-title elementor-size-default\"><a href=\"https:\/\/rioonwatch.org.br\/?p=55692\" target=\"_blank\">Kathlen Presente! Nas Favelas, a Luta Pela Vida Come\u00e7a Ainda nos Ventres das M\u00e3es<\/a><\/h2>\t\t<\/div>\n\t\t\t\t<\/div>\n\t\t\t\t\t<\/div>\n\t\t<\/div>\n\t\t\t\t<div class=\"elementor-column elementor-col-33 elementor-top-column elementor-element elementor-element-4dc3d11\" data-id=\"4dc3d11\" data-element_type=\"column\">\n\t\t\t<div class=\"elementor-widget-wrap elementor-element-populated\">\n\t\t\t\t\t\t<div class=\"elementor-element elementor-element-2b1f628 elementor-widget elementor-widget-video\" data-id=\"2b1f628\" data-element_type=\"widget\" data-settings=\"{&quot;youtube_url&quot;:&quot;https:\\\/\\\/youtu.be\\\/LwZeaujsFYY&quot;,&quot;video_type&quot;:&quot;youtube&quot;,&quot;controls&quot;:&quot;yes&quot;}\" data-widget_type=\"video.default\">\n\t\t\t\t<div class=\"elementor-widget-container\">\n\t\t\t\t\t<div class=\"elementor-wrapper elementor-open-inline\">\n\t\t\t<div class=\"elementor-video\"><\/div>\t\t<\/div>\n\t\t\t\t<\/div>\n\t\t\t\t<\/div>\n\t\t\t\t<div class=\"elementor-element elementor-element-91c2dde elementor-widget elementor-widget-heading\" data-id=\"91c2dde\" data-element_type=\"widget\" data-widget_type=\"heading.default\">\n\t\t\t\t<div class=\"elementor-widget-container\">\n\t\t\t<h2 class=\"elementor-heading-title elementor-size-default\"><a href=\"https:\/\/rioonwatch.org.br\/?p=57278\" target=\"_blank\">Se a Favela \u00c9 Suspeita, o Estado \u00c9 Culpado? Viradouro Luta Contra o Abuso de Poder<\/a><\/h2>\t\t<\/div>\n\t\t\t\t<\/div>\n\t\t\t\t\t<\/div>\n\t\t<\/div>\n\t\t\t\t\t<\/div>\n\t\t<\/section>\n\t\t\t\t<section class=\"elementor-section elementor-top-section elementor-element elementor-element-e99e786 elementor-section-boxed elementor-section-height-default elementor-section-height-default\" data-id=\"e99e786\" data-element_type=\"section\" data-settings=\"{&quot;background_background&quot;:&quot;classic&quot;}\">\n\t\t\t\t\t\t<div class=\"elementor-container elementor-column-gap-default\">\n\t\t\t\t\t<div class=\"elementor-column elementor-col-33 elementor-top-column elementor-element elementor-element-c30c48b\" data-id=\"c30c48b\" data-element_type=\"column\">\n\t\t\t<div class=\"elementor-widget-wrap elementor-element-populated\">\n\t\t\t\t\t\t<div class=\"elementor-element elementor-element-f2f6392 elementor-widget elementor-widget-image\" data-id=\"f2f6392\" data-element_type=\"widget\" data-widget_type=\"image.default\">\n\t\t\t\t<div class=\"elementor-widget-container\">\n\t\t\t\t\t\t\t\t\t\t\t\t\t\t<a href=\"https:\/\/rioonwatch.org.br\/?p=58097\" target=\"_blank\">\n\t\t\t\t\t\t\t<img loading=\"lazy\" decoding=\"async\" width=\"1030\" height=\"439\" src=\"https:\/\/rioonwatch.org.br\/wp-content\/uploads\/2021\/08\/Arte-original-por-Yara-Santos-1030x439.jpg\" class=\"attachment-thumbnail size-thumbnail wp-image-58103\" alt=\"Arte original por Yara Santos\" srcset=\"https:\/\/rioonwatch.org.br\/wp-content\/uploads\/2021\/08\/Arte-original-por-Yara-Santos-1030x438.jpg 1030w, https:\/\/rioonwatch.org.br\/wp-content\/uploads\/2021\/08\/Arte-original-por-Yara-Santos-620x264.jpg 620w, https:\/\/rioonwatch.org.br\/wp-content\/uploads\/2021\/08\/Arte-original-por-Yara-Santos-1477x629.jpg 1477w, https:\/\/rioonwatch.org.br\/wp-content\/uploads\/2021\/08\/Arte-original-por-Yara-Santos-768x327.jpg 768w, https:\/\/rioonwatch.org.br\/wp-content\/uploads\/2021\/08\/Arte-original-por-Yara-Santos-1024x436.jpg 1024w, https:\/\/rioonwatch.org.br\/wp-content\/uploads\/2021\/08\/Arte-original-por-Yara-Santos-940x400.jpg 940w\" sizes=\"(max-width: 1030px) 100vw, 1030px\" \/>\t\t\t\t\t\t\t\t<\/a>\n\t\t\t\t\t\t\t\t\t\t\t\t\t<\/div>\n\t\t\t\t<\/div>\n\t\t\t\t<div class=\"elementor-element elementor-element-fc7f812 elementor-widget elementor-widget-heading\" data-id=\"fc7f812\" data-element_type=\"widget\" data-widget_type=\"heading.default\">\n\t\t\t\t<div class=\"elementor-widget-container\">\n\t\t\t<h2 class=\"elementor-heading-title elementor-size-default\"><a href=\"https:\/\/rioonwatch.org.br\/?p=58097\" target=\"_blank\">Pol\u00edcia do Rio Prende Tiago Marques Sem Provas: A Cor do Crime<\/a><\/h2>\t\t<\/div>\n\t\t\t\t<\/div>\n\t\t\t\t\t<\/div>\n\t\t<\/div>\n\t\t\t\t<div class=\"elementor-column elementor-col-33 elementor-top-column elementor-element elementor-element-575ac69\" data-id=\"575ac69\" data-element_type=\"column\">\n\t\t\t<div class=\"elementor-widget-wrap elementor-element-populated\">\n\t\t\t\t\t\t<div class=\"elementor-element elementor-element-45013a3 elementor-widget elementor-widget-image\" data-id=\"45013a3\" data-element_type=\"widget\" data-widget_type=\"image.default\">\n\t\t\t\t<div class=\"elementor-widget-container\">\n\t\t\t\t\t\t\t\t\t\t\t\t\t\t<a href=\"https:\/\/rioonwatch.org.br\/?p=58903\" target=\"_blank\">\n\t\t\t\t\t\t\t<img loading=\"lazy\" decoding=\"async\" width=\"1030\" height=\"439\" src=\"https:\/\/rioonwatch.org.br\/wp-content\/uploads\/2021\/10\/Mobilidade-Urbana-Antirracista-1030x439.jpg\" class=\"attachment-thumbnail size-thumbnail wp-image-58937\" alt=\"\" srcset=\"https:\/\/rioonwatch.org.br\/wp-content\/uploads\/2021\/10\/Mobilidade-Urbana-Antirracista-1030x438.jpg 1030w, https:\/\/rioonwatch.org.br\/wp-content\/uploads\/2021\/10\/Mobilidade-Urbana-Antirracista-620x264.jpg 620w, https:\/\/rioonwatch.org.br\/wp-content\/uploads\/2021\/10\/Mobilidade-Urbana-Antirracista-1477x629.jpg 1477w, https:\/\/rioonwatch.org.br\/wp-content\/uploads\/2021\/10\/Mobilidade-Urbana-Antirracista-768x327.jpg 768w\" sizes=\"(max-width: 1030px) 100vw, 1030px\" \/>\t\t\t\t\t\t\t\t<\/a>\n\t\t\t\t\t\t\t\t\t\t\t\t\t<\/div>\n\t\t\t\t<\/div>\n\t\t\t\t<div class=\"elementor-element elementor-element-0ba5223 elementor-widget elementor-widget-heading\" data-id=\"0ba5223\" data-element_type=\"widget\" data-widget_type=\"heading.default\">\n\t\t\t\t<div class=\"elementor-widget-container\">\n\t\t\t<h2 class=\"elementor-heading-title elementor-size-default\"><a href=\"https:\/\/rioonwatch.org.br\/?p=58903\" target=\"_blank\">Projeto \u2018A Cor da Mobilidade\u2019 Aborda Impactos do Racismo no Deslocamento da Popula\u00e7\u00e3o Negra pelas Cidades Brasileiras\n<\/a><\/h2>\t\t<\/div>\n\t\t\t\t<\/div>\n\t\t\t\t\t<\/div>\n\t\t<\/div>\n\t\t\t\t<div class=\"elementor-column elementor-col-33 elementor-top-column elementor-element elementor-element-65d1ba5\" data-id=\"65d1ba5\" data-element_type=\"column\">\n\t\t\t<div class=\"elementor-widget-wrap elementor-element-populated\">\n\t\t\t\t\t\t<div class=\"elementor-element elementor-element-f8409b2 elementor-widget elementor-widget-image\" data-id=\"f8409b2\" data-element_type=\"widget\" data-widget_type=\"image.default\">\n\t\t\t\t<div class=\"elementor-widget-container\">\n\t\t\t\t\t\t\t\t\t\t\t\t\t\t<a href=\"https:\/\/rioonwatch.org.br\/?p=58995\" target=\"_blank\">\n\t\t\t\t\t\t\t<img loading=\"lazy\" decoding=\"async\" width=\"1030\" height=\"439\" src=\"https:\/\/rioonwatch.org.br\/wp-content\/uploads\/2021\/10\/Transporte-Justo_REv-1030x439.jpg\" class=\"attachment-thumbnail size-thumbnail wp-image-59031\" alt=\"\" srcset=\"https:\/\/rioonwatch.org.br\/wp-content\/uploads\/2021\/10\/Transporte-Justo_REv-1030x438.jpg 1030w, https:\/\/rioonwatch.org.br\/wp-content\/uploads\/2021\/10\/Transporte-Justo_REv-620x264.jpg 620w, https:\/\/rioonwatch.org.br\/wp-content\/uploads\/2021\/10\/Transporte-Justo_REv-1477x629.jpg 1477w, https:\/\/rioonwatch.org.br\/wp-content\/uploads\/2021\/10\/Transporte-Justo_REv-768x327.jpg 768w\" sizes=\"(max-width: 1030px) 100vw, 1030px\" \/>\t\t\t\t\t\t\t\t<\/a>\n\t\t\t\t\t\t\t\t\t\t\t\t\t<\/div>\n\t\t\t\t<\/div>\n\t\t\t\t<div class=\"elementor-element elementor-element-daaeee8 elementor-widget elementor-widget-heading\" data-id=\"daaeee8\" data-element_type=\"widget\" data-widget_type=\"heading.default\">\n\t\t\t\t<div class=\"elementor-widget-container\">\n\t\t\t<h2 class=\"elementor-heading-title elementor-size-default\"><a href=\"https:\/\/rioonwatch.org.br\/?p=58995\" target=\"_blank\">Projeto \u2018A Cor da Mobilidade\u2019 Discute Como a Qualidade do Transporte P\u00fablico Afasta Popula\u00e7\u00e3o Perif\u00e9rica de Servi\u00e7os e Oportunidades<\/a><\/h2>\t\t<\/div>\n\t\t\t\t<\/div>\n\t\t\t\t\t<\/div>\n\t\t<\/div>\n\t\t\t\t\t<\/div>\n\t\t<\/section>\n\t\t\t\t<section class=\"elementor-section elementor-top-section elementor-element elementor-element-19fbc31 elementor-section-boxed elementor-section-height-default elementor-section-height-default\" data-id=\"19fbc31\" data-element_type=\"section\" data-settings=\"{&quot;background_background&quot;:&quot;classic&quot;}\">\n\t\t\t\t\t\t<div class=\"elementor-container elementor-column-gap-default\">\n\t\t\t\t\t<div class=\"elementor-column elementor-col-33 elementor-top-column elementor-element elementor-element-820f942\" data-id=\"820f942\" data-element_type=\"column\">\n\t\t\t<div class=\"elementor-widget-wrap elementor-element-populated\">\n\t\t\t\t\t\t<div class=\"elementor-element elementor-element-4bb4586 elementor-widget elementor-widget-image\" data-id=\"4bb4586\" data-element_type=\"widget\" data-widget_type=\"image.default\">\n\t\t\t\t<div class=\"elementor-widget-container\">\n\t\t\t\t\t\t\t\t\t\t\t\t\t\t<a href=\"https:\/\/rioonwatch.org.br\/?p=59100\" target=\"_blank\">\n\t\t\t\t\t\t\t<img loading=\"lazy\" decoding=\"async\" width=\"1030\" height=\"439\" src=\"https:\/\/rioonwatch.org.br\/wp-content\/uploads\/2021\/10\/Bicicleta-e-ResistEncia-Antirracista_REV-1030x439.jpg\" class=\"attachment-thumbnail size-thumbnail wp-image-59136\" alt=\"\" srcset=\"https:\/\/rioonwatch.org.br\/wp-content\/uploads\/2021\/10\/Bicicleta-e-ResistEncia-Antirracista_REV-1030x438.jpg 1030w, https:\/\/rioonwatch.org.br\/wp-content\/uploads\/2021\/10\/Bicicleta-e-ResistEncia-Antirracista_REV-620x264.jpg 620w, https:\/\/rioonwatch.org.br\/wp-content\/uploads\/2021\/10\/Bicicleta-e-ResistEncia-Antirracista_REV-1477x629.jpg 1477w, https:\/\/rioonwatch.org.br\/wp-content\/uploads\/2021\/10\/Bicicleta-e-ResistEncia-Antirracista_REV-768x327.jpg 768w\" sizes=\"(max-width: 1030px) 100vw, 1030px\" \/>\t\t\t\t\t\t\t\t<\/a>\n\t\t\t\t\t\t\t\t\t\t\t\t\t<\/div>\n\t\t\t\t<\/div>\n\t\t\t\t<div class=\"elementor-element elementor-element-ee929e4 elementor-widget elementor-widget-heading\" data-id=\"ee929e4\" data-element_type=\"widget\" data-widget_type=\"heading.default\">\n\t\t\t\t<div class=\"elementor-widget-container\">\n\t\t\t<h2 class=\"elementor-heading-title elementor-size-default\"><a href=\"https:\/\/rioonwatch.org.br\/?p=59100\" target=\"_blank\">Projeto \u2018A Cor da Mobilidade\u2019 Aborda Pedalar como Forma de Resist\u00eancia: Como o Racismo Afeta a Mobilidade por Bicicleta?<\/a><\/h2>\t\t<\/div>\n\t\t\t\t<\/div>\n\t\t\t\t\t<\/div>\n\t\t<\/div>\n\t\t\t\t<div class=\"elementor-column elementor-col-33 elementor-top-column elementor-element elementor-element-7a86ff5\" data-id=\"7a86ff5\" data-element_type=\"column\">\n\t\t\t<div class=\"elementor-widget-wrap elementor-element-populated\">\n\t\t\t\t\t\t<div class=\"elementor-element elementor-element-8adbe5c elementor-widget elementor-widget-image\" data-id=\"8adbe5c\" data-element_type=\"widget\" data-widget_type=\"image.default\">\n\t\t\t\t<div class=\"elementor-widget-container\">\n\t\t\t\t\t\t\t\t\t\t\t\t\t\t<a href=\"https:\/\/rioonwatch.org.br\/?p=57701\" target=\"_blank\">\n\t\t\t\t\t\t\t<img loading=\"lazy\" decoding=\"async\" width=\"1030\" height=\"439\" src=\"https:\/\/rioonwatch.org.br\/wp-content\/uploads\/2021\/08\/Arte-original-por-Raquel-Batista-1030x439.png\" class=\"attachment-thumbnail size-thumbnail wp-image-58037\" alt=\"\" srcset=\"https:\/\/rioonwatch.org.br\/wp-content\/uploads\/2021\/08\/Arte-original-por-Raquel-Batista-1030x439.png 1030w, https:\/\/rioonwatch.org.br\/wp-content\/uploads\/2021\/08\/Arte-original-por-Raquel-Batista-620x264.png 620w\" sizes=\"(max-width: 1030px) 100vw, 1030px\" \/>\t\t\t\t\t\t\t\t<\/a>\n\t\t\t\t\t\t\t\t\t\t\t\t\t<\/div>\n\t\t\t\t<\/div>\n\t\t\t\t<div class=\"elementor-element elementor-element-5d0ef75 elementor-widget elementor-widget-heading\" data-id=\"5d0ef75\" data-element_type=\"widget\" data-widget_type=\"heading.default\">\n\t\t\t\t<div class=\"elementor-widget-container\">\n\t\t\t<h2 class=\"elementor-heading-title elementor-size-default\"><a href=\"https:\/\/rioonwatch.org.br\/?p=57701\" target=\"_blank\">A Vitoriosa Presen\u00e7a Negra de Atletas do Brasil nas Olimp\u00edadas de T\u00f3quio<\/a><\/h2>\t\t<\/div>\n\t\t\t\t<\/div>\n\t\t\t\t\t<\/div>\n\t\t<\/div>\n\t\t\t\t<div class=\"elementor-column elementor-col-33 elementor-top-column elementor-element elementor-element-f742dc0\" data-id=\"f742dc0\" data-element_type=\"column\">\n\t\t\t<div class=\"elementor-widget-wrap\">\n\t\t\t\t\t\t\t<\/div>\n\t\t<\/div>\n\t\t\t\t\t<\/div>\n\t\t<\/section>\n\t\t\t\t<section class=\"elementor-section elementor-top-section elementor-element elementor-element-0dbf643 elementor-section-boxed elementor-section-height-default elementor-section-height-default\" data-id=\"0dbf643\" data-element_type=\"section\" data-settings=\"{&quot;background_background&quot;:&quot;classic&quot;}\">\n\t\t\t\t\t\t<div class=\"elementor-container elementor-column-gap-default\">\n\t\t\t\t\t<div class=\"elementor-column elementor-col-100 elementor-top-column elementor-element elementor-element-5b0d6c1\" data-id=\"5b0d6c1\" data-element_type=\"column\" data-settings=\"{&quot;background_background&quot;:&quot;classic&quot;}\">\n\t\t\t<div class=\"elementor-widget-wrap elementor-element-populated\">\n\t\t\t\t\t\t<div class=\"elementor-element elementor-element-37fb1cc elementor-widget elementor-widget-heading\" data-id=\"37fb1cc\" data-element_type=\"widget\" data-widget_type=\"heading.default\">\n\t\t\t\t<div class=\"elementor-widget-container\">\n\t\t\t<h3 class=\"elementor-heading-title elementor-size-medium\">Construindo Outro Amanh\u00e3 <\/h3>\t\t<\/div>\n\t\t\t\t<\/div>\n\t\t\t\t\t<\/div>\n\t\t<\/div>\n\t\t\t\t\t<\/div>\n\t\t<\/section>\n\t\t\t\t<section class=\"elementor-section elementor-top-section elementor-element elementor-element-240eb0d elementor-section-boxed elementor-section-height-default elementor-section-height-default\" data-id=\"240eb0d\" data-element_type=\"section\" data-settings=\"{&quot;background_background&quot;:&quot;classic&quot;}\">\n\t\t\t\t\t\t<div class=\"elementor-container elementor-column-gap-default\">\n\t\t\t\t\t<div class=\"elementor-column elementor-col-33 elementor-top-column elementor-element elementor-element-f6acdd5\" data-id=\"f6acdd5\" data-element_type=\"column\">\n\t\t\t<div class=\"elementor-widget-wrap elementor-element-populated\">\n\t\t\t\t\t\t<div class=\"elementor-element elementor-element-778607b elementor-widget elementor-widget-image\" data-id=\"778607b\" data-element_type=\"widget\" data-widget_type=\"image.default\">\n\t\t\t\t<div class=\"elementor-widget-container\">\n\t\t\t\t\t\t\t\t\t\t\t\t\t\t<a href=\"https:\/\/rioonwatch.org.br\/?p=52798\" target=\"_blank\">\n\t\t\t\t\t\t\t<img loading=\"lazy\" decoding=\"async\" width=\"620\" height=\"264\" src=\"https:\/\/rioonwatch.org.br\/wp-content\/uploads\/2021\/07\/Raquel-Batista-620x264.png\" class=\"attachment-thumbnail size-thumbnail wp-image-57086\" alt=\"\" \/>\t\t\t\t\t\t\t\t<\/a>\n\t\t\t\t\t\t\t\t\t\t\t\t\t<\/div>\n\t\t\t\t<\/div>\n\t\t\t\t<div class=\"elementor-element elementor-element-32188e1 elementor-widget elementor-widget-heading\" data-id=\"32188e1\" data-element_type=\"widget\" data-widget_type=\"heading.default\">\n\t\t\t\t<div class=\"elementor-widget-container\">\n\t\t\t<h2 class=\"elementor-heading-title elementor-size-default\"><a href=\"https:\/\/rioonwatch.org.br\/?p=52798\" target=\"_blank\">O Movimento Negro Organizado Hoje: Vozes da Coaliz\u00e3o Negra Por Direitos<\/a><\/h2>\t\t<\/div>\n\t\t\t\t<\/div>\n\t\t\t\t\t<\/div>\n\t\t<\/div>\n\t\t\t\t<div class=\"elementor-column elementor-col-33 elementor-top-column elementor-element elementor-element-f9383ce\" data-id=\"f9383ce\" data-element_type=\"column\">\n\t\t\t<div class=\"elementor-widget-wrap elementor-element-populated\">\n\t\t\t\t\t\t<div class=\"elementor-element elementor-element-d1279a4 elementor-widget elementor-widget-image\" data-id=\"d1279a4\" data-element_type=\"widget\" data-widget_type=\"image.default\">\n\t\t\t\t<div class=\"elementor-widget-container\">\n\t\t\t\t\t\t\t\t\t\t\t\t\t\t<a href=\"https:\/\/rioonwatch.org.br\/?p=59868\" target=\"_blank\">\n\t\t\t\t\t\t\t<img loading=\"lazy\" decoding=\"async\" width=\"1030\" height=\"439\" src=\"https:\/\/rioonwatch.org.br\/wp-content\/uploads\/2021\/12\/Arte-original-por-Raquel-Batista-coalizao2-1030x439.jpg\" class=\"attachment-thumbnail size-thumbnail wp-image-60182\" alt=\"\" srcset=\"https:\/\/rioonwatch.org.br\/wp-content\/uploads\/2021\/12\/Arte-original-por-Raquel-Batista-coalizao2-1030x438.jpg 1030w, https:\/\/rioonwatch.org.br\/wp-content\/uploads\/2021\/12\/Arte-original-por-Raquel-Batista-coalizao2-620x264.jpg 620w, https:\/\/rioonwatch.org.br\/wp-content\/uploads\/2021\/12\/Arte-original-por-Raquel-Batista-coalizao2-1477x629.jpg 1477w, https:\/\/rioonwatch.org.br\/wp-content\/uploads\/2021\/12\/Arte-original-por-Raquel-Batista-coalizao2-768x327.jpg 768w\" sizes=\"(max-width: 1030px) 100vw, 1030px\" \/>\t\t\t\t\t\t\t\t<\/a>\n\t\t\t\t\t\t\t\t\t\t\t\t\t<\/div>\n\t\t\t\t<\/div>\n\t\t\t\t<div class=\"elementor-element elementor-element-56af92f elementor-widget elementor-widget-heading\" data-id=\"56af92f\" data-element_type=\"widget\" data-widget_type=\"heading.default\">\n\t\t\t\t<div class=\"elementor-widget-container\">\n\t\t\t<h2 class=\"elementor-heading-title elementor-size-default\"><a href=\"https:\/\/rioonwatch.org.br\/?p=59868\" target=\"_blank\">A Consequente Incid\u00eancia Pol\u00edtica da Coaliz\u00e3o Negra por Direitos<\/a><\/h2>\t\t<\/div>\n\t\t\t\t<\/div>\n\t\t\t\t\t<\/div>\n\t\t<\/div>\n\t\t\t\t<div class=\"elementor-column elementor-col-33 elementor-top-column elementor-element elementor-element-24e8a6b\" data-id=\"24e8a6b\" data-element_type=\"column\">\n\t\t\t<div class=\"elementor-widget-wrap elementor-element-populated\">\n\t\t\t\t\t\t<div class=\"elementor-element elementor-element-98209af elementor-widget elementor-widget-image\" data-id=\"98209af\" data-element_type=\"widget\" data-widget_type=\"image.default\">\n\t\t\t\t<div class=\"elementor-widget-container\">\n\t\t\t\t\t\t\t\t\t\t\t\t\t\t<a href=\"https:\/\/rioonwatch.org.br\/?p=60250\" target=\"_blank\">\n\t\t\t\t\t\t\t<img loading=\"lazy\" decoding=\"async\" width=\"1030\" height=\"439\" src=\"https:\/\/rioonwatch.org.br\/wp-content\/uploads\/2022\/01\/EDIT_ILUSTRA_COALIZAO_REV-1030x439.jpg\" class=\"attachment-thumbnail size-thumbnail wp-image-60415\" alt=\"\" srcset=\"https:\/\/rioonwatch.org.br\/wp-content\/uploads\/2022\/01\/EDIT_ILUSTRA_COALIZAO_REV-1030x438.jpg 1030w, https:\/\/rioonwatch.org.br\/wp-content\/uploads\/2022\/01\/EDIT_ILUSTRA_COALIZAO_REV-620x264.jpg 620w, https:\/\/rioonwatch.org.br\/wp-content\/uploads\/2022\/01\/EDIT_ILUSTRA_COALIZAO_REV-1477x629.jpg 1477w, https:\/\/rioonwatch.org.br\/wp-content\/uploads\/2022\/01\/EDIT_ILUSTRA_COALIZAO_REV-768x327.jpg 768w\" sizes=\"(max-width: 1030px) 100vw, 1030px\" \/>\t\t\t\t\t\t\t\t<\/a>\n\t\t\t\t\t\t\t\t\t\t\t\t\t<\/div>\n\t\t\t\t<\/div>\n\t\t\t\t<div class=\"elementor-element elementor-element-73b9e59 elementor-widget elementor-widget-heading\" data-id=\"73b9e59\" data-element_type=\"widget\" data-widget_type=\"heading.default\">\n\t\t\t\t<div class=\"elementor-widget-container\">\n\t\t\t<h2 class=\"elementor-heading-title elementor-size-default\"><a href=\"https:\/\/rioonwatch.org.br\/?p=60250\" target=\"_blank\">Mulheres Negras em Movimento: Ancestralidade e Democracia em Coaliz\u00e3o pelo Brasil<\/a><\/h2>\t\t<\/div>\n\t\t\t\t<\/div>\n\t\t\t\t\t<\/div>\n\t\t<\/div>\n\t\t\t\t\t<\/div>\n\t\t<\/section>\n\t\t\t\t<section class=\"elementor-section elementor-top-section elementor-element elementor-element-bb50f01 elementor-section-boxed elementor-section-height-default elementor-section-height-default\" data-id=\"bb50f01\" data-element_type=\"section\" data-settings=\"{&quot;background_background&quot;:&quot;classic&quot;}\">\n\t\t\t\t\t\t<div class=\"elementor-container elementor-column-gap-default\">\n\t\t\t\t\t<div class=\"elementor-column elementor-col-33 elementor-top-column elementor-element elementor-element-5be8ca6\" data-id=\"5be8ca6\" data-element_type=\"column\">\n\t\t\t<div class=\"elementor-widget-wrap elementor-element-populated\">\n\t\t\t\t\t\t<div class=\"elementor-element elementor-element-1d4b7e6 elementor-widget elementor-widget-audio\" data-id=\"1d4b7e6\" data-element_type=\"widget\" data-widget_type=\"audio.default\">\n\t\t\t\t<div class=\"elementor-widget-container\">\n\t\t\t\t\t\t<div class=\"elementor-soundcloud-wrapper\">\n\t\t\t\t<iframe width=\"500\" height=\"400\" frameborder=\"no\" src=\"https:\/\/w.soundcloud.com\/player\/?visual=true&#038;url=https%3A%2F%2Fapi.soundcloud.com%2Ftracks%2F1190432128&#038;show_artwork=false&#038;maxheight=750&#038;maxwidth=500&#038;auto_play=false&#038;buying=false&#038;liking=false&#038;download=false&#038;sharing=false&#038;show_comments=false&#038;show_playcount=false&#038;show_user=false&#038;color\"><\/iframe>\t\t\t<\/div>\n\t\t\t\t\t<\/div>\n\t\t\t\t<\/div>\n\t\t\t\t<div class=\"elementor-element elementor-element-e06ec94 elementor-widget elementor-widget-heading\" data-id=\"e06ec94\" data-element_type=\"widget\" data-widget_type=\"heading.default\">\n\t\t\t\t<div class=\"elementor-widget-container\">\n\t\t\t<h2 class=\"elementor-heading-title elementor-size-default\"><a href=\"https:\/\/rioonwatch.org.br\/?p=59621\" target=\"_blank\">Olhar para o Passado \u00c9 Tecnologia Ancestral: Como a Mem\u00f3ria Fortalece o Futuro de Mulheres Pretas?<\/a><\/h2>\t\t<\/div>\n\t\t\t\t<\/div>\n\t\t\t\t\t<\/div>\n\t\t<\/div>\n\t\t\t\t<div class=\"elementor-column elementor-col-33 elementor-top-column elementor-element elementor-element-7dc5cf0\" data-id=\"7dc5cf0\" data-element_type=\"column\">\n\t\t\t<div class=\"elementor-widget-wrap elementor-element-populated\">\n\t\t\t\t\t\t<div class=\"elementor-element elementor-element-b6dac85 elementor-widget elementor-widget-image\" data-id=\"b6dac85\" data-element_type=\"widget\" data-widget_type=\"image.default\">\n\t\t\t\t<div class=\"elementor-widget-container\">\n\t\t\t\t\t\t\t\t\t\t\t\t\t\t<a href=\"https:\/\/rioonwatch.org.br\/?p=60117\" target=\"_blank\">\n\t\t\t\t\t\t\t<img loading=\"lazy\" decoding=\"async\" width=\"1030\" height=\"439\" src=\"https:\/\/rioonwatch.org.br\/wp-content\/uploads\/2022\/01\/Arte_coeducacao-1030x439.jpg\" class=\"attachment-thumbnail size-thumbnail wp-image-60128\" alt=\"\" srcset=\"https:\/\/rioonwatch.org.br\/wp-content\/uploads\/2022\/01\/Arte_coeducacao-1030x438.jpg 1030w, https:\/\/rioonwatch.org.br\/wp-content\/uploads\/2022\/01\/Arte_coeducacao-620x264.jpg 620w, https:\/\/rioonwatch.org.br\/wp-content\/uploads\/2022\/01\/Arte_coeducacao-1477x629.jpg 1477w, https:\/\/rioonwatch.org.br\/wp-content\/uploads\/2022\/01\/Arte_coeducacao-768x327.jpg 768w\" sizes=\"(max-width: 1030px) 100vw, 1030px\" \/>\t\t\t\t\t\t\t\t<\/a>\n\t\t\t\t\t\t\t\t\t\t\t\t\t<\/div>\n\t\t\t\t<\/div>\n\t\t\t\t<div class=\"elementor-element elementor-element-b9b240e elementor-widget elementor-widget-heading\" data-id=\"b9b240e\" data-element_type=\"widget\" data-widget_type=\"heading.default\">\n\t\t\t\t<div class=\"elementor-widget-container\">\n\t\t\t<h2 class=\"elementor-heading-title elementor-size-default\"><a href=\"https:\/\/rioonwatch.org.br\/?p=60117\" target=\"_blank\">Novos Futuros, Outros Passados: Coeduca\u00e7\u00e3o Racial e Intergeracional Entre os de Casa<\/a><\/h2>\t\t<\/div>\n\t\t\t\t<\/div>\n\t\t\t\t\t<\/div>\n\t\t<\/div>\n\t\t\t\t<div class=\"elementor-column elementor-col-33 elementor-top-column elementor-element elementor-element-38dabb6\" data-id=\"38dabb6\" data-element_type=\"column\">\n\t\t\t<div class=\"elementor-widget-wrap elementor-element-populated\">\n\t\t\t\t\t\t<div class=\"elementor-element elementor-element-81e8438 elementor-widget elementor-widget-audio\" data-id=\"81e8438\" data-element_type=\"widget\" data-widget_type=\"audio.default\">\n\t\t\t\t<div class=\"elementor-widget-container\">\n\t\t\t\t\t\t<div class=\"elementor-soundcloud-wrapper\">\n\t\t\t\t<iframe width=\"500\" height=\"400\" frameborder=\"no\" src=\"https:\/\/w.soundcloud.com\/player\/?visual=true&#038;url=https%3A%2F%2Fapi.soundcloud.com%2Ftracks%2F1115662588&#038;show_artwork=false&#038;maxheight=750&#038;maxwidth=500&#038;auto_play=false&#038;buying=false&#038;liking=false&#038;download=false&#038;sharing=false&#038;show_comments=false&#038;show_playcount=false&#038;show_user=false&#038;color\"><\/iframe>\t\t\t<\/div>\n\t\t\t\t\t<\/div>\n\t\t\t\t<\/div>\n\t\t\t\t<div class=\"elementor-element elementor-element-37dc2d1 elementor-widget elementor-widget-heading\" data-id=\"37dc2d1\" data-element_type=\"widget\" data-widget_type=\"heading.default\">\n\t\t\t\t<div class=\"elementor-widget-container\">\n\t\t\t<h2 class=\"elementor-heading-title elementor-size-default\"><a href=\"https:\/\/rioonwatch.org.br\/?p=57118\" target=\"_blank\">A Lei de Ensino da Hist\u00f3ria da \u00c1frica Chega \u00e0 Maioridade: Como as Escolas T\u00eam Aplicado a Lei 10.639?<\/a><\/h2>\t\t<\/div>\n\t\t\t\t<\/div>\n\t\t\t\t\t<\/div>\n\t\t<\/div>\n\t\t\t\t\t<\/div>\n\t\t<\/section>\n\t\t\t\t<section class=\"elementor-section elementor-top-section elementor-element elementor-element-0d9df32 elementor-section-boxed elementor-section-height-default elementor-section-height-default\" data-id=\"0d9df32\" data-element_type=\"section\" data-settings=\"{&quot;background_background&quot;:&quot;classic&quot;}\">\n\t\t\t\t\t\t<div class=\"elementor-container elementor-column-gap-default\">\n\t\t\t\t\t<div class=\"elementor-column elementor-col-33 elementor-top-column elementor-element elementor-element-adc37ca\" data-id=\"adc37ca\" data-element_type=\"column\">\n\t\t\t<div class=\"elementor-widget-wrap elementor-element-populated\">\n\t\t\t\t\t\t<div class=\"elementor-element elementor-element-ab0439e elementor-widget elementor-widget-image\" data-id=\"ab0439e\" data-element_type=\"widget\" data-widget_type=\"image.default\">\n\t\t\t\t<div class=\"elementor-widget-container\">\n\t\t\t\t\t\t\t\t\t\t\t\t\t\t<a href=\"https:\/\/rioonwatch.org.br\/?p=57038\" target=\"_blank\">\n\t\t\t\t\t\t\t<img loading=\"lazy\" decoding=\"async\" width=\"1030\" height=\"439\" src=\"https:\/\/rioonwatch.org.br\/wp-content\/uploads\/2021\/07\/racismoxeducacao1-1030x439.png\" class=\"attachment-thumbnail size-thumbnail wp-image-57039\" alt=\"\" srcset=\"https:\/\/rioonwatch.org.br\/wp-content\/uploads\/2021\/07\/racismoxeducacao1-1030x438.png 1030w, https:\/\/rioonwatch.org.br\/wp-content\/uploads\/2021\/07\/racismoxeducacao1-620x264.png 620w, https:\/\/rioonwatch.org.br\/wp-content\/uploads\/2021\/07\/racismoxeducacao1-1477x629.png 1477w, https:\/\/rioonwatch.org.br\/wp-content\/uploads\/2021\/07\/racismoxeducacao1-768x327.png 768w, https:\/\/rioonwatch.org.br\/wp-content\/uploads\/2021\/07\/racismoxeducacao1-1024x436.png 1024w, https:\/\/rioonwatch.org.br\/wp-content\/uploads\/2021\/07\/racismoxeducacao1-940x400.png 940w\" sizes=\"(max-width: 1030px) 100vw, 1030px\" \/>\t\t\t\t\t\t\t\t<\/a>\n\t\t\t\t\t\t\t\t\t\t\t\t\t<\/div>\n\t\t\t\t<\/div>\n\t\t\t\t<div class=\"elementor-element elementor-element-21d82b5 elementor-widget elementor-widget-heading\" data-id=\"21d82b5\" data-element_type=\"widget\" data-widget_type=\"heading.default\">\n\t\t\t\t<div class=\"elementor-widget-container\">\n\t\t\t<h2 class=\"elementor-heading-title elementor-size-default\"><a href=\"https:\/\/rioonwatch.org.br\/?p=57038\" target=\"_blank\">Uma Sala de Aula Chamada Morro do Pal\u00e1cio: A Representatividade Negra na Educa\u00e7\u00e3o<\/a><\/h2>\t\t<\/div>\n\t\t\t\t<\/div>\n\t\t\t\t\t<\/div>\n\t\t<\/div>\n\t\t\t\t<div class=\"elementor-column elementor-col-33 elementor-top-column elementor-element elementor-element-61f07b2\" data-id=\"61f07b2\" data-element_type=\"column\">\n\t\t\t<div class=\"elementor-widget-wrap elementor-element-populated\">\n\t\t\t\t\t\t<div class=\"elementor-element elementor-element-8e0bfd0 elementor-widget elementor-widget-audio\" data-id=\"8e0bfd0\" data-element_type=\"widget\" data-widget_type=\"audio.default\">\n\t\t\t\t<div class=\"elementor-widget-container\">\n\t\t\t\t\t\t<div class=\"elementor-soundcloud-wrapper\">\n\t\t\t\t<iframe width=\"500\" height=\"400\" frameborder=\"no\" src=\"https:\/\/w.soundcloud.com\/player\/?visual=true&#038;url=https%3A%2F%2Fapi.soundcloud.com%2Ftracks%2F994580551&#038;show_artwork=false&#038;maxheight=750&#038;maxwidth=500&#038;auto_play=false&#038;buying=false&#038;liking=false&#038;download=false&#038;sharing=false&#038;show_comments=false&#038;show_playcount=false&#038;show_user=false&#038;color\"><\/iframe>\t\t\t<\/div>\n\t\t\t\t\t<\/div>\n\t\t\t\t<\/div>\n\t\t\t\t<div class=\"elementor-element elementor-element-1bee271 elementor-widget elementor-widget-heading\" data-id=\"1bee271\" data-element_type=\"widget\" data-widget_type=\"heading.default\">\n\t\t\t\t<div class=\"elementor-widget-container\">\n\t\t\t<h2 class=\"elementor-heading-title elementor-size-default\"><a href=\"https:\/\/rioonwatch.org.br\/?p=53731\" target=\"_blank\">Por uma Educa\u00e7\u00e3o Antirracista nas Favelas: O PVNC e a Educafro<\/a><\/h2>\t\t<\/div>\n\t\t\t\t<\/div>\n\t\t\t\t\t<\/div>\n\t\t<\/div>\n\t\t\t\t<div class=\"elementor-column elementor-col-33 elementor-top-column elementor-element elementor-element-20d13ac\" data-id=\"20d13ac\" data-element_type=\"column\">\n\t\t\t<div class=\"elementor-widget-wrap elementor-element-populated\">\n\t\t\t\t\t\t<div class=\"elementor-element elementor-element-dc6d697 elementor-widget elementor-widget-audio\" data-id=\"dc6d697\" data-element_type=\"widget\" data-widget_type=\"audio.default\">\n\t\t\t\t<div class=\"elementor-widget-container\">\n\t\t\t\t\t\t<div class=\"elementor-soundcloud-wrapper\">\n\t\t\t\t<iframe width=\"500\" height=\"400\" frameborder=\"no\" src=\"https:\/\/w.soundcloud.com\/player\/?visual=true&#038;url=https%3A%2F%2Fapi.soundcloud.com%2Ftracks%2F1174724209&#038;show_artwork=false&#038;maxheight=750&#038;maxwidth=500&#038;auto_play=false&#038;buying=false&#038;liking=false&#038;download=false&#038;sharing=false&#038;show_comments=false&#038;show_playcount=false&#038;show_user=false&#038;color\"><\/iframe>\t\t\t<\/div>\n\t\t\t\t\t<\/div>\n\t\t\t\t<\/div>\n\t\t\t\t<div class=\"elementor-element elementor-element-8b8340e elementor-widget elementor-widget-heading\" data-id=\"8b8340e\" data-element_type=\"widget\" data-widget_type=\"heading.default\">\n\t\t\t\t<div class=\"elementor-widget-container\">\n\t\t\t<h2 class=\"elementor-heading-title elementor-size-default\"><a href=\"https:\/\/rioonwatch.org.br\/?p=59455\" target=\"_blank\">Quero me Sentar com Autoras e Autores Negros: Por uma Representatividade da Escola \u00e0 Universidade<\/a><\/h2>\t\t<\/div>\n\t\t\t\t<\/div>\n\t\t\t\t\t<\/div>\n\t\t<\/div>\n\t\t\t\t\t<\/div>\n\t\t<\/section>\n\t\t\t\t<section class=\"elementor-section elementor-top-section elementor-element elementor-element-68c12d1 elementor-section-boxed elementor-section-height-default elementor-section-height-default\" data-id=\"68c12d1\" data-element_type=\"section\" data-settings=\"{&quot;background_background&quot;:&quot;classic&quot;}\">\n\t\t\t\t\t\t<div class=\"elementor-container elementor-column-gap-default\">\n\t\t\t\t\t<div class=\"elementor-column elementor-col-33 elementor-top-column elementor-element elementor-element-ba82c91\" data-id=\"ba82c91\" data-element_type=\"column\">\n\t\t\t<div class=\"elementor-widget-wrap elementor-element-populated\">\n\t\t\t\t\t\t<div class=\"elementor-element elementor-element-44f0309 elementor-widget elementor-widget-video\" data-id=\"44f0309\" data-element_type=\"widget\" data-settings=\"{&quot;youtube_url&quot;:&quot;https:\\\/\\\/youtu.be\\\/8XWYyP0tiy4&quot;,&quot;video_type&quot;:&quot;youtube&quot;,&quot;controls&quot;:&quot;yes&quot;}\" data-widget_type=\"video.default\">\n\t\t\t\t<div class=\"elementor-widget-container\">\n\t\t\t\t\t<div class=\"elementor-wrapper elementor-open-inline\">\n\t\t\t<div class=\"elementor-video\"><\/div>\t\t<\/div>\n\t\t\t\t<\/div>\n\t\t\t\t<\/div>\n\t\t\t\t<div class=\"elementor-element elementor-element-eecec82 elementor-widget elementor-widget-heading\" data-id=\"eecec82\" data-element_type=\"widget\" data-widget_type=\"heading.default\">\n\t\t\t\t<div class=\"elementor-widget-container\">\n\t\t\t<h2 class=\"elementor-heading-title elementor-size-default\"><a href=\"https:\/\/rioonwatch.org.br\/?p=52973\" target=\"_blank\">Literatura Negra Infantil Empodera Juventude no Alem\u00e3o: Autor Ot\u00e1vio J\u00fanior Ganha Pr\u00eamio Jabuti<\/a><\/h2>\t\t<\/div>\n\t\t\t\t<\/div>\n\t\t\t\t\t<\/div>\n\t\t<\/div>\n\t\t\t\t<div class=\"elementor-column elementor-col-33 elementor-top-column elementor-element elementor-element-087e8a5\" data-id=\"087e8a5\" data-element_type=\"column\">\n\t\t\t<div class=\"elementor-widget-wrap elementor-element-populated\">\n\t\t\t\t\t\t<div class=\"elementor-element elementor-element-c93c311 elementor-widget elementor-widget-image\" data-id=\"c93c311\" data-element_type=\"widget\" data-widget_type=\"image.default\">\n\t\t\t\t<div class=\"elementor-widget-container\">\n\t\t\t\t\t\t\t\t\t\t\t\t\t\t<a href=\"https:\/\/rioonwatch.org.br\/?p=58816\" target=\"_blank\">\n\t\t\t\t\t\t\t<img loading=\"lazy\" decoding=\"async\" width=\"1030\" height=\"439\" src=\"https:\/\/rioonwatch.org.br\/wp-content\/uploads\/2021\/10\/Arte-original-por-Rachel-Batista-1030x439.png\" class=\"attachment-thumbnail size-thumbnail wp-image-59009\" alt=\"\" srcset=\"https:\/\/rioonwatch.org.br\/wp-content\/uploads\/2021\/10\/Arte-original-por-Rachel-Batista-1030x439.png 1030w, https:\/\/rioonwatch.org.br\/wp-content\/uploads\/2021\/10\/Arte-original-por-Rachel-Batista-620x264.png 620w\" sizes=\"(max-width: 1030px) 100vw, 1030px\" \/>\t\t\t\t\t\t\t\t<\/a>\n\t\t\t\t\t\t\t\t\t\t\t\t\t<\/div>\n\t\t\t\t<\/div>\n\t\t\t\t<div class=\"elementor-element elementor-element-7cc00c5 elementor-widget elementor-widget-heading\" data-id=\"7cc00c5\" data-element_type=\"widget\" data-widget_type=\"heading.default\">\n\t\t\t\t<div class=\"elementor-widget-container\">\n\t\t\t<h2 class=\"elementor-heading-title elementor-size-default\"><a href=\"https:\/\/rioonwatch.org.br\/?p=58816\" target=\"_blank\">Boneca Pretta: Representatividade nos Brinquedos Empodera e Aumenta Autoestima de Crian\u00e7as Negras<\/a><\/h2>\t\t<\/div>\n\t\t\t\t<\/div>\n\t\t\t\t\t<\/div>\n\t\t<\/div>\n\t\t\t\t<div class=\"elementor-column elementor-col-33 elementor-top-column elementor-element elementor-element-8916527\" data-id=\"8916527\" data-element_type=\"column\">\n\t\t\t<div class=\"elementor-widget-wrap elementor-element-populated\">\n\t\t\t\t\t\t<div class=\"elementor-element elementor-element-858e844 elementor-widget elementor-widget-video\" data-id=\"858e844\" data-element_type=\"widget\" data-settings=\"{&quot;youtube_url&quot;:&quot;https:\\\/\\\/youtu.be\\\/RLxF8Z-bEy0&quot;,&quot;video_type&quot;:&quot;youtube&quot;,&quot;controls&quot;:&quot;yes&quot;}\" data-widget_type=\"video.default\">\n\t\t\t\t<div class=\"elementor-widget-container\">\n\t\t\t\t\t<div class=\"elementor-wrapper elementor-open-inline\">\n\t\t\t<div class=\"elementor-video\"><\/div>\t\t<\/div>\n\t\t\t\t<\/div>\n\t\t\t\t<\/div>\n\t\t\t\t<div class=\"elementor-element elementor-element-ad38714 elementor-widget elementor-widget-heading\" data-id=\"ad38714\" data-element_type=\"widget\" data-widget_type=\"heading.default\">\n\t\t\t\t<div class=\"elementor-widget-container\">\n\t\t\t<h2 class=\"elementor-heading-title elementor-size-default\"><a href=\"https:\/\/rioonwatch.org.br\/?p=59537\" target=\"_blank\">Guiado pelo Desejo de Transformar: Jovem do Morro da Provid\u00eancia Faz da M\u00fasica Instrumento de Mudan\u00e7a Social<\/a><\/h2>\t\t<\/div>\n\t\t\t\t<\/div>\n\t\t\t\t\t<\/div>\n\t\t<\/div>\n\t\t\t\t\t<\/div>\n\t\t<\/section>\n\t\t\t\t<section class=\"elementor-section elementor-top-section elementor-element elementor-element-faa4611 elementor-section-boxed elementor-section-height-default elementor-section-height-default\" data-id=\"faa4611\" data-element_type=\"section\" data-settings=\"{&quot;background_background&quot;:&quot;classic&quot;}\">\n\t\t\t\t\t\t<div class=\"elementor-container elementor-column-gap-default\">\n\t\t\t\t\t<div class=\"elementor-column elementor-col-33 elementor-top-column elementor-element elementor-element-382a3c2\" data-id=\"382a3c2\" data-element_type=\"column\">\n\t\t\t<div class=\"elementor-widget-wrap elementor-element-populated\">\n\t\t\t\t\t\t<div class=\"elementor-element elementor-element-6d94685 elementor-widget elementor-widget-image\" data-id=\"6d94685\" data-element_type=\"widget\" data-widget_type=\"image.default\">\n\t\t\t\t<div class=\"elementor-widget-container\">\n\t\t\t\t\t\t\t\t\t\t\t\t\t\t<a href=\"https:\/\/rioonwatch.org.br\/?p=58047\" target=\"_blank\">\n\t\t\t\t\t\t\t<img loading=\"lazy\" decoding=\"async\" width=\"1030\" height=\"439\" src=\"https:\/\/rioonwatch.org.br\/wp-content\/uploads\/2021\/08\/Arte-original-por-Raquel-Batista-1030x439.jpg\" class=\"attachment-thumbnail size-thumbnail wp-image-58064\" alt=\"Arte original por Raquel Batista\" srcset=\"https:\/\/rioonwatch.org.br\/wp-content\/uploads\/2021\/08\/Arte-original-por-Raquel-Batista-1030x438.jpg 1030w, https:\/\/rioonwatch.org.br\/wp-content\/uploads\/2021\/08\/Arte-original-por-Raquel-Batista-620x264.jpg 620w, https:\/\/rioonwatch.org.br\/wp-content\/uploads\/2021\/08\/Arte-original-por-Raquel-Batista-1477x629.jpg 1477w, https:\/\/rioonwatch.org.br\/wp-content\/uploads\/2021\/08\/Arte-original-por-Raquel-Batista-768x327.jpg 768w, https:\/\/rioonwatch.org.br\/wp-content\/uploads\/2021\/08\/Arte-original-por-Raquel-Batista-1024x436.jpg 1024w, https:\/\/rioonwatch.org.br\/wp-content\/uploads\/2021\/08\/Arte-original-por-Raquel-Batista-940x400.jpg 940w\" sizes=\"(max-width: 1030px) 100vw, 1030px\" \/>\t\t\t\t\t\t\t\t<\/a>\n\t\t\t\t\t\t\t\t\t\t\t\t\t<\/div>\n\t\t\t\t<\/div>\n\t\t\t\t<div class=\"elementor-element elementor-element-ad660df elementor-widget elementor-widget-heading\" data-id=\"ad660df\" data-element_type=\"widget\" data-widget_type=\"heading.default\">\n\t\t\t\t<div class=\"elementor-widget-container\">\n\t\t\t<h2 class=\"elementor-heading-title elementor-size-default\"><a href=\"https:\/\/rioonwatch.org.br\/?p=58047\" target=\"_blank\">O Caju no Mapa: Jovens Atores S\u00e3o o Corpo e a Voz da Luta por Direitos<\/a><\/h2>\t\t<\/div>\n\t\t\t\t<\/div>\n\t\t\t\t\t<\/div>\n\t\t<\/div>\n\t\t\t\t<div class=\"elementor-column elementor-col-33 elementor-top-column elementor-element elementor-element-6b2d50a\" data-id=\"6b2d50a\" data-element_type=\"column\">\n\t\t\t<div class=\"elementor-widget-wrap elementor-element-populated\">\n\t\t\t\t\t\t<div class=\"elementor-element elementor-element-3d33e64 elementor-widget elementor-widget-image\" data-id=\"3d33e64\" data-element_type=\"widget\" data-widget_type=\"image.default\">\n\t\t\t\t<div class=\"elementor-widget-container\">\n\t\t\t\t\t\t\t\t\t\t\t\t\t\t<a href=\"https:\/\/rioonwatch.org.br\/?p=58471\" target=\"_blank\">\n\t\t\t\t\t\t\t<img loading=\"lazy\" decoding=\"async\" width=\"1030\" height=\"439\" src=\"https:\/\/rioonwatch.org.br\/wp-content\/uploads\/2021\/09\/Arte-original-por-Raquel-Batista-1-1030x439.png\" class=\"attachment-thumbnail size-thumbnail wp-image-58607\" alt=\"Arte original por Raquel Batista\" srcset=\"https:\/\/rioonwatch.org.br\/wp-content\/uploads\/2021\/09\/Arte-original-por-Raquel-Batista-1-1030x438.png 1030w, https:\/\/rioonwatch.org.br\/wp-content\/uploads\/2021\/09\/Arte-original-por-Raquel-Batista-1-620x264.png 620w, https:\/\/rioonwatch.org.br\/wp-content\/uploads\/2021\/09\/Arte-original-por-Raquel-Batista-1-1477x629.png 1477w, https:\/\/rioonwatch.org.br\/wp-content\/uploads\/2021\/09\/Arte-original-por-Raquel-Batista-1-768x327.png 768w, https:\/\/rioonwatch.org.br\/wp-content\/uploads\/2021\/09\/Arte-original-por-Raquel-Batista-1.png 2000w\" sizes=\"(max-width: 1030px) 100vw, 1030px\" \/>\t\t\t\t\t\t\t\t<\/a>\n\t\t\t\t\t\t\t\t\t\t\t\t\t<\/div>\n\t\t\t\t<\/div>\n\t\t\t\t<div class=\"elementor-element elementor-element-784db38 elementor-widget elementor-widget-heading\" data-id=\"784db38\" data-element_type=\"widget\" data-widget_type=\"heading.default\">\n\t\t\t\t<div class=\"elementor-widget-container\">\n\t\t\t<h2 class=\"elementor-heading-title elementor-size-default\"><a href=\"https:\/\/rioonwatch.org.br\/?p=58471\" target=\"_blank\">A Resist\u00eancia Racial do Grupo C\u00f3digo: Performance Realista e Ficcional em Japeri<\/a><\/h2>\t\t<\/div>\n\t\t\t\t<\/div>\n\t\t\t\t\t<\/div>\n\t\t<\/div>\n\t\t\t\t<div class=\"elementor-column elementor-col-33 elementor-top-column elementor-element elementor-element-d9231fd\" data-id=\"d9231fd\" data-element_type=\"column\">\n\t\t\t<div class=\"elementor-widget-wrap elementor-element-populated\">\n\t\t\t\t\t\t<div class=\"elementor-element elementor-element-01f7b97 elementor-widget elementor-widget-video\" data-id=\"01f7b97\" data-element_type=\"widget\" data-settings=\"{&quot;youtube_url&quot;:&quot;https:\\\/\\\/youtu.be\\\/idnDKsJlvH0&quot;,&quot;video_type&quot;:&quot;youtube&quot;,&quot;controls&quot;:&quot;yes&quot;}\" data-widget_type=\"video.default\">\n\t\t\t\t<div class=\"elementor-widget-container\">\n\t\t\t\t\t<div class=\"elementor-wrapper elementor-open-inline\">\n\t\t\t<div class=\"elementor-video\"><\/div>\t\t<\/div>\n\t\t\t\t<\/div>\n\t\t\t\t<\/div>\n\t\t\t\t<div class=\"elementor-element elementor-element-bfffc5a elementor-widget elementor-widget-heading\" data-id=\"bfffc5a\" data-element_type=\"widget\" data-widget_type=\"heading.default\">\n\t\t\t\t<div class=\"elementor-widget-container\">\n\t\t\t<h2 class=\"elementor-heading-title elementor-size-default\"><a href=\"https:\/\/rioonwatch.org.br\/?p=58722\" target=\"_blank\">D\u2019Versos Videocast: Arte de Rua, uma Cultura Antirracista<\/a><\/h2>\t\t<\/div>\n\t\t\t\t<\/div>\n\t\t\t\t\t<\/div>\n\t\t<\/div>\n\t\t\t\t\t<\/div>\n\t\t<\/section>\n\t\t\t\t<section class=\"elementor-section elementor-top-section elementor-element elementor-element-f65c8a3 elementor-section-boxed elementor-section-height-default elementor-section-height-default\" data-id=\"f65c8a3\" data-element_type=\"section\" data-settings=\"{&quot;background_background&quot;:&quot;classic&quot;}\">\n\t\t\t\t\t\t<div class=\"elementor-container elementor-column-gap-default\">\n\t\t\t\t\t<div class=\"elementor-column elementor-col-100 elementor-top-column elementor-element elementor-element-91ba38b\" data-id=\"91ba38b\" data-element_type=\"column\">\n\t\t\t<div class=\"elementor-widget-wrap elementor-element-populated\">\n\t\t\t\t\t\t<div class=\"elementor-element elementor-element-912a9b5 elementor-widget elementor-widget-spacer\" data-id=\"912a9b5\" data-element_type=\"widget\" data-widget_type=\"spacer.default\">\n\t\t\t\t<div class=\"elementor-widget-container\">\n\t\t\t\t\t<div class=\"elementor-spacer\">\n\t\t\t<div class=\"elementor-spacer-inner\"><\/div>\n\t\t<\/div>\n\t\t\t\t<\/div>\n\t\t\t\t<\/div>\n\t\t\t\t\t<\/div>\n\t\t<\/div>\n\t\t\t\t\t<\/div>\n\t\t<\/section>\n\t\t\t\t<section class=\"elementor-section elementor-top-section elementor-element elementor-element-1ec1b7a elementor-section-boxed elementor-section-height-default elementor-section-height-default\" data-id=\"1ec1b7a\" data-element_type=\"section\" data-settings=\"{&quot;background_background&quot;:&quot;classic&quot;}\">\n\t\t\t\t\t\t<div class=\"elementor-container elementor-column-gap-default\">\n\t\t\t\t\t<div class=\"elementor-column elementor-col-100 elementor-top-column elementor-element elementor-element-8632aa4\" data-id=\"8632aa4\" data-element_type=\"column\" data-settings=\"{&quot;background_background&quot;:&quot;classic&quot;}\">\n\t\t\t<div class=\"elementor-widget-wrap elementor-element-populated\">\n\t\t\t\t\t\t<div class=\"elementor-element elementor-element-ab7ca26 elementor-widget elementor-widget-heading\" data-id=\"ab7ca26\" data-element_type=\"widget\" data-widget_type=\"heading.default\">\n\t\t\t\t<div class=\"elementor-widget-container\">\n\t\t\t<h3 class=\"elementor-heading-title elementor-size-medium\">Conhe\u00e7a os Artistas<\/h3>\t\t<\/div>\n\t\t\t\t<\/div>\n\t\t\t\t\t<\/div>\n\t\t<\/div>\n\t\t\t\t\t<\/div>\n\t\t<\/section>\n\t\t\t\t<section class=\"elementor-section elementor-top-section elementor-element elementor-element-38607a2 elementor-section-boxed elementor-section-height-default elementor-section-height-default\" data-id=\"38607a2\" data-element_type=\"section\" data-settings=\"{&quot;background_background&quot;:&quot;classic&quot;}\">\n\t\t\t\t\t\t<div class=\"elementor-container elementor-column-gap-default\">\n\t\t\t\t\t<div class=\"elementor-column elementor-col-100 elementor-top-column elementor-element elementor-element-2718526\" data-id=\"2718526\" data-element_type=\"column\">\n\t\t\t<div class=\"elementor-widget-wrap elementor-element-populated\">\n\t\t\t\t\t\t<div class=\"elementor-element elementor-element-1ae25b5 elementor-arrows-position-inside elementor-pagination-position-outside elementor-widget elementor-widget-image-carousel\" data-id=\"1ae25b5\" data-element_type=\"widget\" data-settings=\"{&quot;slides_to_show&quot;:&quot;3&quot;,&quot;infinite&quot;:&quot;no&quot;,&quot;navigation&quot;:&quot;both&quot;,&quot;autoplay&quot;:&quot;yes&quot;,&quot;pause_on_hover&quot;:&quot;yes&quot;,&quot;pause_on_interaction&quot;:&quot;yes&quot;,&quot;autoplay_speed&quot;:5000,&quot;speed&quot;:500}\" data-widget_type=\"image-carousel.default\">\n\t\t\t\t<div class=\"elementor-widget-container\">\n\t\t\t\t\t<div class=\"elementor-image-carousel-wrapper swiper\" dir=\"ltr\">\n\t\t\t<div class=\"elementor-image-carousel swiper-wrapper\" aria-live=\"off\">\n\t\t\t\t\t\t\t\t<div class=\"swiper-slide\" role=\"group\" aria-roledescription=\"slide\" aria-label=\"1 de 18\"><a data-elementor-open-lightbox=\"yes\" data-elementor-lightbox-slideshow=\"1ae25b5\" data-elementor-lightbox-title=\"Arte: David Amen\" data-elementor-lightbox-description=\"Sobre o artista: David Amen \u00e9 cria do Complexo do Alem\u00e3o, co-fundador e produtor de comunica\u00e7\u00e3o do Instituto Ra\u00edzes em Movimento, jornalista, grafiteiro e ilustrador.\" data-e-action-hash=\"#elementor-action%3Aaction%3Dlightbox%26settings%3DeyJpZCI6NTc0MzYsInVybCI6Imh0dHBzOlwvXC9yaW9vbndhdGNoLm9yZy5iclwvd3AtY29udGVudFwvdXBsb2Fkc1wvMjAyMVwvMDdcLzZfRGF2aWQtQW1lbi0xLmpwZyIsInNsaWRlc2hvdyI6IjFhZTI1YjUifQ%3D%3D\" href=\"https:\/\/rioonwatch.org.br\/wp-content\/uploads\/2021\/07\/6_David-Amen-1.jpg\"><figure class=\"swiper-slide-inner\"><img decoding=\"async\" class=\"swiper-slide-image\" src=\"https:\/\/rioonwatch.org.br\/wp-content\/uploads\/2021\/07\/6_David-Amen-1-580x326.jpg\" alt=\"Arte: David Amen\" \/><figcaption class=\"elementor-image-carousel-caption\">Arte: David Amen<\/figcaption><\/figure><\/a><\/div><div class=\"swiper-slide\" role=\"group\" aria-roledescription=\"slide\" aria-label=\"2 de 18\"><a data-elementor-open-lightbox=\"yes\" data-elementor-lightbox-slideshow=\"1ae25b5\" data-elementor-lightbox-title=\"Arte: David Amen\" data-elementor-lightbox-description=\"Sobre o artista: David Amen \u00e9 cria do Complexo do Alem\u00e3o, co-fundador e produtor de comunica\u00e7\u00e3o do Instituto Ra\u00edzes em Movimento, jornalista, grafiteiro e ilustrador.\" data-e-action-hash=\"#elementor-action%3Aaction%3Dlightbox%26settings%3DeyJpZCI6NTc0MzcsInVybCI6Imh0dHBzOlwvXC9yaW9vbndhdGNoLm9yZy5iclwvd3AtY29udGVudFwvdXBsb2Fkc1wvMjAyMVwvMDdcLzdfRGF2aWQtQW1lbi0xLTEuanBnIiwic2xpZGVzaG93IjoiMWFlMjViNSJ9\" href=\"https:\/\/rioonwatch.org.br\/wp-content\/uploads\/2021\/07\/7_David-Amen-1-1.jpg\"><figure class=\"swiper-slide-inner\"><img decoding=\"async\" class=\"swiper-slide-image\" src=\"https:\/\/rioonwatch.org.br\/wp-content\/uploads\/2021\/07\/7_David-Amen-1-1-580x326.jpg\" alt=\"Arte: David Amen\" \/><figcaption class=\"elementor-image-carousel-caption\">Arte: David Amen<\/figcaption><\/figure><\/a><\/div><div class=\"swiper-slide\" role=\"group\" aria-roledescription=\"slide\" aria-label=\"3 de 18\"><a data-elementor-open-lightbox=\"yes\" data-elementor-lightbox-slideshow=\"1ae25b5\" data-elementor-lightbox-title=\"Arte: David Amen\" data-elementor-lightbox-description=\"Sobre o artista: David Amen \u00e9 cria do Complexo do Alem\u00e3o, co-fundador e produtor de comunica\u00e7\u00e3o do Instituto Ra\u00edzes em Movimento, jornalista, grafiteiro e ilustrador.\" data-e-action-hash=\"#elementor-action%3Aaction%3Dlightbox%26settings%3DeyJpZCI6NTc0MzgsInVybCI6Imh0dHBzOlwvXC9yaW9vbndhdGNoLm9yZy5iclwvd3AtY29udGVudFwvdXBsb2Fkc1wvMjAyMVwvMDdcLzhfRGF2aWQtQW1lbi5qcGciLCJzbGlkZXNob3ciOiIxYWUyNWI1In0%3D\" href=\"https:\/\/rioonwatch.org.br\/wp-content\/uploads\/2021\/07\/8_David-Amen.jpg\"><figure class=\"swiper-slide-inner\"><img decoding=\"async\" class=\"swiper-slide-image\" src=\"https:\/\/rioonwatch.org.br\/wp-content\/uploads\/2021\/07\/8_David-Amen-580x326.jpg\" alt=\"Arte: David Amen\" \/><figcaption class=\"elementor-image-carousel-caption\">Arte: David Amen<\/figcaption><\/figure><\/a><\/div><div class=\"swiper-slide\" role=\"group\" aria-roledescription=\"slide\" aria-label=\"4 de 18\"><a data-elementor-open-lightbox=\"yes\" data-elementor-lightbox-slideshow=\"1ae25b5\" data-elementor-lightbox-title=\"Arte: Raquel Batista\" data-elementor-lightbox-description=\"Sobre a artista: Raquel Batista \u00e9 artista visual e trabalha como fot\u00f3grafa e ilustradora. \u00c9 estudante na Escola de Belas Artes da UFRJ, mulher negra e moradora da Zona Oeste do Rio. \" data-e-action-hash=\"#elementor-action%3Aaction%3Dlightbox%26settings%3DeyJpZCI6NTc0MzksInVybCI6Imh0dHBzOlwvXC9yaW9vbndhdGNoLm9yZy5iclwvd3AtY29udGVudFwvdXBsb2Fkc1wvMjAyMVwvMDdcLzhfUmFxdWVsLUJhdGlzdGEtMS5wbmciLCJzbGlkZXNob3ciOiIxYWUyNWI1In0%3D\" href=\"https:\/\/rioonwatch.org.br\/wp-content\/uploads\/2021\/07\/8_Raquel-Batista-1.png\"><figure class=\"swiper-slide-inner\"><img decoding=\"async\" class=\"swiper-slide-image\" src=\"https:\/\/rioonwatch.org.br\/wp-content\/uploads\/2021\/07\/8_Raquel-Batista-1-580x326.png\" alt=\"Arte: Raquel Batista\" \/><figcaption class=\"elementor-image-carousel-caption\">Arte: Raquel Batista<\/figcaption><\/figure><\/a><\/div><div class=\"swiper-slide\" role=\"group\" aria-roledescription=\"slide\" aria-label=\"5 de 18\"><a data-elementor-open-lightbox=\"yes\" data-elementor-lightbox-slideshow=\"1ae25b5\" data-elementor-lightbox-title=\"Arte: Natalia S. Flores\" data-elementor-lightbox-description=\"Sobre a artista: Natalia de Souza Flores \u00e9 cria da Zona Norte e integrante das Brabas Crew. Formada em Design Gr\u00e1fico pela Unigranrio em 2017, trabalha como designer desde 2015. Lan\u00e7ou a revista em quadrinhos coletiva \u2018T\u00e1 no Gibi\u2019, em 2017 na Bienal do Livro. Sua tem\u00e1tica principal \u00e9 afro usando elementos cyberpunk, wica e ind\u00edgena.\" data-e-action-hash=\"#elementor-action%3Aaction%3Dlightbox%26settings%3DeyJpZCI6NTc0NDIsInVybCI6Imh0dHBzOlwvXC9yaW9vbndhdGNoLm9yZy5iclwvd3AtY29udGVudFwvdXBsb2Fkc1wvMjAyMVwvMDdcLzEwX05hdGFsaWEtUy4tRmxvcmVzLTEuanBnIiwic2xpZGVzaG93IjoiMWFlMjViNSJ9\" href=\"https:\/\/rioonwatch.org.br\/wp-content\/uploads\/2021\/07\/10_Natalia-S.-Flores-1.jpg\"><figure class=\"swiper-slide-inner\"><img decoding=\"async\" class=\"swiper-slide-image\" src=\"https:\/\/rioonwatch.org.br\/wp-content\/uploads\/2021\/07\/10_Natalia-S.-Flores-1-580x326.jpg\" alt=\"Arte: Natalia S. Flores\" \/><figcaption class=\"elementor-image-carousel-caption\">Arte: Natalia S. Flores<\/figcaption><\/figure><\/a><\/div><div class=\"swiper-slide\" role=\"group\" aria-roledescription=\"slide\" aria-label=\"6 de 18\"><a data-elementor-open-lightbox=\"yes\" data-elementor-lightbox-slideshow=\"1ae25b5\" data-elementor-lightbox-title=\"Arte: Yara Santos\" data-elementor-lightbox-description=\"Sobre a artista: Yara Santos, ilustradora, estudante de design generalista pela Universidade de S\u00e3o Paulo, nascida e criada na periferia da Zona Sul de S\u00e3o Paulo, busca representar em suas artes elementos da cultura negra e perif\u00e9rica na qual ela est\u00e1 inserida. A maior parte de sua produ\u00e7\u00e3o se concentra em t\u00e9cnicas digitais.\" data-e-action-hash=\"#elementor-action%3Aaction%3Dlightbox%26settings%3DeyJpZCI6NTc0NDMsInVybCI6Imh0dHBzOlwvXC9yaW9vbndhdGNoLm9yZy5iclwvd3AtY29udGVudFwvdXBsb2Fkc1wvMjAyMVwvMDdcLzExX1lhcmEtU2FudG9zLTYyMHgyNjQtMi5qcGciLCJzbGlkZXNob3ciOiIxYWUyNWI1In0%3D\" href=\"https:\/\/rioonwatch.org.br\/wp-content\/uploads\/2021\/07\/11_Yara-Santos-620x264-2.jpg\"><figure class=\"swiper-slide-inner\"><img decoding=\"async\" class=\"swiper-slide-image\" src=\"https:\/\/rioonwatch.org.br\/wp-content\/uploads\/2021\/07\/11_Yara-Santos-620x264-2-580x264.jpg\" alt=\"Arte: Yara Santos\" \/><figcaption class=\"elementor-image-carousel-caption\">Arte: Yara Santos<\/figcaption><\/figure><\/a><\/div><div class=\"swiper-slide\" role=\"group\" aria-roledescription=\"slide\" aria-label=\"7 de 18\"><a data-elementor-open-lightbox=\"yes\" data-elementor-lightbox-slideshow=\"1ae25b5\" data-elementor-lightbox-title=\"Arte: Natalia S. Flores\" data-elementor-lightbox-description=\"Sobre a artista: Natalia de Souza Flores \u00e9 cria da Zona Norte e integrante das Brabas Crew. Formada em Design Gr\u00e1fico pela Unigranrio em 2017, trabalha como designer desde 2015. Lan\u00e7ou a revista em quadrinhos coletiva \u2018T\u00e1 no Gibi\u2019, em 2017 na Bienal do Livro. Sua tem\u00e1tica principal \u00e9 afro usando elementos cyberpunk, wica e ind\u00edgena.\" data-e-action-hash=\"#elementor-action%3Aaction%3Dlightbox%26settings%3DeyJpZCI6NTc0NDQsInVybCI6Imh0dHBzOlwvXC9yaW9vbndhdGNoLm9yZy5iclwvd3AtY29udGVudFwvdXBsb2Fkc1wvMjAyMVwvMDdcLzEyX05hdGFsaWEtUy4tRmxvcmVzLXNjYWxlZC0yLmpwZyIsInNsaWRlc2hvdyI6IjFhZTI1YjUifQ%3D%3D\" href=\"https:\/\/rioonwatch.org.br\/wp-content\/uploads\/2021\/07\/12_Natalia-S.-Flores-scaled-2.jpg\"><figure class=\"swiper-slide-inner\"><img decoding=\"async\" class=\"swiper-slide-image\" src=\"https:\/\/rioonwatch.org.br\/wp-content\/uploads\/2021\/07\/12_Natalia-S.-Flores-scaled-2-580x326.jpg\" alt=\"Arte: Natalia S. Flores\" \/><figcaption class=\"elementor-image-carousel-caption\">Arte: Natalia S. Flores<\/figcaption><\/figure><\/a><\/div><div class=\"swiper-slide\" role=\"group\" aria-roledescription=\"slide\" aria-label=\"8 de 18\"><a data-elementor-open-lightbox=\"yes\" data-elementor-lightbox-slideshow=\"1ae25b5\" data-elementor-lightbox-title=\"Arte: Raquel Batista\" data-elementor-lightbox-description=\"Sobre a artista: Raquel Batista \u00e9 artista visual e trabalha como fot\u00f3grafa e ilustradora. \u00c9 estudante na Escola de Belas Artes da UFRJ, mulher negra e moradora da Zona Oeste do Rio. \" data-e-action-hash=\"#elementor-action%3Aaction%3Dlightbox%26settings%3DeyJpZCI6NTc0NDUsInVybCI6Imh0dHBzOlwvXC9yaW9vbndhdGNoLm9yZy5iclwvd3AtY29udGVudFwvdXBsb2Fkc1wvMjAyMVwvMDdcLzEyX1JhcXVlbC1CYXRpc3RhLTEucG5nIiwic2xpZGVzaG93IjoiMWFlMjViNSJ9\" href=\"https:\/\/rioonwatch.org.br\/wp-content\/uploads\/2021\/07\/12_Raquel-Batista-1.png\"><figure class=\"swiper-slide-inner\"><img decoding=\"async\" class=\"swiper-slide-image\" src=\"https:\/\/rioonwatch.org.br\/wp-content\/uploads\/2021\/07\/12_Raquel-Batista-1-580x326.png\" alt=\"Arte: Raquel Batista\" \/><figcaption class=\"elementor-image-carousel-caption\">Arte: Raquel Batista<\/figcaption><\/figure><\/a><\/div><div class=\"swiper-slide\" role=\"group\" aria-roledescription=\"slide\" aria-label=\"9 de 18\"><a data-elementor-open-lightbox=\"yes\" data-elementor-lightbox-slideshow=\"1ae25b5\" data-elementor-lightbox-title=\"Arte: David Amen\" data-elementor-lightbox-description=\"Sobre o artista: David Amen \u00e9 cria do Complexo do Alem\u00e3o, co-fundador e produtor de comunica\u00e7\u00e3o do Instituto Ra\u00edzes em Movimento, jornalista, grafiteiro e ilustrador.\" data-e-action-hash=\"#elementor-action%3Aaction%3Dlightbox%26settings%3DeyJpZCI6NTc0NDYsInVybCI6Imh0dHBzOlwvXC9yaW9vbndhdGNoLm9yZy5iclwvd3AtY29udGVudFwvdXBsb2Fkc1wvMjAyMVwvMDdcLzEzX0RhdmlkLUFtZW4tMS5qcGciLCJzbGlkZXNob3ciOiIxYWUyNWI1In0%3D\" href=\"https:\/\/rioonwatch.org.br\/wp-content\/uploads\/2021\/07\/13_David-Amen-1.jpg\"><figure class=\"swiper-slide-inner\"><img decoding=\"async\" class=\"swiper-slide-image\" src=\"https:\/\/rioonwatch.org.br\/wp-content\/uploads\/2021\/07\/13_David-Amen-1-580x326.jpg\" alt=\"Arte: David Amen\" \/><figcaption class=\"elementor-image-carousel-caption\">Arte: David Amen<\/figcaption><\/figure><\/a><\/div><div class=\"swiper-slide\" role=\"group\" aria-roledescription=\"slide\" aria-label=\"10 de 18\"><a data-elementor-open-lightbox=\"yes\" data-elementor-lightbox-slideshow=\"1ae25b5\" data-elementor-lightbox-title=\"Arte: David Amen\" data-elementor-lightbox-description=\"Sobre o artista: David Amen \u00e9 cria do Complexo do Alem\u00e3o, co-fundador e produtor de comunica\u00e7\u00e3o do Instituto Ra\u00edzes em Movimento, jornalista, grafiteiro e ilustrador.\" data-e-action-hash=\"#elementor-action%3Aaction%3Dlightbox%26settings%3DeyJpZCI6NTc0NDcsInVybCI6Imh0dHBzOlwvXC9yaW9vbndhdGNoLm9yZy5iclwvd3AtY29udGVudFwvdXBsb2Fkc1wvMjAyMVwvMDdcL0RhdmlkLUFtZW0xLTEuanBnIiwic2xpZGVzaG93IjoiMWFlMjViNSJ9\" href=\"https:\/\/rioonwatch.org.br\/wp-content\/uploads\/2021\/07\/David-Amem1-1.jpg\"><figure class=\"swiper-slide-inner\"><img decoding=\"async\" class=\"swiper-slide-image\" src=\"https:\/\/rioonwatch.org.br\/wp-content\/uploads\/2021\/07\/David-Amem1-1-580x264.jpg\" alt=\"Arte: David Amen\" \/><figcaption class=\"elementor-image-carousel-caption\">Arte: David Amen<\/figcaption><\/figure><\/a><\/div><div class=\"swiper-slide\" role=\"group\" aria-roledescription=\"slide\" aria-label=\"11 de 18\"><a data-elementor-open-lightbox=\"yes\" data-elementor-lightbox-slideshow=\"1ae25b5\" data-elementor-lightbox-title=\"Arte: David Amen\" data-elementor-lightbox-description=\"Sobre o artista: David Amen \u00e9 cria do Complexo do Alem\u00e3o, co-fundador e produtor de comunica\u00e7\u00e3o do Instituto Ra\u00edzes em Movimento, jornalista, grafiteiro e ilustrador.\" data-e-action-hash=\"#elementor-action%3Aaction%3Dlightbox%26settings%3DeyJpZCI6NTc0NDgsInVybCI6Imh0dHBzOlwvXC9yaW9vbndhdGNoLm9yZy5iclwvd3AtY29udGVudFwvdXBsb2Fkc1wvMjAyMVwvMDdcL0RhdmlkLUFtZW0yLTEuanBnIiwic2xpZGVzaG93IjoiMWFlMjViNSJ9\" href=\"https:\/\/rioonwatch.org.br\/wp-content\/uploads\/2021\/07\/David-Amem2-1.jpg\"><figure class=\"swiper-slide-inner\"><img decoding=\"async\" class=\"swiper-slide-image\" src=\"https:\/\/rioonwatch.org.br\/wp-content\/uploads\/2021\/07\/David-Amem2-1-580x326.jpg\" alt=\"Arte: David Amen\" \/><figcaption class=\"elementor-image-carousel-caption\">Arte: David Amen<\/figcaption><\/figure><\/a><\/div><div class=\"swiper-slide\" role=\"group\" aria-roledescription=\"slide\" aria-label=\"12 de 18\"><a data-elementor-open-lightbox=\"yes\" data-elementor-lightbox-slideshow=\"1ae25b5\" data-elementor-lightbox-title=\"Arte: David Amen\" data-elementor-lightbox-description=\"Sobre o artista: David Amen \u00e9 cria do Complexo do Alem\u00e3o, co-fundador e produtor de comunica\u00e7\u00e3o do Instituto Ra\u00edzes em Movimento, jornalista, grafiteiro e ilustrador.\" data-e-action-hash=\"#elementor-action%3Aaction%3Dlightbox%26settings%3DeyJpZCI6NTc0NTEsInVybCI6Imh0dHBzOlwvXC9yaW9vbndhdGNoLm9yZy5iclwvd3AtY29udGVudFwvdXBsb2Fkc1wvMjAyMVwvMDdcL0thdGhsZW4tUHJlc2VudGUtcG9yLURhdmlkLUFtZW4uanBnIiwic2xpZGVzaG93IjoiMWFlMjViNSJ9\" href=\"https:\/\/rioonwatch.org.br\/wp-content\/uploads\/2021\/07\/Kathlen-Presente-por-David-Amen.jpg\"><figure class=\"swiper-slide-inner\"><img decoding=\"async\" class=\"swiper-slide-image\" src=\"https:\/\/rioonwatch.org.br\/wp-content\/uploads\/2021\/07\/Kathlen-Presente-por-David-Amen-580x326.jpg\" alt=\"Arte: David Amen\" \/><figcaption class=\"elementor-image-carousel-caption\">Arte: David Amen<\/figcaption><\/figure><\/a><\/div><div class=\"swiper-slide\" role=\"group\" aria-roledescription=\"slide\" aria-label=\"13 de 18\"><a data-elementor-open-lightbox=\"yes\" data-elementor-lightbox-slideshow=\"1ae25b5\" data-elementor-lightbox-title=\"Arte: Nat\u00e1lia S. Flores\" data-elementor-lightbox-description=\"Sobre a artista: Natalia de Souza Flores \u00e9 cria da Zona Norte e integrante das Brabas Crew. Formada em Design Gr\u00e1fico pela Unigranrio em 2017, trabalha como designer desde 2015. Lan\u00e7ou a revista em quadrinhos coletiva \u2018T\u00e1 no Gibi\u2019, em 2017 na Bienal do Livro. Sua tem\u00e1tica principal \u00e9 afro usando elementos cyberpunk, wica e ind\u00edgena.\" data-e-action-hash=\"#elementor-action%3Aaction%3Dlightbox%26settings%3DeyJpZCI6NTc0NTIsInVybCI6Imh0dHBzOlwvXC9yaW9vbndhdGNoLm9yZy5iclwvd3AtY29udGVudFwvdXBsb2Fkc1wvMjAyMVwvMDdcL05hdGFsaWEtUy4tRmxvcmVzLTEuanBnIiwic2xpZGVzaG93IjoiMWFlMjViNSJ9\" href=\"https:\/\/rioonwatch.org.br\/wp-content\/uploads\/2021\/07\/Natalia-S.-Flores-1.jpg\"><figure class=\"swiper-slide-inner\"><img decoding=\"async\" class=\"swiper-slide-image\" src=\"https:\/\/rioonwatch.org.br\/wp-content\/uploads\/2021\/07\/Natalia-S.-Flores-1-580x326.jpg\" alt=\"Arte: Nat\u00e1lia S. Flores\" \/><figcaption class=\"elementor-image-carousel-caption\">Arte: Nat\u00e1lia S. Flores<\/figcaption><\/figure><\/a><\/div><div class=\"swiper-slide\" role=\"group\" aria-roledescription=\"slide\" aria-label=\"14 de 18\"><a data-elementor-open-lightbox=\"yes\" data-elementor-lightbox-slideshow=\"1ae25b5\" data-elementor-lightbox-title=\"Arte: Raquel Batista\" data-elementor-lightbox-description=\"Sobre a artista: Raquel Batista \u00e9 artista visual e trabalha como fot\u00f3grafa e ilustradora. \u00c9 estudante na Escola de Belas Artes da UFRJ, mulher negra e moradora da Zona Oeste do Rio. \" data-e-action-hash=\"#elementor-action%3Aaction%3Dlightbox%26settings%3DeyJpZCI6NTc0NTMsInVybCI6Imh0dHBzOlwvXC9yaW9vbndhdGNoLm9yZy5iclwvd3AtY29udGVudFwvdXBsb2Fkc1wvMjAyMVwvMDdcL1JhcXVlbC1CYXN0aXN0YTMucG5nIiwic2xpZGVzaG93IjoiMWFlMjViNSJ9\" href=\"https:\/\/rioonwatch.org.br\/wp-content\/uploads\/2021\/07\/Raquel-Bastista3.png\"><figure class=\"swiper-slide-inner\"><img decoding=\"async\" class=\"swiper-slide-image\" src=\"https:\/\/rioonwatch.org.br\/wp-content\/uploads\/2021\/07\/Raquel-Bastista3-580x326.png\" alt=\"Arte: Raquel Batista\" \/><figcaption class=\"elementor-image-carousel-caption\">Arte: Raquel Batista<\/figcaption><\/figure><\/a><\/div><div class=\"swiper-slide\" role=\"group\" aria-roledescription=\"slide\" aria-label=\"15 de 18\"><a data-elementor-open-lightbox=\"yes\" data-elementor-lightbox-slideshow=\"1ae25b5\" data-elementor-lightbox-title=\"Arte: Raquel Batista\" data-elementor-lightbox-description=\"Sobre a artista: Raquel Batista \u00e9 artista visual e trabalha como fot\u00f3grafa e ilustradora. \u00c9 estudante na Escola de Belas Artes da UFRJ, mulher negra e moradora da Zona Oeste do Rio. \" data-e-action-hash=\"#elementor-action%3Aaction%3Dlightbox%26settings%3DeyJpZCI6NTc0NTQsInVybCI6Imh0dHBzOlwvXC9yaW9vbndhdGNoLm9yZy5iclwvd3AtY29udGVudFwvdXBsb2Fkc1wvMjAyMVwvMDdcL1JhcXVlbC1CYXRpc3RhMS0xLnBuZyIsInNsaWRlc2hvdyI6IjFhZTI1YjUifQ%3D%3D\" href=\"https:\/\/rioonwatch.org.br\/wp-content\/uploads\/2021\/07\/Raquel-Batista1-1.png\"><figure class=\"swiper-slide-inner\"><img decoding=\"async\" class=\"swiper-slide-image\" src=\"https:\/\/rioonwatch.org.br\/wp-content\/uploads\/2021\/07\/Raquel-Batista1-1-580x326.png\" alt=\"Arte: Raquel Batista\" \/><figcaption class=\"elementor-image-carousel-caption\">Arte: Raquel Batista<\/figcaption><\/figure><\/a><\/div><div class=\"swiper-slide\" role=\"group\" aria-roledescription=\"slide\" aria-label=\"16 de 18\"><a data-elementor-open-lightbox=\"yes\" data-elementor-lightbox-slideshow=\"1ae25b5\" data-elementor-lightbox-title=\"Arte: Raquel Batista\" data-elementor-lightbox-description=\"Sobre a artista: Raquel Batista \u00e9 artista visual e trabalha como fot\u00f3grafa e ilustradora. \u00c9 estudante na Escola de Belas Artes da UFRJ, mulher negra e moradora da Zona Oeste do Rio. \" data-e-action-hash=\"#elementor-action%3Aaction%3Dlightbox%26settings%3DeyJpZCI6NTc0NTUsInVybCI6Imh0dHBzOlwvXC9yaW9vbndhdGNoLm9yZy5iclwvd3AtY29udGVudFwvdXBsb2Fkc1wvMjAyMVwvMDdcL1JhcXVlbC1CYXRpc3RhLTEtc2NhbGVkLmpwZyIsInNsaWRlc2hvdyI6IjFhZTI1YjUifQ%3D%3D\" href=\"https:\/\/rioonwatch.org.br\/wp-content\/uploads\/2021\/07\/Raquel-Batista-1-scaled.jpg\"><figure class=\"swiper-slide-inner\"><img decoding=\"async\" class=\"swiper-slide-image\" src=\"https:\/\/rioonwatch.org.br\/wp-content\/uploads\/2021\/07\/Raquel-Batista-1-580x326.jpg\" alt=\"Arte: Raquel Batista\" \/><figcaption class=\"elementor-image-carousel-caption\">Arte: Raquel Batista<\/figcaption><\/figure><\/a><\/div><div class=\"swiper-slide\" role=\"group\" aria-roledescription=\"slide\" aria-label=\"17 de 18\"><a data-elementor-open-lightbox=\"yes\" data-elementor-lightbox-slideshow=\"1ae25b5\" data-elementor-lightbox-title=\"Arte: Raquel Batista\" data-elementor-lightbox-description=\"Sobre a artista: Raquel Batista \u00e9 artista visual e trabalha como fot\u00f3grafa e ilustradora. \u00c9 estudante na Escola de Belas Artes da UFRJ, mulher negra e moradora da Zona Oeste do Rio. \" data-e-action-hash=\"#elementor-action%3Aaction%3Dlightbox%26settings%3DeyJpZCI6NTc0NTYsInVybCI6Imh0dHBzOlwvXC9yaW9vbndhdGNoLm9yZy5iclwvd3AtY29udGVudFwvdXBsb2Fkc1wvMjAyMVwvMDdcL1JhcXVlbC1CYXRpc3RhLTEucG5nIiwic2xpZGVzaG93IjoiMWFlMjViNSJ9\" href=\"https:\/\/rioonwatch.org.br\/wp-content\/uploads\/2021\/07\/Raquel-Batista-1.png\"><figure class=\"swiper-slide-inner\"><img decoding=\"async\" class=\"swiper-slide-image\" src=\"https:\/\/rioonwatch.org.br\/wp-content\/uploads\/2021\/07\/Raquel-Batista-1-580x264.png\" alt=\"Arte: Raquel Batista\" \/><figcaption class=\"elementor-image-carousel-caption\">Arte: Raquel Batista<\/figcaption><\/figure><\/a><\/div><div class=\"swiper-slide\" role=\"group\" aria-roledescription=\"slide\" aria-label=\"18 de 18\"><a data-elementor-open-lightbox=\"yes\" data-elementor-lightbox-slideshow=\"1ae25b5\" data-elementor-lightbox-title=\"Arte: J\u00f4natas Ariel\" data-elementor-lightbox-description=\"J\u00f4natas Ariel \u00e9 ilustrador e desenhista digital. J\u00f4natas vive no sub\u00farbio do Rio de Janeiro.\" data-e-action-hash=\"#elementor-action%3Aaction%3Dlightbox%26settings%3DeyJpZCI6NTc0MzMsInVybCI6Imh0dHBzOlwvXC9yaW9vbndhdGNoLm9yZy5iclwvd3AtY29udGVudFwvdXBsb2Fkc1wvMjAyMVwvMDdcL0FydGUtb3JpZ2luYWwtcG9yLUpvbmFzLUFyaWVsLnBuZyIsInNsaWRlc2hvdyI6IjFhZTI1YjUifQ%3D%3D\" href=\"https:\/\/rioonwatch.org.br\/wp-content\/uploads\/2021\/07\/Arte-original-por-Jonas-Ariel.png\"><figure class=\"swiper-slide-inner\"><img decoding=\"async\" class=\"swiper-slide-image\" src=\"https:\/\/rioonwatch.org.br\/wp-content\/uploads\/2021\/07\/Arte-original-por-Jonas-Ariel-580x326.png\" alt=\"Arte: J\u00f4natas Ariel\" \/><figcaption class=\"elementor-image-carousel-caption\">Arte: J\u00f4natas Ariel<\/figcaption><\/figure><\/a><\/div>\t\t\t<\/div>\n\t\t\t\t\t\t\t\t\t\t\t\t<div class=\"elementor-swiper-button elementor-swiper-button-prev\" role=\"button\" tabindex=\"0\">\n\t\t\t\t\t\t<i aria-hidden=\"true\" class=\"eicon-chevron-left\"><\/i>\t\t\t\t\t<\/div>\n\t\t\t\t\t<div class=\"elementor-swiper-button elementor-swiper-button-next\" role=\"button\" tabindex=\"0\">\n\t\t\t\t\t\t<i aria-hidden=\"true\" class=\"eicon-chevron-right\"><\/i>\t\t\t\t\t<\/div>\n\t\t\t\t\n\t\t\t\t\t\t\t\t\t<div class=\"swiper-pagination\"><\/div>\n\t\t\t\t\t\t\t\t\t<\/div>\n\t\t\t\t<\/div>\n\t\t\t\t<\/div>\n\t\t\t\t\t<\/div>\n\t\t<\/div>\n\t\t\t\t\t<\/div>\n\t\t<\/section>\n\t\t\t\t<section class=\"elementor-section elementor-top-section elementor-element elementor-element-6fb2b10 elementor-section-boxed elementor-section-height-default elementor-section-height-default\" data-id=\"6fb2b10\" data-element_type=\"section\" data-settings=\"{&quot;background_background&quot;:&quot;classic&quot;}\">\n\t\t\t\t\t\t<div class=\"elementor-container elementor-column-gap-default\">\n\t\t\t\t\t<div class=\"elementor-column elementor-col-100 elementor-top-column elementor-element elementor-element-2ab7587\" data-id=\"2ab7587\" data-element_type=\"column\">\n\t\t\t<div class=\"elementor-widget-wrap elementor-element-populated\">\n\t\t\t\t\t\t<div class=\"elementor-element elementor-element-a6427bc elementor-widget elementor-widget-spacer\" data-id=\"a6427bc\" data-element_type=\"widget\" data-widget_type=\"spacer.default\">\n\t\t\t\t<div class=\"elementor-widget-container\">\n\t\t\t\t\t<div class=\"elementor-spacer\">\n\t\t\t<div class=\"elementor-spacer-inner\"><\/div>\n\t\t<\/div>\n\t\t\t\t<\/div>\n\t\t\t\t<\/div>\n\t\t\t\t\t<\/div>\n\t\t<\/div>\n\t\t\t\t\t<\/div>\n\t\t<\/section>\n\t\t\t\t<\/div>\n\t\t<!-- AddThis Advanced Settings generic via filter on the_content --><!-- AddThis Share Buttons generic via filter on the_content -->","protected":false},"excerpt":{"rendered":"<div class=\"mh-excerpt\"><p>Com a proposta de fomentar um debate contra o racismo de dentro para fora, com foco nas vozes das favelas do Rio, tendo como meio o jornalismo comunit\u00e1rio para provocar o di\u00e1logo urgente que precisamos, <a class=\"mh-excerpt-more\" href=\"https:\/\/rioonwatch.org.br\/?page_id=57426\" title=\"S\u00e9rie: Antirracismo\">[&#8230;]<\/a><!-- AddThis Advanced Settings generic via filter on get_the_excerpt --><!-- AddThis Share Buttons generic via filter on get_the_excerpt --><\/p>\n<\/div>","protected":false},"author":3,"featured_media":58337,"parent":0,"menu_order":0,"comment_status":"closed","ping_status":"closed","template":"elementor_header_footer","meta":{"_acf_changed":false,"_monsterinsights_skip_tracking":false,"_monsterinsights_sitenote_active":false,"_monsterinsights_sitenote_note":"","_monsterinsights_sitenote_category":0,"footnotes":""},"class_list":["post-57426","page","type-page","status-publish","has-post-thumbnail"],"acf":[],"yoast_head":"<!-- This site is optimized with the Yoast SEO plugin v25.6 - https:\/\/yoast.com\/wordpress\/plugins\/seo\/ -->\n<title>S\u00e9rie: Antirracismo - RioOnWatch<\/title>\n<meta name=\"robots\" content=\"index, follow, max-snippet:-1, max-image-preview:large, max-video-preview:-1\" \/>\n<link rel=\"canonical\" href=\"https:\/\/rioonwatch.org.br\/?page_id=57426\" \/>\n<meta property=\"og:locale\" content=\"pt_BR\" \/>\n<meta property=\"og:type\" content=\"article\" \/>\n<meta property=\"og:title\" content=\"S\u00e9rie: Antirracismo - RioOnWatch\" \/>\n<meta property=\"og:description\" content=\"Com a proposta de fomentar um debate contra o racismo de dentro para fora, com foco nas vozes das favelas do Rio, tendo como meio o jornalismo comunit\u00e1rio para provocar o di\u00e1logo urgente que precisamos, [...]\" \/>\n<meta property=\"og:url\" content=\"https:\/\/rioonwatch.org.br\/?page_id=57426\" \/>\n<meta property=\"og:site_name\" content=\"RioOnWatch\" \/>\n<meta property=\"article:modified_time\" content=\"2022-02-28T20:26:59+00:00\" \/>\n<meta property=\"og:image\" content=\"https:\/\/rioonwatch.org.br\/wp-content\/uploads\/2021\/09\/SERIE-ANTIRRACISMO_ROW_FINAL.jpg\" \/>\n\t<meta property=\"og:image:width\" content=\"2400\" \/>\n\t<meta property=\"og:image:height\" content=\"1400\" \/>\n\t<meta property=\"og:image:type\" content=\"image\/jpeg\" \/>\n<meta name=\"twitter:card\" content=\"summary_large_image\" \/>\n<meta name=\"twitter:label1\" content=\"Est. tempo de leitura\" \/>\n\t<meta name=\"twitter:data1\" content=\"14 minutos\" \/>\n<script type=\"application\/ld+json\" class=\"yoast-schema-graph\">{\"@context\":\"https:\/\/schema.org\",\"@graph\":[{\"@type\":\"WebPage\",\"@id\":\"https:\/\/rioonwatch.org.br\/?page_id=57426\",\"url\":\"https:\/\/rioonwatch.org.br\/?page_id=57426\",\"name\":\"S\u00e9rie: Antirracismo - RioOnWatch\",\"isPartOf\":{\"@id\":\"https:\/\/rioonwatch.org.br\/#website\"},\"primaryImageOfPage\":{\"@id\":\"https:\/\/rioonwatch.org.br\/?page_id=57426#primaryimage\"},\"image\":{\"@id\":\"https:\/\/rioonwatch.org.br\/?page_id=57426#primaryimage\"},\"thumbnailUrl\":\"https:\/\/rioonwatch.org.br\/wp-content\/uploads\/2021\/09\/SERIE-ANTIRRACISMO_ROW_FINAL.jpg\",\"datePublished\":\"2021-07-29T16:54:40+00:00\",\"dateModified\":\"2022-02-28T20:26:59+00:00\",\"breadcrumb\":{\"@id\":\"https:\/\/rioonwatch.org.br\/?page_id=57426#breadcrumb\"},\"inLanguage\":\"pt-BR\",\"potentialAction\":[{\"@type\":\"ReadAction\",\"target\":[\"https:\/\/rioonwatch.org.br\/?page_id=57426\"]}]},{\"@type\":\"ImageObject\",\"inLanguage\":\"pt-BR\",\"@id\":\"https:\/\/rioonwatch.org.br\/?page_id=57426#primaryimage\",\"url\":\"https:\/\/rioonwatch.org.br\/wp-content\/uploads\/2021\/09\/SERIE-ANTIRRACISMO_ROW_FINAL.jpg\",\"contentUrl\":\"https:\/\/rioonwatch.org.br\/wp-content\/uploads\/2021\/09\/SERIE-ANTIRRACISMO_ROW_FINAL.jpg\",\"width\":2400,\"height\":1400},{\"@type\":\"BreadcrumbList\",\"@id\":\"https:\/\/rioonwatch.org.br\/?page_id=57426#breadcrumb\",\"itemListElement\":[{\"@type\":\"ListItem\",\"position\":1,\"name\":\"In\u00edcio\",\"item\":\"https:\/\/rioonwatch.org.br\/\"},{\"@type\":\"ListItem\",\"position\":2,\"name\":\"S\u00e9rie: Antirracismo\"}]},{\"@type\":\"WebSite\",\"@id\":\"https:\/\/rioonwatch.org.br\/#website\",\"url\":\"https:\/\/rioonwatch.org.br\/\",\"name\":\"RioOnWatch\",\"description\":\"relatos das favelas cariocas\",\"publisher\":{\"@id\":\"https:\/\/rioonwatch.org.br\/#organization\"},\"potentialAction\":[{\"@type\":\"SearchAction\",\"target\":{\"@type\":\"EntryPoint\",\"urlTemplate\":\"https:\/\/rioonwatch.org.br\/?s={search_term_string}\"},\"query-input\":{\"@type\":\"PropertyValueSpecification\",\"valueRequired\":true,\"valueName\":\"search_term_string\"}}],\"inLanguage\":\"pt-BR\"},{\"@type\":\"Organization\",\"@id\":\"https:\/\/rioonwatch.org.br\/#organization\",\"name\":\"RioOnWatch\",\"url\":\"https:\/\/rioonwatch.org.br\/\",\"logo\":{\"@type\":\"ImageObject\",\"inLanguage\":\"pt-BR\",\"@id\":\"https:\/\/rioonwatch.org.br\/#\/schema\/logo\/image\/\",\"url\":\"https:\/\/rioonwatch.org.br\/wp-content\/uploads\/2021\/06\/RioOnWatchcabecalhoPT11anos-2.png\",\"contentUrl\":\"https:\/\/rioonwatch.org.br\/wp-content\/uploads\/2021\/06\/RioOnWatchcabecalhoPT11anos-2.png\",\"width\":779,\"height\":277,\"caption\":\"RioOnWatch\"},\"image\":{\"@id\":\"https:\/\/rioonwatch.org.br\/#\/schema\/logo\/image\/\"}}]}<\/script>\n<!-- \/ Yoast SEO plugin. -->","yoast_head_json":{"title":"S\u00e9rie: Antirracismo - RioOnWatch","robots":{"index":"index","follow":"follow","max-snippet":"max-snippet:-1","max-image-preview":"max-image-preview:large","max-video-preview":"max-video-preview:-1"},"canonical":"https:\/\/rioonwatch.org.br\/?page_id=57426","og_locale":"pt_BR","og_type":"article","og_title":"S\u00e9rie: Antirracismo - RioOnWatch","og_description":"Com a proposta de fomentar um debate contra o racismo de dentro para fora, com foco nas vozes das favelas do Rio, tendo como meio o jornalismo comunit\u00e1rio para provocar o di\u00e1logo urgente que precisamos, [...]","og_url":"https:\/\/rioonwatch.org.br\/?page_id=57426","og_site_name":"RioOnWatch","article_modified_time":"2022-02-28T20:26:59+00:00","og_image":[{"width":2400,"height":1400,"url":"https:\/\/rioonwatch.org.br\/wp-content\/uploads\/2021\/09\/SERIE-ANTIRRACISMO_ROW_FINAL.jpg","type":"image\/jpeg"}],"twitter_card":"summary_large_image","twitter_misc":{"Est. tempo de leitura":"14 minutos"},"schema":{"@context":"https:\/\/schema.org","@graph":[{"@type":"WebPage","@id":"https:\/\/rioonwatch.org.br\/?page_id=57426","url":"https:\/\/rioonwatch.org.br\/?page_id=57426","name":"S\u00e9rie: Antirracismo - RioOnWatch","isPartOf":{"@id":"https:\/\/rioonwatch.org.br\/#website"},"primaryImageOfPage":{"@id":"https:\/\/rioonwatch.org.br\/?page_id=57426#primaryimage"},"image":{"@id":"https:\/\/rioonwatch.org.br\/?page_id=57426#primaryimage"},"thumbnailUrl":"https:\/\/rioonwatch.org.br\/wp-content\/uploads\/2021\/09\/SERIE-ANTIRRACISMO_ROW_FINAL.jpg","datePublished":"2021-07-29T16:54:40+00:00","dateModified":"2022-02-28T20:26:59+00:00","breadcrumb":{"@id":"https:\/\/rioonwatch.org.br\/?page_id=57426#breadcrumb"},"inLanguage":"pt-BR","potentialAction":[{"@type":"ReadAction","target":["https:\/\/rioonwatch.org.br\/?page_id=57426"]}]},{"@type":"ImageObject","inLanguage":"pt-BR","@id":"https:\/\/rioonwatch.org.br\/?page_id=57426#primaryimage","url":"https:\/\/rioonwatch.org.br\/wp-content\/uploads\/2021\/09\/SERIE-ANTIRRACISMO_ROW_FINAL.jpg","contentUrl":"https:\/\/rioonwatch.org.br\/wp-content\/uploads\/2021\/09\/SERIE-ANTIRRACISMO_ROW_FINAL.jpg","width":2400,"height":1400},{"@type":"BreadcrumbList","@id":"https:\/\/rioonwatch.org.br\/?page_id=57426#breadcrumb","itemListElement":[{"@type":"ListItem","position":1,"name":"In\u00edcio","item":"https:\/\/rioonwatch.org.br\/"},{"@type":"ListItem","position":2,"name":"S\u00e9rie: Antirracismo"}]},{"@type":"WebSite","@id":"https:\/\/rioonwatch.org.br\/#website","url":"https:\/\/rioonwatch.org.br\/","name":"RioOnWatch","description":"relatos das favelas cariocas","publisher":{"@id":"https:\/\/rioonwatch.org.br\/#organization"},"potentialAction":[{"@type":"SearchAction","target":{"@type":"EntryPoint","urlTemplate":"https:\/\/rioonwatch.org.br\/?s={search_term_string}"},"query-input":{"@type":"PropertyValueSpecification","valueRequired":true,"valueName":"search_term_string"}}],"inLanguage":"pt-BR"},{"@type":"Organization","@id":"https:\/\/rioonwatch.org.br\/#organization","name":"RioOnWatch","url":"https:\/\/rioonwatch.org.br\/","logo":{"@type":"ImageObject","inLanguage":"pt-BR","@id":"https:\/\/rioonwatch.org.br\/#\/schema\/logo\/image\/","url":"https:\/\/rioonwatch.org.br\/wp-content\/uploads\/2021\/06\/RioOnWatchcabecalhoPT11anos-2.png","contentUrl":"https:\/\/rioonwatch.org.br\/wp-content\/uploads\/2021\/06\/RioOnWatchcabecalhoPT11anos-2.png","width":779,"height":277,"caption":"RioOnWatch"},"image":{"@id":"https:\/\/rioonwatch.org.br\/#\/schema\/logo\/image\/"}}]}},"_links":{"self":[{"href":"https:\/\/rioonwatch.org.br\/index.php?rest_route=\/wp\/v2\/pages\/57426"}],"collection":[{"href":"https:\/\/rioonwatch.org.br\/index.php?rest_route=\/wp\/v2\/pages"}],"about":[{"href":"https:\/\/rioonwatch.org.br\/index.php?rest_route=\/wp\/v2\/types\/page"}],"author":[{"embeddable":true,"href":"https:\/\/rioonwatch.org.br\/index.php?rest_route=\/wp\/v2\/users\/3"}],"replies":[{"embeddable":true,"href":"https:\/\/rioonwatch.org.br\/index.php?rest_route=%2Fwp%2Fv2%2Fcomments&post=57426"}],"version-history":[{"count":149,"href":"https:\/\/rioonwatch.org.br\/index.php?rest_route=\/wp\/v2\/pages\/57426\/revisions"}],"predecessor-version":[{"id":60798,"href":"https:\/\/rioonwatch.org.br\/index.php?rest_route=\/wp\/v2\/pages\/57426\/revisions\/60798"}],"wp:featuredmedia":[{"embeddable":true,"href":"https:\/\/rioonwatch.org.br\/index.php?rest_route=\/wp\/v2\/media\/58337"}],"wp:attachment":[{"href":"https:\/\/rioonwatch.org.br\/index.php?rest_route=%2Fwp%2Fv2%2Fmedia&parent=57426"}],"curies":[{"name":"wp","href":"https:\/\/api.w.org\/{rel}","templated":true}]}}