{"id":67558,"date":"2023-07-01T08:50:07","date_gmt":"2023-07-01T11:50:07","guid":{"rendered":"https:\/\/rioonwatch.org.br\/?page_id=67558"},"modified":"2023-08-14T10:22:14","modified_gmt":"2023-08-14T13:22:14","slug":"serie-justica-climatica","status":"publish","type":"page","link":"https:\/\/rioonwatch.org.br\/?page_id=67558","title":{"rendered":"S\u00e9rie: Justi\u00e7a Clim\u00e1tica"},"content":{"rendered":"\t\t<div data-elementor-type=\"wp-page\" data-elementor-id=\"67558\" class=\"elementor elementor-67558\" data-elementor-post-type=\"page\">\n\t\t\t\t\t\t<section class=\"elementor-section elementor-top-section elementor-element elementor-element-2c9a78d elementor-section-full_width elementor-section-height-default elementor-section-height-default\" data-id=\"2c9a78d\" data-element_type=\"section\" data-settings=\"{&quot;background_background&quot;:&quot;classic&quot;}\">\n\t\t\t\t\t\t<div class=\"elementor-container elementor-column-gap-default\">\n\t\t\t\t\t<div class=\"elementor-column elementor-col-100 elementor-top-column elementor-element elementor-element-2e2ae53\" data-id=\"2e2ae53\" data-element_type=\"column\">\n\t\t\t<div class=\"elementor-widget-wrap elementor-element-populated\">\n\t\t\t\t\t\t<div class=\"elementor-element elementor-element-6a74b7a elementor-widget elementor-widget-image\" data-id=\"6a74b7a\" data-element_type=\"widget\" data-widget_type=\"image.default\">\n\t\t\t\t<div class=\"elementor-widget-container\">\n\t\t\t\t\t\t\t\t\t\t\t\t\t<img fetchpriority=\"high\" decoding=\"async\" width=\"2560\" height=\"387\" src=\"https:\/\/rioonwatch.org.br\/wp-content\/uploads\/2023\/05\/TIRA-2-Serie-Justica-Climatica-scaled.jpg\" class=\"attachment-full size-full wp-image-68522\" alt=\"\" srcset=\"https:\/\/rioonwatch.org.br\/wp-content\/uploads\/2023\/05\/TIRA-2-Serie-Justica-Climatica-scaled.jpg 2560w, https:\/\/rioonwatch.org.br\/wp-content\/uploads\/2023\/05\/TIRA-2-Serie-Justica-Climatica-620x94.jpg 620w, https:\/\/rioonwatch.org.br\/wp-content\/uploads\/2023\/05\/TIRA-2-Serie-Justica-Climatica-1536x232.jpg 1536w\" sizes=\"(max-width: 2560px) 100vw, 2560px\" \/>\t\t\t\t\t\t\t\t\t\t\t\t\t<\/div>\n\t\t\t\t<\/div>\n\t\t\t\t\t<\/div>\n\t\t<\/div>\n\t\t\t\t\t<\/div>\n\t\t<\/section>\n\t\t\t\t<section class=\"elementor-section elementor-top-section elementor-element elementor-element-0657fc6 elementor-section-boxed elementor-section-height-default elementor-section-height-default\" data-id=\"0657fc6\" data-element_type=\"section\" data-settings=\"{&quot;background_background&quot;:&quot;classic&quot;}\">\n\t\t\t\t\t\t<div class=\"elementor-container elementor-column-gap-default\">\n\t\t\t\t\t<div class=\"elementor-column elementor-col-100 elementor-top-column elementor-element elementor-element-c8995be\" data-id=\"c8995be\" data-element_type=\"column\">\n\t\t\t<div class=\"elementor-widget-wrap elementor-element-populated\">\n\t\t\t\t\t\t<div class=\"elementor-element elementor-element-cd12040 elementor-widget elementor-widget-text-editor\" data-id=\"cd12040\" data-element_type=\"widget\" data-widget_type=\"text-editor.default\">\n\t\t\t\t<div class=\"elementor-widget-container\">\n\t\t\t\t\t\t\t<p>A s\u00e9rie Justi\u00e7a Clim\u00e1tica do RioOnWatch visa estabelecer uma discuss\u00e3o acess\u00edvel sobre a rela\u00e7\u00e3o do meio ambiente e crise clim\u00e1tica com a justi\u00e7a social, proporcionando uma compreens\u00e3o hist\u00f3rica e trazendo \u00e0 luz solu\u00e7\u00f5es desenvolvidas nas favelas. Alternando-se entre den\u00fancias e proposi\u00e7\u00e3o, a s\u00e9rie vem desnudando o racismo ambiental, desvelando como certos territ\u00f3rios s\u00e3o mais vulner\u00e1veis \u00e0s emerg\u00eancias clim\u00e1ticas, ao passo em que tamb\u00e9m traz visibilidade \u00e0s in\u00fameras iniciativas comunit\u00e1rias transformadoras dessa realidade, reconhecendo os esfor\u00e7os de coletivos locais na solu\u00e7\u00e3o dessas urg\u00eancias.<\/p><p>\u00a0<\/p><p>A s\u00e9rie Justi\u00e7a Clim\u00e1tica faz parte do projeto \u201cRealizando o Direito \u00e0 Favela Atrav\u00e9s da Comunica\u00e7\u00e3o Comunit\u00e1ria e Popular\u201d. Justi\u00e7a clim\u00e1tica \u00e9 um dos quatro elementos cr\u00edticos para realizar o direito \u00e0 favela na vis\u00e3o do projeto. Os outros s\u00e3o: democracia, direitos humanos, e direito \u00e0 moradia.<\/p>\t\t\t\t\t\t<\/div>\n\t\t\t\t<\/div>\n\t\t\t\t\t<\/div>\n\t\t<\/div>\n\t\t\t\t\t<\/div>\n\t\t<\/section>\n\t\t\t\t<section class=\"elementor-section elementor-top-section elementor-element elementor-element-f72df33 elementor-section-boxed elementor-section-height-default elementor-section-height-default\" data-id=\"f72df33\" data-element_type=\"section\" data-settings=\"{&quot;background_background&quot;:&quot;classic&quot;}\">\n\t\t\t\t\t\t<div class=\"elementor-container elementor-column-gap-default\">\n\t\t\t\t\t<div class=\"elementor-column elementor-col-100 elementor-top-column elementor-element elementor-element-0774062\" data-id=\"0774062\" data-element_type=\"column\" data-settings=\"{&quot;background_background&quot;:&quot;classic&quot;}\">\n\t\t\t<div class=\"elementor-widget-wrap elementor-element-populated\">\n\t\t\t\t\t\t<div class=\"elementor-element elementor-element-9c8480d elementor-widget elementor-widget-heading\" data-id=\"9c8480d\" data-element_type=\"widget\" data-widget_type=\"heading.default\">\n\t\t\t\t<div class=\"elementor-widget-container\">\n\t\t\t<h3 class=\"elementor-heading-title elementor-size-medium\">Introduzindo a S\u00e9rie Justi\u00e7a Clim\u00e1tica<\/h3>\t\t<\/div>\n\t\t\t\t<\/div>\n\t\t\t\t\t<\/div>\n\t\t<\/div>\n\t\t\t\t\t<\/div>\n\t\t<\/section>\n\t\t\t\t<section class=\"elementor-section elementor-top-section elementor-element elementor-element-94f4dfb secao-posts1 elementor-section-boxed elementor-section-height-default elementor-section-height-default\" data-id=\"94f4dfb\" data-element_type=\"section\" data-settings=\"{&quot;background_background&quot;:&quot;classic&quot;}\">\n\t\t\t\t\t\t\t<div class=\"elementor-background-overlay\"><\/div>\n\t\t\t\t\t\t\t<div class=\"elementor-container elementor-column-gap-default\">\n\t\t\t\t\t<div class=\"elementor-column elementor-col-33 elementor-top-column elementor-element elementor-element-8ea3c06\" data-id=\"8ea3c06\" data-element_type=\"column\">\n\t\t\t<div class=\"elementor-widget-wrap elementor-element-populated\">\n\t\t\t\t\t\t<div class=\"elementor-element elementor-element-597af61 elementor-widget elementor-widget-image\" data-id=\"597af61\" data-element_type=\"widget\" data-widget_type=\"image.default\">\n\t\t\t\t<div class=\"elementor-widget-container\">\n\t\t\t\t\t\t\t\t\t\t\t\t\t\t<a href=\"https:\/\/rioonwatch.org.br\/?p=63141\" target=\"_blank\">\n\t\t\t\t\t\t\t<img decoding=\"async\" width=\"602\" height=\"256\" src=\"https:\/\/rioonwatch.org.br\/wp-content\/uploads\/2023\/04\/Imagem2.jpg\" class=\"attachment-medium size-medium wp-image-67559\" alt=\"\" \/>\t\t\t\t\t\t\t\t<\/a>\n\t\t\t\t\t\t\t\t\t\t\t\t\t<\/div>\n\t\t\t\t<\/div>\n\t\t\t\t<div class=\"elementor-element elementor-element-5692de3 elementor-widget elementor-widget-heading\" data-id=\"5692de3\" data-element_type=\"widget\" data-widget_type=\"heading.default\">\n\t\t\t\t<div class=\"elementor-widget-container\">\n\t\t\t<h2 class=\"elementor-heading-title elementor-size-default\"><a href=\"https:\/\/rioonwatch.org.br\/?p=63141\" target=\"_blank\">A Urg\u00eancia em Tornar as Favelas Resilientes \u00e0s Mudan\u00e7as Clim\u00e1ticas<\/a><\/h2>\t\t<\/div>\n\t\t\t\t<\/div>\n\t\t\t\t<div class=\"elementor-element elementor-element-71f23fd elementor-widget elementor-widget-text-editor\" data-id=\"71f23fd\" data-element_type=\"widget\" data-widget_type=\"text-editor.default\">\n\t\t\t\t<div class=\"elementor-widget-container\">\n\t\t\t\t\t\t\t<p>Favelas resilientes a desastres precisam de servi\u00e7os e de uma infraestrutura que vise uma urbaniza\u00e7\u00e3o sustent\u00e1vel. Al\u00e9m de investimentos, o governo precisa oferecer seguran\u00e7a e o direito \u00e0 perman\u00eancia aos moradores de \u00e1reas propensas a deslizamentos e enchentes atrav\u00e9s de pol\u00edticas p\u00fablicas, atuando em parceria com a popula\u00e7\u00e3o local.\u00a0<\/p>\t\t\t\t\t\t<\/div>\n\t\t\t\t<\/div>\n\t\t\t\t\t<\/div>\n\t\t<\/div>\n\t\t\t\t<div class=\"elementor-column elementor-col-33 elementor-top-column elementor-element elementor-element-f3f2ec5\" data-id=\"f3f2ec5\" data-element_type=\"column\">\n\t\t\t<div class=\"elementor-widget-wrap elementor-element-populated\">\n\t\t\t\t\t\t<div class=\"elementor-element elementor-element-7e26726 elementor-widget elementor-widget-image\" data-id=\"7e26726\" data-element_type=\"widget\" data-widget_type=\"image.default\">\n\t\t\t\t<div class=\"elementor-widget-container\">\n\t\t\t\t\t\t\t\t\t\t\t\t\t\t<a href=\"https:\/\/rioonwatch.org.br\/?p=66301\" target=\"_blank\">\n\t\t\t\t\t\t\t<img decoding=\"async\" width=\"620\" height=\"371\" src=\"https:\/\/rioonwatch.org.br\/wp-content\/uploads\/2022\/04\/Chuvas-2-e1649703335570-620x371.jpg\" class=\"attachment-medium size-medium wp-image-61279\" alt=\"Consequ\u00eancias de chuvas intensas e estiagem causam mais danos na periferia. Foto: Fernando Fraz\u00e3o \/ Ag\u00eancia Brasil\" srcset=\"https:\/\/rioonwatch.org.br\/wp-content\/uploads\/2022\/04\/Chuvas-2-e1649703335570-620x371.jpg 620w, https:\/\/rioonwatch.org.br\/wp-content\/uploads\/2022\/04\/Chuvas-2-e1649703335570.jpg 670w\" sizes=\"(max-width: 620px) 100vw, 620px\" \/>\t\t\t\t\t\t\t\t<\/a>\n\t\t\t\t\t\t\t\t\t\t\t\t\t<\/div>\n\t\t\t\t<\/div>\n\t\t\t\t<div class=\"elementor-element elementor-element-f978bae elementor-widget elementor-widget-heading\" data-id=\"f978bae\" data-element_type=\"widget\" data-widget_type=\"heading.default\">\n\t\t\t\t<div class=\"elementor-widget-container\">\n\t\t\t<h2 class=\"elementor-heading-title elementor-size-default\"><a href=\"https:\/\/rioonwatch.org.br\/?p=61270\" target=\"_blank\">O Que \u00c9 Justi\u00e7a Clim\u00e1tica na Vis\u00e3o de Lideran\u00e7as Comunit\u00e1rias da Rede Favela Sustent\u00e1vel<\/a><\/h2>\t\t<\/div>\n\t\t\t\t<\/div>\n\t\t\t\t<div class=\"elementor-element elementor-element-1c34213 elementor-widget elementor-widget-text-editor\" data-id=\"1c34213\" data-element_type=\"widget\" data-widget_type=\"text-editor.default\">\n\t\t\t\t<div class=\"elementor-widget-container\">\n\t\t\t\t\t\t\t<p>Por muito tempo, imaginou-se que as mudan\u00e7as clim\u00e1ticas seriam uma consequ\u00eancia para o futuro, mas documento do IPCC aponta que elas s\u00e3o um desafio do presente. Metade da popula\u00e7\u00e3o mundial j\u00e1 vive sob risco clim\u00e1tico. Esse cen\u00e1rio \u00e9 ainda mais grave para as popula\u00e7\u00f5es marginalizadas, como os moradores de favelas e periferias, ind\u00edgenas e quilombolas.<\/p>\t\t\t\t\t\t<\/div>\n\t\t\t\t<\/div>\n\t\t\t\t\t<\/div>\n\t\t<\/div>\n\t\t\t\t<div class=\"elementor-column elementor-col-33 elementor-top-column elementor-element elementor-element-74b4294\" data-id=\"74b4294\" data-element_type=\"column\">\n\t\t\t<div class=\"elementor-widget-wrap elementor-element-populated\">\n\t\t\t\t\t\t<div class=\"elementor-element elementor-element-89d943f elementor-widget elementor-widget-image\" data-id=\"89d943f\" data-element_type=\"widget\" data-widget_type=\"image.default\">\n\t\t\t\t<div class=\"elementor-widget-container\">\n\t\t\t\t\t\t\t\t\t\t\t\t\t\t<a href=\"https:\/\/rioonwatch.org.br\/?p=66301\" target=\"_blank\">\n\t\t\t\t\t\t\t<img loading=\"lazy\" decoding=\"async\" width=\"620\" height=\"206\" src=\"https:\/\/rioonwatch.org.br\/wp-content\/uploads\/2023\/03\/Mulheres-pretas-na-vanguarda-620x206.png\" class=\"attachment-medium size-medium wp-image-66347\" alt=\"\" srcset=\"https:\/\/rioonwatch.org.br\/wp-content\/uploads\/2023\/03\/Mulheres-pretas-na-vanguarda-620x206.png 620w, https:\/\/rioonwatch.org.br\/wp-content\/uploads\/2023\/03\/Mulheres-pretas-na-vanguarda-1536x511.png 1536w, https:\/\/rioonwatch.org.br\/wp-content\/uploads\/2023\/03\/Mulheres-pretas-na-vanguarda.png 2041w\" sizes=\"(max-width: 620px) 100vw, 620px\" \/>\t\t\t\t\t\t\t\t<\/a>\n\t\t\t\t\t\t\t\t\t\t\t\t\t<\/div>\n\t\t\t\t<\/div>\n\t\t\t\t<div class=\"elementor-element elementor-element-bb83448 elementor-widget elementor-widget-heading\" data-id=\"bb83448\" data-element_type=\"widget\" data-widget_type=\"heading.default\">\n\t\t\t\t<div class=\"elementor-widget-container\">\n\t\t\t<h2 class=\"elementor-heading-title elementor-size-default\"><a href=\"https:\/\/rioonwatch.org.br\/?p=66301\" target=\"_blank\">Amor \u00c9 Pol\u00edtica e Tecnologia na Luta Contra as Mudan\u00e7as Clim\u00e1ticas<\/a><\/h2>\t\t<\/div>\n\t\t\t\t<\/div>\n\t\t\t\t<div class=\"elementor-element elementor-element-61b039b elementor-widget elementor-widget-text-editor\" data-id=\"61b039b\" data-element_type=\"widget\" data-widget_type=\"text-editor.default\">\n\t\t\t\t<div class=\"elementor-widget-container\">\n\t\t\t\t\t\t\t<p>A\u00e7\u00e3o e as rela\u00e7\u00f5es s\u00e3o capazes de adiar finais de mundo. Nas quebradas, becos e ru\u00ednas de aldeias e quilombos, m\u00e3es afroind\u00edgenas sabem as pol\u00edticas p\u00fablicas mais eficientes na gest\u00e3o do caos. As mulheres pretas est\u00e3o criando estruturas pol\u00edticas que viabilizam a vida, a reconstru\u00e7\u00e3o da dignidade e do senso de comunidade na di\u00e1spora.<\/p>\t\t\t\t\t\t<\/div>\n\t\t\t\t<\/div>\n\t\t\t\t\t<\/div>\n\t\t<\/div>\n\t\t\t\t\t<\/div>\n\t\t<\/section>\n\t\t\t\t<section class=\"elementor-section elementor-top-section elementor-element elementor-element-fec47ec secao-posts1 elementor-section-boxed elementor-section-height-default elementor-section-height-default\" data-id=\"fec47ec\" data-element_type=\"section\" data-settings=\"{&quot;background_background&quot;:&quot;classic&quot;}\">\n\t\t\t\t\t\t<div class=\"elementor-container elementor-column-gap-default\">\n\t\t\t\t\t<div class=\"elementor-column elementor-col-33 elementor-top-column elementor-element elementor-element-65d3608\" data-id=\"65d3608\" data-element_type=\"column\">\n\t\t\t<div class=\"elementor-widget-wrap elementor-element-populated\">\n\t\t\t\t\t\t<div class=\"elementor-element elementor-element-8ebe782 elementor-widget elementor-widget-image\" data-id=\"8ebe782\" data-element_type=\"widget\" data-widget_type=\"image.default\">\n\t\t\t\t<div class=\"elementor-widget-container\">\n\t\t\t\t\t\t\t\t\t\t\t\t\t\t<a href=\"https:\/\/rioonwatch.org.br\/?p=61270\" target=\"_blank\">\n\t\t\t\t\t\t\t<img loading=\"lazy\" decoding=\"async\" width=\"620\" height=\"392\" src=\"https:\/\/rioonwatch.org.br\/wp-content\/uploads\/2022\/03\/mudancas-climaticas-1-620x392.webp\" class=\"attachment-medium size-medium wp-image-61085\" alt=\"Em 2011, cinco cidades da Regi\u00e3o Serrana do Rio foram atingidas por uma forte tempestade que deixou 918 mortos. Foto: Marino Azevedo \/ Governo do Estado RJ\" srcset=\"https:\/\/rioonwatch.org.br\/wp-content\/uploads\/2022\/03\/mudancas-climaticas-1-620x392.webp 620w, https:\/\/rioonwatch.org.br\/wp-content\/uploads\/2022\/03\/mudancas-climaticas-1-995x629.webp 995w, https:\/\/rioonwatch.org.br\/wp-content\/uploads\/2022\/03\/mudancas-climaticas-1-768x485.webp 768w, https:\/\/rioonwatch.org.br\/wp-content\/uploads\/2022\/03\/mudancas-climaticas-1.webp 1008w\" sizes=\"(max-width: 620px) 100vw, 620px\" \/>\t\t\t\t\t\t\t\t<\/a>\n\t\t\t\t\t\t\t\t\t\t\t\t\t<\/div>\n\t\t\t\t<\/div>\n\t\t\t\t<div class=\"elementor-element elementor-element-285ad18 elementor-widget elementor-widget-heading\" data-id=\"285ad18\" data-element_type=\"widget\" data-widget_type=\"heading.default\">\n\t\t\t\t<div class=\"elementor-widget-container\">\n\t\t\t<h2 class=\"elementor-heading-title elementor-size-default\"><a href=\"https:\/\/rioonwatch.org.br\/?p=61081\" target=\"_blank\">Qual a Rela\u00e7\u00e3o das Chuvas com as Mudan\u00e7as Clim\u00e1ticas e Como Isso Afeta Quem Vive nas Favelas e Periferias?<\/a><\/h2>\t\t<\/div>\n\t\t\t\t<\/div>\n\t\t\t\t<div class=\"elementor-element elementor-element-d9eb82f elementor-widget elementor-widget-text-editor\" data-id=\"d9eb82f\" data-element_type=\"widget\" data-widget_type=\"text-editor.default\">\n\t\t\t\t<div class=\"elementor-widget-container\">\n\t\t\t\t\t\t\t<p>Se pessoas de uma determinada classe social, g\u00eanero ou cor s\u00e3o mais atingidas do que outras por eventos clim\u00e1ticos extremos, fica evidente que h\u00e1 (in)justi\u00e7a clim\u00e1tica e racismo clim\u00e1tico. Os atravessamentos sociais, pol\u00edticos e econ\u00f4micos que estruturam as rela\u00e7\u00f5es de poder na sociedade tamb\u00e9m se fazem presentes no meio ambiente.\u00a0<\/p>\t\t\t\t\t\t<\/div>\n\t\t\t\t<\/div>\n\t\t\t\t\t<\/div>\n\t\t<\/div>\n\t\t\t\t<div class=\"elementor-column elementor-col-33 elementor-top-column elementor-element elementor-element-8fa87af\" data-id=\"8fa87af\" data-element_type=\"column\">\n\t\t\t<div class=\"elementor-widget-wrap elementor-element-populated\">\n\t\t\t\t\t\t<div class=\"elementor-element elementor-element-dc9cb51 elementor-widget elementor-widget-image\" data-id=\"dc9cb51\" data-element_type=\"widget\" data-widget_type=\"image.default\">\n\t\t\t\t<div class=\"elementor-widget-container\">\n\t\t\t\t\t\t\t\t\t\t\t\t\t\t<a href=\"https:\/\/rioonwatch.org.br\/?p=61343\" target=\"_blank\">\n\t\t\t\t\t\t\t<img loading=\"lazy\" decoding=\"async\" width=\"620\" height=\"414\" src=\"https:\/\/rioonwatch.org.br\/wp-content\/uploads\/2022\/04\/Vale-Encantado-visto-de-cima-620x414.jpg\" class=\"attachment-medium size-medium wp-image-61372\" alt=\"Ao todo, s\u00e3o 27 casas na comunidade que existe h\u00e1 mais de cem anos. Foto: Douglas Dobby\" srcset=\"https:\/\/rioonwatch.org.br\/wp-content\/uploads\/2022\/04\/Vale-Encantado-visto-de-cima-620x414.jpg 620w, https:\/\/rioonwatch.org.br\/wp-content\/uploads\/2022\/04\/Vale-Encantado-visto-de-cima-942x629.jpg 942w, https:\/\/rioonwatch.org.br\/wp-content\/uploads\/2022\/04\/Vale-Encantado-visto-de-cima-768x513.jpg 768w\" sizes=\"(max-width: 620px) 100vw, 620px\" \/>\t\t\t\t\t\t\t\t<\/a>\n\t\t\t\t\t\t\t\t\t\t\t\t\t<\/div>\n\t\t\t\t<\/div>\n\t\t\t\t<div class=\"elementor-element elementor-element-049196a elementor-widget elementor-widget-heading\" data-id=\"049196a\" data-element_type=\"widget\" data-widget_type=\"heading.default\">\n\t\t\t\t<div class=\"elementor-widget-container\">\n\t\t\t<h2 class=\"elementor-heading-title elementor-size-default\"><a href=\"https:\/\/rioonwatch.org.br\/?p=61343\" target=\"_blank\">O Esgoto Mais Limpo do Rio Est\u00e1 na Favela? Comunidade Sustent\u00e1vel Vale Encantado, no Alto da Boa Vista, Convida para a Inaugura\u00e7\u00e3o do Biossistema para Tratamento de Esgoto e Pain\u00e9is Solares<\/a><\/h2>\t\t<\/div>\n\t\t\t\t<\/div>\n\t\t\t\t<div class=\"elementor-element elementor-element-bdb104c elementor-widget elementor-widget-text-editor\" data-id=\"bdb104c\" data-element_type=\"widget\" data-widget_type=\"text-editor.default\">\n\t\t\t\t<div class=\"elementor-widget-container\">\n\t\t\t\t\t\t\t<p>O Vale Encantado, uma pequena comunidade centen\u00e1ria no Alto da Boa Vista, acaba de dar mais um salto como refer\u00eancia de pr\u00e1ticas sustent\u00e1veis. A partir de 30 abril de 2022, todas as 100 pessoas de 40 fam\u00edlias que moram nas 27 casas do Vale Encantado passaram a ter tratamento completo e ecol\u00f3gico de esgoto, feito dentro da pr\u00f3pria comunidade.\u00a0<\/p>\t\t\t\t\t\t<\/div>\n\t\t\t\t<\/div>\n\t\t\t\t\t<\/div>\n\t\t<\/div>\n\t\t\t\t<div class=\"elementor-column elementor-col-33 elementor-top-column elementor-element elementor-element-31ee631\" data-id=\"31ee631\" data-element_type=\"column\">\n\t\t\t<div class=\"elementor-widget-wrap elementor-element-populated\">\n\t\t\t\t\t\t<div class=\"elementor-element elementor-element-3e41356 elementor-widget elementor-widget-image\" data-id=\"3e41356\" data-element_type=\"widget\" data-widget_type=\"image.default\">\n\t\t\t\t<div class=\"elementor-widget-container\">\n\t\t\t\t\t\t\t\t\t\t\t\t\t\t<a href=\"https:\/\/rioonwatch.org.br\/?p=61081\" target=\"_blank\">\n\t\t\t\t\t\t\t<img loading=\"lazy\" decoding=\"async\" width=\"620\" height=\"413\" src=\"https:\/\/rioonwatch.org.br\/wp-content\/uploads\/2022\/07\/Na-parte-alta-da-comunidade-conhecida-como-Pedacinho-do-Ceu.-Fabricio-Mota-620x413.jpg\" class=\"attachment-medium size-medium wp-image-62135\" alt=\"Na parte alta da comunidade, conhecida como Pedacinho do C\u00e9u, \u00e9 comum a cria\u00e7\u00e3o de animais pelos moradores. A vista ao fundo do Maracan\u00e3 contrasta com a presen\u00e7a de cavalos pastando no lugar. Foto: Fabr\u00edcio Mota\" srcset=\"https:\/\/rioonwatch.org.br\/wp-content\/uploads\/2022\/07\/Na-parte-alta-da-comunidade-conhecida-como-Pedacinho-do-Ceu.-Fabricio-Mota-620x413.jpg 620w, https:\/\/rioonwatch.org.br\/wp-content\/uploads\/2022\/07\/Na-parte-alta-da-comunidade-conhecida-como-Pedacinho-do-Ceu.-Fabricio-Mota-944x629.jpg 944w\" sizes=\"(max-width: 620px) 100vw, 620px\" \/>\t\t\t\t\t\t\t\t<\/a>\n\t\t\t\t\t\t\t\t\t\t\t\t\t<\/div>\n\t\t\t\t<\/div>\n\t\t\t\t<div class=\"elementor-element elementor-element-97d6253 elementor-widget elementor-widget-heading\" data-id=\"97d6253\" data-element_type=\"widget\" data-widget_type=\"heading.default\">\n\t\t\t\t<div class=\"elementor-widget-container\">\n\t\t\t<h2 class=\"elementor-heading-title elementor-size-default\"><a href=\"https:\/\/rioonwatch.org.br\/?p=62130\" target=\"_blank\">Na Parte Alta do Morro do Turano, as Mudan\u00e7as Clim\u00e1ticas Influenciam a Paisagem, as Vidas dos Moradores e as Vizinhan\u00e7as<\/a><\/h2>\t\t<\/div>\n\t\t\t\t<\/div>\n\t\t\t\t<div class=\"elementor-element elementor-element-f4da8eb elementor-widget elementor-widget-text-editor\" data-id=\"f4da8eb\" data-element_type=\"widget\" data-widget_type=\"text-editor.default\">\n\t\t\t\t<div class=\"elementor-widget-container\">\n\t\t\t\t\t\t\t<p>Nos altos dos morros, em encostas ou pr\u00f3ximos a rios, moradores t\u00eam sofrido cada vez mais com os efeitos das mudan\u00e7as no clima. \u00c9 assim no alto do Morro do Turano, entre os bairros do Rio Comprido e da Tijuca, onde moradores correm o risco de uma trag\u00e9dia anunciada.<\/p>\t\t\t\t\t\t<\/div>\n\t\t\t\t<\/div>\n\t\t\t\t\t<\/div>\n\t\t<\/div>\n\t\t\t\t\t<\/div>\n\t\t<\/section>\n\t\t\t\t<section class=\"elementor-section elementor-top-section elementor-element elementor-element-a0feefc elementor-section-boxed elementor-section-height-default elementor-section-height-default\" data-id=\"a0feefc\" data-element_type=\"section\" data-settings=\"{&quot;background_background&quot;:&quot;classic&quot;}\">\n\t\t\t\t\t\t<div class=\"elementor-container elementor-column-gap-default\">\n\t\t\t\t\t<div class=\"elementor-column elementor-col-100 elementor-top-column elementor-element elementor-element-3a4e374\" data-id=\"3a4e374\" data-element_type=\"column\" data-settings=\"{&quot;background_background&quot;:&quot;classic&quot;}\">\n\t\t\t<div class=\"elementor-widget-wrap elementor-element-populated\">\n\t\t\t\t\t\t<div class=\"elementor-element elementor-element-b5040e5 elementor-widget elementor-widget-heading\" data-id=\"b5040e5\" data-element_type=\"widget\" data-widget_type=\"heading.default\">\n\t\t\t\t<div class=\"elementor-widget-container\">\n\t\t\t<h3 class=\"elementor-heading-title elementor-size-medium\">Hist\u00f3ria e Mem\u00f3ria Clim\u00e1tica<\/h3>\t\t<\/div>\n\t\t\t\t<\/div>\n\t\t\t\t\t<\/div>\n\t\t<\/div>\n\t\t\t\t\t<\/div>\n\t\t<\/section>\n\t\t\t\t<section class=\"elementor-section elementor-top-section elementor-element elementor-element-3deabef elementor-section-boxed elementor-section-height-default elementor-section-height-default\" data-id=\"3deabef\" data-element_type=\"section\" data-settings=\"{&quot;background_background&quot;:&quot;classic&quot;}\">\n\t\t\t\t\t\t<div class=\"elementor-container elementor-column-gap-default\">\n\t\t\t\t\t<div class=\"elementor-column elementor-col-100 elementor-top-column elementor-element elementor-element-9d7af4f\" data-id=\"9d7af4f\" data-element_type=\"column\">\n\t\t\t<div class=\"elementor-widget-wrap elementor-element-populated\">\n\t\t\t\t\t\t<div class=\"elementor-element elementor-element-31ff712 elementor-widget elementor-widget-text-editor\" data-id=\"31ff712\" data-element_type=\"widget\" data-widget_type=\"text-editor.default\">\n\t\t\t\t<div class=\"elementor-widget-container\">\n\t\t\t\t\t\t\t<h2>S\u00e9rie: Mem\u00f3ria Clim\u00e1tica das Favelas<\/h2>\t\t\t\t\t\t<\/div>\n\t\t\t\t<\/div>\n\t\t\t\t\t<\/div>\n\t\t<\/div>\n\t\t\t\t\t<\/div>\n\t\t<\/section>\n\t\t\t\t<section class=\"elementor-section elementor-top-section elementor-element elementor-element-c6a603b secao-posts1 elementor-section-boxed elementor-section-height-default elementor-section-height-default\" data-id=\"c6a603b\" data-element_type=\"section\" data-settings=\"{&quot;background_background&quot;:&quot;classic&quot;}\">\n\t\t\t\t\t\t<div class=\"elementor-container elementor-column-gap-default\">\n\t\t\t\t\t<div class=\"elementor-column elementor-col-100 elementor-top-column elementor-element elementor-element-0caa73b\" data-id=\"0caa73b\" data-element_type=\"column\">\n\t\t\t<div class=\"elementor-widget-wrap elementor-element-populated\">\n\t\t\t\t\t\t<div class=\"elementor-element elementor-element-2058a5d elementor-widget elementor-widget-image\" data-id=\"2058a5d\" data-element_type=\"widget\" data-widget_type=\"image.default\">\n\t\t\t\t<div class=\"elementor-widget-container\">\n\t\t\t\t\t\t\t\t\t\t\t\t\t\t<a href=\"https:\/\/rioonwatch.org.br\/?p=68480\" target=\"_blank\">\n\t\t\t\t\t\t\t<img loading=\"lazy\" decoding=\"async\" width=\"2036\" height=\"996\" src=\"https:\/\/rioonwatch.org.br\/wp-content\/uploads\/2023\/08\/Memoria-Climatica-lancamento.png\" class=\"attachment-full size-full wp-image-69944\" alt=\"\" srcset=\"https:\/\/rioonwatch.org.br\/wp-content\/uploads\/2023\/08\/Memoria-Climatica-lancamento.png 2036w, https:\/\/rioonwatch.org.br\/wp-content\/uploads\/2023\/08\/Memoria-Climatica-lancamento-620x303.png 620w, https:\/\/rioonwatch.org.br\/wp-content\/uploads\/2023\/08\/Memoria-Climatica-lancamento-1286x629.png 1286w\" sizes=\"(max-width: 2036px) 100vw, 2036px\" \/>\t\t\t\t\t\t\t\t<\/a>\n\t\t\t\t\t\t\t\t\t\t\t\t\t<\/div>\n\t\t\t\t<\/div>\n\t\t\t\t<div class=\"elementor-element elementor-element-0643865 elementor-widget elementor-widget-heading\" data-id=\"0643865\" data-element_type=\"widget\" data-widget_type=\"heading.default\">\n\t\t\t\t<div class=\"elementor-widget-container\">\n\t\t\t<h2 class=\"elementor-heading-title elementor-size-default\"><a href=\"https:\/\/rioonwatch.org.br\/?p=68480\" target=\"_blank\">1\u00aa Roda de Mem\u00f3ria Clim\u00e1tica das Favelas no Museu da Mar\u00e9: \u2018A Palafita [foi] uma Estrat\u00e9gia de Sobreviv\u00eancia, Um Saber\u2019<\/a><\/h2>\t\t<\/div>\n\t\t\t\t<\/div>\n\t\t\t\t<div class=\"elementor-element elementor-element-f5e295a elementor-widget elementor-widget-heading\" data-id=\"f5e295a\" data-element_type=\"widget\" data-widget_type=\"heading.default\">\n\t\t\t\t<div class=\"elementor-widget-container\">\n\t\t\t<h2 class=\"elementor-heading-title elementor-size-default\"><a href=\"https:\/\/rioonwatch.org.br\/?p=66233\" target=\"_blank\">2\u00aa Roda de Mem\u00f3ria Clim\u00e1tica das Favelas no Museu Sankofa, Rocinha: \u2018Quando o Coletivo Resolve Lutar Junto, o Coletivo Vence\u2019 [IMAGENS]<\/a><\/h2>\t\t<\/div>\n\t\t\t\t<\/div>\n\t\t\t\t<div class=\"elementor-element elementor-element-f8d7dc1 elementor-widget elementor-widget-heading\" data-id=\"f8d7dc1\" data-element_type=\"widget\" data-widget_type=\"heading.default\">\n\t\t\t\t<div class=\"elementor-widget-container\">\n\t\t\t<h2 class=\"elementor-heading-title elementor-size-default\"><a href=\"https:\/\/rioonwatch.org.br\/?p=68201\" target=\"_blank\">3\u00aa Roda de Mem\u00f3ria Clim\u00e1tica das Favelas do NOPH em Antares, Santa Cruz: \u2018N\u00e3o Era Para Ningu\u00e9m Ficar Aqui, Foi Passando 40 Anos, N\u00e3o Tomaram Provid\u00eancia\u2019 [IMAGENS]<\/a><\/h2>\t\t<\/div>\n\t\t\t\t<\/div>\n\t\t\t\t<div class=\"elementor-element elementor-element-66d662d elementor-widget elementor-widget-heading\" data-id=\"66d662d\" data-element_type=\"widget\" data-widget_type=\"heading.default\">\n\t\t\t\t<div class=\"elementor-widget-container\">\n\t\t\t<h2 class=\"elementor-heading-title elementor-size-default\"><a href=\"https:\/\/rioonwatch.org.br\/?p=68463\" target=\"_blank\">4\u00aa Roda de Mem\u00f3ria Clim\u00e1tica das Favelas no Museu de Favela, PPG: \u2018A Gente Tem que Transformar Nossa Rela\u00e7\u00e3o com o Lixo\u2019 [IMAGENS]<\/a><\/h2>\t\t<\/div>\n\t\t\t\t<\/div>\n\t\t\t\t<div class=\"elementor-element elementor-element-76fdf86 elementor-widget elementor-widget-heading\" data-id=\"76fdf86\" data-element_type=\"widget\" data-widget_type=\"heading.default\">\n\t\t\t\t<div class=\"elementor-widget-container\">\n\t\t\t<h2 class=\"elementor-heading-title elementor-size-default\"><a href=\"https:\/\/rioonwatch.org.br\/?p=66937\" target=\"_blank\">5\u00aa Roda de Mem\u00f3ria Clim\u00e1tica das Favelas no N\u00facleo de Mem\u00f3rias do Vidigal: \u2018As Pessoas Precisam Morar!\u2019 [IMAGENS]<\/a><\/h2>\t\t<\/div>\n\t\t\t\t<\/div>\n\t\t\t\t<div class=\"elementor-element elementor-element-b0f7cfc elementor-widget elementor-widget-heading\" data-id=\"b0f7cfc\" data-element_type=\"widget\" data-widget_type=\"heading.default\">\n\t\t\t\t<div class=\"elementor-widget-container\">\n\t\t\t<h2 class=\"elementor-heading-title elementor-size-default\"><a href=\"https:\/\/rioonwatch.org.br\/?p=69015\" target=\"_blank\">Quando Mem\u00f3rias Se Encontram: Rede Favela Sustent\u00e1vel Lan\u00e7a Exposi\u00e7\u00e3o \u2018Mem\u00f3ria Clim\u00e1tica das Favelas\u2019 [IMAGENS]<\/a><\/h2>\t\t<\/div>\n\t\t\t\t<\/div>\n\t\t\t\t<div class=\"elementor-element elementor-element-77efddc elementor-widget-divider--view-line elementor-widget elementor-widget-divider\" data-id=\"77efddc\" data-element_type=\"widget\" data-widget_type=\"divider.default\">\n\t\t\t\t<div class=\"elementor-widget-container\">\n\t\t\t\t\t<div class=\"elementor-divider\">\n\t\t\t<span class=\"elementor-divider-separator\">\n\t\t\t\t\t\t<\/span>\n\t\t<\/div>\n\t\t\t\t<\/div>\n\t\t\t\t<\/div>\n\t\t\t\t\t<\/div>\n\t\t<\/div>\n\t\t\t\t\t<\/div>\n\t\t<\/section>\n\t\t\t\t<section class=\"elementor-section elementor-top-section elementor-element elementor-element-10c8c7a elementor-section-boxed elementor-section-height-default elementor-section-height-default\" data-id=\"10c8c7a\" data-element_type=\"section\" data-settings=\"{&quot;background_background&quot;:&quot;classic&quot;}\">\n\t\t\t\t\t\t<div class=\"elementor-container elementor-column-gap-default\">\n\t\t\t\t\t<div class=\"elementor-column elementor-col-100 elementor-top-column elementor-element elementor-element-cd1b94b\" data-id=\"cd1b94b\" data-element_type=\"column\">\n\t\t\t<div class=\"elementor-widget-wrap elementor-element-populated\">\n\t\t\t\t\t\t<div class=\"elementor-element elementor-element-0e14d3a elementor-widget elementor-widget-text-editor\" data-id=\"0e14d3a\" data-element_type=\"widget\" data-widget_type=\"text-editor.default\">\n\t\t\t\t<div class=\"elementor-widget-container\">\n\t\t\t\t\t\t\t<h2>S\u00e9rie: A Degrada\u00e7\u00e3o do Pantanal Carioca<\/h2>\t\t\t\t\t\t<\/div>\n\t\t\t\t<\/div>\n\t\t\t\t\t<\/div>\n\t\t<\/div>\n\t\t\t\t\t<\/div>\n\t\t<\/section>\n\t\t\t\t<section class=\"elementor-section elementor-top-section elementor-element elementor-element-d8e3295 secao-posts1 elementor-section-boxed elementor-section-height-default elementor-section-height-default\" data-id=\"d8e3295\" data-element_type=\"section\" data-settings=\"{&quot;background_background&quot;:&quot;classic&quot;}\">\n\t\t\t\t\t\t<div class=\"elementor-container elementor-column-gap-default\">\n\t\t\t\t\t<div class=\"elementor-column elementor-col-100 elementor-top-column elementor-element elementor-element-c56581e\" data-id=\"c56581e\" data-element_type=\"column\">\n\t\t\t<div class=\"elementor-widget-wrap elementor-element-populated\">\n\t\t\t\t\t\t<div class=\"elementor-element elementor-element-373bd65 elementor-widget elementor-widget-image\" data-id=\"373bd65\" data-element_type=\"widget\" data-widget_type=\"image.default\">\n\t\t\t\t<div class=\"elementor-widget-container\">\n\t\t\t\t\t\t\t\t\t\t\t\t\t\t<a href=\"https:\/\/rioonwatch.org.br\/?p=62328\" target=\"_blank\">\n\t\t\t\t\t\t\t<img loading=\"lazy\" decoding=\"async\" width=\"1026\" height=\"511\" src=\"https:\/\/rioonwatch.org.br\/wp-content\/uploads\/2022\/09\/Pantanal-Carioca.png\" class=\"attachment-full size-full wp-image-63053\" alt=\"\" srcset=\"https:\/\/rioonwatch.org.br\/wp-content\/uploads\/2022\/09\/Pantanal-Carioca.png 1026w, https:\/\/rioonwatch.org.br\/wp-content\/uploads\/2022\/09\/Pantanal-Carioca-620x309.png 620w\" sizes=\"(max-width: 1026px) 100vw, 1026px\" \/>\t\t\t\t\t\t\t\t<\/a>\n\t\t\t\t\t\t\t\t\t\t\t\t\t<\/div>\n\t\t\t\t<\/div>\n\t\t\t\t<div class=\"elementor-element elementor-element-5d9cdf5 elementor-widget elementor-widget-heading\" data-id=\"5d9cdf5\" data-element_type=\"widget\" data-widget_type=\"heading.default\">\n\t\t\t\t<div class=\"elementor-widget-container\">\n\t\t\t<h2 class=\"elementor-heading-title elementor-size-default\"><a href=\"https:\/\/rioonwatch.org.br\/?p=62328\" target=\"_blank\">Parte 1: Dilemas da Urbaniza\u00e7\u00e3o e o Hist\u00f3rico da Baixada de Jacarepagu\u00e1<\/a><\/h2>\t\t<\/div>\n\t\t\t\t<\/div>\n\t\t\t\t<div class=\"elementor-element elementor-element-889aa00 elementor-widget elementor-widget-heading\" data-id=\"889aa00\" data-element_type=\"widget\" data-widget_type=\"heading.default\">\n\t\t\t\t<div class=\"elementor-widget-container\">\n\t\t\t<h2 class=\"elementor-heading-title elementor-size-default\"><a href=\"https:\/\/rioonwatch.org.br\/?p=62346\" target=\"_blank\">Parte 2: A Polui\u00e7\u00e3o como Consequ\u00eancia da Hist\u00f3rica Falta de Saneamento B\u00e1sico na Baixada de Jacarepagu\u00e1<\/a><\/h2>\t\t<\/div>\n\t\t\t\t<\/div>\n\t\t\t\t<div class=\"elementor-element elementor-element-1dd7bb4 elementor-widget elementor-widget-heading\" data-id=\"1dd7bb4\" data-element_type=\"widget\" data-widget_type=\"heading.default\">\n\t\t\t\t<div class=\"elementor-widget-container\">\n\t\t\t<h2 class=\"elementor-heading-title elementor-size-default\"><a href=\"https:\/\/rioonwatch.org.br\/?p=62509\" target=\"_blank\">Parte 3: Alagamentos e Enchentes Est\u00e3o Mais Frequentes nas Comunidades das Lagoas de Jacarepagu\u00e1<\/a><\/h2>\t\t<\/div>\n\t\t\t\t<\/div>\n\t\t\t\t<div class=\"elementor-element elementor-element-55aeccb elementor-widget elementor-widget-heading\" data-id=\"55aeccb\" data-element_type=\"widget\" data-widget_type=\"heading.default\">\n\t\t\t\t<div class=\"elementor-widget-container\">\n\t\t\t<h2 class=\"elementor-heading-title elementor-size-default\"><a href=\"https:\/\/rioonwatch.org.br\/?p=62521\" target=\"_blank\">Parte 4: Concess\u00e3o Prev\u00ea Investimento Bilion\u00e1rio no Tratamento do Esgoto da Regi\u00e3o<\/a><\/h2>\t\t<\/div>\n\t\t\t\t<\/div>\n\t\t\t\t\t<\/div>\n\t\t<\/div>\n\t\t\t\t\t<\/div>\n\t\t<\/section>\n\t\t\t\t<section class=\"elementor-section elementor-top-section elementor-element elementor-element-d68c1d8 elementor-section-boxed elementor-section-height-default elementor-section-height-default\" data-id=\"d68c1d8\" data-element_type=\"section\" data-settings=\"{&quot;background_background&quot;:&quot;classic&quot;}\">\n\t\t\t\t\t\t<div class=\"elementor-container elementor-column-gap-default\">\n\t\t\t\t\t<div class=\"elementor-column elementor-col-100 elementor-top-column elementor-element elementor-element-1ad580b\" data-id=\"1ad580b\" data-element_type=\"column\" data-settings=\"{&quot;background_background&quot;:&quot;classic&quot;}\">\n\t\t\t<div class=\"elementor-widget-wrap elementor-element-populated\">\n\t\t\t\t\t\t<div class=\"elementor-element elementor-element-3f14ebe elementor-widget elementor-widget-heading\" data-id=\"3f14ebe\" data-element_type=\"widget\" data-widget_type=\"heading.default\">\n\t\t\t\t<div class=\"elementor-widget-container\">\n\t\t\t<h3 class=\"elementor-heading-title elementor-size-medium\">O Clima da Desigualdade<\/h3>\t\t<\/div>\n\t\t\t\t<\/div>\n\t\t\t\t\t<\/div>\n\t\t<\/div>\n\t\t\t\t\t<\/div>\n\t\t<\/section>\n\t\t\t\t<section class=\"elementor-section elementor-top-section elementor-element elementor-element-0658594 secao-posts1 elementor-section-boxed elementor-section-height-default elementor-section-height-default\" data-id=\"0658594\" data-element_type=\"section\" data-settings=\"{&quot;background_background&quot;:&quot;classic&quot;}\">\n\t\t\t\t\t\t<div class=\"elementor-container elementor-column-gap-default\">\n\t\t\t\t\t<div class=\"elementor-column elementor-col-33 elementor-top-column elementor-element elementor-element-a2836df\" data-id=\"a2836df\" data-element_type=\"column\">\n\t\t\t<div class=\"elementor-widget-wrap elementor-element-populated\">\n\t\t\t\t\t\t<div class=\"elementor-element elementor-element-cdf4c4d elementor-widget elementor-widget-image\" data-id=\"cdf4c4d\" data-element_type=\"widget\" data-widget_type=\"image.default\">\n\t\t\t\t<div class=\"elementor-widget-container\">\n\t\t\t\t\t\t\t\t\t\t\t\t\t\t<a href=\"https:\/\/rioonwatch.org.br\/?p=65812\" target=\"_blank\">\n\t\t\t\t\t\t\t<img loading=\"lazy\" decoding=\"async\" width=\"620\" height=\"388\" src=\"https:\/\/rioonwatch.org.br\/wp-content\/uploads\/2023\/02\/Desabamento-no-Catete-causado-pelas-fortes-chuvas.-Foto-Pedro-Ivo-Agencia-O-Dia-620x388.webp\" class=\"attachment-medium size-medium wp-image-65910\" alt=\"Desabamento no Catete causado pelas fortes chuvas. Foto: Pedro Ivo\/Ag\u00eancia O Dia\" srcset=\"https:\/\/rioonwatch.org.br\/wp-content\/uploads\/2023\/02\/Desabamento-no-Catete-causado-pelas-fortes-chuvas.-Foto-Pedro-Ivo-Agencia-O-Dia-620x388.webp 620w, https:\/\/rioonwatch.org.br\/wp-content\/uploads\/2023\/02\/Desabamento-no-Catete-causado-pelas-fortes-chuvas.-Foto-Pedro-Ivo-Agencia-O-Dia-1006x629.webp 1006w, https:\/\/rioonwatch.org.br\/wp-content\/uploads\/2023\/02\/Desabamento-no-Catete-causado-pelas-fortes-chuvas.-Foto-Pedro-Ivo-Agencia-O-Dia.webp 1200w\" sizes=\"(max-width: 620px) 100vw, 620px\" \/>\t\t\t\t\t\t\t\t<\/a>\n\t\t\t\t\t\t\t\t\t\t\t\t\t<\/div>\n\t\t\t\t<\/div>\n\t\t\t\t<div class=\"elementor-element elementor-element-d273cf7 elementor-widget elementor-widget-heading\" data-id=\"d273cf7\" data-element_type=\"widget\" data-widget_type=\"heading.default\">\n\t\t\t\t<div class=\"elementor-widget-container\">\n\t\t\t<h2 class=\"elementor-heading-title elementor-size-default\"><a href=\"https:\/\/rioonwatch.org.br\/?p=65812\" target=\"_blank\">Na Primeira Semana de Fevereiro, Choveu Mais do que o Esperado para Todo o M\u00eas. Quem Sofre Com as Mudan\u00e7as Clim\u00e1ticas? As Favelas! \u00c9 #OQueDizemAsRedes<\/a><\/h2>\t\t<\/div>\n\t\t\t\t<\/div>\n\t\t\t\t\t<\/div>\n\t\t<\/div>\n\t\t\t\t<div class=\"elementor-column elementor-col-33 elementor-top-column elementor-element elementor-element-d3a8999\" data-id=\"d3a8999\" data-element_type=\"column\">\n\t\t\t<div class=\"elementor-widget-wrap elementor-element-populated\">\n\t\t\t\t\t\t<div class=\"elementor-element elementor-element-eb7887d elementor-widget elementor-widget-image\" data-id=\"eb7887d\" data-element_type=\"widget\" data-widget_type=\"image.default\">\n\t\t\t\t<div class=\"elementor-widget-container\">\n\t\t\t\t\t\t\t\t\t\t\t\t\t\t<a href=\"https:\/\/rioonwatch.org.br\/?p=65855\" target=\"_blank\">\n\t\t\t\t\t\t\t<img loading=\"lazy\" decoding=\"async\" width=\"620\" height=\"349\" src=\"https:\/\/rioonwatch.org.br\/wp-content\/uploads\/2023\/02\/Parede-manchada-de-lama.-Foto-Christian-Ferreira-620x349.jpeg\" class=\"attachment-medium size-medium wp-image-65858\" alt=\"Parede manchada de lama. Foto: Christian Ferreira\" srcset=\"https:\/\/rioonwatch.org.br\/wp-content\/uploads\/2023\/02\/Parede-manchada-de-lama.-Foto-Christian-Ferreira-620x349.jpeg 620w, https:\/\/rioonwatch.org.br\/wp-content\/uploads\/2023\/02\/Parede-manchada-de-lama.-Foto-Christian-Ferreira-1118x629.jpeg 1118w, https:\/\/rioonwatch.org.br\/wp-content\/uploads\/2023\/02\/Parede-manchada-de-lama.-Foto-Christian-Ferreira.jpeg 1600w\" sizes=\"(max-width: 620px) 100vw, 620px\" \/>\t\t\t\t\t\t\t\t<\/a>\n\t\t\t\t\t\t\t\t\t\t\t\t\t<\/div>\n\t\t\t\t<\/div>\n\t\t\t\t<div class=\"elementor-element elementor-element-a632d93 elementor-widget elementor-widget-heading\" data-id=\"a632d93\" data-element_type=\"widget\" data-widget_type=\"heading.default\">\n\t\t\t\t<div class=\"elementor-widget-container\">\n\t\t\t<h2 class=\"elementor-heading-title elementor-size-default\"><a href=\"https:\/\/rioonwatch.org.br\/?p=65855\" target=\"_blank\">Cart\u00e3o Postal do Racismo Ambiental: Defesa Civil Interdita, por Tempo Indeterminado, Escola P\u00fablica em Alc\u00e2ntara, S\u00e3o Gon\u00e7alo, ap\u00f3s Seguidas Inunda\u00e7\u00f5es no In\u00edcio de Fevereiro<\/a><\/h2>\t\t<\/div>\n\t\t\t\t<\/div>\n\t\t\t\t\t<\/div>\n\t\t<\/div>\n\t\t\t\t<div class=\"elementor-column elementor-col-33 elementor-top-column elementor-element elementor-element-0cf4f08\" data-id=\"0cf4f08\" data-element_type=\"column\">\n\t\t\t<div class=\"elementor-widget-wrap elementor-element-populated\">\n\t\t\t\t\t\t<div class=\"elementor-element elementor-element-f87406a elementor-widget elementor-widget-image\" data-id=\"f87406a\" data-element_type=\"widget\" data-widget_type=\"image.default\">\n\t\t\t\t<div class=\"elementor-widget-container\">\n\t\t\t\t\t\t\t\t\t\t\t\t\t\t<a href=\"https:\/\/rioonwatch.org.br\/?p=64461\" target=\"_blank\">\n\t\t\t\t\t\t\t<img loading=\"lazy\" decoding=\"async\" width=\"620\" height=\"263\" src=\"https:\/\/rioonwatch.org.br\/wp-content\/uploads\/2022\/12\/Arte-original-por-Estevao-Ribeiro-620x263.jpg\" class=\"attachment-medium size-medium wp-image-64515\" alt=\"Arte original por Estev\u00e3o Ribeiro\" srcset=\"https:\/\/rioonwatch.org.br\/wp-content\/uploads\/2022\/12\/Arte-original-por-Estevao-Ribeiro-620x264.jpg 620w, https:\/\/rioonwatch.org.br\/wp-content\/uploads\/2022\/12\/Arte-original-por-Estevao-Ribeiro-1030x439.jpg 1030w, https:\/\/rioonwatch.org.br\/wp-content\/uploads\/2022\/12\/Arte-original-por-Estevao-Ribeiro-1486x629.jpg 1486w\" sizes=\"(max-width: 620px) 100vw, 620px\" \/>\t\t\t\t\t\t\t\t<\/a>\n\t\t\t\t\t\t\t\t\t\t\t\t\t<\/div>\n\t\t\t\t<\/div>\n\t\t\t\t<div class=\"elementor-element elementor-element-f4e6e80 elementor-widget elementor-widget-heading\" data-id=\"f4e6e80\" data-element_type=\"widget\" data-widget_type=\"heading.default\">\n\t\t\t\t<div class=\"elementor-widget-container\">\n\t\t\t<h2 class=\"elementor-heading-title elementor-size-default\"><a href=\"https:\/\/rioonwatch.org.br\/?p=64461\" target=\"_blank\">Cad\u00ea a \u00c1gua? Moradores da Mar\u00e9 Relatam Falta d\u2019\u00c1gua H\u00e1 pelo Menos Duas Semanas<\/a><\/h2>\t\t<\/div>\n\t\t\t\t<\/div>\n\t\t\t\t\t<\/div>\n\t\t<\/div>\n\t\t\t\t\t<\/div>\n\t\t<\/section>\n\t\t\t\t<section class=\"elementor-section elementor-top-section elementor-element elementor-element-d280976 secao-posts1 elementor-section-boxed elementor-section-height-default elementor-section-height-default\" data-id=\"d280976\" data-element_type=\"section\" data-settings=\"{&quot;background_background&quot;:&quot;classic&quot;}\">\n\t\t\t\t\t\t<div class=\"elementor-container elementor-column-gap-default\">\n\t\t\t\t\t<div class=\"elementor-column elementor-col-33 elementor-top-column elementor-element elementor-element-fe71faa\" data-id=\"fe71faa\" data-element_type=\"column\">\n\t\t\t<div class=\"elementor-widget-wrap elementor-element-populated\">\n\t\t\t\t\t\t<div class=\"elementor-element elementor-element-5ecf10e elementor-widget elementor-widget-image\" data-id=\"5ecf10e\" data-element_type=\"widget\" data-widget_type=\"image.default\">\n\t\t\t\t<div class=\"elementor-widget-container\">\n\t\t\t\t\t\t\t\t\t\t\t\t\t\t<a href=\"https:\/\/rioonwatch.org.br\/?p=65284\" target=\"_blank\">\n\t\t\t\t\t\t\t<img loading=\"lazy\" decoding=\"async\" width=\"620\" height=\"465\" src=\"https:\/\/rioonwatch.org.br\/wp-content\/uploads\/2023\/01\/Rio-Faria-Timbo-visto-da-favela-Vila-Sao-Pedro-em-Manguinhos.-Foto-Juliana-Pinho-620x465.jpg\" class=\"attachment-medium size-medium wp-image-65305\" alt=\"Rio Faria-Timb\u00f3 visto da favela Vila S\u00e3o Pedro, em Manguinhos. Foto: Juliana Pinho\" srcset=\"https:\/\/rioonwatch.org.br\/wp-content\/uploads\/2023\/01\/Rio-Faria-Timbo-visto-da-favela-Vila-Sao-Pedro-em-Manguinhos.-Foto-Juliana-Pinho-620x465.jpg 620w, https:\/\/rioonwatch.org.br\/wp-content\/uploads\/2023\/01\/Rio-Faria-Timbo-visto-da-favela-Vila-Sao-Pedro-em-Manguinhos.-Foto-Juliana-Pinho-678x509.jpg 678w, https:\/\/rioonwatch.org.br\/wp-content\/uploads\/2023\/01\/Rio-Faria-Timbo-visto-da-favela-Vila-Sao-Pedro-em-Manguinhos.-Foto-Juliana-Pinho-326x245.jpg 326w, https:\/\/rioonwatch.org.br\/wp-content\/uploads\/2023\/01\/Rio-Faria-Timbo-visto-da-favela-Vila-Sao-Pedro-em-Manguinhos.-Foto-Juliana-Pinho-80x60.jpg 80w, https:\/\/rioonwatch.org.br\/wp-content\/uploads\/2023\/01\/Rio-Faria-Timbo-visto-da-favela-Vila-Sao-Pedro-em-Manguinhos.-Foto-Juliana-Pinho-839x629.jpg 839w, https:\/\/rioonwatch.org.br\/wp-content\/uploads\/2023\/01\/Rio-Faria-Timbo-visto-da-favela-Vila-Sao-Pedro-em-Manguinhos.-Foto-Juliana-Pinho.jpg 1600w\" sizes=\"(max-width: 620px) 100vw, 620px\" \/>\t\t\t\t\t\t\t\t<\/a>\n\t\t\t\t\t\t\t\t\t\t\t\t\t<\/div>\n\t\t\t\t<\/div>\n\t\t\t\t<div class=\"elementor-element elementor-element-551ad7e elementor-widget elementor-widget-heading\" data-id=\"551ad7e\" data-element_type=\"widget\" data-widget_type=\"heading.default\">\n\t\t\t\t<div class=\"elementor-widget-container\">\n\t\t\t<h2 class=\"elementor-heading-title elementor-size-default\"><a href=\"https:\/\/rioonwatch.org.br\/?p=65284\" target=\"_blank\">Em Manguinhos, Rios Negligenciados e Enchentes Cada Vez Mais Frequentes Atrapalham Projetos Sociais Essenciais, Rotinas e Vidas de Moradores<\/a><\/h2>\t\t<\/div>\n\t\t\t\t<\/div>\n\t\t\t\t\t<\/div>\n\t\t<\/div>\n\t\t\t\t<div class=\"elementor-column elementor-col-33 elementor-top-column elementor-element elementor-element-5151f0c\" data-id=\"5151f0c\" data-element_type=\"column\">\n\t\t\t<div class=\"elementor-widget-wrap elementor-element-populated\">\n\t\t\t\t\t\t<div class=\"elementor-element elementor-element-7ddd66a elementor-widget elementor-widget-image\" data-id=\"7ddd66a\" data-element_type=\"widget\" data-widget_type=\"image.default\">\n\t\t\t\t<div class=\"elementor-widget-container\">\n\t\t\t\t\t\t\t\t\t\t\t\t\t\t<a href=\"https:\/\/rioonwatch.org.br\/?p=67015\" target=\"_blank\">\n\t\t\t\t\t\t\t<img loading=\"lazy\" decoding=\"async\" width=\"620\" height=\"414\" src=\"https:\/\/rioonwatch.org.br\/wp-content\/uploads\/2023\/03\/Vista-da-area-da-JaqueiraVidigal.-Foto-Igor-Albuquerque-620x414.jpg\" class=\"attachment-medium size-medium wp-image-67034\" alt=\"Vista da \u00e1rea da Jaqueira, no Vidigal. Foto: Igor Albuquerque\" srcset=\"https:\/\/rioonwatch.org.br\/wp-content\/uploads\/2023\/03\/Vista-da-area-da-JaqueiraVidigal.-Foto-Igor-Albuquerque-620x414.jpg 620w, https:\/\/rioonwatch.org.br\/wp-content\/uploads\/2023\/03\/Vista-da-area-da-JaqueiraVidigal.-Foto-Igor-Albuquerque-942x629.jpg 942w\" sizes=\"(max-width: 620px) 100vw, 620px\" \/>\t\t\t\t\t\t\t\t<\/a>\n\t\t\t\t\t\t\t\t\t\t\t\t\t<\/div>\n\t\t\t\t<\/div>\n\t\t\t\t<div class=\"elementor-element elementor-element-8ebb934 elementor-widget elementor-widget-heading\" data-id=\"8ebb934\" data-element_type=\"widget\" data-widget_type=\"heading.default\">\n\t\t\t\t<div class=\"elementor-widget-container\">\n\t\t\t<h2 class=\"elementor-heading-title elementor-size-default\"><a href=\"https:\/\/rioonwatch.org.br\/?p=67015\" target=\"_blank\">SOS! Moradores da Jaqueira, na Parte Alta do Vidigal, Sofrem Nova Amea\u00e7a de Remo\u00e7\u00e3o: Racismo Ambiental e Neglig\u00eancia do Estado Frente a Eventos Clim\u00e1ticas Extremos [IMAGENS]<\/a><\/h2>\t\t<\/div>\n\t\t\t\t<\/div>\n\t\t\t\t\t<\/div>\n\t\t<\/div>\n\t\t\t\t<div class=\"elementor-column elementor-col-33 elementor-top-column elementor-element elementor-element-ece3a77\" data-id=\"ece3a77\" data-element_type=\"column\">\n\t\t\t<div class=\"elementor-widget-wrap elementor-element-populated\">\n\t\t\t\t\t\t<div class=\"elementor-element elementor-element-68cfb8b elementor-widget elementor-widget-image\" data-id=\"68cfb8b\" data-element_type=\"widget\" data-widget_type=\"image.default\">\n\t\t\t\t<div class=\"elementor-widget-container\">\n\t\t\t\t\t\t\t\t\t\t\t\t\t\t<a href=\"https:\/\/rioonwatch.org.br\/?p=61259\" target=\"_blank\">\n\t\t\t\t\t\t\t<img loading=\"lazy\" decoding=\"async\" width=\"620\" height=\"371\" src=\"https:\/\/rioonwatch.org.br\/wp-content\/uploads\/2022\/04\/Nova-Iguacu-ficou-em-alerta-maximo-devido-principalmente-as-cheias-dos-rios-Botas-e-Iguacu.-Foto-Fernando-Frazao-Agencia-Brasil-e1649441045828-620x371.jpg\" class=\"attachment-medium size-medium wp-image-61265\" alt=\"Nova Igua\u00e7u ficou em alerta m\u00e1ximo, devido principalmente \u00e0s cheias dos rios Botas e Igua\u00e7u. Foto: Fernando Fraz\u00e3o\/Ag\u00eancia Brasil\" srcset=\"https:\/\/rioonwatch.org.br\/wp-content\/uploads\/2022\/04\/Nova-Iguacu-ficou-em-alerta-maximo-devido-principalmente-as-cheias-dos-rios-Botas-e-Iguacu.-Foto-Fernando-Frazao-Agencia-Brasil-e1649441045828-620x371.jpg 620w, https:\/\/rioonwatch.org.br\/wp-content\/uploads\/2022\/04\/Nova-Iguacu-ficou-em-alerta-maximo-devido-principalmente-as-cheias-dos-rios-Botas-e-Iguacu.-Foto-Fernando-Frazao-Agencia-Brasil-e1649441045828.jpg 670w\" sizes=\"(max-width: 620px) 100vw, 620px\" \/>\t\t\t\t\t\t\t\t<\/a>\n\t\t\t\t\t\t\t\t\t\t\t\t\t<\/div>\n\t\t\t\t<\/div>\n\t\t\t\t<div class=\"elementor-element elementor-element-258e994 elementor-widget elementor-widget-heading\" data-id=\"258e994\" data-element_type=\"widget\" data-widget_type=\"heading.default\">\n\t\t\t\t<div class=\"elementor-widget-container\">\n\t\t\t<h2 class=\"elementor-heading-title elementor-size-default\"><a href=\"https:\/\/rioonwatch.org.br\/?p=61259\" target=\"_blank\">Baixada Fluminense Come\u00e7a Abril Embaixo d\u2019\u00c1gua \u00c9 #OqueDizemasRedes<\/a><\/h2>\t\t<\/div>\n\t\t\t\t<\/div>\n\t\t\t\t\t<\/div>\n\t\t<\/div>\n\t\t\t\t\t<\/div>\n\t\t<\/section>\n\t\t\t\t<section class=\"elementor-section elementor-top-section elementor-element elementor-element-5379ff6 secao-posts1 elementor-section-boxed elementor-section-height-default elementor-section-height-default\" data-id=\"5379ff6\" data-element_type=\"section\" data-settings=\"{&quot;background_background&quot;:&quot;classic&quot;}\">\n\t\t\t\t\t\t<div class=\"elementor-container elementor-column-gap-default\">\n\t\t\t\t\t<div class=\"elementor-column elementor-col-33 elementor-top-column elementor-element elementor-element-6bc83d8\" data-id=\"6bc83d8\" data-element_type=\"column\">\n\t\t\t<div class=\"elementor-widget-wrap elementor-element-populated\">\n\t\t\t\t\t\t<div class=\"elementor-element elementor-element-9d31574 elementor-widget elementor-widget-image\" data-id=\"9d31574\" data-element_type=\"widget\" data-widget_type=\"image.default\">\n\t\t\t\t<div class=\"elementor-widget-container\">\n\t\t\t\t\t\t\t\t\t\t\t\t\t\t<a href=\"https:\/\/rioonwatch.org.br\/?p=59886\" target=\"_blank\">\n\t\t\t\t\t\t\t<img loading=\"lazy\" decoding=\"async\" width=\"620\" height=\"265\" src=\"https:\/\/rioonwatch.org.br\/wp-content\/uploads\/2021\/12\/Bairro-do-Engenho-1-e1640033364306-620x265.jpeg\" class=\"attachment-medium size-medium wp-image-59889\" alt=\"\" srcset=\"https:\/\/rioonwatch.org.br\/wp-content\/uploads\/2021\/12\/Bairro-do-Engenho-1-e1640033364306-620x264.jpeg 620w, https:\/\/rioonwatch.org.br\/wp-content\/uploads\/2021\/12\/Bairro-do-Engenho-1-e1640033364306-1030x438.jpeg 1030w, https:\/\/rioonwatch.org.br\/wp-content\/uploads\/2021\/12\/Bairro-do-Engenho-1-e1640033364306-1471x629.jpeg 1471w, https:\/\/rioonwatch.org.br\/wp-content\/uploads\/2021\/12\/Bairro-do-Engenho-1-e1640033364306-768x328.jpeg 768w, https:\/\/rioonwatch.org.br\/wp-content\/uploads\/2021\/12\/Bairro-do-Engenho-1-e1640033364306.jpeg 1600w\" sizes=\"(max-width: 620px) 100vw, 620px\" \/>\t\t\t\t\t\t\t\t<\/a>\n\t\t\t\t\t\t\t\t\t\t\t\t\t<\/div>\n\t\t\t\t<\/div>\n\t\t\t\t<div class=\"elementor-element elementor-element-0eedd9f elementor-widget elementor-widget-heading\" data-id=\"0eedd9f\" data-element_type=\"widget\" data-widget_type=\"heading.default\">\n\t\t\t\t<div class=\"elementor-widget-container\">\n\t\t\t<h2 class=\"elementor-heading-title elementor-size-default\"><a href=\"https:\/\/rioonwatch.org.br\/?p=59886\" target=\"_blank\">Prefeitura de Itagua\u00ed Derruba Casas no Engenho a Despeito da Determina\u00e7\u00e3o que Impede Remo\u00e7\u00f5es Devido \u00e0 Pandemia<\/a><\/h2>\t\t<\/div>\n\t\t\t\t<\/div>\n\t\t\t\t\t<\/div>\n\t\t<\/div>\n\t\t\t\t<div class=\"elementor-column elementor-col-33 elementor-top-column elementor-element elementor-element-ba17e85\" data-id=\"ba17e85\" data-element_type=\"column\">\n\t\t\t<div class=\"elementor-widget-wrap elementor-element-populated\">\n\t\t\t\t\t\t<div class=\"elementor-element elementor-element-7ccc0d9 elementor-widget elementor-widget-image\" data-id=\"7ccc0d9\" data-element_type=\"widget\" data-widget_type=\"image.default\">\n\t\t\t\t<div class=\"elementor-widget-container\">\n\t\t\t\t\t\t\t\t\t\t\t\t\t\t<a href=\"https:\/\/rioonwatch.org.br\/?p=59314\" target=\"_blank\">\n\t\t\t\t\t\t\t<img loading=\"lazy\" decoding=\"async\" width=\"620\" height=\"349\" src=\"https:\/\/rioonwatch.org.br\/wp-content\/uploads\/2021\/11\/Crise-hi\u0301drica-620x349.png\" class=\"attachment-medium size-medium wp-image-59438\" alt=\"Crise hi\u0301drica. Fonte: generacbrasil.com.br\" srcset=\"https:\/\/rioonwatch.org.br\/wp-content\/uploads\/2021\/11\/Crise-hi\u0301drica-620x349.png 620w, https:\/\/rioonwatch.org.br\/wp-content\/uploads\/2021\/11\/Crise-hi\u0301drica-1118x629.png 1118w, https:\/\/rioonwatch.org.br\/wp-content\/uploads\/2021\/11\/Crise-hi\u0301drica-768x432.png 768w, https:\/\/rioonwatch.org.br\/wp-content\/uploads\/2021\/11\/Crise-hi\u0301drica.png 1200w\" sizes=\"(max-width: 620px) 100vw, 620px\" \/>\t\t\t\t\t\t\t\t<\/a>\n\t\t\t\t\t\t\t\t\t\t\t\t\t<\/div>\n\t\t\t\t<\/div>\n\t\t\t\t<div class=\"elementor-element elementor-element-d483a22 elementor-widget elementor-widget-heading\" data-id=\"d483a22\" data-element_type=\"widget\" data-widget_type=\"heading.default\">\n\t\t\t\t<div class=\"elementor-widget-container\">\n\t\t\t<h2 class=\"elementor-heading-title elementor-size-default\"><a href=\"https:\/\/rioonwatch.org.br\/?p=59314\" target=\"_blank\">\u00c1gua \u00e9 Direito Humano: A Emerg\u00eancia das Crises H\u00eddrica e Alimentar e Seus Impactos Sobre as Favelas<\/a><\/h2>\t\t<\/div>\n\t\t\t\t<\/div>\n\t\t\t\t\t<\/div>\n\t\t<\/div>\n\t\t\t\t<div class=\"elementor-column elementor-col-33 elementor-top-column elementor-element elementor-element-e3df249\" data-id=\"e3df249\" data-element_type=\"column\">\n\t\t\t<div class=\"elementor-widget-wrap\">\n\t\t\t\t\t\t\t<\/div>\n\t\t<\/div>\n\t\t\t\t\t<\/div>\n\t\t<\/section>\n\t\t\t\t<section class=\"elementor-section elementor-top-section elementor-element elementor-element-0c296f5 elementor-section-boxed elementor-section-height-default elementor-section-height-default\" data-id=\"0c296f5\" data-element_type=\"section\" data-settings=\"{&quot;background_background&quot;:&quot;classic&quot;}\">\n\t\t\t\t\t\t<div class=\"elementor-container elementor-column-gap-default\">\n\t\t\t\t\t<div class=\"elementor-column elementor-col-100 elementor-top-column elementor-element elementor-element-8b6ba36\" data-id=\"8b6ba36\" data-element_type=\"column\" data-settings=\"{&quot;background_background&quot;:&quot;classic&quot;}\">\n\t\t\t<div class=\"elementor-widget-wrap elementor-element-populated\">\n\t\t\t\t\t\t<div class=\"elementor-element elementor-element-1066812 elementor-widget elementor-widget-heading\" data-id=\"1066812\" data-element_type=\"widget\" data-widget_type=\"heading.default\">\n\t\t\t\t<div class=\"elementor-widget-container\">\n\t\t\t<h3 class=\"elementor-heading-title elementor-size-medium\">Movimentos e Di\u00e1logos por Justi\u00e7a Clim\u00e1tica\n<\/h3>\t\t<\/div>\n\t\t\t\t<\/div>\n\t\t\t\t\t<\/div>\n\t\t<\/div>\n\t\t\t\t\t<\/div>\n\t\t<\/section>\n\t\t\t\t<section class=\"elementor-section elementor-top-section elementor-element elementor-element-d1c0770 secao-posts1 elementor-section-boxed elementor-section-height-default elementor-section-height-default\" data-id=\"d1c0770\" data-element_type=\"section\" data-settings=\"{&quot;background_background&quot;:&quot;classic&quot;}\">\n\t\t\t\t\t\t<div class=\"elementor-container elementor-column-gap-default\">\n\t\t\t\t\t<div class=\"elementor-column elementor-col-33 elementor-top-column elementor-element elementor-element-dc6cc6d\" data-id=\"dc6cc6d\" data-element_type=\"column\">\n\t\t\t<div class=\"elementor-widget-wrap elementor-element-populated\">\n\t\t\t\t\t\t<div class=\"elementor-element elementor-element-6f1472c elementor-widget elementor-widget-image\" data-id=\"6f1472c\" data-element_type=\"widget\" data-widget_type=\"image.default\">\n\t\t\t\t<div class=\"elementor-widget-container\">\n\t\t\t\t\t\t\t\t\t\t\t\t\t\t<a href=\"https:\/\/rioonwatch.org.br\/?p=66424\" target=\"_blank\">\n\t\t\t\t\t\t\t<img loading=\"lazy\" decoding=\"async\" width=\"620\" height=\"414\" src=\"https:\/\/rioonwatch.org.br\/wp-content\/uploads\/2023\/03\/A-Caminhada-da-Greve-pelo-Clima-percorre-as-ruas-do-Jacarezinho.-Foto-Barbara-Dias-620x414.jpg\" class=\"attachment-medium size-medium wp-image-66454\" alt=\"A Caminhada da Greve pelo Clima percorreu as ruas do Jacarezinho e de Manguinhos, duas das favelas mais atingidas pelos eventos clim\u00e1ticos extremos mais recentes a atingir o Rio de Janeiro. Foto: B\u00e1rbara Dias\" srcset=\"https:\/\/rioonwatch.org.br\/wp-content\/uploads\/2023\/03\/A-Caminhada-da-Greve-pelo-Clima-percorre-as-ruas-do-Jacarezinho.-Foto-Barbara-Dias-620x414.jpg 620w, https:\/\/rioonwatch.org.br\/wp-content\/uploads\/2023\/03\/A-Caminhada-da-Greve-pelo-Clima-percorre-as-ruas-do-Jacarezinho.-Foto-Barbara-Dias-942x629.jpg 942w, https:\/\/rioonwatch.org.br\/wp-content\/uploads\/2023\/03\/A-Caminhada-da-Greve-pelo-Clima-percorre-as-ruas-do-Jacarezinho.-Foto-Barbara-Dias.jpg 2000w\" sizes=\"(max-width: 620px) 100vw, 620px\" \/>\t\t\t\t\t\t\t\t<\/a>\n\t\t\t\t\t\t\t\t\t\t\t\t\t<\/div>\n\t\t\t\t<\/div>\n\t\t\t\t<div class=\"elementor-element elementor-element-7bc9b59 elementor-widget elementor-widget-heading\" data-id=\"7bc9b59\" data-element_type=\"widget\" data-widget_type=\"heading.default\">\n\t\t\t\t<div class=\"elementor-widget-container\">\n\t\t\t<h2 class=\"elementor-heading-title elementor-size-default\"><a href=\"https:\/\/rioonwatch.org.br\/?p=66424\" target=\"_blank\">\u2018Chega de Enchentes!\u2019 Declara Greve Global pelo Clima em Ato no Jacarezinho e Manguinhos<\/a><\/h2>\t\t<\/div>\n\t\t\t\t<\/div>\n\t\t\t\t\t<\/div>\n\t\t<\/div>\n\t\t\t\t<div class=\"elementor-column elementor-col-33 elementor-top-column elementor-element elementor-element-b1912f4\" data-id=\"b1912f4\" data-element_type=\"column\">\n\t\t\t<div class=\"elementor-widget-wrap elementor-element-populated\">\n\t\t\t\t\t\t<div class=\"elementor-element elementor-element-8a52168 elementor-widget elementor-widget-image\" data-id=\"8a52168\" data-element_type=\"widget\" data-widget_type=\"image.default\">\n\t\t\t\t<div class=\"elementor-widget-container\">\n\t\t\t\t\t\t\t\t\t\t\t\t\t\t<a href=\"https:\/\/rioonwatch.org.br\/?p=63914\" target=\"_blank\">\n\t\t\t\t\t\t\t<img loading=\"lazy\" decoding=\"async\" width=\"768\" height=\"327\" src=\"https:\/\/rioonwatch.org.br\/wp-content\/uploads\/2022\/11\/Segunda-Palestra-scaled-1-1030x439.jpg\" class=\"attachment-medium_large size-medium_large wp-image-63919\" alt=\"\" srcset=\"https:\/\/rioonwatch.org.br\/wp-content\/uploads\/2022\/11\/Segunda-Palestra-scaled-1-1030x439.jpg 1030w, https:\/\/rioonwatch.org.br\/wp-content\/uploads\/2022\/11\/Segunda-Palestra-scaled-1-620x264.jpg 620w\" sizes=\"(max-width: 768px) 100vw, 768px\" \/>\t\t\t\t\t\t\t\t<\/a>\n\t\t\t\t\t\t\t\t\t\t\t\t\t<\/div>\n\t\t\t\t<\/div>\n\t\t\t\t<div class=\"elementor-element elementor-element-fce06f8 elementor-widget elementor-widget-heading\" data-id=\"fce06f8\" data-element_type=\"widget\" data-widget_type=\"heading.default\">\n\t\t\t\t<div class=\"elementor-widget-container\">\n\t\t\t<h2 class=\"elementor-heading-title elementor-size-default\"><a href=\"https:\/\/rioonwatch.org.br\/?p=63914\" target=\"_blank\">Evento \u2018O Clima \u00c9 de Mudan\u00e7a\u2019 Questiona o Alheamento da COP e Pede Justi\u00e7a Clim\u00e1tica para Popula\u00e7\u00f5es Ind\u00edgenas, Negras e de Favela<\/a><\/h2>\t\t<\/div>\n\t\t\t\t<\/div>\n\t\t\t\t\t<\/div>\n\t\t<\/div>\n\t\t\t\t<div class=\"elementor-column elementor-col-33 elementor-top-column elementor-element elementor-element-dd22f75\" data-id=\"dd22f75\" data-element_type=\"column\">\n\t\t\t<div class=\"elementor-widget-wrap elementor-element-populated\">\n\t\t\t\t\t\t<div class=\"elementor-element elementor-element-e23e6b8 elementor-widget elementor-widget-image\" data-id=\"e23e6b8\" data-element_type=\"widget\" data-widget_type=\"image.default\">\n\t\t\t\t<div class=\"elementor-widget-container\">\n\t\t\t\t\t\t\t\t\t\t\t\t\t\t<a href=\"https:\/\/rioonwatch.org.br\/?p=66776\" target=\"_blank\">\n\t\t\t\t\t\t\t<img loading=\"lazy\" decoding=\"async\" width=\"620\" height=\"293\" src=\"https:\/\/rioonwatch.org.br\/wp-content\/uploads\/2023\/03\/Lancamento-da-Frente-Parlamentar-620x293.png\" class=\"attachment-medium size-medium wp-image-67125\" alt=\"\" srcset=\"https:\/\/rioonwatch.org.br\/wp-content\/uploads\/2023\/03\/Lancamento-da-Frente-Parlamentar-620x293.png 620w, https:\/\/rioonwatch.org.br\/wp-content\/uploads\/2023\/03\/Lancamento-da-Frente-Parlamentar-1332x629.png 1332w\" sizes=\"(max-width: 620px) 100vw, 620px\" \/>\t\t\t\t\t\t\t\t<\/a>\n\t\t\t\t\t\t\t\t\t\t\t\t\t<\/div>\n\t\t\t\t<\/div>\n\t\t\t\t<div class=\"elementor-element elementor-element-ad44012 elementor-widget elementor-widget-heading\" data-id=\"ad44012\" data-element_type=\"widget\" data-widget_type=\"heading.default\">\n\t\t\t\t<div class=\"elementor-widget-container\">\n\t\t\t<h2 class=\"elementor-heading-title elementor-size-default\"><a href=\"https:\/\/rioonwatch.org.br\/?p=66776\" target=\"_blank\">Lan\u00e7amento da Frente Parlamentar por Justi\u00e7a Clim\u00e1tica na ALERJ Debate Racismo Ambiental e Pol\u00edticas P\u00fablicas em Favelas e Periferias<\/a><\/h2>\t\t<\/div>\n\t\t\t\t<\/div>\n\t\t\t\t\t<\/div>\n\t\t<\/div>\n\t\t\t\t\t<\/div>\n\t\t<\/section>\n\t\t\t\t<section class=\"elementor-section elementor-top-section elementor-element elementor-element-25b7c5c secao-posts1 elementor-section-boxed elementor-section-height-default elementor-section-height-default\" data-id=\"25b7c5c\" data-element_type=\"section\" data-settings=\"{&quot;background_background&quot;:&quot;classic&quot;}\">\n\t\t\t\t\t\t<div class=\"elementor-container elementor-column-gap-default\">\n\t\t\t\t\t<div class=\"elementor-column elementor-col-33 elementor-top-column elementor-element elementor-element-b6c10cd\" data-id=\"b6c10cd\" data-element_type=\"column\">\n\t\t\t<div class=\"elementor-widget-wrap elementor-element-populated\">\n\t\t\t\t\t\t<div class=\"elementor-element elementor-element-dcde165 elementor-widget elementor-widget-image\" data-id=\"dcde165\" data-element_type=\"widget\" data-widget_type=\"image.default\">\n\t\t\t\t<div class=\"elementor-widget-container\">\n\t\t\t\t\t\t\t\t\t\t\t\t\t\t<a href=\"https:\/\/rioonwatch.org.br\/?p=61809\" target=\"_blank\">\n\t\t\t\t\t\t\t<img loading=\"lazy\" decoding=\"async\" width=\"620\" height=\"266\" src=\"https:\/\/rioonwatch.org.br\/wp-content\/uploads\/2022\/06\/Horta-Escola-Maria-Angu-620x266.png\" class=\"attachment-medium size-medium wp-image-61889\" alt=\"Horta-Escola Comunit\u00e1ria Maria Angu, na Favela Kelson&#039;s, Complexo da Mar\u00e9. Foto Maria Helena Pereira da Silva, Nena (@nenapereiradasilva)\" srcset=\"https:\/\/rioonwatch.org.br\/wp-content\/uploads\/2022\/06\/Horta-Escola-Maria-Angu-620x266.png 620w, https:\/\/rioonwatch.org.br\/wp-content\/uploads\/2022\/06\/Horta-Escola-Maria-Angu.png 1267w\" sizes=\"(max-width: 620px) 100vw, 620px\" \/>\t\t\t\t\t\t\t\t<\/a>\n\t\t\t\t\t\t\t\t\t\t\t\t\t<\/div>\n\t\t\t\t<\/div>\n\t\t\t\t<div class=\"elementor-element elementor-element-eebb870 elementor-widget elementor-widget-heading\" data-id=\"eebb870\" data-element_type=\"widget\" data-widget_type=\"heading.default\">\n\t\t\t\t<div class=\"elementor-widget-container\">\n\t\t\t<h2 class=\"elementor-heading-title elementor-size-default\"><a href=\"https:\/\/rioonwatch.org.br\/?p=61809\" target=\"_blank\">E Se Cada Morador Cultivasse sua Pr\u00f3pria Horta? Conhe\u00e7a o Sonho da Horta-Escola Comunit\u00e1ria Maria Angu, na Favela da Kelson\u2019s, na Mar\u00e9<\/a><\/h2>\t\t<\/div>\n\t\t\t\t<\/div>\n\t\t\t\t\t<\/div>\n\t\t<\/div>\n\t\t\t\t<div class=\"elementor-column elementor-col-33 elementor-top-column elementor-element elementor-element-92939db\" data-id=\"92939db\" data-element_type=\"column\">\n\t\t\t<div class=\"elementor-widget-wrap elementor-element-populated\">\n\t\t\t\t\t\t<div class=\"elementor-element elementor-element-5435caa elementor-widget elementor-widget-image\" data-id=\"5435caa\" data-element_type=\"widget\" data-widget_type=\"image.default\">\n\t\t\t\t<div class=\"elementor-widget-container\">\n\t\t\t\t\t\t\t\t\t\t\t\t\t\t<a href=\"https:\/\/rioonwatch.org.br\/?p=61635\" target=\"_blank\">\n\t\t\t\t\t\t\t<img loading=\"lazy\" decoding=\"async\" width=\"768\" height=\"327\" src=\"https:\/\/rioonwatch.org.br\/wp-content\/uploads\/2022\/05\/ENACTUS-UFRJ-criado-em-2012-por-estudantes-da-Engenharia-de-Producao-da-UFRJ-hoje-conta-com-mais-de-40-colaboradores-de-diferentes-graduacoes-professores-e-parceiros-e-atua-em-quatro-comunidades-1030x439.jpg\" class=\"attachment-medium_large size-medium_large wp-image-61643\" alt=\"ENACTUS-UFRJ, criado em 2012 por estudantes da Engenharia de Produ\u00e7\u00e3o da UFRJ, hoje conta com mais de 40 colaboradores de diferentes gradua\u00e7\u00f5es, professores e parceiros e atua em quatro comunidades\" srcset=\"https:\/\/rioonwatch.org.br\/wp-content\/uploads\/2022\/05\/ENACTUS-UFRJ-criado-em-2012-por-estudantes-da-Engenharia-de-Producao-da-UFRJ-hoje-conta-com-mais-de-40-colaboradores-de-diferentes-graduacoes-professores-e-parceiros-e-atua-em-quatro-comunidades-1030x439.jpg 1030w, https:\/\/rioonwatch.org.br\/wp-content\/uploads\/2022\/05\/ENACTUS-UFRJ-criado-em-2012-por-estudantes-da-Engenharia-de-Producao-da-UFRJ-hoje-conta-com-mais-de-40-colaboradores-de-diferentes-graduacoes-professores-e-parceiros-e-atua-em-quatro-comunidades-620x264.jpg 620w\" sizes=\"(max-width: 768px) 100vw, 768px\" \/>\t\t\t\t\t\t\t\t<\/a>\n\t\t\t\t\t\t\t\t\t\t\t\t\t<\/div>\n\t\t\t\t<\/div>\n\t\t\t\t<div class=\"elementor-element elementor-element-0e4cb99 elementor-widget elementor-widget-heading\" data-id=\"0e4cb99\" data-element_type=\"widget\" data-widget_type=\"heading.default\">\n\t\t\t\t<div class=\"elementor-widget-container\">\n\t\t\t<h2 class=\"elementor-heading-title elementor-size-default\"><a href=\"https:\/\/rioonwatch.org.br\/?p=61635\" target=\"_blank\">Ilhas de Calor e Ilhas de Frescor: ENACTUS-UFRJ Ajuda Comunidades Contra Temperaturas Extremas<\/a><\/h2>\t\t<\/div>\n\t\t\t\t<\/div>\n\t\t\t\t\t<\/div>\n\t\t<\/div>\n\t\t\t\t<div class=\"elementor-column elementor-col-33 elementor-top-column elementor-element elementor-element-c03ed13\" data-id=\"c03ed13\" data-element_type=\"column\">\n\t\t\t<div class=\"elementor-widget-wrap elementor-element-populated\">\n\t\t\t\t\t\t<div class=\"elementor-element elementor-element-fefc7c6 elementor-widget elementor-widget-image\" data-id=\"fefc7c6\" data-element_type=\"widget\" data-widget_type=\"image.default\">\n\t\t\t\t<div class=\"elementor-widget-container\">\n\t\t\t\t\t\t\t\t\t\t\t\t\t\t<a href=\"https:\/\/rioonwatch.org.br\/?p=61584\" target=\"_blank\">\n\t\t\t\t\t\t\t<img loading=\"lazy\" decoding=\"async\" width=\"620\" height=\"414\" src=\"https:\/\/rioonwatch.org.br\/wp-content\/uploads\/2022\/05\/Floresta-Amazonica-em-chamas-perto-do-Rio-Branco-em-Porto-Velho-Rondonia.-Foto-Christian-Braga-Greenpeace-620x414.jpeg\" class=\"attachment-medium size-medium wp-image-61598\" alt=\"Floresta Amaz\u00f4nica em chamas perto do Rio Branco, em Porto Velho, Rond\u00f4nia. Foto: Christian Braga\/Greenpeace\" srcset=\"https:\/\/rioonwatch.org.br\/wp-content\/uploads\/2022\/05\/Floresta-Amazonica-em-chamas-perto-do-Rio-Branco-em-Porto-Velho-Rondonia.-Foto-Christian-Braga-Greenpeace-620x414.jpeg 620w, https:\/\/rioonwatch.org.br\/wp-content\/uploads\/2022\/05\/Floresta-Amazonica-em-chamas-perto-do-Rio-Branco-em-Porto-Velho-Rondonia.-Foto-Christian-Braga-Greenpeace-943x629.jpeg 943w, https:\/\/rioonwatch.org.br\/wp-content\/uploads\/2022\/05\/Floresta-Amazonica-em-chamas-perto-do-Rio-Branco-em-Porto-Velho-Rondonia.-Foto-Christian-Braga-Greenpeace-768x512.jpeg 768w, https:\/\/rioonwatch.org.br\/wp-content\/uploads\/2022\/05\/Floresta-Amazonica-em-chamas-perto-do-Rio-Branco-em-Porto-Velho-Rondonia.-Foto-Christian-Braga-Greenpeace.jpeg 1024w\" sizes=\"(max-width: 620px) 100vw, 620px\" \/>\t\t\t\t\t\t\t\t<\/a>\n\t\t\t\t\t\t\t\t\t\t\t\t\t<\/div>\n\t\t\t\t<\/div>\n\t\t\t\t<div class=\"elementor-element elementor-element-e89cc3a elementor-widget elementor-widget-heading\" data-id=\"e89cc3a\" data-element_type=\"widget\" data-widget_type=\"heading.default\">\n\t\t\t\t<div class=\"elementor-widget-container\">\n\t\t\t<h2 class=\"elementor-heading-title elementor-size-default\"><a href=\"https:\/\/rioonwatch.org.br\/?p=61584\" target=\"_blank\">Brasileiros Est\u00e3o Mais Preocupados com as Mudan\u00e7as Clim\u00e1ticas do que EUA ou Irlanda, em Todos os Estratos Pol\u00edticos e Socioecon\u00f4micos, Segundo Relat\u00f3rio<\/a><\/h2>\t\t<\/div>\n\t\t\t\t<\/div>\n\t\t\t\t\t<\/div>\n\t\t<\/div>\n\t\t\t\t\t<\/div>\n\t\t<\/section>\n\t\t\t\t<section class=\"elementor-section elementor-top-section elementor-element elementor-element-4807c42 secao-posts1 elementor-section-boxed elementor-section-height-default elementor-section-height-default\" data-id=\"4807c42\" data-element_type=\"section\" data-settings=\"{&quot;background_background&quot;:&quot;classic&quot;}\">\n\t\t\t\t\t\t<div class=\"elementor-container elementor-column-gap-default\">\n\t\t\t\t\t<div class=\"elementor-column elementor-col-33 elementor-top-column elementor-element elementor-element-d569d51\" data-id=\"d569d51\" data-element_type=\"column\">\n\t\t\t<div class=\"elementor-widget-wrap elementor-element-populated\">\n\t\t\t\t\t\t<div class=\"elementor-element elementor-element-9cf85b8 elementor-widget elementor-widget-image\" data-id=\"9cf85b8\" data-element_type=\"widget\" data-widget_type=\"image.default\">\n\t\t\t\t<div class=\"elementor-widget-container\">\n\t\t\t\t\t\t\t\t\t\t\t\t\t\t<a href=\"https:\/\/rioonwatch.org.br\/?p=61606\" target=\"_blank\">\n\t\t\t\t\t\t\t<img loading=\"lazy\" decoding=\"async\" width=\"620\" height=\"443\" src=\"https:\/\/rioonwatch.org.br\/wp-content\/uploads\/2022\/05\/Ilustracao-Inseguranca-Energetica-no-Complexo-do-Salgueiro-em-Sao-Goncalo.-Foto-por-Rodrigo-Binarts-620x443.jpg\" class=\"attachment-medium size-medium wp-image-61684\" alt=\"Vers\u00e3o preto\/branco de ilustra\u00e7\u00e3o por Rodrigo Binarts para s\u00e9rie de justi\u00e7a energ\u00e9tica do RioOnWatch.\" srcset=\"https:\/\/rioonwatch.org.br\/wp-content\/uploads\/2022\/05\/Ilustracao-Inseguranca-Energetica-no-Complexo-do-Salgueiro-em-Sao-Goncalo.-Foto-por-Rodrigo-Binarts-620x443.jpg 620w, https:\/\/rioonwatch.org.br\/wp-content\/uploads\/2022\/05\/Ilustracao-Inseguranca-Energetica-no-Complexo-do-Salgueiro-em-Sao-Goncalo.-Foto-por-Rodrigo-Binarts-881x629.jpg 881w, https:\/\/rioonwatch.org.br\/wp-content\/uploads\/2022\/05\/Ilustracao-Inseguranca-Energetica-no-Complexo-do-Salgueiro-em-Sao-Goncalo.-Foto-por-Rodrigo-Binarts-768x549.jpg 768w, https:\/\/rioonwatch.org.br\/wp-content\/uploads\/2022\/05\/Ilustracao-Inseguranca-Energetica-no-Complexo-do-Salgueiro-em-Sao-Goncalo.-Foto-por-Rodrigo-Binarts.jpg 1162w\" sizes=\"(max-width: 620px) 100vw, 620px\" \/>\t\t\t\t\t\t\t\t<\/a>\n\t\t\t\t\t\t\t\t\t\t\t\t\t<\/div>\n\t\t\t\t<\/div>\n\t\t\t\t<div class=\"elementor-element elementor-element-48a4fe0 elementor-widget elementor-widget-heading\" data-id=\"48a4fe0\" data-element_type=\"widget\" data-widget_type=\"heading.default\">\n\t\t\t\t<div class=\"elementor-widget-container\">\n\t\t\t<h2 class=\"elementor-heading-title elementor-size-default\"><a href=\"https:\/\/rioonwatch.org.br\/?p=61606\" target=\"_blank\">Movimentos e Organiza\u00e7\u00f5es Dialogam sobre Justi\u00e7a Energ\u00e9tica e Clim\u00e1tica em Prepara\u00e7\u00e3o para a Confer\u00eancia Popular pelo Direito \u00e0 Cidade [LIVE]<\/a><\/h2>\t\t<\/div>\n\t\t\t\t<\/div>\n\t\t\t\t\t<\/div>\n\t\t<\/div>\n\t\t\t\t<div class=\"elementor-column elementor-col-33 elementor-top-column elementor-element elementor-element-c0fc4c4\" data-id=\"c0fc4c4\" data-element_type=\"column\">\n\t\t\t<div class=\"elementor-widget-wrap elementor-element-populated\">\n\t\t\t\t\t\t<div class=\"elementor-element elementor-element-5d38719 elementor-widget elementor-widget-image\" data-id=\"5d38719\" data-element_type=\"widget\" data-widget_type=\"image.default\">\n\t\t\t\t<div class=\"elementor-widget-container\">\n\t\t\t\t\t\t\t\t\t\t\t\t\t\t<a href=\"https:\/\/rioonwatch.org.br\/?p=63313\" target=\"_blank\">\n\t\t\t\t\t\t\t<img loading=\"lazy\" decoding=\"async\" width=\"620\" height=\"264\" src=\"https:\/\/rioonwatch.org.br\/wp-content\/uploads\/2022\/12\/Arte-original-por-Natalia-S.-Flores-620x264.jpg\" class=\"attachment-medium size-medium wp-image-64797\" alt=\"Arte original por Natalia S. Flores\" srcset=\"https:\/\/rioonwatch.org.br\/wp-content\/uploads\/2022\/12\/Arte-original-por-Natalia-S.-Flores-620x264.jpg 620w, https:\/\/rioonwatch.org.br\/wp-content\/uploads\/2022\/12\/Arte-original-por-Natalia-S.-Flores-1030x439.jpg 1030w, https:\/\/rioonwatch.org.br\/wp-content\/uploads\/2022\/12\/Arte-original-por-Natalia-S.-Flores-1479x629.jpg 1479w\" sizes=\"(max-width: 620px) 100vw, 620px\" \/>\t\t\t\t\t\t\t\t<\/a>\n\t\t\t\t\t\t\t\t\t\t\t\t\t<\/div>\n\t\t\t\t<\/div>\n\t\t\t\t<div class=\"elementor-element elementor-element-702dc9d elementor-widget elementor-widget-heading\" data-id=\"702dc9d\" data-element_type=\"widget\" data-widget_type=\"heading.default\">\n\t\t\t\t<div class=\"elementor-widget-container\">\n\t\t\t<h2 class=\"elementor-heading-title elementor-size-default\"><a href=\"https:\/\/rioonwatch.org.br\/?p=63313\" target=\"_blank\">Percep\u00e7\u00f5es dos Moradores do Morro da Formiga sobre o Rio Cascata: Mem\u00f3ria, Recupera\u00e7\u00e3o Ambiental e Perten\u00e7a Comunit\u00e1ria \u00e0s Margens de um Rio de Favela<\/a><\/h2>\t\t<\/div>\n\t\t\t\t<\/div>\n\t\t\t\t\t<\/div>\n\t\t<\/div>\n\t\t\t\t<div class=\"elementor-column elementor-col-33 elementor-top-column elementor-element elementor-element-4132bb6\" data-id=\"4132bb6\" data-element_type=\"column\">\n\t\t\t<div class=\"elementor-widget-wrap elementor-element-populated\">\n\t\t\t\t\t\t<div class=\"elementor-element elementor-element-2e373e1 elementor-widget elementor-widget-image\" data-id=\"2e373e1\" data-element_type=\"widget\" data-widget_type=\"image.default\">\n\t\t\t\t<div class=\"elementor-widget-container\">\n\t\t\t\t\t\t\t\t\t\t\t\t\t\t<a href=\"https:\/\/rioonwatch.org.br\/?p=66607\" target=\"_blank\">\n\t\t\t\t\t\t\t<img loading=\"lazy\" decoding=\"async\" width=\"620\" height=\"414\" src=\"https:\/\/rioonwatch.org.br\/wp-content\/uploads\/2023\/04\/Projeto-Coleta-Mare-do-Espaco-de-Leitura-Jorge-Amado.-Foto-Gabriel-Loiola-620x414.jpg\" class=\"attachment-medium size-medium wp-image-67698\" alt=\"\" srcset=\"https:\/\/rioonwatch.org.br\/wp-content\/uploads\/2023\/04\/Projeto-Coleta-Mare-do-Espaco-de-Leitura-Jorge-Amado.-Foto-Gabriel-Loiola-620x414.jpg 620w, https:\/\/rioonwatch.org.br\/wp-content\/uploads\/2023\/04\/Projeto-Coleta-Mare-do-Espaco-de-Leitura-Jorge-Amado.-Foto-Gabriel-Loiola-942x629.jpg 942w, https:\/\/rioonwatch.org.br\/wp-content\/uploads\/2023\/04\/Projeto-Coleta-Mare-do-Espaco-de-Leitura-Jorge-Amado.-Foto-Gabriel-Loiola.jpg 1200w\" sizes=\"(max-width: 620px) 100vw, 620px\" \/>\t\t\t\t\t\t\t\t<\/a>\n\t\t\t\t\t\t\t\t\t\t\t\t\t<\/div>\n\t\t\t\t<\/div>\n\t\t\t\t<div class=\"elementor-element elementor-element-7e44582 elementor-widget elementor-widget-heading\" data-id=\"7e44582\" data-element_type=\"widget\" data-widget_type=\"heading.default\">\n\t\t\t\t<div class=\"elementor-widget-container\">\n\t\t\t<h2 class=\"elementor-heading-title elementor-size-default\"><a href=\"https:\/\/rioonwatch.org.br\/?p=66607\" target=\"_blank\">Gestores de Dez Lonas Culturais, Centros de Arte e Museus do Rio Criam Projetos sobre o Clima Usando Cultura, Arte e Sustentabilidade<\/a><\/h2>\t\t<\/div>\n\t\t\t\t<\/div>\n\t\t\t\t\t<\/div>\n\t\t<\/div>\n\t\t\t\t\t<\/div>\n\t\t<\/section>\n\t\t\t\t<section class=\"elementor-section elementor-top-section elementor-element elementor-element-c25c639 elementor-section-boxed elementor-section-height-default elementor-section-height-default\" data-id=\"c25c639\" data-element_type=\"section\" data-settings=\"{&quot;background_background&quot;:&quot;classic&quot;}\">\n\t\t\t\t\t\t<div class=\"elementor-container elementor-column-gap-default\">\n\t\t\t\t\t<div class=\"elementor-column elementor-col-100 elementor-top-column elementor-element elementor-element-bcb69b9\" data-id=\"bcb69b9\" data-element_type=\"column\" data-settings=\"{&quot;background_background&quot;:&quot;classic&quot;}\">\n\t\t\t<div class=\"elementor-widget-wrap elementor-element-populated\">\n\t\t\t\t\t\t<div class=\"elementor-element elementor-element-21a0e6b elementor-widget elementor-widget-heading\" data-id=\"21a0e6b\" data-element_type=\"widget\" data-widget_type=\"heading.default\">\n\t\t\t\t<div class=\"elementor-widget-container\">\n\t\t\t<h3 class=\"elementor-heading-title elementor-size-medium\">Mergulho nas Solu\u00e7\u00f5es da Rede Favela Sustent\u00e1vel<\/h3>\t\t<\/div>\n\t\t\t\t<\/div>\n\t\t\t\t\t<\/div>\n\t\t<\/div>\n\t\t\t\t\t<\/div>\n\t\t<\/section>\n\t\t\t\t<section class=\"elementor-section elementor-top-section elementor-element elementor-element-6ea955f elementor-section-boxed elementor-section-height-default elementor-section-height-default\" data-id=\"6ea955f\" data-element_type=\"section\" data-settings=\"{&quot;background_background&quot;:&quot;classic&quot;}\">\n\t\t\t\t\t\t<div class=\"elementor-container elementor-column-gap-narrow\">\n\t\t\t\t\t<div class=\"elementor-column elementor-col-33 elementor-top-column elementor-element elementor-element-3e72069\" data-id=\"3e72069\" data-element_type=\"column\">\n\t\t\t<div class=\"elementor-widget-wrap elementor-element-populated\">\n\t\t\t\t\t\t<div class=\"elementor-element elementor-element-19274ac elementor-widget elementor-widget-video\" data-id=\"19274ac\" data-element_type=\"widget\" data-settings=\"{&quot;youtube_url&quot;:&quot;https:\\\/\\\/youtu.be\\\/MrN7-WEaxTU&quot;,&quot;show_image_overlay&quot;:&quot;yes&quot;,&quot;image_overlay&quot;:{&quot;url&quot;:&quot;https:\\\/\\\/rioonwatch.org.br\\\/wp-content\\\/uploads\\\/2022\\\/10\\\/Intercambio-do-Transvida-na-Vila-Cruzeiro-Complexo-da-Penha.-Foto-Rede-Favela-Sustentavel.jpg&quot;,&quot;id&quot;:63418,&quot;size&quot;:&quot;&quot;,&quot;alt&quot;:&quot;Interc\\u00e2mbio do Transvida, na Vila Cruzeiro, Complexo da Penha. Foto Rede Favela Sustent\\u00e1vel&quot;,&quot;source&quot;:&quot;library&quot;},&quot;video_type&quot;:&quot;youtube&quot;,&quot;controls&quot;:&quot;yes&quot;}\" data-widget_type=\"video.default\">\n\t\t\t\t<div class=\"elementor-widget-container\">\n\t\t\t\t\t<div class=\"elementor-wrapper elementor-open-inline\">\n\t\t\t<div class=\"elementor-video\"><\/div>\t\t\t\t<div class=\"elementor-custom-embed-image-overlay\" style=\"background-image: url(https:\/\/rioonwatch.org.br\/wp-content\/uploads\/2022\/10\/Intercambio-do-Transvida-na-Vila-Cruzeiro-Complexo-da-Penha.-Foto-Rede-Favela-Sustentavel.jpg);\">\n\t\t\t\t\t\t\t\t\t\t\t\t\t\t\t\t<div class=\"elementor-custom-embed-play\" role=\"button\" aria-label=\"Reproduzir v\u00eddeo sobre Interc\u00e2mbio do Transvida, na Vila Cruzeiro, Complexo da Penha. Foto Rede Favela Sustent\u00e1vel\" tabindex=\"0\">\n\t\t\t\t\t\t\t<i aria-hidden=\"true\" class=\"eicon-play\"><\/i>\t\t\t\t\t\t\t<span class=\"elementor-screen-only\">Reproduzir v\u00eddeo sobre Interc\u00e2mbio do Transvida, na Vila Cruzeiro, Complexo da Penha. Foto Rede Favela Sustent\u00e1vel<\/span>\n\t\t\t\t\t\t<\/div>\n\t\t\t\t\t\t\t\t\t<\/div>\n\t\t\t\t\t<\/div>\n\t\t\t\t<\/div>\n\t\t\t\t<\/div>\n\t\t\t\t<div class=\"elementor-element elementor-element-7a7cf0b elementor-widget elementor-widget-heading\" data-id=\"7a7cf0b\" data-element_type=\"widget\" data-widget_type=\"heading.default\">\n\t\t\t\t<div class=\"elementor-widget-container\">\n\t\t\t<h2 class=\"elementor-heading-title elementor-size-medium\"><a href=\"https:\/\/rioonwatch.org.br\/?p=63336\" target=\"_blank\">Rede Favela Sustent\u00e1vel Organiza Interc\u00e2mbio no Dia Mundial da Limpeza com Cooperativa de Reciclagem Transvida na Vila Cruzeiro<\/a><\/h2>\t\t<\/div>\n\t\t\t\t<\/div>\n\t\t\t\t\t<\/div>\n\t\t<\/div>\n\t\t\t\t<div class=\"elementor-column elementor-col-33 elementor-top-column elementor-element elementor-element-dab09ff\" data-id=\"dab09ff\" data-element_type=\"column\">\n\t\t\t<div class=\"elementor-widget-wrap elementor-element-populated\">\n\t\t\t\t\t\t<div class=\"elementor-element elementor-element-966dff9 elementor-widget elementor-widget-video\" data-id=\"966dff9\" data-element_type=\"widget\" data-settings=\"{&quot;youtube_url&quot;:&quot;https:\\\/\\\/youtu.be\\\/6rnnbBq9Gi8&quot;,&quot;show_image_overlay&quot;:&quot;yes&quot;,&quot;image_overlay&quot;:{&quot;url&quot;:&quot;https:\\\/\\\/rioonwatch.org.br\\\/wp-content\\\/uploads\\\/2023\\\/02\\\/Foto-1-Denise-Santos-observa-o-resultado-dos-trabalhos-realizados-na-horta-Atitude-Sustentavel-scaled.jpg&quot;,&quot;id&quot;:66214,&quot;size&quot;:&quot;&quot;,&quot;alt&quot;:&quot;Denise Santos observa o resultado dos trabalhos realizados na horta Atitude Sustent\\u00e1vel, no Morro do Salgueiro. Foto: Alexandre Cerqueira&quot;,&quot;source&quot;:&quot;library&quot;},&quot;video_type&quot;:&quot;youtube&quot;,&quot;controls&quot;:&quot;yes&quot;}\" data-widget_type=\"video.default\">\n\t\t\t\t<div class=\"elementor-widget-container\">\n\t\t\t\t\t<div class=\"elementor-wrapper elementor-open-inline\">\n\t\t\t<div class=\"elementor-video\"><\/div>\t\t\t\t<div class=\"elementor-custom-embed-image-overlay\" style=\"background-image: url(https:\/\/rioonwatch.org.br\/wp-content\/uploads\/2023\/02\/Foto-1-Denise-Santos-observa-o-resultado-dos-trabalhos-realizados-na-horta-Atitude-Sustentavel-scaled.jpg);\">\n\t\t\t\t\t\t\t\t\t\t\t\t\t\t\t\t<div class=\"elementor-custom-embed-play\" role=\"button\" aria-label=\"Reproduzir v\u00eddeo sobre Denise Santos observa o resultado dos trabalhos realizados na horta Atitude Sustent\u00e1vel, no Morro do Salgueiro. Foto: Alexandre Cerqueira\" tabindex=\"0\">\n\t\t\t\t\t\t\t<i aria-hidden=\"true\" class=\"eicon-play\"><\/i>\t\t\t\t\t\t\t<span class=\"elementor-screen-only\">Reproduzir v\u00eddeo sobre Denise Santos observa o resultado dos trabalhos realizados na horta Atitude Sustent\u00e1vel, no Morro do Salgueiro. Foto: Alexandre Cerqueira<\/span>\n\t\t\t\t\t\t<\/div>\n\t\t\t\t\t\t\t\t\t<\/div>\n\t\t\t\t\t<\/div>\n\t\t\t\t<\/div>\n\t\t\t\t<\/div>\n\t\t\t\t<div class=\"elementor-element elementor-element-a42baef elementor-widget elementor-widget-heading\" data-id=\"a42baef\" data-element_type=\"widget\" data-widget_type=\"heading.default\">\n\t\t\t\t<div class=\"elementor-widget-container\">\n\t\t\t<h2 class=\"elementor-heading-title elementor-size-medium\"><a href=\"https:\/\/rioonwatch.org.br\/?p=66203\" target=\"_blank\">Mutir\u00e3o de Plantio e Revitaliza\u00e7\u00e3o da Horta Atitude Sustent\u00e1vel, no Salgueiro, Engaja Mobilizadores da Rede Favela Sustent\u00e1vel\n<\/a><\/h2>\t\t<\/div>\n\t\t\t\t<\/div>\n\t\t\t\t\t<\/div>\n\t\t<\/div>\n\t\t\t\t<div class=\"elementor-column elementor-col-33 elementor-top-column elementor-element elementor-element-1824931\" data-id=\"1824931\" data-element_type=\"column\">\n\t\t\t<div class=\"elementor-widget-wrap elementor-element-populated\">\n\t\t\t\t\t\t<div class=\"elementor-element elementor-element-c535e0b elementor-widget elementor-widget-video\" data-id=\"c535e0b\" data-element_type=\"widget\" data-settings=\"{&quot;youtube_url&quot;:&quot;https:\\\/\\\/youtu.be\\\/jPfSGRLe-zg&quot;,&quot;show_image_overlay&quot;:&quot;yes&quot;,&quot;image_overlay&quot;:{&quot;url&quot;:&quot;https:\\\/\\\/rioonwatch.org.br\\\/wp-content\\\/uploads\\\/2022\\\/10\\\/Intercambio-RFS-no-CEM.jpg&quot;,&quot;id&quot;:63084,&quot;size&quot;:&quot;&quot;,&quot;alt&quot;:&quot;&quot;,&quot;source&quot;:&quot;library&quot;},&quot;video_type&quot;:&quot;youtube&quot;,&quot;controls&quot;:&quot;yes&quot;}\" data-widget_type=\"video.default\">\n\t\t\t\t<div class=\"elementor-widget-container\">\n\t\t\t\t\t<div class=\"elementor-wrapper elementor-open-inline\">\n\t\t\t<div class=\"elementor-video\"><\/div>\t\t\t\t<div class=\"elementor-custom-embed-image-overlay\" style=\"background-image: url(https:\/\/rioonwatch.org.br\/wp-content\/uploads\/2022\/10\/Intercambio-RFS-no-CEM.jpg);\">\n\t\t\t\t\t\t\t\t\t\t\t\t\t\t\t\t<div class=\"elementor-custom-embed-play\" role=\"button\" aria-label=\"Reproduzir v\u00eddeo\" tabindex=\"0\">\n\t\t\t\t\t\t\t<i aria-hidden=\"true\" class=\"eicon-play\"><\/i>\t\t\t\t\t\t\t<span class=\"elementor-screen-only\">Reproduzir v\u00eddeo<\/span>\n\t\t\t\t\t\t<\/div>\n\t\t\t\t\t\t\t\t\t<\/div>\n\t\t\t\t\t<\/div>\n\t\t\t\t<\/div>\n\t\t\t\t<\/div>\n\t\t\t\t<div class=\"elementor-element elementor-element-7a13474 elementor-widget elementor-widget-heading\" data-id=\"7a13474\" data-element_type=\"widget\" data-widget_type=\"heading.default\">\n\t\t\t\t<div class=\"elementor-widget-container\">\n\t\t\t<h2 class=\"elementor-heading-title elementor-size-medium\"><a href=\"https:\/\/rioonwatch.org.br\/?p=62775\" target=\"_blank\">O Que \u00c9 Morar e Plantar na Favela? Interc\u00e2mbio da Rede Favela Sustent\u00e1vel com o Centro de Integra\u00e7\u00e3o da Serra da Miseric\u00f3rdia Planta Sementes da Soberania Alimentar na Favela<\/a><\/h2>\t\t<\/div>\n\t\t\t\t<\/div>\n\t\t\t\t\t<\/div>\n\t\t<\/div>\n\t\t\t\t\t<\/div>\n\t\t<\/section>\n\t\t\t\t<section class=\"elementor-section elementor-top-section elementor-element elementor-element-f9be376 secao-posts1 elementor-section-boxed elementor-section-height-default elementor-section-height-default\" data-id=\"f9be376\" data-element_type=\"section\" data-settings=\"{&quot;background_background&quot;:&quot;classic&quot;}\">\n\t\t\t\t\t\t<div class=\"elementor-container elementor-column-gap-default\">\n\t\t\t\t\t<div class=\"elementor-column elementor-col-33 elementor-top-column elementor-element elementor-element-4915c25\" data-id=\"4915c25\" data-element_type=\"column\">\n\t\t\t<div class=\"elementor-widget-wrap elementor-element-populated\">\n\t\t\t\t\t\t<div class=\"elementor-element elementor-element-56299dc elementor-widget elementor-widget-image\" data-id=\"56299dc\" data-element_type=\"widget\" data-widget_type=\"image.default\">\n\t\t\t\t<div class=\"elementor-widget-container\">\n\t\t\t\t\t\t\t\t\t\t\t\t\t\t<a href=\"https:\/\/rioonwatch.org.br\/?p=67465\" target=\"_blank\">\n\t\t\t\t\t\t\t<img loading=\"lazy\" decoding=\"async\" width=\"620\" height=\"349\" src=\"https:\/\/rioonwatch.org.br\/wp-content\/uploads\/2023\/04\/Pesquisadores-cidadaos-entrevistam-moradores-para-a-amostra-do-estudo-que-gerou-o-Relatorio-Eficiencia-Energetica-nas-Favelas.-Foto-Luiza-Andrade-620x349.jpg\" class=\"attachment-medium size-medium wp-image-67480\" alt=\"Pesquisadores-cidad\u00e3os entrevistam moradores para a amostra do estudo que gerou o Relat\u00f3rio Efici\u00eancia Energ\u00e9tica nas Favelas. Foto: Luiza Andrade\" srcset=\"https:\/\/rioonwatch.org.br\/wp-content\/uploads\/2023\/04\/Pesquisadores-cidadaos-entrevistam-moradores-para-a-amostra-do-estudo-que-gerou-o-Relatorio-Eficiencia-Energetica-nas-Favelas.-Foto-Luiza-Andrade-620x349.jpg 620w, https:\/\/rioonwatch.org.br\/wp-content\/uploads\/2023\/04\/Pesquisadores-cidadaos-entrevistam-moradores-para-a-amostra-do-estudo-que-gerou-o-Relatorio-Eficiencia-Energetica-nas-Favelas.-Foto-Luiza-Andrade-1118x629.jpg 1118w, https:\/\/rioonwatch.org.br\/wp-content\/uploads\/2023\/04\/Pesquisadores-cidadaos-entrevistam-moradores-para-a-amostra-do-estudo-que-gerou-o-Relatorio-Eficiencia-Energetica-nas-Favelas.-Foto-Luiza-Andrade.jpg 1920w\" sizes=\"(max-width: 620px) 100vw, 620px\" \/>\t\t\t\t\t\t\t\t<\/a>\n\t\t\t\t\t\t\t\t\t\t\t\t\t<\/div>\n\t\t\t\t<\/div>\n\t\t\t\t<div class=\"elementor-element elementor-element-f2b563d elementor-widget elementor-widget-heading\" data-id=\"f2b563d\" data-element_type=\"widget\" data-widget_type=\"heading.default\">\n\t\t\t\t<div class=\"elementor-widget-container\">\n\t\t\t<h2 class=\"elementor-heading-title elementor-size-default\"><a href=\"https:\/\/rioonwatch.org.br\/?p=67465\" target=\"_blank\">Primeiro Relat\u00f3rio \u2018Efici\u00eancia Energ\u00e9tica nas Favelas\u2019 Exp\u00f5e Detalhes In\u00e9ditos sobre Impacto da Inefici\u00eancia do Servi\u00e7o e Uso de Luz sobre a Pobreza e Aprofundamento das Desigualdades<\/a><\/h2>\t\t<\/div>\n\t\t\t\t<\/div>\n\t\t\t\t\t<\/div>\n\t\t<\/div>\n\t\t\t\t<div class=\"elementor-column elementor-col-33 elementor-top-column elementor-element elementor-element-5ca7b61\" data-id=\"5ca7b61\" data-element_type=\"column\">\n\t\t\t<div class=\"elementor-widget-wrap elementor-element-populated\">\n\t\t\t\t\t\t<div class=\"elementor-element elementor-element-c77631f elementor-widget elementor-widget-video\" data-id=\"c77631f\" data-element_type=\"widget\" data-settings=\"{&quot;youtube_url&quot;:&quot;https:\\\/\\\/youtu.be\\\/Myae0qYv60s&quot;,&quot;show_image_overlay&quot;:&quot;yes&quot;,&quot;image_overlay&quot;:{&quot;url&quot;:&quot;https:\\\/\\\/rioonwatch.org.br\\\/wp-content\\\/uploads\\\/2022\\\/07\\\/52196025010_833a00c84e_k.jpg&quot;,&quot;id&quot;:62063,&quot;size&quot;:&quot;&quot;,&quot;alt&quot;:&quot;&quot;,&quot;source&quot;:&quot;library&quot;},&quot;video_type&quot;:&quot;youtube&quot;,&quot;controls&quot;:&quot;yes&quot;}\" data-widget_type=\"video.default\">\n\t\t\t\t<div class=\"elementor-widget-container\">\n\t\t\t\t\t<div class=\"elementor-wrapper elementor-open-inline\">\n\t\t\t<div class=\"elementor-video\"><\/div>\t\t\t\t<div class=\"elementor-custom-embed-image-overlay\" style=\"background-image: url(https:\/\/rioonwatch.org.br\/wp-content\/uploads\/2022\/07\/52196025010_833a00c84e_k.jpg);\">\n\t\t\t\t\t\t\t\t\t\t\t\t\t\t\t\t<div class=\"elementor-custom-embed-play\" role=\"button\" aria-label=\"Reproduzir v\u00eddeo\" tabindex=\"0\">\n\t\t\t\t\t\t\t<i aria-hidden=\"true\" class=\"eicon-play\"><\/i>\t\t\t\t\t\t\t<span class=\"elementor-screen-only\">Reproduzir v\u00eddeo<\/span>\n\t\t\t\t\t\t<\/div>\n\t\t\t\t\t\t\t\t\t<\/div>\n\t\t\t\t\t<\/div>\n\t\t\t\t<\/div>\n\t\t\t\t<\/div>\n\t\t\t\t<div class=\"elementor-element elementor-element-484f83a elementor-widget elementor-widget-heading\" data-id=\"484f83a\" data-element_type=\"widget\" data-widget_type=\"heading.default\">\n\t\t\t\t<div class=\"elementor-widget-container\">\n\t\t\t<h2 class=\"elementor-heading-title elementor-size-medium\"><a href=\"https:\/\/rioonwatch.org.br\/?p=62042\" target=\"_blank\">Veja Como Foi o Lan\u00e7amento no Vale Encantado do Biossistema para Tratamento de Esgoto e Sistema de Energia Solar [V\u00cdDEO]<\/a><\/h2>\t\t<\/div>\n\t\t\t\t<\/div>\n\t\t\t\t\t<\/div>\n\t\t<\/div>\n\t\t\t\t<div class=\"elementor-column elementor-col-33 elementor-top-column elementor-element elementor-element-4f755ba\" data-id=\"4f755ba\" data-element_type=\"column\">\n\t\t\t<div class=\"elementor-widget-wrap elementor-element-populated\">\n\t\t\t\t\t\t<div class=\"elementor-element elementor-element-d6e1605 elementor-widget elementor-widget-video\" data-id=\"d6e1605\" data-element_type=\"widget\" data-settings=\"{&quot;youtube_url&quot;:&quot;https:\\\/\\\/youtu.be\\\/bxFWQXkMDiM&quot;,&quot;show_image_overlay&quot;:&quot;yes&quot;,&quot;image_overlay&quot;:{&quot;url&quot;:&quot;https:\\\/\\\/rioonwatch.org.br\\\/wp-content\\\/uploads\\\/2022\\\/05\\\/Biossistema-completo.jpg&quot;,&quot;id&quot;:61715,&quot;size&quot;:&quot;&quot;,&quot;alt&quot;:&quot;&quot;,&quot;source&quot;:&quot;library&quot;},&quot;video_type&quot;:&quot;youtube&quot;,&quot;controls&quot;:&quot;yes&quot;}\" data-widget_type=\"video.default\">\n\t\t\t\t<div class=\"elementor-widget-container\">\n\t\t\t\t\t<div class=\"elementor-wrapper elementor-open-inline\">\n\t\t\t<div class=\"elementor-video\"><\/div>\t\t\t\t<div class=\"elementor-custom-embed-image-overlay\" style=\"background-image: url(https:\/\/rioonwatch.org.br\/wp-content\/uploads\/2022\/05\/Biossistema-completo.jpg);\">\n\t\t\t\t\t\t\t\t\t\t\t\t\t\t\t\t<div class=\"elementor-custom-embed-play\" role=\"button\" aria-label=\"Reproduzir v\u00eddeo\" tabindex=\"0\">\n\t\t\t\t\t\t\t<i aria-hidden=\"true\" class=\"eicon-play\"><\/i>\t\t\t\t\t\t\t<span class=\"elementor-screen-only\">Reproduzir v\u00eddeo<\/span>\n\t\t\t\t\t\t<\/div>\n\t\t\t\t\t\t\t\t\t<\/div>\n\t\t\t\t\t<\/div>\n\t\t\t\t<\/div>\n\t\t\t\t<\/div>\n\t\t\t\t<div class=\"elementor-element elementor-element-9eb2c60 elementor-widget elementor-widget-heading\" data-id=\"9eb2c60\" data-element_type=\"widget\" data-widget_type=\"heading.default\">\n\t\t\t\t<div class=\"elementor-widget-container\">\n\t\t\t<h2 class=\"elementor-heading-title elementor-size-medium\"><a href=\"https:\/\/rioonwatch.org.br\/?p=61687\" target=\"_blank\">V\u00eddeo-Release: O Esgoto Mais Limpo do Rio Est\u00e1 na Favela! Vale Encantado Instaura Biossistema para Tratamento de Esgoto<\/a><\/h2>\t\t<\/div>\n\t\t\t\t<\/div>\n\t\t\t\t\t<\/div>\n\t\t<\/div>\n\t\t\t\t\t<\/div>\n\t\t<\/section>\n\t\t\t\t<section class=\"elementor-section elementor-top-section elementor-element elementor-element-acb0e6e secao-posts1 elementor-section-boxed elementor-section-height-default elementor-section-height-default\" data-id=\"acb0e6e\" data-element_type=\"section\" data-settings=\"{&quot;background_background&quot;:&quot;classic&quot;}\">\n\t\t\t\t\t\t<div class=\"elementor-container elementor-column-gap-default\">\n\t\t\t\t\t<div class=\"elementor-column elementor-col-33 elementor-top-column elementor-element elementor-element-e1eb8e0\" data-id=\"e1eb8e0\" data-element_type=\"column\">\n\t\t\t<div class=\"elementor-widget-wrap elementor-element-populated\">\n\t\t\t\t\t\t<div class=\"elementor-element elementor-element-12b8a4a elementor-widget elementor-widget-video\" data-id=\"12b8a4a\" data-element_type=\"widget\" data-settings=\"{&quot;youtube_url&quot;:&quot;https:\\\/\\\/youtu.be\\\/Biw92VpN3Ug&quot;,&quot;show_image_overlay&quot;:&quot;yes&quot;,&quot;image_overlay&quot;:{&quot;url&quot;:&quot;https:\\\/\\\/rioonwatch.org.br\\\/wp-content\\\/uploads\\\/2023\\\/04\\\/Participantes-do-Curso-Pesquisando-e-Monitorando-Justica-Hidrica-e-Energetica-nas-Favelas.jpg&quot;,&quot;id&quot;:67248,&quot;size&quot;:&quot;&quot;,&quot;alt&quot;:&quot;Participantes do Curso \\&quot;Pesquisando e Monitorando Justi\\u00e7a H\\u00eddrica e Energ\\u00e9tica nas Favelas\\&quot;. Foto: Luiza de Andrade&quot;,&quot;source&quot;:&quot;library&quot;},&quot;video_type&quot;:&quot;youtube&quot;,&quot;controls&quot;:&quot;yes&quot;}\" data-widget_type=\"video.default\">\n\t\t\t\t<div class=\"elementor-widget-container\">\n\t\t\t\t\t<div class=\"elementor-wrapper elementor-open-inline\">\n\t\t\t<div class=\"elementor-video\"><\/div>\t\t\t\t<div class=\"elementor-custom-embed-image-overlay\" style=\"background-image: url(https:\/\/rioonwatch.org.br\/wp-content\/uploads\/2023\/04\/Participantes-do-Curso-Pesquisando-e-Monitorando-Justica-Hidrica-e-Energetica-nas-Favelas.jpg);\">\n\t\t\t\t\t\t\t\t\t\t\t\t\t\t\t\t<div class=\"elementor-custom-embed-play\" role=\"button\" aria-label=\"Reproduzir v\u00eddeo sobre Participantes do Curso &quot;Pesquisando e Monitorando Justi\u00e7a H\u00eddrica e Energ\u00e9tica nas Favelas&quot;. Foto: Luiza de Andrade\" tabindex=\"0\">\n\t\t\t\t\t\t\t<i aria-hidden=\"true\" class=\"eicon-play\"><\/i>\t\t\t\t\t\t\t<span class=\"elementor-screen-only\">Reproduzir v\u00eddeo sobre Participantes do Curso &quot;Pesquisando e Monitorando Justi\u00e7a H\u00eddrica e Energ\u00e9tica nas Favelas&quot;. Foto: Luiza de Andrade<\/span>\n\t\t\t\t\t\t<\/div>\n\t\t\t\t\t\t\t\t\t<\/div>\n\t\t\t\t\t<\/div>\n\t\t\t\t<\/div>\n\t\t\t\t<\/div>\n\t\t\t\t<div class=\"elementor-element elementor-element-1573f7c elementor-widget elementor-widget-heading\" data-id=\"1573f7c\" data-element_type=\"widget\" data-widget_type=\"heading.default\">\n\t\t\t\t<div class=\"elementor-widget-container\">\n\t\t\t<h2 class=\"elementor-heading-title elementor-size-medium\"><a href=\"https:\/\/rioonwatch.org.br\/?p=67238\" target=\"_blank\">Assista ao Document\u00e1rio do Curso \u2018Pesquisando e Monitorando a Justi\u00e7a H\u00eddrica e Energ\u00e9tica nas Favelas\u2019, Que Mobilizou Milhares de Pessoas e Dados sobre 15 Favelas do Grande Rio [V\u00cdDEO]<\/a><\/h2>\t\t<\/div>\n\t\t\t\t<\/div>\n\t\t\t\t\t<\/div>\n\t\t<\/div>\n\t\t\t\t<div class=\"elementor-column elementor-col-33 elementor-top-column elementor-element elementor-element-ffe1b23\" data-id=\"ffe1b23\" data-element_type=\"column\">\n\t\t\t<div class=\"elementor-widget-wrap elementor-element-populated\">\n\t\t\t\t\t\t<div class=\"elementor-element elementor-element-850a023 elementor-widget elementor-widget-image\" data-id=\"850a023\" data-element_type=\"widget\" data-widget_type=\"image.default\">\n\t\t\t\t<div class=\"elementor-widget-container\">\n\t\t\t\t\t\t\t\t\t\t\t\t\t\t<a href=\"https:\/\/rioonwatch.org.br\/?p=69289\" target=\"_blank\">\n\t\t\t\t\t\t\t<img loading=\"lazy\" decoding=\"async\" width=\"620\" height=\"349\" src=\"https:\/\/rioonwatch.org.br\/wp-content\/uploads\/2023\/07\/1o-Intercambio-Nacional-da-Rede-Favela-Sustentavel-Tecendo-Sustentabilidade-e-Ampliando-Saberes-com-Favelas-Quilombos-e-Aldeias-620x349.png\" class=\"attachment-medium size-medium wp-image-69466\" alt=\"1\u00ba Interc\u00e2mbio Nacional da Rede Favela Sustent\u00e1vel Tecendo Sustentabilidade e Ampliando Saberes com Favelas, Quilombos e Aldeias.\" srcset=\"https:\/\/rioonwatch.org.br\/wp-content\/uploads\/2023\/07\/1o-Intercambio-Nacional-da-Rede-Favela-Sustentavel-Tecendo-Sustentabilidade-e-Ampliando-Saberes-com-Favelas-Quilombos-e-Aldeias-620x349.png 620w, https:\/\/rioonwatch.org.br\/wp-content\/uploads\/2023\/07\/1o-Intercambio-Nacional-da-Rede-Favela-Sustentavel-Tecendo-Sustentabilidade-e-Ampliando-Saberes-com-Favelas-Quilombos-e-Aldeias-1118x629.png 1118w\" sizes=\"(max-width: 620px) 100vw, 620px\" \/>\t\t\t\t\t\t\t\t<\/a>\n\t\t\t\t\t\t\t\t\t\t\t\t\t<\/div>\n\t\t\t\t<\/div>\n\t\t\t\t<div class=\"elementor-element elementor-element-576a9c5 elementor-widget elementor-widget-heading\" data-id=\"576a9c5\" data-element_type=\"widget\" data-widget_type=\"heading.default\">\n\t\t\t\t<div class=\"elementor-widget-container\">\n\t\t\t<h2 class=\"elementor-heading-title elementor-size-default\"><a href=\"https:\/\/rioonwatch.org.br\/?p=69289\" target=\"_blank\">1\u00ba Interc\u00e2mbio Nacional da Rede Favela Sustent\u00e1vel Amplia Saberes e Tece Sustentabilidade Entre Favelas, Quilombos e Aldeias [V\u00cdDEO]<\/a><\/h2>\t\t<\/div>\n\t\t\t\t<\/div>\n\t\t\t\t\t<\/div>\n\t\t<\/div>\n\t\t\t\t<div class=\"elementor-column elementor-col-33 elementor-top-column elementor-element elementor-element-21ec764\" data-id=\"21ec764\" data-element_type=\"column\">\n\t\t\t<div class=\"elementor-widget-wrap\">\n\t\t\t\t\t\t\t<\/div>\n\t\t<\/div>\n\t\t\t\t\t<\/div>\n\t\t<\/section>\n\t\t\t\t<section class=\"elementor-section elementor-top-section elementor-element elementor-element-61f3810 elementor-section-boxed elementor-section-height-default elementor-section-height-default\" data-id=\"61f3810\" data-element_type=\"section\" data-settings=\"{&quot;background_background&quot;:&quot;classic&quot;}\">\n\t\t\t\t\t\t<div class=\"elementor-container elementor-column-gap-default\">\n\t\t\t\t\t<div class=\"elementor-column elementor-col-100 elementor-top-column elementor-element elementor-element-77d099f\" data-id=\"77d099f\" data-element_type=\"column\" data-settings=\"{&quot;background_background&quot;:&quot;classic&quot;}\">\n\t\t\t<div class=\"elementor-widget-wrap elementor-element-populated\">\n\t\t\t\t\t\t<div class=\"elementor-element elementor-element-dc72059 elementor-widget elementor-widget-heading\" data-id=\"dc72059\" data-element_type=\"widget\" data-widget_type=\"heading.default\">\n\t\t\t\t<div class=\"elementor-widget-container\">\n\t\t\t<h3 class=\"elementor-heading-title elementor-size-medium\">Fotos e Artes<\/h3>\t\t<\/div>\n\t\t\t\t<\/div>\n\t\t\t\t\t<\/div>\n\t\t<\/div>\n\t\t\t\t\t<\/div>\n\t\t<\/section>\n\t\t\t\t<section class=\"elementor-section elementor-top-section elementor-element elementor-element-38607a2 secao-artistas elementor-section-boxed elementor-section-height-default elementor-section-height-default\" data-id=\"38607a2\" data-element_type=\"section\" data-settings=\"{&quot;background_background&quot;:&quot;classic&quot;}\">\n\t\t\t\t\t\t<div class=\"elementor-container elementor-column-gap-default\">\n\t\t\t\t\t<div class=\"elementor-column elementor-col-100 elementor-top-column elementor-element elementor-element-2718526\" data-id=\"2718526\" data-element_type=\"column\">\n\t\t\t<div class=\"elementor-widget-wrap elementor-element-populated\">\n\t\t\t\t\t\t<div class=\"elementor-element elementor-element-1ae25b5 elementor-arrows-position-inside elementor-pagination-position-outside elementor-widget elementor-widget-image-carousel\" data-id=\"1ae25b5\" data-element_type=\"widget\" data-settings=\"{&quot;slides_to_show&quot;:&quot;3&quot;,&quot;infinite&quot;:&quot;no&quot;,&quot;navigation&quot;:&quot;both&quot;,&quot;autoplay&quot;:&quot;yes&quot;,&quot;pause_on_hover&quot;:&quot;yes&quot;,&quot;pause_on_interaction&quot;:&quot;yes&quot;,&quot;autoplay_speed&quot;:5000,&quot;speed&quot;:500}\" data-widget_type=\"image-carousel.default\">\n\t\t\t\t<div class=\"elementor-widget-container\">\n\t\t\t\t\t<div class=\"elementor-image-carousel-wrapper swiper\" dir=\"ltr\">\n\t\t\t<div class=\"elementor-image-carousel swiper-wrapper\" aria-live=\"off\">\n\t\t\t\t\t\t\t\t<div class=\"swiper-slide\" role=\"group\" aria-roledescription=\"slide\" aria-label=\"1 de 5\"><a data-elementor-open-lightbox=\"yes\" data-elementor-lightbox-slideshow=\"1ae25b5\" data-elementor-lightbox-title=\"Arte original por Estev\u00e3o Ribeiro (2480x1055) &#039;Cad\u00ea a \u00c1gua Moradores da Mar\u00e9 Relatam Falta d\u2019\u00c1gua H\u00e1 pelo Menos Duas Semanas&#039;\" data-elementor-lightbox-description=\"Sobre o artista: Estev\u00e3o Ribeiro \u00e9 escritor, ilustrador e roteirista audiovisual. \u00c9 autor da tirinha antirracista R\u00ea Tinta, publicada no instagram @renatatinta.\" data-e-action-hash=\"#elementor-action%3Aaction%3Dlightbox%26settings%3DeyJpZCI6Njc2MzAsInVybCI6Imh0dHBzOlwvXC9yaW9vbndhdGNoLm9yZy5iclwvd3AtY29udGVudFwvdXBsb2Fkc1wvMjAyM1wvMDRcL3RodW1ibmFpbF81LUFydGUtb3JpZ2luYWwtcG9yLUVzdGV2YW8tUmliZWlyby0yNDgweDEwNTUtQ2FkZS1hLUFndWEtTW9yYWRvcmVzLWRhLU1hcmUtUmVsYXRhbS1GYWx0YS1kQWd1YS1IYS1wZWxvLU1lbm9zLUR1YXMtU2VtYW5hcy5qcGciLCJzbGlkZXNob3ciOiIxYWUyNWI1In0%3D\" href=\"https:\/\/rioonwatch.org.br\/wp-content\/uploads\/2023\/04\/thumbnail_5-Arte-original-por-Estevao-Ribeiro-2480x1055-Cade-a-Agua-Moradores-da-Mare-Relatam-Falta-dAgua-Ha-pelo-Menos-Duas-Semanas.jpg\"><figure class=\"swiper-slide-inner\"><img decoding=\"async\" class=\"swiper-slide-image\" src=\"https:\/\/rioonwatch.org.br\/wp-content\/uploads\/2023\/04\/thumbnail_5-Arte-original-por-Estevao-Ribeiro-2480x1055-Cade-a-Agua-Moradores-da-Mare-Relatam-Falta-dAgua-Ha-pelo-Menos-Duas-Semanas.jpg\" alt=\"Arte: Estev\u00e3o Ribeiro\" \/><figcaption class=\"elementor-image-carousel-caption\">Arte: Estev\u00e3o Ribeiro<\/figcaption><\/figure><\/a><\/div><div class=\"swiper-slide\" role=\"group\" aria-roledescription=\"slide\" aria-label=\"2 de 5\"><a data-elementor-open-lightbox=\"yes\" data-elementor-lightbox-slideshow=\"1ae25b5\" data-elementor-lightbox-title=\"Arte original por Natalia S. Flores (2480x1055) &#039;A Urg\u00eancia em Tornar as Favelas Resilientes \u00e0s Mudan\u00e7as Clim\u00e1ticas&#039;\" data-elementor-lightbox-description=\"Sobre a artista: Natalia de Souza Flores \u00e9 cria da Zona Norte e integrante das Brabas Crew. Formada em Design Gr\u00e1fico pela Unigranrio em 2017, trabalha como designer desde 2015. Lan\u00e7ou a revista em quadrinhos coletiva \u2018T\u00e1 no Gibi\u2019, em 2017 na Bienal do Livro. Sua tem\u00e1tica principal \u00e9 afro usando elementos cyberpunk, wica e ind\u00edgena.\" data-e-action-hash=\"#elementor-action%3Aaction%3Dlightbox%26settings%3DeyJpZCI6Njc2MzEsInVybCI6Imh0dHBzOlwvXC9yaW9vbndhdGNoLm9yZy5iclwvd3AtY29udGVudFwvdXBsb2Fkc1wvMjAyM1wvMDRcL3RodW1ibmFpbF8yLUFydGUtb3JpZ2luYWwtcG9yLU5hdGFsaWEtUy4tRmxvcmVzLTI0ODB4MTA1NS1BLVVyZ2VuY2lhLWVtLVRvcm5hci1hcy1GYXZlbGFzLVJlc2lsaWVudGVzLWFzLU11ZGFuY2FzLUNsaW1hdGljYXMuanBnIiwic2xpZGVzaG93IjoiMWFlMjViNSJ9\" href=\"https:\/\/rioonwatch.org.br\/wp-content\/uploads\/2023\/04\/thumbnail_2-Arte-original-por-Natalia-S.-Flores-2480x1055-A-Urgencia-em-Tornar-as-Favelas-Resilientes-as-Mudancas-Climaticas.jpg\"><figure class=\"swiper-slide-inner\"><img decoding=\"async\" class=\"swiper-slide-image\" src=\"https:\/\/rioonwatch.org.br\/wp-content\/uploads\/2023\/04\/thumbnail_2-Arte-original-por-Natalia-S.-Flores-2480x1055-A-Urgencia-em-Tornar-as-Favelas-Resilientes-as-Mudancas-Climaticas.jpg\" alt=\"Arte: Natalia S. Flores\" \/><figcaption class=\"elementor-image-carousel-caption\">Arte: Natalia S. Flores<\/figcaption><\/figure><\/a><\/div><div class=\"swiper-slide\" role=\"group\" aria-roledescription=\"slide\" aria-label=\"3 de 5\"><a data-elementor-open-lightbox=\"yes\" data-elementor-lightbox-slideshow=\"1ae25b5\" data-elementor-lightbox-title=\"Carmen Camerino faz uma fala \u00e0 beira do Rio Jacarezinho explicando a din\u00e2mica das enchentes que acontecem anualmente. Foto Barbara Dias\" data-elementor-lightbox-description=\"Sobre a fot\u00f3grafa: B\u00e1rbara Dias, cria de Bangu, possui licenciatura em Ci\u00eancias Biol\u00f3gicas, mestrado em Educa\u00e7\u00e3o Ambiental e atua como professora da rede p\u00fablica desde 2006. \u00c9 fotojornalista e trabalha tamb\u00e9m com fotografia documental. \u00c9 comunicadora popular formada pelo N\u00facleo Piratininga de Comunica\u00e7\u00e3o (NPC) e co-fundadora do Coletivo Fotoguerrilha.\" data-e-action-hash=\"#elementor-action%3Aaction%3Dlightbox%26settings%3DeyJpZCI6Njc2MzIsInVybCI6Imh0dHBzOlwvXC9yaW9vbndhdGNoLm9yZy5iclwvd3AtY29udGVudFwvdXBsb2Fkc1wvMjAyM1wvMDRcL3RodW1ibmFpbF9DYXJtZW4tQ2FtZXJpbm8tZmF6LXVtYS1mYWxhLWEtYmVpcmEtZG8tUmlvLUphY2FyZXppbmhvLWV4cGxpY2FuZG8tYS1kaW5hbWljYS1kYXMtZW5jaGVudGVzLXF1ZS1hY29udGVjZW0tYW51YWxtZW50ZS4tRm90by1CYXJiYXJhLURpYXMuanBnIiwic2xpZGVzaG93IjoiMWFlMjViNSJ9\" href=\"https:\/\/rioonwatch.org.br\/wp-content\/uploads\/2023\/04\/thumbnail_Carmen-Camerino-faz-uma-fala-a-beira-do-Rio-Jacarezinho-explicando-a-dinamica-das-enchentes-que-acontecem-anualmente.-Foto-Barbara-Dias.jpg\"><figure class=\"swiper-slide-inner\"><img decoding=\"async\" class=\"swiper-slide-image\" src=\"https:\/\/rioonwatch.org.br\/wp-content\/uploads\/2023\/04\/thumbnail_Carmen-Camerino-faz-uma-fala-a-beira-do-Rio-Jacarezinho-explicando-a-dinamica-das-enchentes-que-acontecem-anualmente.-Foto-Barbara-Dias.jpg\" alt=\"Carmem Camerino faz uma fala \u00e0 beira do Rio Jacarezinho, explicando a din\u00e2mica das enchentes que acontecem anualmente. Foto: B\u00e1rbara Dias\" \/><figcaption class=\"elementor-image-carousel-caption\">Carmem Camerino faz uma fala \u00e0 beira do Rio Jacarezinho, explicando a din\u00e2mica das enchentes que acontecem anualmente. Foto: B\u00e1rbara Dias<\/figcaption><\/figure><\/a><\/div><div class=\"swiper-slide\" role=\"group\" aria-roledescription=\"slide\" aria-label=\"4 de 5\"><a data-elementor-open-lightbox=\"yes\" data-elementor-lightbox-slideshow=\"1ae25b5\" data-elementor-lightbox-title=\"Lancamento da Frente Parlamentar\" data-elementor-lightbox-description=\"Sobre o fot\u00f3grafo: Vin\u00edcius Ribeiro \u00e9 nascido e criado na Zona Oeste, entre a Estrada da Posse, em Sant\u00edssimo, e o Barata, em Realengo. Atualmente mora na Mangueira. Jornalista, cineasta e fot\u00f3grafo, \u00e9 membro do Coletivo Fotoguerrilha. Assina dire\u00e7\u00e3o e roteiro dos curtas Sobreviver, Dame Candole, Sob o Mesmo Teto e Entregadores. Atualmente, est\u00e1 em um projeto sobre uberiza\u00e7\u00e3o e precariza\u00e7\u00e3o do trabalho.\" data-e-action-hash=\"#elementor-action%3Aaction%3Dlightbox%26settings%3DeyJpZCI6NjcxMjUsInVybCI6Imh0dHBzOlwvXC9yaW9vbndhdGNoLm9yZy5iclwvd3AtY29udGVudFwvdXBsb2Fkc1wvMjAyM1wvMDNcL0xhbmNhbWVudG8tZGEtRnJlbnRlLVBhcmxhbWVudGFyLnBuZyIsInNsaWRlc2hvdyI6IjFhZTI1YjUifQ%3D%3D\" href=\"https:\/\/rioonwatch.org.br\/wp-content\/uploads\/2023\/03\/Lancamento-da-Frente-Parlamentar.png\"><figure class=\"swiper-slide-inner\"><img decoding=\"async\" class=\"swiper-slide-image\" src=\"https:\/\/rioonwatch.org.br\/wp-content\/uploads\/2023\/03\/Lancamento-da-Frente-Parlamentar.png\" alt=\"Lan\u00e7amento da Frente Parlamentar por Justi\u00e7a Clim\u00e1tica. Da esquerda para direita: Marina do MST, Carlos Minc, Professor Josemar, Fl\u00e1vio Serafini, Yuri Moura e Renata Souza. Foto: Vin\u00edcius Ribeiro\" \/><figcaption class=\"elementor-image-carousel-caption\">Lan\u00e7amento da Frente Parlamentar por Justi\u00e7a Clim\u00e1tica. Da esquerda para direita: Marina do MST, Carlos Minc, Professor Josemar, Fl\u00e1vio Serafini, Yuri Moura e Renata Souza. Foto: Vin\u00edcius Ribeiro<\/figcaption><\/figure><\/a><\/div><div class=\"swiper-slide\" role=\"group\" aria-roledescription=\"slide\" aria-label=\"5 de 5\"><a data-elementor-open-lightbox=\"yes\" data-elementor-lightbox-slideshow=\"1ae25b5\" data-elementor-lightbox-title=\"Arte original por Natalia S. Flores\" data-e-action-hash=\"#elementor-action%3Aaction%3Dlightbox%26settings%3DeyJpZCI6NjQ3OTcsInVybCI6Imh0dHBzOlwvXC9yaW9vbndhdGNoLm9yZy5iclwvd3AtY29udGVudFwvdXBsb2Fkc1wvMjAyMlwvMTJcL0FydGUtb3JpZ2luYWwtcG9yLU5hdGFsaWEtUy4tRmxvcmVzLXNjYWxlZC5qcGciLCJzbGlkZXNob3ciOiIxYWUyNWI1In0%3D\" href=\"https:\/\/rioonwatch.org.br\/wp-content\/uploads\/2022\/12\/Arte-original-por-Natalia-S.-Flores-scaled.jpg\"><figure class=\"swiper-slide-inner\"><img decoding=\"async\" class=\"swiper-slide-image\" src=\"https:\/\/rioonwatch.org.br\/wp-content\/uploads\/2022\/12\/Arte-original-por-Natalia-S.-Flores-scaled.jpg\" alt=\"Arte original por Natalia S. Flores\" \/><figcaption class=\"elementor-image-carousel-caption\">Arte original por Natalia S. Flores<\/figcaption><\/figure><\/a><\/div>\t\t\t<\/div>\n\t\t\t\t\t\t\t\t\t\t\t\t<div class=\"elementor-swiper-button elementor-swiper-button-prev\" role=\"button\" tabindex=\"0\">\n\t\t\t\t\t\t<i aria-hidden=\"true\" class=\"eicon-chevron-left\"><\/i>\t\t\t\t\t<\/div>\n\t\t\t\t\t<div class=\"elementor-swiper-button elementor-swiper-button-next\" role=\"button\" tabindex=\"0\">\n\t\t\t\t\t\t<i aria-hidden=\"true\" class=\"eicon-chevron-right\"><\/i>\t\t\t\t\t<\/div>\n\t\t\t\t\n\t\t\t\t\t\t\t\t\t<div class=\"swiper-pagination\"><\/div>\n\t\t\t\t\t\t\t\t\t<\/div>\n\t\t\t\t<\/div>\n\t\t\t\t<\/div>\n\t\t\t\t\t<\/div>\n\t\t<\/div>\n\t\t\t\t\t<\/div>\n\t\t<\/section>\n\t\t\t\t<section class=\"elementor-section elementor-top-section elementor-element elementor-element-6fb2b10 elementor-section-boxed elementor-section-height-default elementor-section-height-default\" data-id=\"6fb2b10\" data-element_type=\"section\" data-settings=\"{&quot;background_background&quot;:&quot;classic&quot;}\">\n\t\t\t\t\t\t<div class=\"elementor-container elementor-column-gap-default\">\n\t\t\t\t\t<div class=\"elementor-column elementor-col-100 elementor-top-column elementor-element elementor-element-2ab7587\" data-id=\"2ab7587\" data-element_type=\"column\">\n\t\t\t<div class=\"elementor-widget-wrap elementor-element-populated\">\n\t\t\t\t\t\t<div class=\"elementor-element elementor-element-a6427bc elementor-widget elementor-widget-spacer\" data-id=\"a6427bc\" data-element_type=\"widget\" data-widget_type=\"spacer.default\">\n\t\t\t\t<div class=\"elementor-widget-container\">\n\t\t\t\t\t<div class=\"elementor-spacer\">\n\t\t\t<div class=\"elementor-spacer-inner\"><\/div>\n\t\t<\/div>\n\t\t\t\t<\/div>\n\t\t\t\t<\/div>\n\t\t\t\t\t<\/div>\n\t\t<\/div>\n\t\t\t\t\t<\/div>\n\t\t<\/section>\n\t\t\t\t<\/div>\n\t\t<!-- AddThis Advanced Settings generic via filter on the_content --><!-- AddThis Share Buttons generic via filter on the_content -->","protected":false},"excerpt":{"rendered":"<div class=\"mh-excerpt\"><p>A s\u00e9rie Justi\u00e7a Clim\u00e1tica do RioOnWatch visa estabelecer uma discuss\u00e3o acess\u00edvel sobre a rela\u00e7\u00e3o do meio ambiente e crise clim\u00e1tica com a justi\u00e7a social, proporcionando uma compreens\u00e3o hist\u00f3rica e trazendo \u00e0 luz solu\u00e7\u00f5es desenvolvidas nas <a class=\"mh-excerpt-more\" href=\"https:\/\/rioonwatch.org.br\/?page_id=67558\" title=\"S\u00e9rie: Justi\u00e7a Clim\u00e1tica\">[&#8230;]<\/a><!-- AddThis Advanced Settings generic via filter on get_the_excerpt --><!-- AddThis Share Buttons generic via filter on get_the_excerpt --><\/p>\n<\/div>","protected":false},"author":3,"featured_media":67559,"parent":0,"menu_order":0,"comment_status":"closed","ping_status":"closed","template":"elementor_header_footer","meta":{"_acf_changed":false,"_monsterinsights_skip_tracking":false,"_monsterinsights_sitenote_active":false,"_monsterinsights_sitenote_note":"","_monsterinsights_sitenote_category":0,"footnotes":""},"class_list":["post-67558","page","type-page","status-publish","has-post-thumbnail"],"acf":[],"yoast_head":"<!-- This site is optimized with the Yoast SEO plugin v25.6 - https:\/\/yoast.com\/wordpress\/plugins\/seo\/ -->\n<title>S\u00e9rie: Justi\u00e7a Clim\u00e1tica - RioOnWatch<\/title>\n<meta name=\"robots\" content=\"index, follow, max-snippet:-1, max-image-preview:large, max-video-preview:-1\" \/>\n<link rel=\"canonical\" href=\"https:\/\/rioonwatch.org.br\/?page_id=67558\" \/>\n<meta property=\"og:locale\" content=\"pt_BR\" \/>\n<meta property=\"og:type\" content=\"article\" \/>\n<meta property=\"og:title\" content=\"S\u00e9rie: Justi\u00e7a Clim\u00e1tica - RioOnWatch\" \/>\n<meta property=\"og:description\" content=\"A s\u00e9rie Justi\u00e7a Clim\u00e1tica do RioOnWatch visa estabelecer uma discuss\u00e3o acess\u00edvel sobre a rela\u00e7\u00e3o do meio ambiente e crise clim\u00e1tica com a justi\u00e7a social, proporcionando uma compreens\u00e3o hist\u00f3rica e trazendo \u00e0 luz solu\u00e7\u00f5es desenvolvidas nas [...]\" \/>\n<meta property=\"og:url\" content=\"https:\/\/rioonwatch.org.br\/?page_id=67558\" \/>\n<meta property=\"og:site_name\" content=\"RioOnWatch\" \/>\n<meta property=\"article:modified_time\" content=\"2023-08-14T13:22:14+00:00\" \/>\n<meta property=\"og:image\" content=\"https:\/\/rioonwatch.org.br\/wp-content\/uploads\/2023\/04\/Imagem2.jpg\" \/>\n\t<meta property=\"og:image:width\" content=\"602\" \/>\n\t<meta property=\"og:image:height\" content=\"256\" \/>\n\t<meta property=\"og:image:type\" content=\"image\/jpeg\" \/>\n<meta name=\"twitter:card\" content=\"summary_large_image\" \/>\n<meta name=\"twitter:label1\" content=\"Est. tempo de leitura\" \/>\n\t<meta name=\"twitter:data1\" content=\"15 minutos\" \/>\n<script type=\"application\/ld+json\" class=\"yoast-schema-graph\">{\"@context\":\"https:\/\/schema.org\",\"@graph\":[{\"@type\":\"WebPage\",\"@id\":\"https:\/\/rioonwatch.org.br\/?page_id=67558\",\"url\":\"https:\/\/rioonwatch.org.br\/?page_id=67558\",\"name\":\"S\u00e9rie: Justi\u00e7a Clim\u00e1tica - RioOnWatch\",\"isPartOf\":{\"@id\":\"https:\/\/rioonwatch.org.br\/#website\"},\"primaryImageOfPage\":{\"@id\":\"https:\/\/rioonwatch.org.br\/?page_id=67558#primaryimage\"},\"image\":{\"@id\":\"https:\/\/rioonwatch.org.br\/?page_id=67558#primaryimage\"},\"thumbnailUrl\":\"https:\/\/rioonwatch.org.br\/wp-content\/uploads\/2023\/04\/Imagem2.jpg\",\"datePublished\":\"2023-07-01T11:50:07+00:00\",\"dateModified\":\"2023-08-14T13:22:14+00:00\",\"breadcrumb\":{\"@id\":\"https:\/\/rioonwatch.org.br\/?page_id=67558#breadcrumb\"},\"inLanguage\":\"pt-BR\",\"potentialAction\":[{\"@type\":\"ReadAction\",\"target\":[\"https:\/\/rioonwatch.org.br\/?page_id=67558\"]}]},{\"@type\":\"ImageObject\",\"inLanguage\":\"pt-BR\",\"@id\":\"https:\/\/rioonwatch.org.br\/?page_id=67558#primaryimage\",\"url\":\"https:\/\/rioonwatch.org.br\/wp-content\/uploads\/2023\/04\/Imagem2.jpg\",\"contentUrl\":\"https:\/\/rioonwatch.org.br\/wp-content\/uploads\/2023\/04\/Imagem2.jpg\",\"width\":602,\"height\":256,\"caption\":\"Arte original por Natalia S. Flores\"},{\"@type\":\"BreadcrumbList\",\"@id\":\"https:\/\/rioonwatch.org.br\/?page_id=67558#breadcrumb\",\"itemListElement\":[{\"@type\":\"ListItem\",\"position\":1,\"name\":\"In\u00edcio\",\"item\":\"https:\/\/rioonwatch.org.br\/\"},{\"@type\":\"ListItem\",\"position\":2,\"name\":\"S\u00e9rie: Justi\u00e7a Clim\u00e1tica\"}]},{\"@type\":\"WebSite\",\"@id\":\"https:\/\/rioonwatch.org.br\/#website\",\"url\":\"https:\/\/rioonwatch.org.br\/\",\"name\":\"RioOnWatch\",\"description\":\"relatos das favelas cariocas\",\"publisher\":{\"@id\":\"https:\/\/rioonwatch.org.br\/#organization\"},\"potentialAction\":[{\"@type\":\"SearchAction\",\"target\":{\"@type\":\"EntryPoint\",\"urlTemplate\":\"https:\/\/rioonwatch.org.br\/?s={search_term_string}\"},\"query-input\":{\"@type\":\"PropertyValueSpecification\",\"valueRequired\":true,\"valueName\":\"search_term_string\"}}],\"inLanguage\":\"pt-BR\"},{\"@type\":\"Organization\",\"@id\":\"https:\/\/rioonwatch.org.br\/#organization\",\"name\":\"RioOnWatch\",\"url\":\"https:\/\/rioonwatch.org.br\/\",\"logo\":{\"@type\":\"ImageObject\",\"inLanguage\":\"pt-BR\",\"@id\":\"https:\/\/rioonwatch.org.br\/#\/schema\/logo\/image\/\",\"url\":\"https:\/\/rioonwatch.org.br\/wp-content\/uploads\/2021\/06\/RioOnWatchcabecalhoPT11anos-2.png\",\"contentUrl\":\"https:\/\/rioonwatch.org.br\/wp-content\/uploads\/2021\/06\/RioOnWatchcabecalhoPT11anos-2.png\",\"width\":779,\"height\":277,\"caption\":\"RioOnWatch\"},\"image\":{\"@id\":\"https:\/\/rioonwatch.org.br\/#\/schema\/logo\/image\/\"}}]}<\/script>\n<!-- \/ Yoast SEO plugin. -->","yoast_head_json":{"title":"S\u00e9rie: Justi\u00e7a Clim\u00e1tica - RioOnWatch","robots":{"index":"index","follow":"follow","max-snippet":"max-snippet:-1","max-image-preview":"max-image-preview:large","max-video-preview":"max-video-preview:-1"},"canonical":"https:\/\/rioonwatch.org.br\/?page_id=67558","og_locale":"pt_BR","og_type":"article","og_title":"S\u00e9rie: Justi\u00e7a Clim\u00e1tica - RioOnWatch","og_description":"A s\u00e9rie Justi\u00e7a Clim\u00e1tica do RioOnWatch visa estabelecer uma discuss\u00e3o acess\u00edvel sobre a rela\u00e7\u00e3o do meio ambiente e crise clim\u00e1tica com a justi\u00e7a social, proporcionando uma compreens\u00e3o hist\u00f3rica e trazendo \u00e0 luz solu\u00e7\u00f5es desenvolvidas nas [...]","og_url":"https:\/\/rioonwatch.org.br\/?page_id=67558","og_site_name":"RioOnWatch","article_modified_time":"2023-08-14T13:22:14+00:00","og_image":[{"width":602,"height":256,"url":"https:\/\/rioonwatch.org.br\/wp-content\/uploads\/2023\/04\/Imagem2.jpg","type":"image\/jpeg"}],"twitter_card":"summary_large_image","twitter_misc":{"Est. tempo de leitura":"15 minutos"},"schema":{"@context":"https:\/\/schema.org","@graph":[{"@type":"WebPage","@id":"https:\/\/rioonwatch.org.br\/?page_id=67558","url":"https:\/\/rioonwatch.org.br\/?page_id=67558","name":"S\u00e9rie: Justi\u00e7a Clim\u00e1tica - RioOnWatch","isPartOf":{"@id":"https:\/\/rioonwatch.org.br\/#website"},"primaryImageOfPage":{"@id":"https:\/\/rioonwatch.org.br\/?page_id=67558#primaryimage"},"image":{"@id":"https:\/\/rioonwatch.org.br\/?page_id=67558#primaryimage"},"thumbnailUrl":"https:\/\/rioonwatch.org.br\/wp-content\/uploads\/2023\/04\/Imagem2.jpg","datePublished":"2023-07-01T11:50:07+00:00","dateModified":"2023-08-14T13:22:14+00:00","breadcrumb":{"@id":"https:\/\/rioonwatch.org.br\/?page_id=67558#breadcrumb"},"inLanguage":"pt-BR","potentialAction":[{"@type":"ReadAction","target":["https:\/\/rioonwatch.org.br\/?page_id=67558"]}]},{"@type":"ImageObject","inLanguage":"pt-BR","@id":"https:\/\/rioonwatch.org.br\/?page_id=67558#primaryimage","url":"https:\/\/rioonwatch.org.br\/wp-content\/uploads\/2023\/04\/Imagem2.jpg","contentUrl":"https:\/\/rioonwatch.org.br\/wp-content\/uploads\/2023\/04\/Imagem2.jpg","width":602,"height":256,"caption":"Arte original por Natalia S. Flores"},{"@type":"BreadcrumbList","@id":"https:\/\/rioonwatch.org.br\/?page_id=67558#breadcrumb","itemListElement":[{"@type":"ListItem","position":1,"name":"In\u00edcio","item":"https:\/\/rioonwatch.org.br\/"},{"@type":"ListItem","position":2,"name":"S\u00e9rie: Justi\u00e7a Clim\u00e1tica"}]},{"@type":"WebSite","@id":"https:\/\/rioonwatch.org.br\/#website","url":"https:\/\/rioonwatch.org.br\/","name":"RioOnWatch","description":"relatos das favelas cariocas","publisher":{"@id":"https:\/\/rioonwatch.org.br\/#organization"},"potentialAction":[{"@type":"SearchAction","target":{"@type":"EntryPoint","urlTemplate":"https:\/\/rioonwatch.org.br\/?s={search_term_string}"},"query-input":{"@type":"PropertyValueSpecification","valueRequired":true,"valueName":"search_term_string"}}],"inLanguage":"pt-BR"},{"@type":"Organization","@id":"https:\/\/rioonwatch.org.br\/#organization","name":"RioOnWatch","url":"https:\/\/rioonwatch.org.br\/","logo":{"@type":"ImageObject","inLanguage":"pt-BR","@id":"https:\/\/rioonwatch.org.br\/#\/schema\/logo\/image\/","url":"https:\/\/rioonwatch.org.br\/wp-content\/uploads\/2021\/06\/RioOnWatchcabecalhoPT11anos-2.png","contentUrl":"https:\/\/rioonwatch.org.br\/wp-content\/uploads\/2021\/06\/RioOnWatchcabecalhoPT11anos-2.png","width":779,"height":277,"caption":"RioOnWatch"},"image":{"@id":"https:\/\/rioonwatch.org.br\/#\/schema\/logo\/image\/"}}]}},"_links":{"self":[{"href":"https:\/\/rioonwatch.org.br\/index.php?rest_route=\/wp\/v2\/pages\/67558"}],"collection":[{"href":"https:\/\/rioonwatch.org.br\/index.php?rest_route=\/wp\/v2\/pages"}],"about":[{"href":"https:\/\/rioonwatch.org.br\/index.php?rest_route=\/wp\/v2\/types\/page"}],"author":[{"embeddable":true,"href":"https:\/\/rioonwatch.org.br\/index.php?rest_route=\/wp\/v2\/users\/3"}],"replies":[{"embeddable":true,"href":"https:\/\/rioonwatch.org.br\/index.php?rest_route=%2Fwp%2Fv2%2Fcomments&post=67558"}],"version-history":[{"count":113,"href":"https:\/\/rioonwatch.org.br\/index.php?rest_route=\/wp\/v2\/pages\/67558\/revisions"}],"predecessor-version":[{"id":69964,"href":"https:\/\/rioonwatch.org.br\/index.php?rest_route=\/wp\/v2\/pages\/67558\/revisions\/69964"}],"wp:featuredmedia":[{"embeddable":true,"href":"https:\/\/rioonwatch.org.br\/index.php?rest_route=\/wp\/v2\/media\/67559"}],"wp:attachment":[{"href":"https:\/\/rioonwatch.org.br\/index.php?rest_route=%2Fwp%2Fv2%2Fmedia&parent=67558"}],"curies":[{"name":"wp","href":"https:\/\/api.w.org\/{rel}","templated":true}]}}