{"id":68327,"date":"2023-08-16T15:30:49","date_gmt":"2023-08-16T18:30:49","guid":{"rendered":"https:\/\/rioonwatch.org.br\/?page_id=68327"},"modified":"2025-02-25T10:44:46","modified_gmt":"2025-02-25T13:44:46","slug":"serie-democracia-2","status":"publish","type":"page","link":"https:\/\/rioonwatch.org.br\/?page_id=68327","title":{"rendered":"S\u00e9rie: Democracia"},"content":{"rendered":"\t\t<div data-elementor-type=\"wp-page\" data-elementor-id=\"68327\" class=\"elementor elementor-68327\" data-elementor-post-type=\"page\">\n\t\t\t\t\t\t<section class=\"elementor-section elementor-top-section elementor-element elementor-element-a787d21 elementor-section-full_width elementor-section-height-default elementor-section-height-default\" data-id=\"a787d21\" data-element_type=\"section\" data-settings=\"{&quot;background_background&quot;:&quot;classic&quot;}\">\n\t\t\t\t\t\t<div class=\"elementor-container elementor-column-gap-default\">\n\t\t\t\t\t<div class=\"elementor-column elementor-col-100 elementor-top-column elementor-element elementor-element-210c99c\" data-id=\"210c99c\" data-element_type=\"column\">\n\t\t\t<div class=\"elementor-widget-wrap elementor-element-populated\">\n\t\t\t\t\t\t<div class=\"elementor-element elementor-element-537fb4e elementor-widget elementor-widget-image\" data-id=\"537fb4e\" data-element_type=\"widget\" data-widget_type=\"image.default\">\n\t\t\t\t<div class=\"elementor-widget-container\">\n\t\t\t\t\t\t\t\t\t\t\t\t\t<img fetchpriority=\"high\" decoding=\"async\" width=\"1536\" height=\"230\" src=\"https:\/\/rioonwatch.org.br\/wp-content\/uploads\/2023\/05\/Arte-Serie-Democracia_banner-por-David-Amen.jpg\" class=\"attachment-full size-full wp-image-68038\" alt=\"Arte original da S\u00e9rie Democracia do RioOnWatch_banner por David Amen\" srcset=\"https:\/\/rioonwatch.org.br\/wp-content\/uploads\/2023\/05\/Arte-Serie-Democracia_banner-por-David-Amen.jpg 1536w, https:\/\/rioonwatch.org.br\/wp-content\/uploads\/2023\/05\/Arte-Serie-Democracia_banner-por-David-Amen-620x93.jpg 620w\" sizes=\"(max-width: 1536px) 100vw, 1536px\" \/>\t\t\t\t\t\t\t\t\t\t\t\t\t<\/div>\n\t\t\t\t<\/div>\n\t\t\t\t\t<\/div>\n\t\t<\/div>\n\t\t\t\t\t<\/div>\n\t\t<\/section>\n\t\t\t\t<section class=\"elementor-section elementor-top-section elementor-element elementor-element-9688dc0 elementor-section-boxed elementor-section-height-default elementor-section-height-default\" data-id=\"9688dc0\" data-element_type=\"section\" data-settings=\"{&quot;background_background&quot;:&quot;classic&quot;}\">\n\t\t\t\t\t\t<div class=\"elementor-container elementor-column-gap-default\">\n\t\t\t\t\t<div class=\"elementor-column elementor-col-100 elementor-top-column elementor-element elementor-element-0193027\" data-id=\"0193027\" data-element_type=\"column\">\n\t\t\t<div class=\"elementor-widget-wrap elementor-element-populated\">\n\t\t\t\t\t\t<div class=\"elementor-element elementor-element-fa6333f elementor-widget__width-initial elementor-widget elementor-widget-text-editor\" data-id=\"fa6333f\" data-element_type=\"widget\" data-widget_type=\"text-editor.default\">\n\t\t\t\t<div class=\"elementor-widget-container\">\n\t\t\t\t\t\t\t<p><span style=\"font-weight: 400;\">Tendo em vista a efetiva\u00e7\u00e3o do ponto de vista e das necessidades das favelas como parte integrante do debate p\u00fablico sobre o Direito \u00e0 Cidade, a s\u00e9rie Democracia do <\/span><i><span style=\"font-weight: 400;\">RioOnWatch <\/span><\/i><span style=\"font-weight: 400;\">vem pautando a urg\u00eancia de pol\u00edticas p\u00fablicas participativas vindas da pot\u00eancia dos territ\u00f3rios de favela. Fortalecendo o ecossistema da comunica\u00e7\u00e3o popular e comunit\u00e1ria na Regi\u00e3o Metropolitana do Rio de Janeiro, a s\u00e9rie busca contribuir para a consolida\u00e7\u00e3o e o reconhecimento da comunica\u00e7\u00e3o popular como um princ\u00edpio b\u00e1sico para a democracia no Rio de Janeiro.\u00a0<\/span><\/p><p><span style=\"font-weight: 400;\">\u00a0<\/span><\/p><p><span style=\"font-weight: 400;\">A s\u00e9rie\u00a0 Democracia faz parte do projeto \u201cRealizando o Direito \u00e0 Favela Atrav\u00e9s da Comunica\u00e7\u00e3o Comunit\u00e1ria e Popular\u201d.\u00a0 Democracia \u00e9 um dos quatro elementos cr\u00edticos para realizar o direito \u00e0 favela na vis\u00e3o do projeto. Os outros s\u00e3o: justi\u00e7a clim\u00e1tica, direitos humanos, e direito \u00e0 moradia.<\/span><\/p>\t\t\t\t\t\t<\/div>\n\t\t\t\t<\/div>\n\t\t\t\t\t<\/div>\n\t\t<\/div>\n\t\t\t\t\t<\/div>\n\t\t<\/section>\n\t\t\t\t<section class=\"elementor-section elementor-top-section elementor-element elementor-element-e5b135c elementor-section-boxed elementor-section-height-default elementor-section-height-default\" data-id=\"e5b135c\" data-element_type=\"section\" data-settings=\"{&quot;background_background&quot;:&quot;classic&quot;}\">\n\t\t\t\t\t\t<div class=\"elementor-container elementor-column-gap-default\">\n\t\t\t\t\t<div class=\"elementor-column elementor-col-100 elementor-top-column elementor-element elementor-element-7901006\" data-id=\"7901006\" data-element_type=\"column\" data-settings=\"{&quot;background_background&quot;:&quot;classic&quot;}\">\n\t\t\t<div class=\"elementor-widget-wrap elementor-element-populated\">\n\t\t\t\t\t\t<div class=\"elementor-element elementor-element-ad503fb elementor-widget elementor-widget-heading\" data-id=\"ad503fb\" data-element_type=\"widget\" data-widget_type=\"heading.default\">\n\t\t\t\t<div class=\"elementor-widget-container\">\n\t\t\t<h2 class=\"elementor-heading-title elementor-size-default\">A Luta das Favelas pela Cidade e as Elei\u00e7\u00f5es 2024<\/h2>\t\t<\/div>\n\t\t\t\t<\/div>\n\t\t\t\t\t<\/div>\n\t\t<\/div>\n\t\t\t\t\t<\/div>\n\t\t<\/section>\n\t\t\t\t<section class=\"elementor-section elementor-top-section elementor-element elementor-element-9056ede secao-posts1 elementor-section-boxed elementor-section-height-default elementor-section-height-default\" data-id=\"9056ede\" data-element_type=\"section\" data-settings=\"{&quot;background_background&quot;:&quot;classic&quot;}\">\n\t\t\t\t\t\t<div class=\"elementor-container elementor-column-gap-default\">\n\t\t\t\t\t<div class=\"elementor-column elementor-col-33 elementor-top-column elementor-element elementor-element-341c467\" data-id=\"341c467\" data-element_type=\"column\">\n\t\t\t<div class=\"elementor-widget-wrap elementor-element-populated\">\n\t\t\t\t\t\t<div class=\"elementor-element elementor-element-6bcd933 elementor-widget elementor-widget-image\" data-id=\"6bcd933\" data-element_type=\"widget\" data-widget_type=\"image.default\">\n\t\t\t\t<div class=\"elementor-widget-container\">\n\t\t\t\t\t\t\t\t\t\t\t\t\t\t<a href=\"https:\/\/rioonwatch.org.br\/?p=75349\" target=\"_blank\">\n\t\t\t\t\t\t\t<img decoding=\"async\" width=\"1600\" height=\"1066\" src=\"https:\/\/rioonwatch.org.br\/wp-content\/uploads\/2024\/09\/mare-pede-paz-ratao.png\" class=\"attachment-large size-large wp-image-75377\" alt=\"Condom\u00ednio no Parque Uni\u00e3o Foto: Rat\u00e3o Diniz\" srcset=\"https:\/\/rioonwatch.org.br\/wp-content\/uploads\/2024\/09\/mare-pede-paz-ratao.png 1600w, https:\/\/rioonwatch.org.br\/wp-content\/uploads\/2024\/09\/mare-pede-paz-ratao-620x413.png 620w, https:\/\/rioonwatch.org.br\/wp-content\/uploads\/2024\/09\/mare-pede-paz-ratao-768x512.png 768w, https:\/\/rioonwatch.org.br\/wp-content\/uploads\/2024\/09\/mare-pede-paz-ratao-1536x1023.png 1536w\" sizes=\"(max-width: 1600px) 100vw, 1600px\" \/>\t\t\t\t\t\t\t\t<\/a>\n\t\t\t\t\t\t\t\t\t\t\t\t\t<\/div>\n\t\t\t\t<\/div>\n\t\t\t\t<div class=\"elementor-element elementor-element-e2c022d elementor-widget elementor-widget-heading\" data-id=\"e2c022d\" data-element_type=\"widget\" data-widget_type=\"heading.default\">\n\t\t\t\t<div class=\"elementor-widget-container\">\n\t\t\t<h2 class=\"elementor-heading-title elementor-size-default\"><a href=\"https:\/\/rioonwatch.org.br\/?p=75349\" target=\"_blank\">O \u2018Prefeito das Remo\u00e7\u00f5es\u2019 Se Desmascara Novamente no Final de Seu Terceiro Mandato: O Eleitoralismo das Remo\u00e7\u00f5es de Moradias no Parque Uni\u00e3o e Opera\u00e7\u00f5es Policiais Di\u00e1rias no Complexo da Mar\u00e9<\/a><\/h2>\t\t<\/div>\n\t\t\t\t<\/div>\n\t\t\t\t\t<\/div>\n\t\t<\/div>\n\t\t\t\t<div class=\"elementor-column elementor-col-33 elementor-top-column elementor-element elementor-element-1d116cf\" data-id=\"1d116cf\" data-element_type=\"column\">\n\t\t\t<div class=\"elementor-widget-wrap elementor-element-populated\">\n\t\t\t\t\t\t<div class=\"elementor-element elementor-element-0622ac5 elementor-widget elementor-widget-image\" data-id=\"0622ac5\" data-element_type=\"widget\" data-widget_type=\"image.default\">\n\t\t\t\t<div class=\"elementor-widget-container\">\n\t\t\t\t\t\t\t\t\t\t\t\t\t\t<a href=\"https:\/\/rioonwatch.org.br\/?p=75649\" target=\"_blank\">\n\t\t\t\t\t\t\t<img decoding=\"async\" width=\"1640\" height=\"924\" src=\"https:\/\/rioonwatch.org.br\/wp-content\/uploads\/2024\/09\/Capa-para-Facebook-minimalista-marketing-estrategico-roxo-branco-azul.png\" class=\"attachment-large size-large wp-image-75506\" alt=\"Candidatos \u00e0 prefeitura do Rio. Elei\u00e7\u00f5es - 2024\" srcset=\"https:\/\/rioonwatch.org.br\/wp-content\/uploads\/2024\/09\/Capa-para-Facebook-minimalista-marketing-estrategico-roxo-branco-azul.png 1640w, https:\/\/rioonwatch.org.br\/wp-content\/uploads\/2024\/09\/Capa-para-Facebook-minimalista-marketing-estrategico-roxo-branco-azul-620x349.png 620w, https:\/\/rioonwatch.org.br\/wp-content\/uploads\/2024\/09\/Capa-para-Facebook-minimalista-marketing-estrategico-roxo-branco-azul-768x433.png 768w, https:\/\/rioonwatch.org.br\/wp-content\/uploads\/2024\/09\/Capa-para-Facebook-minimalista-marketing-estrategico-roxo-branco-azul-1536x865.png 1536w, https:\/\/rioonwatch.org.br\/wp-content\/uploads\/2024\/09\/Capa-para-Facebook-minimalista-marketing-estrategico-roxo-branco-azul-678x381.png 678w\" sizes=\"(max-width: 1640px) 100vw, 1640px\" \/>\t\t\t\t\t\t\t\t<\/a>\n\t\t\t\t\t\t\t\t\t\t\t\t\t<\/div>\n\t\t\t\t<\/div>\n\t\t\t\t<div class=\"elementor-element elementor-element-f9680bf elementor-widget elementor-widget-heading\" data-id=\"f9680bf\" data-element_type=\"widget\" data-widget_type=\"heading.default\">\n\t\t\t\t<div class=\"elementor-widget-container\">\n\t\t\t<h2 class=\"elementor-heading-title elementor-size-default\"><a href=\"https:\/\/rioonwatch.org.br\/?p=75649\" target=\"_blank\">Elei\u00e7\u00f5es Municipais 2024: Conhe\u00e7a os Candidatos \u00e0 Prefeitura do Rio<\/a><\/h2>\t\t<\/div>\n\t\t\t\t<\/div>\n\t\t\t\t\t<\/div>\n\t\t<\/div>\n\t\t\t\t<div class=\"elementor-column elementor-col-33 elementor-top-column elementor-element elementor-element-16b3fd1\" data-id=\"16b3fd1\" data-element_type=\"column\">\n\t\t\t<div class=\"elementor-widget-wrap elementor-element-populated\">\n\t\t\t\t\t\t<div class=\"elementor-element elementor-element-81ed772 elementor-widget elementor-widget-image\" data-id=\"81ed772\" data-element_type=\"widget\" data-widget_type=\"image.default\">\n\t\t\t\t<div class=\"elementor-widget-container\">\n\t\t\t\t\t\t\t\t\t\t\t\t\t\t<a href=\"https:\/\/rioonwatch.org.br\/?p=75752\" target=\"_blank\">\n\t\t\t\t\t\t\t<img loading=\"lazy\" decoding=\"async\" width=\"1280\" height=\"720\" src=\"https:\/\/rioonwatch.org.br\/wp-content\/uploads\/2024\/10\/Candidatos-de-Favela-2024.jpeg\" class=\"attachment-large size-large wp-image-75880\" alt=\"\" srcset=\"https:\/\/rioonwatch.org.br\/wp-content\/uploads\/2024\/10\/Candidatos-de-Favela-2024.jpeg 1280w, https:\/\/rioonwatch.org.br\/wp-content\/uploads\/2024\/10\/Candidatos-de-Favela-2024-620x349.jpeg 620w, https:\/\/rioonwatch.org.br\/wp-content\/uploads\/2024\/10\/Candidatos-de-Favela-2024-768x432.jpeg 768w, https:\/\/rioonwatch.org.br\/wp-content\/uploads\/2024\/10\/Candidatos-de-Favela-2024-678x381.jpeg 678w\" sizes=\"(max-width: 1280px) 100vw, 1280px\" \/>\t\t\t\t\t\t\t\t<\/a>\n\t\t\t\t\t\t\t\t\t\t\t\t\t<\/div>\n\t\t\t\t<\/div>\n\t\t\t\t<div class=\"elementor-element elementor-element-80cf136 elementor-widget elementor-widget-heading\" data-id=\"80cf136\" data-element_type=\"widget\" data-widget_type=\"heading.default\">\n\t\t\t\t<div class=\"elementor-widget-container\">\n\t\t\t<h2 class=\"elementor-heading-title elementor-size-default\"><a href=\"https:\/\/rioonwatch.org.br\/?p=75752\" target=\"_blank\">Elei\u00e7\u00f5es 2024: Conhe\u00e7a Candidatos \u00e0 Verean\u00e7a das Favelas do Rio<\/a><\/h2>\t\t<\/div>\n\t\t\t\t<\/div>\n\t\t\t\t\t<\/div>\n\t\t<\/div>\n\t\t\t\t\t<\/div>\n\t\t<\/section>\n\t\t\t\t<section class=\"elementor-section elementor-top-section elementor-element elementor-element-7f15852 secao-posts1 elementor-section-boxed elementor-section-height-default elementor-section-height-default\" data-id=\"7f15852\" data-element_type=\"section\" data-settings=\"{&quot;background_background&quot;:&quot;classic&quot;}\">\n\t\t\t\t\t\t<div class=\"elementor-container elementor-column-gap-default\">\n\t\t\t\t\t<div class=\"elementor-column elementor-col-33 elementor-top-column elementor-element elementor-element-3b6cd3a\" data-id=\"3b6cd3a\" data-element_type=\"column\">\n\t\t\t<div class=\"elementor-widget-wrap elementor-element-populated\">\n\t\t\t\t\t\t<div class=\"elementor-element elementor-element-ff51e57 elementor-widget elementor-widget-image\" data-id=\"ff51e57\" data-element_type=\"widget\" data-widget_type=\"image.default\">\n\t\t\t\t<div class=\"elementor-widget-container\">\n\t\t\t\t\t\t\t\t\t\t\t\t\t\t<a href=\"https:\/\/rioonwatch.org.br\/?p=75851\" target=\"_blank\">\n\t\t\t\t\t\t\t<img loading=\"lazy\" decoding=\"async\" width=\"2250\" height=\"1500\" src=\"https:\/\/rioonwatch.org.br\/wp-content\/uploads\/2022\/11\/Moradores-da-Rocinha-cruzam-a-passarela-de-acesso-a-favela-nodia-da-votacao-do-segundo-turno-das-eleicoes-2022.-Foto-Alexandre-C-2250x1500.jpg\" class=\"attachment-large size-large wp-image-63969\" alt=\"Moradores da Rocinha cruzam a passarela de acesso \u00e0 favela nodia da vota\u00e7\u00e3o do segundo turno das elei\u00e7\u00f5es 2022. Foto: Alexandre Cerqueira\/RioOnWatch\" srcset=\"https:\/\/rioonwatch.org.br\/wp-content\/uploads\/2022\/11\/Moradores-da-Rocinha-cruzam-a-passarela-de-acesso-a-favela-nodia-da-votacao-do-segundo-turno-das-eleicoes-2022.-Foto-Alexandre-C-2250x1500.jpg 2250w, https:\/\/rioonwatch.org.br\/wp-content\/uploads\/2022\/11\/Moradores-da-Rocinha-cruzam-a-passarela-de-acesso-a-favela-nodia-da-votacao-do-segundo-turno-das-eleicoes-2022.-Foto-Alexandre-C-620x413.jpg 620w, https:\/\/rioonwatch.org.br\/wp-content\/uploads\/2022\/11\/Moradores-da-Rocinha-cruzam-a-passarela-de-acesso-a-favela-nodia-da-votacao-do-segundo-turno-das-eleicoes-2022.-Foto-Alexandre-C-scaled-e1668659660909-943x629.jpg 943w\" sizes=\"(max-width: 2250px) 100vw, 2250px\" \/>\t\t\t\t\t\t\t\t<\/a>\n\t\t\t\t\t\t\t\t\t\t\t\t\t<\/div>\n\t\t\t\t<\/div>\n\t\t\t\t<div class=\"elementor-element elementor-element-7913597 elementor-widget elementor-widget-heading\" data-id=\"7913597\" data-element_type=\"widget\" data-widget_type=\"heading.default\">\n\t\t\t\t<div class=\"elementor-widget-container\">\n\t\t\t<h2 class=\"elementor-heading-title elementor-size-default\"><a href=\"https:\/\/rioonwatch.org.br\/?p=75851\" target=\"_blank\">Elei\u00e7\u00f5es Rio 2024: O Que Pretendem Os Prefeit\u00e1veis Para As Favelas?<\/a><\/h2>\t\t<\/div>\n\t\t\t\t<\/div>\n\t\t\t\t\t<\/div>\n\t\t<\/div>\n\t\t\t\t<div class=\"elementor-column elementor-col-33 elementor-top-column elementor-element elementor-element-cf55c49\" data-id=\"cf55c49\" data-element_type=\"column\">\n\t\t\t<div class=\"elementor-widget-wrap elementor-element-populated\">\n\t\t\t\t\t\t<div class=\"elementor-element elementor-element-8b66367 elementor-widget elementor-widget-image\" data-id=\"8b66367\" data-element_type=\"widget\" data-widget_type=\"image.default\">\n\t\t\t\t<div class=\"elementor-widget-container\">\n\t\t\t\t\t\t\t\t\t\t\t\t\t\t<a href=\"https:\/\/rioonwatch.org.br\/?p=75869\" target=\"_blank\">\n\t\t\t\t\t\t\t<img loading=\"lazy\" decoding=\"async\" width=\"2250\" height=\"1500\" src=\"https:\/\/rioonwatch.org.br\/wp-content\/uploads\/2024\/10\/Mesa-do-Forum-de-Acao-Popular-do-Complexo-do-Alemao.-Foto-Edilano-Cavalcante-2250x1500.jpg\" class=\"attachment-large size-large wp-image-75903\" alt=\"Mesa do F\u00f3rum de A\u00e7\u00e3o Popular do Complexo do Alem\u00e3o. Foto: Edilano Cavalcante\" srcset=\"https:\/\/rioonwatch.org.br\/wp-content\/uploads\/2024\/10\/Mesa-do-Forum-de-Acao-Popular-do-Complexo-do-Alemao.-Foto-Edilano-Cavalcante-2250x1500.jpg 2250w, https:\/\/rioonwatch.org.br\/wp-content\/uploads\/2024\/10\/Mesa-do-Forum-de-Acao-Popular-do-Complexo-do-Alemao.-Foto-Edilano-Cavalcante-620x413.jpg 620w, https:\/\/rioonwatch.org.br\/wp-content\/uploads\/2024\/10\/Mesa-do-Forum-de-Acao-Popular-do-Complexo-do-Alemao.-Foto-Edilano-Cavalcante-768x512.jpg 768w, https:\/\/rioonwatch.org.br\/wp-content\/uploads\/2024\/10\/Mesa-do-Forum-de-Acao-Popular-do-Complexo-do-Alemao.-Foto-Edilano-Cavalcante-1536x1024.jpg 1536w, https:\/\/rioonwatch.org.br\/wp-content\/uploads\/2024\/10\/Mesa-do-Forum-de-Acao-Popular-do-Complexo-do-Alemao.-Foto-Edilano-Cavalcante-2048x1365.jpg 2048w\" sizes=\"(max-width: 2250px) 100vw, 2250px\" \/>\t\t\t\t\t\t\t\t<\/a>\n\t\t\t\t\t\t\t\t\t\t\t\t\t<\/div>\n\t\t\t\t<\/div>\n\t\t\t\t<div class=\"elementor-element elementor-element-b03869e elementor-widget elementor-widget-heading\" data-id=\"b03869e\" data-element_type=\"widget\" data-widget_type=\"heading.default\">\n\t\t\t\t<div class=\"elementor-widget-container\">\n\t\t\t<h2 class=\"elementor-heading-title elementor-size-default\"><a href=\"https:\/\/rioonwatch.org.br\/?p=75869\" target=\"_blank\">Elei\u00e7\u00f5es 2024: Extensivamente Dialogado e Preparado, o Plano de A\u00e7\u00e3o Popular do Complexo do Alem\u00e3o Evidencia Caminho para Representa\u00e7\u00e3o Pol\u00edtica da Favela na Cidade<\/a><\/h2>\t\t<\/div>\n\t\t\t\t<\/div>\n\t\t\t\t\t<\/div>\n\t\t<\/div>\n\t\t\t\t<div class=\"elementor-column elementor-col-33 elementor-top-column elementor-element elementor-element-5eb582c\" data-id=\"5eb582c\" data-element_type=\"column\">\n\t\t\t<div class=\"elementor-widget-wrap elementor-element-populated\">\n\t\t\t\t\t\t<div class=\"elementor-element elementor-element-5fe7c96 elementor-widget elementor-widget-image\" data-id=\"5fe7c96\" data-element_type=\"widget\" data-widget_type=\"image.default\">\n\t\t\t\t<div class=\"elementor-widget-container\">\n\t\t\t\t\t\t\t\t\t\t\t\t\t\t<a href=\"https:\/\/rioonwatch.org.br\/?p=75967\" target=\"_blank\">\n\t\t\t\t\t\t\t<img loading=\"lazy\" decoding=\"async\" width=\"2667\" height=\"1500\" src=\"https:\/\/rioonwatch.org.br\/wp-content\/uploads\/2024\/10\/Vereadores-crias-de-favela-eleitos-nas-eleicoes-2024-para-a-Camara-Municipal-do-Rio-de-Janeiro-2667x1500.png\" class=\"attachment-large size-large wp-image-76028\" alt=\"Vereadores crias de favela eleitos nas elei\u00e7\u00f5es 2024 para a C\u00e2mara Municipal do Rio de Janeiro.\" srcset=\"https:\/\/rioonwatch.org.br\/wp-content\/uploads\/2024\/10\/Vereadores-crias-de-favela-eleitos-nas-eleicoes-2024-para-a-Camara-Municipal-do-Rio-de-Janeiro-2667x1500.png 2667w, https:\/\/rioonwatch.org.br\/wp-content\/uploads\/2024\/10\/Vereadores-crias-de-favela-eleitos-nas-eleicoes-2024-para-a-Camara-Municipal-do-Rio-de-Janeiro-620x349.png 620w, https:\/\/rioonwatch.org.br\/wp-content\/uploads\/2024\/10\/Vereadores-crias-de-favela-eleitos-nas-eleicoes-2024-para-a-Camara-Municipal-do-Rio-de-Janeiro-768x432.png 768w, https:\/\/rioonwatch.org.br\/wp-content\/uploads\/2024\/10\/Vereadores-crias-de-favela-eleitos-nas-eleicoes-2024-para-a-Camara-Municipal-do-Rio-de-Janeiro-1536x864.png 1536w, https:\/\/rioonwatch.org.br\/wp-content\/uploads\/2024\/10\/Vereadores-crias-de-favela-eleitos-nas-eleicoes-2024-para-a-Camara-Municipal-do-Rio-de-Janeiro-2048x1152.png 2048w, https:\/\/rioonwatch.org.br\/wp-content\/uploads\/2024\/10\/Vereadores-crias-de-favela-eleitos-nas-eleicoes-2024-para-a-Camara-Municipal-do-Rio-de-Janeiro-678x381.png 678w\" sizes=\"(max-width: 2667px) 100vw, 2667px\" \/>\t\t\t\t\t\t\t\t<\/a>\n\t\t\t\t\t\t\t\t\t\t\t\t\t<\/div>\n\t\t\t\t<\/div>\n\t\t\t\t<div class=\"elementor-element elementor-element-0216620 elementor-widget elementor-widget-heading\" data-id=\"0216620\" data-element_type=\"widget\" data-widget_type=\"heading.default\">\n\t\t\t\t<div class=\"elementor-widget-container\">\n\t\t\t<h2 class=\"elementor-heading-title elementor-size-default\"><a href=\"https:\/\/rioonwatch.org.br\/?p=75967\" target=\"_blank\">Elei\u00e7\u00f5es 2024: Eduardo Paes Reeleito e Contar\u00e1 com Maioria Governista na C\u00e2mara, Cinco Crias de Favela Eleitos \u00e0 C\u00e2mara dos Vereadores<\/a><\/h2>\t\t<\/div>\n\t\t\t\t<\/div>\n\t\t\t\t\t<\/div>\n\t\t<\/div>\n\t\t\t\t\t<\/div>\n\t\t<\/section>\n\t\t\t\t<section class=\"elementor-section elementor-top-section elementor-element elementor-element-fb23f91 elementor-section-boxed elementor-section-height-default elementor-section-height-default\" data-id=\"fb23f91\" data-element_type=\"section\" data-settings=\"{&quot;background_background&quot;:&quot;classic&quot;}\">\n\t\t\t\t\t\t<div class=\"elementor-container elementor-column-gap-default\">\n\t\t\t\t\t<div class=\"elementor-column elementor-col-100 elementor-top-column elementor-element elementor-element-747e2c2\" data-id=\"747e2c2\" data-element_type=\"column\" data-settings=\"{&quot;background_background&quot;:&quot;classic&quot;}\">\n\t\t\t<div class=\"elementor-widget-wrap elementor-element-populated\">\n\t\t\t\t\t\t<div class=\"elementor-element elementor-element-d1432eb elementor-widget elementor-widget-heading\" data-id=\"d1432eb\" data-element_type=\"widget\" data-widget_type=\"heading.default\">\n\t\t\t\t<div class=\"elementor-widget-container\">\n\t\t\t<h2 class=\"elementor-heading-title elementor-size-default\">A Luta pela Democracia e as Elei\u00e7\u00f5es 2022<\/h2>\t\t<\/div>\n\t\t\t\t<\/div>\n\t\t\t\t\t<\/div>\n\t\t<\/div>\n\t\t\t\t\t<\/div>\n\t\t<\/section>\n\t\t\t\t<section class=\"elementor-section elementor-top-section elementor-element elementor-element-e492aad secao-posts1 elementor-section-boxed elementor-section-height-default elementor-section-height-default\" data-id=\"e492aad\" data-element_type=\"section\" data-settings=\"{&quot;background_background&quot;:&quot;classic&quot;}\">\n\t\t\t\t\t\t<div class=\"elementor-container elementor-column-gap-default\">\n\t\t\t\t\t<div class=\"elementor-column elementor-col-33 elementor-top-column elementor-element elementor-element-10e6ddd\" data-id=\"10e6ddd\" data-element_type=\"column\">\n\t\t\t<div class=\"elementor-widget-wrap elementor-element-populated\">\n\t\t\t\t\t\t<div class=\"elementor-element elementor-element-fc20194 elementor-widget elementor-widget-image\" data-id=\"fc20194\" data-element_type=\"widget\" data-widget_type=\"image.default\">\n\t\t\t\t<div class=\"elementor-widget-container\">\n\t\t\t\t\t\t\t\t\t\t\t\t\t\t<a href=\"https:\/\/rioonwatch.org.br\/?p=62676\" target=\"_blank\">\n\t\t\t\t\t\t\t<img loading=\"lazy\" decoding=\"async\" width=\"941\" height=\"338\" src=\"https:\/\/rioonwatch.org.br\/wp-content\/uploads\/2022\/09\/Agendas-Para-o-Rio.png\" class=\"attachment-large size-large wp-image-62699\" alt=\"Agendas Para o Rio. Foto: Divulga\u00e7\u00e3o Casa Fluminense\" srcset=\"https:\/\/rioonwatch.org.br\/wp-content\/uploads\/2022\/09\/Agendas-Para-o-Rio.png 941w, https:\/\/rioonwatch.org.br\/wp-content\/uploads\/2022\/09\/Agendas-Para-o-Rio-620x223.png 620w\" sizes=\"(max-width: 941px) 100vw, 941px\" \/>\t\t\t\t\t\t\t\t<\/a>\n\t\t\t\t\t\t\t\t\t\t\t\t\t<\/div>\n\t\t\t\t<\/div>\n\t\t\t\t<div class=\"elementor-element elementor-element-197becd elementor-widget elementor-widget-heading\" data-id=\"197becd\" data-element_type=\"widget\" data-widget_type=\"heading.default\">\n\t\t\t\t<div class=\"elementor-widget-container\">\n\t\t\t<h2 class=\"elementor-heading-title elementor-size-default\"><a href=\"https:\/\/rioonwatch.org.br\/?p=62676\" target=\"_blank\">Casa Fluminense Realiza Di\u00e1logos com Govern\u00e1veis Sobre Suas Agendas Para o Rio<\/a><\/h2>\t\t<\/div>\n\t\t\t\t<\/div>\n\t\t\t\t\t<\/div>\n\t\t<\/div>\n\t\t\t\t<div class=\"elementor-column elementor-col-33 elementor-top-column elementor-element elementor-element-57b4236\" data-id=\"57b4236\" data-element_type=\"column\">\n\t\t\t<div class=\"elementor-widget-wrap elementor-element-populated\">\n\t\t\t\t\t\t<div class=\"elementor-element elementor-element-6775c45 elementor-widget elementor-widget-image\" data-id=\"6775c45\" data-element_type=\"widget\" data-widget_type=\"image.default\">\n\t\t\t\t<div class=\"elementor-widget-container\">\n\t\t\t\t\t\t\t\t\t\t\t\t\t\t<a href=\"https:\/\/rioonwatch.org.br\/?p=62905\" target=\"_blank\">\n\t\t\t\t\t\t\t<img loading=\"lazy\" decoding=\"async\" width=\"1042\" height=\"584\" src=\"https:\/\/rioonwatch.org.br\/wp-content\/uploads\/2022\/09\/votacao.png\" class=\"attachment-large size-large wp-image-62991\" alt=\"vota\u00e7\u00e3o\" srcset=\"https:\/\/rioonwatch.org.br\/wp-content\/uploads\/2022\/09\/votacao.png 1042w, https:\/\/rioonwatch.org.br\/wp-content\/uploads\/2022\/09\/votacao-620x347.png 620w\" sizes=\"(max-width: 1042px) 100vw, 1042px\" \/>\t\t\t\t\t\t\t\t<\/a>\n\t\t\t\t\t\t\t\t\t\t\t\t\t<\/div>\n\t\t\t\t<\/div>\n\t\t\t\t<div class=\"elementor-element elementor-element-42125ce elementor-widget elementor-widget-heading\" data-id=\"42125ce\" data-element_type=\"widget\" data-widget_type=\"heading.default\">\n\t\t\t\t<div class=\"elementor-widget-container\">\n\t\t\t<h2 class=\"elementor-heading-title elementor-size-default\"><a href=\"https:\/\/rioonwatch.org.br\/?p=62905\" target=\"_blank\">Elei\u00e7\u00f5es 2022: 11 Candidatos de Favelas Cariocas Procuram Ampliar Representatividade nos Parlamentos<\/a><\/h2>\t\t<\/div>\n\t\t\t\t<\/div>\n\t\t\t\t\t<\/div>\n\t\t<\/div>\n\t\t\t\t<div class=\"elementor-column elementor-col-33 elementor-top-column elementor-element elementor-element-ce208bd\" data-id=\"ce208bd\" data-element_type=\"column\">\n\t\t\t<div class=\"elementor-widget-wrap elementor-element-populated\">\n\t\t\t\t\t\t<div class=\"elementor-element elementor-element-b40ae47 elementor-widget elementor-widget-image\" data-id=\"b40ae47\" data-element_type=\"widget\" data-widget_type=\"image.default\">\n\t\t\t\t<div class=\"elementor-widget-container\">\n\t\t\t\t\t\t\t\t\t\t\t\t\t\t<a href=\"https:\/\/rioonwatch.org.br\/?p=62996\" target=\"_blank\">\n\t\t\t\t\t\t\t<img loading=\"lazy\" decoding=\"async\" width=\"1299\" height=\"520\" src=\"https:\/\/rioonwatch.org.br\/wp-content\/uploads\/2022\/09\/Palacio-das-Laranjeiras.png\" class=\"attachment-large size-large wp-image-63058\" alt=\"Palacio das Laranjeiras\" srcset=\"https:\/\/rioonwatch.org.br\/wp-content\/uploads\/2022\/09\/Palacio-das-Laranjeiras.png 1299w, https:\/\/rioonwatch.org.br\/wp-content\/uploads\/2022\/09\/Palacio-das-Laranjeiras-620x248.png 620w\" sizes=\"(max-width: 1299px) 100vw, 1299px\" \/>\t\t\t\t\t\t\t\t<\/a>\n\t\t\t\t\t\t\t\t\t\t\t\t\t<\/div>\n\t\t\t\t<\/div>\n\t\t\t\t<div class=\"elementor-element elementor-element-fda6dd0 elementor-widget elementor-widget-heading\" data-id=\"fda6dd0\" data-element_type=\"widget\" data-widget_type=\"heading.default\">\n\t\t\t\t<div class=\"elementor-widget-container\">\n\t\t\t<h2 class=\"elementor-heading-title elementor-size-default\"><a href=\"https:\/\/rioonwatch.org.br\/?p=62996\" target=\"_blank\">Elei\u00e7\u00f5es 2022: Quais S\u00e3o as Propostas dos Candidatos a Governador para as Favelas Fluminenses?<\/a><\/h2>\t\t<\/div>\n\t\t\t\t<\/div>\n\t\t\t\t\t<\/div>\n\t\t<\/div>\n\t\t\t\t\t<\/div>\n\t\t<\/section>\n\t\t\t\t<section class=\"elementor-section elementor-top-section elementor-element elementor-element-b8b039f secao-posts1 elementor-section-boxed elementor-section-height-default elementor-section-height-default\" data-id=\"b8b039f\" data-element_type=\"section\" data-settings=\"{&quot;background_background&quot;:&quot;classic&quot;}\">\n\t\t\t\t\t\t<div class=\"elementor-container elementor-column-gap-default\">\n\t\t\t\t\t<div class=\"elementor-column elementor-col-33 elementor-top-column elementor-element elementor-element-01bf36e\" data-id=\"01bf36e\" data-element_type=\"column\">\n\t\t\t<div class=\"elementor-widget-wrap elementor-element-populated\">\n\t\t\t\t\t\t<div class=\"elementor-element elementor-element-89b1d86 elementor-widget elementor-widget-image\" data-id=\"89b1d86\" data-element_type=\"widget\" data-widget_type=\"image.default\">\n\t\t\t\t<div class=\"elementor-widget-container\">\n\t\t\t\t\t\t\t\t\t\t\t\t\t\t<a href=\"https:\/\/rioonwatch.org.br\/?p=62832\" target=\"_blank\">\n\t\t\t\t\t\t\t<img loading=\"lazy\" decoding=\"async\" width=\"1047\" height=\"629\" src=\"https:\/\/rioonwatch.org.br\/wp-content\/uploads\/2022\/09\/eleicoes-1047x629.jpg\" class=\"attachment-large size-large wp-image-62838\" alt=\"Principais candidatos \u00e0 presid\u00eancia da Rep\u00fablica em debate.\" srcset=\"https:\/\/rioonwatch.org.br\/wp-content\/uploads\/2022\/09\/eleicoes-1047x629.jpg 1047w, https:\/\/rioonwatch.org.br\/wp-content\/uploads\/2022\/09\/eleicoes-620x372.jpg 620w, https:\/\/rioonwatch.org.br\/wp-content\/uploads\/2022\/09\/eleicoes.jpg 2000w\" sizes=\"(max-width: 1047px) 100vw, 1047px\" \/>\t\t\t\t\t\t\t\t<\/a>\n\t\t\t\t\t\t\t\t\t\t\t\t\t<\/div>\n\t\t\t\t<\/div>\n\t\t\t\t<div class=\"elementor-element elementor-element-a4235e5 elementor-widget elementor-widget-heading\" data-id=\"a4235e5\" data-element_type=\"widget\" data-widget_type=\"heading.default\">\n\t\t\t\t<div class=\"elementor-widget-container\">\n\t\t\t<h2 class=\"elementor-heading-title elementor-size-default\"><a href=\"https:\/\/rioonwatch.org.br\/?p=62832\" target=\"_blank\">Elei\u00e7\u00f5es 2022: Quais S\u00e3o as Propostas das Candidaturas \u00e0 Presid\u00eancia da Rep\u00fablica para a Moradia no Brasil?<\/a><\/h2>\t\t<\/div>\n\t\t\t\t<\/div>\n\t\t\t\t\t<\/div>\n\t\t<\/div>\n\t\t\t\t<div class=\"elementor-column elementor-col-33 elementor-top-column elementor-element elementor-element-0dfab24\" data-id=\"0dfab24\" data-element_type=\"column\">\n\t\t\t<div class=\"elementor-widget-wrap elementor-element-populated\">\n\t\t\t\t\t\t<div class=\"elementor-element elementor-element-225a051 elementor-widget elementor-widget-image\" data-id=\"225a051\" data-element_type=\"widget\" data-widget_type=\"image.default\">\n\t\t\t\t<div class=\"elementor-widget-container\">\n\t\t\t\t\t\t\t\t\t\t\t\t\t\t<a href=\"https:\/\/rioonwatch.org.br\/?p=63125\" target=\"_blank\">\n\t\t\t\t\t\t\t<img loading=\"lazy\" decoding=\"async\" width=\"1117\" height=\"629\" src=\"https:\/\/rioonwatch.org.br\/wp-content\/uploads\/2022\/10\/Indigenas-no-Congresso-Nacional.-Foto-Adi-Spezia-1117x629.jpg\" class=\"attachment-large size-large wp-image-63129\" alt=\"Ind\u00edgenas no Congresso Nacional. Foto: Adi Spezia\" srcset=\"https:\/\/rioonwatch.org.br\/wp-content\/uploads\/2022\/10\/Indigenas-no-Congresso-Nacional.-Foto-Adi-Spezia-1117x629.jpg 1117w, https:\/\/rioonwatch.org.br\/wp-content\/uploads\/2022\/10\/Indigenas-no-Congresso-Nacional.-Foto-Adi-Spezia-620x349.jpg 620w, https:\/\/rioonwatch.org.br\/wp-content\/uploads\/2022\/10\/Indigenas-no-Congresso-Nacional.-Foto-Adi-Spezia.jpg 1156w\" sizes=\"(max-width: 1117px) 100vw, 1117px\" \/>\t\t\t\t\t\t\t\t<\/a>\n\t\t\t\t\t\t\t\t\t\t\t\t\t<\/div>\n\t\t\t\t<\/div>\n\t\t\t\t<div class=\"elementor-element elementor-element-67ab1c9 elementor-widget elementor-widget-heading\" data-id=\"67ab1c9\" data-element_type=\"widget\" data-widget_type=\"heading.default\">\n\t\t\t\t<div class=\"elementor-widget-container\">\n\t\t\t<h2 class=\"elementor-heading-title elementor-size-default\"><a href=\"https:\/\/rioonwatch.org.br\/?p=63125\" target=\"_blank\">Um Raio X da Esperan\u00e7a Entre Eleitos nas Elei\u00e7\u00f5es de 2022<\/a><\/h2>\t\t<\/div>\n\t\t\t\t<\/div>\n\t\t\t\t\t<\/div>\n\t\t<\/div>\n\t\t\t\t<div class=\"elementor-column elementor-col-33 elementor-top-column elementor-element elementor-element-0cb9409\" data-id=\"0cb9409\" data-element_type=\"column\">\n\t\t\t<div class=\"elementor-widget-wrap elementor-element-populated\">\n\t\t\t\t\t\t<div class=\"elementor-element elementor-element-402e245 elementor-widget elementor-widget-image\" data-id=\"402e245\" data-element_type=\"widget\" data-widget_type=\"image.default\">\n\t\t\t\t<div class=\"elementor-widget-container\">\n\t\t\t\t\t\t\t\t\t\t\t\t\t\t<a href=\"https:\/\/rioonwatch.org.br\/?p=63274\" target=\"_blank\">\n\t\t\t\t\t\t\t<img loading=\"lazy\" decoding=\"async\" width=\"1151\" height=\"629\" src=\"https:\/\/rioonwatch.org.br\/wp-content\/uploads\/2022\/10\/Congresso-Nacional.-Agencia-Senado-Federal-1151x629.png\" class=\"attachment-large size-large wp-image-63287\" alt=\"Congresso Nacional. Ag\u00eancia Senado Federal\" srcset=\"https:\/\/rioonwatch.org.br\/wp-content\/uploads\/2022\/10\/Congresso-Nacional.-Agencia-Senado-Federal-1151x629.png 1151w, https:\/\/rioonwatch.org.br\/wp-content\/uploads\/2022\/10\/Congresso-Nacional.-Agencia-Senado-Federal-620x339.png 620w, https:\/\/rioonwatch.org.br\/wp-content\/uploads\/2022\/10\/Congresso-Nacional.-Agencia-Senado-Federal.png 2000w\" sizes=\"(max-width: 1151px) 100vw, 1151px\" \/>\t\t\t\t\t\t\t\t<\/a>\n\t\t\t\t\t\t\t\t\t\t\t\t\t<\/div>\n\t\t\t\t<\/div>\n\t\t\t\t<div class=\"elementor-element elementor-element-bb0dd7e elementor-widget elementor-widget-heading\" data-id=\"bb0dd7e\" data-element_type=\"widget\" data-widget_type=\"heading.default\">\n\t\t\t\t<div class=\"elementor-widget-container\">\n\t\t\t<h2 class=\"elementor-heading-title elementor-size-default\"><a href=\"https:\/\/rioonwatch.org.br\/?p=63274\" target=\"_blank\">Briga Tem Hora Para Acabar, Luta \u00c9 Para a Vida Inteira: Uma An\u00e1lise do Segundo Turno [OPINI\u00c3O]<\/a><\/h2>\t\t<\/div>\n\t\t\t\t<\/div>\n\t\t\t\t\t<\/div>\n\t\t<\/div>\n\t\t\t\t\t<\/div>\n\t\t<\/section>\n\t\t\t\t<section class=\"elementor-section elementor-top-section elementor-element elementor-element-6ef9ce3 secao-posts1 elementor-section-boxed elementor-section-height-default elementor-section-height-default\" data-id=\"6ef9ce3\" data-element_type=\"section\" data-settings=\"{&quot;background_background&quot;:&quot;classic&quot;}\">\n\t\t\t\t\t\t<div class=\"elementor-container elementor-column-gap-default\">\n\t\t\t\t\t<div class=\"elementor-column elementor-col-33 elementor-top-column elementor-element elementor-element-834ad77\" data-id=\"834ad77\" data-element_type=\"column\">\n\t\t\t<div class=\"elementor-widget-wrap elementor-element-populated\">\n\t\t\t\t\t\t<div class=\"elementor-element elementor-element-3ccd0da elementor-widget elementor-widget-image\" data-id=\"3ccd0da\" data-element_type=\"widget\" data-widget_type=\"image.default\">\n\t\t\t\t<div class=\"elementor-widget-container\">\n\t\t\t\t\t\t\t\t\t\t\t\t\t\t<a href=\"https:\/\/rioonwatch.org.br\/?p=63465\" target=\"_blank\">\n\t\t\t\t\t\t\t<img loading=\"lazy\" decoding=\"async\" width=\"3000\" height=\"1270\" src=\"https:\/\/rioonwatch.org.br\/wp-content\/uploads\/2022\/10\/Arte-original-por-Estevao-Ribeiro-3000x1270.jpg\" class=\"attachment-large size-large wp-image-63571\" alt=\"\" srcset=\"https:\/\/rioonwatch.org.br\/wp-content\/uploads\/2022\/10\/Arte-original-por-Estevao-Ribeiro-3000x1270.jpg 3000w, https:\/\/rioonwatch.org.br\/wp-content\/uploads\/2022\/10\/Arte-original-por-Estevao-Ribeiro-620x263.jpg 620w, https:\/\/rioonwatch.org.br\/wp-content\/uploads\/2022\/10\/Arte-original-por-Estevao-Ribeiro-scaled-e1666909826385-1485x629.jpg 1485w\" sizes=\"(max-width: 3000px) 100vw, 3000px\" \/>\t\t\t\t\t\t\t\t<\/a>\n\t\t\t\t\t\t\t\t\t\t\t\t\t<\/div>\n\t\t\t\t<\/div>\n\t\t\t\t<div class=\"elementor-element elementor-element-4e1943e elementor-widget elementor-widget-heading\" data-id=\"4e1943e\" data-element_type=\"widget\" data-widget_type=\"heading.default\">\n\t\t\t\t<div class=\"elementor-widget-container\">\n\t\t\t<h2 class=\"elementor-heading-title elementor-size-default\"><a href=\"https:\/\/rioonwatch.org.br\/?p=63465\" target=\"_blank\">Cidadania de Papel: A Economia da Fome em Pauta nas Elei\u00e7\u00f5es 2022<\/a><\/h2>\t\t<\/div>\n\t\t\t\t<\/div>\n\t\t\t\t\t<\/div>\n\t\t<\/div>\n\t\t\t\t<div class=\"elementor-column elementor-col-33 elementor-top-column elementor-element elementor-element-ab2e75b\" data-id=\"ab2e75b\" data-element_type=\"column\">\n\t\t\t<div class=\"elementor-widget-wrap elementor-element-populated\">\n\t\t\t\t\t\t<div class=\"elementor-element elementor-element-c551764 elementor-widget elementor-widget-image\" data-id=\"c551764\" data-element_type=\"widget\" data-widget_type=\"image.default\">\n\t\t\t\t<div class=\"elementor-widget-container\">\n\t\t\t\t\t\t\t\t\t\t\t\t\t\t<a href=\"https:\/\/rioonwatch.org.br\/?p=63950\" target=\"_blank\">\n\t\t\t\t\t\t\t<img loading=\"lazy\" decoding=\"async\" width=\"2250\" height=\"1500\" src=\"https:\/\/rioonwatch.org.br\/wp-content\/uploads\/2022\/11\/Moradores-da-Rocinha-cruzam-a-passarela-de-acesso-a-favela-nodia-da-votacao-do-segundo-turno-das-eleicoes-2022.-Foto-Alexandre-C-2250x1500.jpg\" class=\"attachment-large size-large wp-image-63969\" alt=\"Moradores da Rocinha cruzam a passarela de acesso \u00e0 favela nodia da vota\u00e7\u00e3o do segundo turno das elei\u00e7\u00f5es 2022. Foto: Alexandre Cerqueira\/RioOnWatch\" srcset=\"https:\/\/rioonwatch.org.br\/wp-content\/uploads\/2022\/11\/Moradores-da-Rocinha-cruzam-a-passarela-de-acesso-a-favela-nodia-da-votacao-do-segundo-turno-das-eleicoes-2022.-Foto-Alexandre-C-2250x1500.jpg 2250w, https:\/\/rioonwatch.org.br\/wp-content\/uploads\/2022\/11\/Moradores-da-Rocinha-cruzam-a-passarela-de-acesso-a-favela-nodia-da-votacao-do-segundo-turno-das-eleicoes-2022.-Foto-Alexandre-C-620x413.jpg 620w, https:\/\/rioonwatch.org.br\/wp-content\/uploads\/2022\/11\/Moradores-da-Rocinha-cruzam-a-passarela-de-acesso-a-favela-nodia-da-votacao-do-segundo-turno-das-eleicoes-2022.-Foto-Alexandre-C-scaled-e1668659660909-943x629.jpg 943w\" sizes=\"(max-width: 2250px) 100vw, 2250px\" \/>\t\t\t\t\t\t\t\t<\/a>\n\t\t\t\t\t\t\t\t\t\t\t\t\t<\/div>\n\t\t\t\t<\/div>\n\t\t\t\t<div class=\"elementor-element elementor-element-df32d56 elementor-widget elementor-widget-heading\" data-id=\"df32d56\" data-element_type=\"widget\" data-widget_type=\"heading.default\">\n\t\t\t\t<div class=\"elementor-widget-container\">\n\t\t\t<h2 class=\"elementor-heading-title elementor-size-default\"><a href=\"https:\/\/rioonwatch.org.br\/?p=63950\" target=\"_blank\">Moradores da Rocinha Votam para Presidente no Segundo Turno das Elei\u00e7\u00f5es 2022 [FOTORREPORTAGEM]<\/a><\/h2>\t\t<\/div>\n\t\t\t\t<\/div>\n\t\t\t\t\t<\/div>\n\t\t<\/div>\n\t\t\t\t<div class=\"elementor-column elementor-col-33 elementor-top-column elementor-element elementor-element-48eceea\" data-id=\"48eceea\" data-element_type=\"column\">\n\t\t\t<div class=\"elementor-widget-wrap elementor-element-populated\">\n\t\t\t\t\t\t<div class=\"elementor-element elementor-element-bf1f825 elementor-widget elementor-widget-image\" data-id=\"bf1f825\" data-element_type=\"widget\" data-widget_type=\"image.default\">\n\t\t\t\t<div class=\"elementor-widget-container\">\n\t\t\t\t\t\t\t\t\t\t\t\t\t\t<a href=\"https:\/\/rioonwatch.org.br\/?p=63602\" target=\"_blank\">\n\t\t\t\t\t\t\t<img loading=\"lazy\" decoding=\"async\" width=\"1896\" height=\"1500\" src=\"https:\/\/rioonwatch.org.br\/wp-content\/uploads\/2022\/10\/Bandeira-1896x1500.png\" class=\"attachment-large size-large wp-image-63677\" alt=\"\" srcset=\"https:\/\/rioonwatch.org.br\/wp-content\/uploads\/2022\/10\/Bandeira-1896x1500.png 1896w, https:\/\/rioonwatch.org.br\/wp-content\/uploads\/2022\/10\/Bandeira-620x491.png 620w, https:\/\/rioonwatch.org.br\/wp-content\/uploads\/2022\/10\/Bandeira-795x629.png 795w, https:\/\/rioonwatch.org.br\/wp-content\/uploads\/2022\/10\/Bandeira.png 1997w\" sizes=\"(max-width: 1896px) 100vw, 1896px\" \/>\t\t\t\t\t\t\t\t<\/a>\n\t\t\t\t\t\t\t\t\t\t\t\t\t<\/div>\n\t\t\t\t<\/div>\n\t\t\t\t<div class=\"elementor-element elementor-element-6c8a9d3 elementor-widget elementor-widget-heading\" data-id=\"6c8a9d3\" data-element_type=\"widget\" data-widget_type=\"heading.default\">\n\t\t\t\t<div class=\"elementor-widget-container\">\n\t\t\t<h2 class=\"elementor-heading-title elementor-size-default\"><a href=\"https:\/\/rioonwatch.org.br\/?p=63602\" target=\"_blank\">Lula Eleito Presidente em Vit\u00f3ria Hist\u00f3rica Contando com Favelas do Alem\u00e3o, Penha, Mar\u00e9, CDD, RDP, Gard\u00eania Azul e Rocinha<\/a><\/h2>\t\t<\/div>\n\t\t\t\t<\/div>\n\t\t\t\t\t<\/div>\n\t\t<\/div>\n\t\t\t\t\t<\/div>\n\t\t<\/section>\n\t\t\t\t<section class=\"elementor-section elementor-top-section elementor-element elementor-element-ad1bde4 secao-posts1 elementor-section-boxed elementor-section-height-default elementor-section-height-default\" data-id=\"ad1bde4\" data-element_type=\"section\" data-settings=\"{&quot;background_background&quot;:&quot;classic&quot;}\">\n\t\t\t\t\t\t<div class=\"elementor-container elementor-column-gap-default\">\n\t\t\t\t\t<div class=\"elementor-column elementor-col-33 elementor-top-column elementor-element elementor-element-7702d76\" data-id=\"7702d76\" data-element_type=\"column\">\n\t\t\t<div class=\"elementor-widget-wrap elementor-element-populated\">\n\t\t\t\t\t\t<div class=\"elementor-element elementor-element-0bfa57a elementor-widget elementor-widget-image\" data-id=\"0bfa57a\" data-element_type=\"widget\" data-widget_type=\"image.default\">\n\t\t\t\t<div class=\"elementor-widget-container\">\n\t\t\t\t\t\t\t\t\t\t\t\t\t\t<a href=\"https:\/\/rioonwatch.org.br\/?p=63729\" target=\"_blank\">\n\t\t\t\t\t\t\t<img loading=\"lazy\" decoding=\"async\" width=\"2247\" height=\"1500\" src=\"https:\/\/rioonwatch.org.br\/wp-content\/uploads\/2022\/11\/Manifestantes-tomam-a-rua-defendendo-o-legado-de-Lula-nas-favelas.-Foto-Barbara-DiasRioOnWatch-2247x1500.jpg\" class=\"attachment-large size-large wp-image-63841\" alt=\"Manifestantes tomam a rua defendendo o legado de Lula nas favelas. Foto: B\u00e1rbara Dias\/RioOnWatch\" srcset=\"https:\/\/rioonwatch.org.br\/wp-content\/uploads\/2022\/11\/Manifestantes-tomam-a-rua-defendendo-o-legado-de-Lula-nas-favelas.-Foto-Barbara-DiasRioOnWatch-2247x1500.jpg 2247w, https:\/\/rioonwatch.org.br\/wp-content\/uploads\/2022\/11\/Manifestantes-tomam-a-rua-defendendo-o-legado-de-Lula-nas-favelas.-Foto-Barbara-DiasRioOnWatch-620x414.jpg 620w, https:\/\/rioonwatch.org.br\/wp-content\/uploads\/2022\/11\/Manifestantes-tomam-a-rua-defendendo-o-legado-de-Lula-nas-favelas.-Foto-Barbara-DiasRioOnWatch-942x629.jpg 942w\" sizes=\"(max-width: 2247px) 100vw, 2247px\" \/>\t\t\t\t\t\t\t\t<\/a>\n\t\t\t\t\t\t\t\t\t\t\t\t\t<\/div>\n\t\t\t\t<\/div>\n\t\t\t\t<div class=\"elementor-element elementor-element-b7bdb59 elementor-widget elementor-widget-heading\" data-id=\"b7bdb59\" data-element_type=\"widget\" data-widget_type=\"heading.default\">\n\t\t\t\t<div class=\"elementor-widget-container\">\n\t\t\t<h2 class=\"elementor-heading-title elementor-size-default\"><a href=\"https:\/\/rioonwatch.org.br\/?p=63729\" target=\"_blank\">Caminhada na Rocinha Rendeu Maior Vota\u00e7\u00e3o a Lula na Cidade [FOTORREPORTAGEM]<\/a><\/h2>\t\t<\/div>\n\t\t\t\t<\/div>\n\t\t\t\t\t<\/div>\n\t\t<\/div>\n\t\t\t\t<div class=\"elementor-column elementor-col-33 elementor-top-column elementor-element elementor-element-caae3ce\" data-id=\"caae3ce\" data-element_type=\"column\">\n\t\t\t<div class=\"elementor-widget-wrap elementor-element-populated\">\n\t\t\t\t\t\t<div class=\"elementor-element elementor-element-5de3cd5 elementor-widget elementor-widget-image\" data-id=\"5de3cd5\" data-element_type=\"widget\" data-widget_type=\"image.default\">\n\t\t\t\t<div class=\"elementor-widget-container\">\n\t\t\t\t\t\t\t\t\t\t\t\t\t\t<a href=\"https:\/\/rioonwatch.org.br\/?p=63221\" target=\"_blank\">\n\t\t\t\t\t\t\t<img loading=\"lazy\" decoding=\"async\" width=\"1275\" height=\"629\" src=\"https:\/\/rioonwatch.org.br\/wp-content\/uploads\/2022\/10\/Caminhada-com-Lula-na-Estrada-Itarare\u0301-1275x629.png\" class=\"attachment-large size-large wp-image-63226\" alt=\"Caminhada com Lula na Estrada Itarare\u0301\" srcset=\"https:\/\/rioonwatch.org.br\/wp-content\/uploads\/2022\/10\/Caminhada-com-Lula-na-Estrada-Itarare\u0301-1275x629.png 1275w, https:\/\/rioonwatch.org.br\/wp-content\/uploads\/2022\/10\/Caminhada-com-Lula-na-Estrada-Itarare\u0301-620x306.png 620w, https:\/\/rioonwatch.org.br\/wp-content\/uploads\/2022\/10\/Caminhada-com-Lula-na-Estrada-Itarare\u0301.png 1995w\" sizes=\"(max-width: 1275px) 100vw, 1275px\" \/>\t\t\t\t\t\t\t\t<\/a>\n\t\t\t\t\t\t\t\t\t\t\t\t\t<\/div>\n\t\t\t\t<\/div>\n\t\t\t\t<div class=\"elementor-element elementor-element-f94ae53 elementor-widget elementor-widget-heading\" data-id=\"f94ae53\" data-element_type=\"widget\" data-widget_type=\"heading.default\">\n\t\t\t\t<div class=\"elementor-widget-container\">\n\t\t\t<h2 class=\"elementor-heading-title elementor-size-default\"><a href=\"https:\/\/rioonwatch.org.br\/?p=63221\" target=\"_blank\">Pot\u00eancias Comunit\u00e1rias Realizam Caminhada Hist\u00f3rica com Lula no Complexo do Alem\u00e3o [IMAGENS]<\/a><\/h2>\t\t<\/div>\n\t\t\t\t<\/div>\n\t\t\t\t\t<\/div>\n\t\t<\/div>\n\t\t\t\t<div class=\"elementor-column elementor-col-33 elementor-top-column elementor-element elementor-element-8629d04\" data-id=\"8629d04\" data-element_type=\"column\">\n\t\t\t<div class=\"elementor-widget-wrap elementor-element-populated\">\n\t\t\t\t\t\t<div class=\"elementor-element elementor-element-be9b838 elementor-widget elementor-widget-image\" data-id=\"be9b838\" data-element_type=\"widget\" data-widget_type=\"image.default\">\n\t\t\t\t<div class=\"elementor-widget-container\">\n\t\t\t\t\t\t\t\t\t\t\t\t\t\t<a href=\"https:\/\/rioonwatch.org.br\/?p=65285\" target=\"_blank\">\n\t\t\t\t\t\t\t<img loading=\"lazy\" decoding=\"async\" width=\"1479\" height=\"629\" src=\"https:\/\/rioonwatch.org.br\/wp-content\/uploads\/2023\/01\/CLAUDIO-CASTRO_ILUSTRACAO-DAVID-AMEN-ARTIGO-SEGURANCA-PUBLICA-TATIANA-LIMA-JAN-2023_REV_2480X1055-1479x629.jpg\" class=\"attachment-large size-large wp-image-65569\" alt=\"Arte original por David Amen\" srcset=\"https:\/\/rioonwatch.org.br\/wp-content\/uploads\/2023\/01\/CLAUDIO-CASTRO_ILUSTRACAO-DAVID-AMEN-ARTIGO-SEGURANCA-PUBLICA-TATIANA-LIMA-JAN-2023_REV_2480X1055-1479x629.jpg 1479w, https:\/\/rioonwatch.org.br\/wp-content\/uploads\/2023\/01\/CLAUDIO-CASTRO_ILUSTRACAO-DAVID-AMEN-ARTIGO-SEGURANCA-PUBLICA-TATIANA-LIMA-JAN-2023_REV_2480X1055-620x264.jpg 620w, https:\/\/rioonwatch.org.br\/wp-content\/uploads\/2023\/01\/CLAUDIO-CASTRO_ILUSTRACAO-DAVID-AMEN-ARTIGO-SEGURANCA-PUBLICA-TATIANA-LIMA-JAN-2023_REV_2480X1055-1030x439.jpg 1030w\" sizes=\"(max-width: 1479px) 100vw, 1479px\" \/>\t\t\t\t\t\t\t\t<\/a>\n\t\t\t\t\t\t\t\t\t\t\t\t\t<\/div>\n\t\t\t\t<\/div>\n\t\t\t\t<div class=\"elementor-element elementor-element-4701f0f elementor-widget elementor-widget-heading\" data-id=\"4701f0f\" data-element_type=\"widget\" data-widget_type=\"heading.default\">\n\t\t\t\t<div class=\"elementor-widget-container\">\n\t\t\t<h2 class=\"elementor-heading-title elementor-size-default\"><a href=\"https:\/\/rioonwatch.org.br\/?p=65285\" target=\"_blank\">O \u2018Governador das Chacinas\u2019 Vs. O Direito \u00e0 Favela: A Seguran\u00e7a P\u00fablica do Rio de Janeiro como Ruptura de Direitos nas Favelas Cariocas<\/a><\/h2>\t\t<\/div>\n\t\t\t\t<\/div>\n\t\t\t\t\t<\/div>\n\t\t<\/div>\n\t\t\t\t\t<\/div>\n\t\t<\/section>\n\t\t\t\t<section class=\"elementor-section elementor-top-section elementor-element elementor-element-8eacd67 elementor-section-boxed elementor-section-height-default elementor-section-height-default\" data-id=\"8eacd67\" data-element_type=\"section\" data-settings=\"{&quot;background_background&quot;:&quot;classic&quot;}\">\n\t\t\t\t\t\t<div class=\"elementor-container elementor-column-gap-default\">\n\t\t\t\t\t<div class=\"elementor-column elementor-col-100 elementor-top-column elementor-element elementor-element-ad2965a\" data-id=\"ad2965a\" data-element_type=\"column\" data-settings=\"{&quot;background_background&quot;:&quot;classic&quot;}\">\n\t\t\t<div class=\"elementor-widget-wrap elementor-element-populated\">\n\t\t\t\t\t\t<div class=\"elementor-element elementor-element-ac8d8d1 elementor-widget elementor-widget-heading\" data-id=\"ac8d8d1\" data-element_type=\"widget\" data-widget_type=\"heading.default\">\n\t\t\t\t<div class=\"elementor-widget-container\">\n\t\t\t<h2 class=\"elementor-heading-title elementor-size-default\">Mem\u00f3rias de Pot\u00eancias Faveladas pela Democracia<\/h2>\t\t<\/div>\n\t\t\t\t<\/div>\n\t\t\t\t\t<\/div>\n\t\t<\/div>\n\t\t\t\t\t<\/div>\n\t\t<\/section>\n\t\t\t\t<section class=\"elementor-section elementor-top-section elementor-element elementor-element-5b69a30 secao-posts1 elementor-section-boxed elementor-section-height-default elementor-section-height-default\" data-id=\"5b69a30\" data-element_type=\"section\" data-settings=\"{&quot;background_background&quot;:&quot;classic&quot;}\">\n\t\t\t\t\t\t<div class=\"elementor-container elementor-column-gap-default\">\n\t\t\t\t\t<div class=\"elementor-column elementor-col-33 elementor-top-column elementor-element elementor-element-b41ba2a\" data-id=\"b41ba2a\" data-element_type=\"column\">\n\t\t\t<div class=\"elementor-widget-wrap elementor-element-populated\">\n\t\t\t\t\t\t<div class=\"elementor-element elementor-element-1343c9f elementor-widget elementor-widget-image\" data-id=\"1343c9f\" data-element_type=\"widget\" data-widget_type=\"image.default\">\n\t\t\t\t<div class=\"elementor-widget-container\">\n\t\t\t\t\t\t\t\t\t\t\t\t\t\t<a href=\"https:\/\/rioonwatch.org.br\/?p=73029\" target=\"_blank\">\n\t\t\t\t\t\t\t<img loading=\"lazy\" decoding=\"async\" width=\"2060\" height=\"1500\" src=\"https:\/\/rioonwatch.org.br\/wp-content\/uploads\/2024\/04\/4-Seu-Baiano-e-Chico-BarbeiroFotografo-Fabio-Costa-e-SilvaVaral-de-lembrancasAcervo-Museu-Sankofa-memoria-e-historia-da-Rocinha-2060x1500.jpg\" class=\"attachment-large size-large wp-image-73035\" alt=\"Seu Baiano e Chico Barbeiro. Foto: F\u00e1bio Costa e Silva\/Varal de lembran\u00e7as\/Acervo Museu Sankofa Mem\u00f3ria e Hist\u00f3ria da Rocinha\" srcset=\"https:\/\/rioonwatch.org.br\/wp-content\/uploads\/2024\/04\/4-Seu-Baiano-e-Chico-BarbeiroFotografo-Fabio-Costa-e-SilvaVaral-de-lembrancasAcervo-Museu-Sankofa-memoria-e-historia-da-Rocinha-2060x1500.jpg 2060w, https:\/\/rioonwatch.org.br\/wp-content\/uploads\/2024\/04\/4-Seu-Baiano-e-Chico-BarbeiroFotografo-Fabio-Costa-e-SilvaVaral-de-lembrancasAcervo-Museu-Sankofa-memoria-e-historia-da-Rocinha-620x451.jpg 620w\" sizes=\"(max-width: 2060px) 100vw, 2060px\" \/>\t\t\t\t\t\t\t\t<\/a>\n\t\t\t\t\t\t\t\t\t\t\t\t\t<\/div>\n\t\t\t\t<\/div>\n\t\t\t\t<div class=\"elementor-element elementor-element-2dd8151 elementor-widget elementor-widget-heading\" data-id=\"2dd8151\" data-element_type=\"widget\" data-widget_type=\"heading.default\">\n\t\t\t\t<div class=\"elementor-widget-container\">\n\t\t\t<h2 class=\"elementor-heading-title elementor-size-default\"><a href=\"https:\/\/rioonwatch.org.br\/?p=73029\" target=\"_blank\">Conhe\u00e7a a Hist\u00f3ria do Livro Varal de Lembran\u00e7as, Escrito por Estudantes do Ensino Noturno na Rocinha em 1983, em Plena Ditadura<\/a><\/h2>\t\t<\/div>\n\t\t\t\t<\/div>\n\t\t\t\t\t<\/div>\n\t\t<\/div>\n\t\t\t\t<div class=\"elementor-column elementor-col-33 elementor-top-column elementor-element elementor-element-d43cb9d\" data-id=\"d43cb9d\" data-element_type=\"column\">\n\t\t\t<div class=\"elementor-widget-wrap elementor-element-populated\">\n\t\t\t\t\t\t<div class=\"elementor-element elementor-element-4a77116 elementor-widget elementor-widget-image\" data-id=\"4a77116\" data-element_type=\"widget\" data-widget_type=\"image.default\">\n\t\t\t\t<div class=\"elementor-widget-container\">\n\t\t\t\t\t\t\t\t\t\t\t\t\t\t<a href=\"https:\/\/rioonwatch.org.br\/?p=73323\" target=\"_blank\">\n\t\t\t\t\t\t\t<img loading=\"lazy\" decoding=\"async\" width=\"1125\" height=\"1500\" src=\"https:\/\/rioonwatch.org.br\/wp-content\/uploads\/2024\/06\/Placa-que-sera-fixada-na-Rua-Carlos-Duque-em-homenagem-a-lideranca-historica-do-Vidigal.-Realizacao-Nucleo-de-Memorias-do-Vidigal.-Artista-Sergio-Tavares.jpeg\" class=\"attachment-large size-large wp-image-73796\" alt=\"Placa que ser\u00e1 fixada na Rua Carlos Duque, em homenagem \u00e0 lideran\u00e7a hist\u00f3rica do Vidigal,feita pelo artista S\u00e9rgio Tavares. Uma realiza\u00e7\u00e3o do N\u00facleo de Mem\u00f3rias do Vidigal. Foto: Barbara Nascimento\" \/>\t\t\t\t\t\t\t\t<\/a>\n\t\t\t\t\t\t\t\t\t\t\t\t\t<\/div>\n\t\t\t\t<\/div>\n\t\t\t\t<div class=\"elementor-element elementor-element-650e1ff elementor-widget elementor-widget-heading\" data-id=\"650e1ff\" data-element_type=\"widget\" data-widget_type=\"heading.default\">\n\t\t\t\t<div class=\"elementor-widget-container\">\n\t\t\t<h2 class=\"elementor-heading-title elementor-size-default\"><a href=\"https:\/\/rioonwatch.org.br\/?p=73323\" target=\"_blank\">Conhe\u00e7a um Griot do Vidigal, Carlos Duque, e Sua Hist\u00f3ria de Luta contra as Remo\u00e7\u00f5es e pela Organiza\u00e7\u00e3o dos Moradores de Favela<\/a><\/h2>\t\t<\/div>\n\t\t\t\t<\/div>\n\t\t\t\t\t<\/div>\n\t\t<\/div>\n\t\t\t\t<div class=\"elementor-column elementor-col-33 elementor-top-column elementor-element elementor-element-4f8caec\" data-id=\"4f8caec\" data-element_type=\"column\">\n\t\t\t<div class=\"elementor-widget-wrap elementor-element-populated\">\n\t\t\t\t\t\t<div class=\"elementor-element elementor-element-8d46674 elementor-widget elementor-widget-image\" data-id=\"8d46674\" data-element_type=\"widget\" data-widget_type=\"image.default\">\n\t\t\t\t<div class=\"elementor-widget-container\">\n\t\t\t\t\t\t\t\t\t\t\t\t\t\t<a href=\"https:\/\/rioonwatch.org.br\/?p=73398\" target=\"_blank\">\n\t\t\t\t\t\t\t<img loading=\"lazy\" decoding=\"async\" width=\"2480\" height=\"1055\" src=\"https:\/\/rioonwatch.org.br\/wp-content\/uploads\/2024\/06\/Arte-original-por-David-Amen.png\" class=\"attachment-large size-large wp-image-74829\" alt=\"Arte original por David Amen\" srcset=\"https:\/\/rioonwatch.org.br\/wp-content\/uploads\/2024\/06\/Arte-original-por-David-Amen.png 2480w, https:\/\/rioonwatch.org.br\/wp-content\/uploads\/2024\/06\/Arte-original-por-David-Amen-620x264.png 620w, https:\/\/rioonwatch.org.br\/wp-content\/uploads\/2024\/06\/Arte-original-por-David-Amen-1030x439.png 1030w\" sizes=\"(max-width: 2480px) 100vw, 2480px\" \/>\t\t\t\t\t\t\t\t<\/a>\n\t\t\t\t\t\t\t\t\t\t\t\t\t<\/div>\n\t\t\t\t<\/div>\n\t\t\t\t<div class=\"elementor-element elementor-element-b10b22e elementor-widget elementor-widget-heading\" data-id=\"b10b22e\" data-element_type=\"widget\" data-widget_type=\"heading.default\">\n\t\t\t\t<div class=\"elementor-widget-container\">\n\t\t\t<h2 class=\"elementor-heading-title elementor-size-default\"><a href=\"https:\/\/rioonwatch.org.br\/?p=73398\" target=\"_blank\">Conhe\u00e7a as Hist\u00f3rias de Odete Alves e Mariza Nascimento, L\u00edderes Comunit\u00e1rias do Complexo do Alem\u00e3o<\/a><\/h2>\t\t<\/div>\n\t\t\t\t<\/div>\n\t\t\t\t\t<\/div>\n\t\t<\/div>\n\t\t\t\t\t<\/div>\n\t\t<\/section>\n\t\t\t\t<section class=\"elementor-section elementor-top-section elementor-element elementor-element-aa7de85 secao-posts1 elementor-section-boxed elementor-section-height-default elementor-section-height-default\" data-id=\"aa7de85\" data-element_type=\"section\" data-settings=\"{&quot;background_background&quot;:&quot;classic&quot;}\">\n\t\t\t\t\t\t<div class=\"elementor-container elementor-column-gap-default\">\n\t\t\t\t\t<div class=\"elementor-column elementor-col-33 elementor-top-column elementor-element elementor-element-130778c\" data-id=\"130778c\" data-element_type=\"column\">\n\t\t\t<div class=\"elementor-widget-wrap elementor-element-populated\">\n\t\t\t\t\t\t<div class=\"elementor-element elementor-element-1e4f168 elementor-widget elementor-widget-image\" data-id=\"1e4f168\" data-element_type=\"widget\" data-widget_type=\"image.default\">\n\t\t\t\t<div class=\"elementor-widget-container\">\n\t\t\t\t\t\t\t\t\t\t\t\t\t\t<a href=\"https:\/\/rioonwatch.org.br\/?p=76613\" target=\"_blank\">\n\t\t\t\t\t\t\t<img loading=\"lazy\" decoding=\"async\" width=\"1125\" height=\"1500\" src=\"https:\/\/rioonwatch.org.br\/wp-content\/uploads\/2024\/12\/O-jornal-Folha-do-Borel.-Acervo-Igor-Soares-1125x1500.jpeg\" class=\"attachment-large size-large wp-image-76672\" alt=\"O jornal Folha do Borel, fundado na d\u00e9cada de 1970, foi uma importante m\u00eddia favelada que atuou contra o regime ditatorial e em defesa de direitos dos moradores de favela at\u00e9 sua \u00faltima edi\u00e7\u00e3o em 1988. Acervo Igor Soares\" srcset=\"https:\/\/rioonwatch.org.br\/wp-content\/uploads\/2024\/12\/O-jornal-Folha-do-Borel.-Acervo-Igor-Soares-1125x1500.jpeg 1125w, https:\/\/rioonwatch.org.br\/wp-content\/uploads\/2024\/12\/O-jornal-Folha-do-Borel.-Acervo-Igor-Soares-465x620.jpeg 465w, https:\/\/rioonwatch.org.br\/wp-content\/uploads\/2024\/12\/O-jornal-Folha-do-Borel.-Acervo-Igor-Soares-768x1024.jpeg 768w, https:\/\/rioonwatch.org.br\/wp-content\/uploads\/2024\/12\/O-jornal-Folha-do-Borel.-Acervo-Igor-Soares-1152x1536.jpeg 1152w, https:\/\/rioonwatch.org.br\/wp-content\/uploads\/2024\/12\/O-jornal-Folha-do-Borel.-Acervo-Igor-Soares.jpeg 1200w\" sizes=\"(max-width: 1125px) 100vw, 1125px\" \/>\t\t\t\t\t\t\t\t<\/a>\n\t\t\t\t\t\t\t\t\t\t\t\t\t<\/div>\n\t\t\t\t<\/div>\n\t\t\t\t<div class=\"elementor-element elementor-element-7f6f98e elementor-widget elementor-widget-heading\" data-id=\"7f6f98e\" data-element_type=\"widget\" data-widget_type=\"heading.default\">\n\t\t\t\t<div class=\"elementor-widget-container\">\n\t\t\t<h2 class=\"elementor-heading-title elementor-size-default\"><a href=\"https:\/\/rioonwatch.org.br\/?p=76613\" target=\"_blank\">Folha do Borel: Conhe\u00e7a o Hist\u00f3rico Jornal de Favela Produzido no Per\u00edodo da Ditadura Civil-Militar<\/a><\/h2>\t\t<\/div>\n\t\t\t\t<\/div>\n\t\t\t\t\t<\/div>\n\t\t<\/div>\n\t\t\t\t<div class=\"elementor-column elementor-col-33 elementor-top-column elementor-element elementor-element-58f6873\" data-id=\"58f6873\" data-element_type=\"column\">\n\t\t\t<div class=\"elementor-widget-wrap elementor-element-populated\">\n\t\t\t\t\t\t<div class=\"elementor-element elementor-element-1d00f2a elementor-widget elementor-widget-video\" data-id=\"1d00f2a\" data-element_type=\"widget\" data-settings=\"{&quot;youtube_url&quot;:&quot;https:\\\/\\\/www.youtube.com\\\/watch?v=zeHb78ft5fY&quot;,&quot;show_image_overlay&quot;:&quot;yes&quot;,&quot;image_overlay&quot;:{&quot;url&quot;:&quot;https:\\\/\\\/rioonwatch.org.br\\\/wp-content\\\/uploads\\\/2023\\\/09\\\/Imagem-do-video-sobre-Ze-do-Caroco.jpeg&quot;,&quot;id&quot;:70515,&quot;size&quot;:&quot;&quot;,&quot;alt&quot;:&quot;Imagem do v\\u00eddeo sobre Z\\u00e9 do Caro\\u00e7o&quot;,&quot;source&quot;:&quot;library&quot;},&quot;video_type&quot;:&quot;youtube&quot;,&quot;controls&quot;:&quot;yes&quot;}\" data-widget_type=\"video.default\">\n\t\t\t\t<div class=\"elementor-widget-container\">\n\t\t\t\t\t<div class=\"elementor-wrapper elementor-open-inline\">\n\t\t\t<div class=\"elementor-video\"><\/div>\t\t\t\t<div class=\"elementor-custom-embed-image-overlay\" style=\"background-image: url(https:\/\/rioonwatch.org.br\/wp-content\/uploads\/2023\/09\/Imagem-do-video-sobre-Ze-do-Caroco.jpeg);\">\n\t\t\t\t\t\t\t\t\t\t\t\t\t\t\t\t<div class=\"elementor-custom-embed-play\" role=\"button\" aria-label=\"Reproduzir v\u00eddeo sobre Imagem do v\u00eddeo sobre Z\u00e9 do Caro\u00e7o\" tabindex=\"0\">\n\t\t\t\t\t\t\t<i aria-hidden=\"true\" class=\"eicon-play\"><\/i>\t\t\t\t\t\t\t<span class=\"elementor-screen-only\">Reproduzir v\u00eddeo sobre Imagem do v\u00eddeo sobre Z\u00e9 do Caro\u00e7o<\/span>\n\t\t\t\t\t\t<\/div>\n\t\t\t\t\t\t\t\t\t<\/div>\n\t\t\t\t\t<\/div>\n\t\t\t\t<\/div>\n\t\t\t\t<\/div>\n\t\t\t\t<div class=\"elementor-element elementor-element-a6d35bc elementor-widget elementor-widget-heading\" data-id=\"a6d35bc\" data-element_type=\"widget\" data-widget_type=\"heading.default\">\n\t\t\t\t<div class=\"elementor-widget-container\">\n\t\t\t<h2 class=\"elementor-heading-title elementor-size-medium\"><a href=\"https:\/\/rioonwatch.org.br\/?p=70504\" target=\"_blank\">Z\u00e9 do Caro\u00e7o: Comunica\u00e7\u00e3o Comunit\u00e1ria, Legado e Samba [V\u00cdDEO]<\/a><\/h2>\t\t<\/div>\n\t\t\t\t<\/div>\n\t\t\t\t\t<\/div>\n\t\t<\/div>\n\t\t\t\t<div class=\"elementor-column elementor-col-33 elementor-top-column elementor-element elementor-element-91011c0\" data-id=\"91011c0\" data-element_type=\"column\">\n\t\t\t<div class=\"elementor-widget-wrap\">\n\t\t\t\t\t\t\t<\/div>\n\t\t<\/div>\n\t\t\t\t\t<\/div>\n\t\t<\/section>\n\t\t\t\t<section class=\"elementor-section elementor-top-section elementor-element elementor-element-1829185 elementor-section-boxed elementor-section-height-default elementor-section-height-default\" data-id=\"1829185\" data-element_type=\"section\" data-settings=\"{&quot;background_background&quot;:&quot;classic&quot;}\">\n\t\t\t\t\t\t<div class=\"elementor-container elementor-column-gap-default\">\n\t\t\t\t\t<div class=\"elementor-column elementor-col-100 elementor-top-column elementor-element elementor-element-0edc3cb\" data-id=\"0edc3cb\" data-element_type=\"column\" data-settings=\"{&quot;background_background&quot;:&quot;classic&quot;}\">\n\t\t\t<div class=\"elementor-widget-wrap elementor-element-populated\">\n\t\t\t\t\t\t<div class=\"elementor-element elementor-element-ee55e1f elementor-widget elementor-widget-heading\" data-id=\"ee55e1f\" data-element_type=\"widget\" data-widget_type=\"heading.default\">\n\t\t\t\t<div class=\"elementor-widget-container\">\n\t\t\t<h2 class=\"elementor-heading-title elementor-size-default\">Mobiliza\u00e7\u00e3o por Direitos<\/h2>\t\t<\/div>\n\t\t\t\t<\/div>\n\t\t\t\t\t<\/div>\n\t\t<\/div>\n\t\t\t\t\t<\/div>\n\t\t<\/section>\n\t\t\t\t<section class=\"elementor-section elementor-top-section elementor-element elementor-element-28b7342 secao-posts1 elementor-section-boxed elementor-section-height-default elementor-section-height-default\" data-id=\"28b7342\" data-element_type=\"section\" data-settings=\"{&quot;background_background&quot;:&quot;classic&quot;}\">\n\t\t\t\t\t\t<div class=\"elementor-container elementor-column-gap-default\">\n\t\t\t\t\t<div class=\"elementor-column elementor-col-33 elementor-top-column elementor-element elementor-element-5ffc56b\" data-id=\"5ffc56b\" data-element_type=\"column\">\n\t\t\t<div class=\"elementor-widget-wrap elementor-element-populated\">\n\t\t\t\t\t\t<div class=\"elementor-element elementor-element-c7a23f6 elementor-widget elementor-widget-image\" data-id=\"c7a23f6\" data-element_type=\"widget\" data-widget_type=\"image.default\">\n\t\t\t\t<div class=\"elementor-widget-container\">\n\t\t\t\t\t\t\t\t\t\t\t\t\t\t<a href=\"https:\/\/rioonwatch.org.br\/?p=74985\" target=\"_blank\">\n\t\t\t\t\t\t\t<img loading=\"lazy\" decoding=\"async\" width=\"1201\" height=\"767\" src=\"https:\/\/rioonwatch.org.br\/wp-content\/uploads\/2024\/08\/A-V-Conferencia-Municipal-de-Cidades-uma-das-etapas-VI-Conferencia-Nacional-das-Cidades-aconteceu-em-29-e-30-de-junho-de-2024-no-Porto-Maravalley-na-Regiao-Portuaria-Centro-do-Rio.-Foto-Print.png\" class=\"attachment-large size-large wp-image-75003\" alt=\"A V Confer\u00eancia Municipal de Cidades, uma das etapas VI Confer\u00eancia Nacional das Cidades, aconteceu em 29 e 30 de junho de 2024 no Porto Maravalley, na Regi\u00e3o Portu\u00e1ria, Centro do Rio. Foto: Print\" srcset=\"https:\/\/rioonwatch.org.br\/wp-content\/uploads\/2024\/08\/A-V-Conferencia-Municipal-de-Cidades-uma-das-etapas-VI-Conferencia-Nacional-das-Cidades-aconteceu-em-29-e-30-de-junho-de-2024-no-Porto-Maravalley-na-Regiao-Portuaria-Centro-do-Rio.-Foto-Print.png 1201w, https:\/\/rioonwatch.org.br\/wp-content\/uploads\/2024\/08\/A-V-Conferencia-Municipal-de-Cidades-uma-das-etapas-VI-Conferencia-Nacional-das-Cidades-aconteceu-em-29-e-30-de-junho-de-2024-no-Porto-Maravalley-na-Regiao-Portuaria-Centro-do-Rio.-Foto-Print-620x396.png 620w\" sizes=\"(max-width: 1201px) 100vw, 1201px\" \/>\t\t\t\t\t\t\t\t<\/a>\n\t\t\t\t\t\t\t\t\t\t\t\t\t<\/div>\n\t\t\t\t<\/div>\n\t\t\t\t<div class=\"elementor-element elementor-element-dbac108 elementor-widget elementor-widget-heading\" data-id=\"dbac108\" data-element_type=\"widget\" data-widget_type=\"heading.default\">\n\t\t\t\t<div class=\"elementor-widget-container\">\n\t\t\t<h2 class=\"elementor-heading-title elementor-size-default\"><a href=\"https:\/\/rioonwatch.org.br\/?p=74985\" target=\"_blank\">Conhe\u00e7a as Reivindica\u00e7\u00f5es Populares para a Pol\u00edtica Urbana Nacional Fruto da V Confer\u00eancia Municipal das Cidades no Rio de Janeiro<\/a><\/h2>\t\t<\/div>\n\t\t\t\t<\/div>\n\t\t\t\t\t<\/div>\n\t\t<\/div>\n\t\t\t\t<div class=\"elementor-column elementor-col-33 elementor-top-column elementor-element elementor-element-8552453\" data-id=\"8552453\" data-element_type=\"column\">\n\t\t\t<div class=\"elementor-widget-wrap elementor-element-populated\">\n\t\t\t\t\t\t<div class=\"elementor-element elementor-element-cc52992 elementor-widget elementor-widget-image\" data-id=\"cc52992\" data-element_type=\"widget\" data-widget_type=\"image.default\">\n\t\t\t\t<div class=\"elementor-widget-container\">\n\t\t\t\t\t\t\t\t\t\t\t\t\t\t<a href=\"https:\/\/rioonwatch.org.br\/?p=76113\" target=\"_blank\">\n\t\t\t\t\t\t\t<img loading=\"lazy\" decoding=\"async\" width=\"2250\" height=\"1500\" src=\"https:\/\/rioonwatch.org.br\/wp-content\/uploads\/2024\/10\/Marcha-pelo-Clima-na-Cinelandia-Amanda-Baroni-3-2250x1500.jpg\" class=\"attachment-large size-large wp-image-76145\" alt=\"Marcha pelo Clima na Cinel\u00e2ndia. Foto: Amanda Baroni\" srcset=\"https:\/\/rioonwatch.org.br\/wp-content\/uploads\/2024\/10\/Marcha-pelo-Clima-na-Cinelandia-Amanda-Baroni-3-2250x1500.jpg 2250w, https:\/\/rioonwatch.org.br\/wp-content\/uploads\/2024\/10\/Marcha-pelo-Clima-na-Cinelandia-Amanda-Baroni-3-620x413.jpg 620w, https:\/\/rioonwatch.org.br\/wp-content\/uploads\/2024\/10\/Marcha-pelo-Clima-na-Cinelandia-Amanda-Baroni-3-768x512.jpg 768w, https:\/\/rioonwatch.org.br\/wp-content\/uploads\/2024\/10\/Marcha-pelo-Clima-na-Cinelandia-Amanda-Baroni-3-1536x1024.jpg 1536w, https:\/\/rioonwatch.org.br\/wp-content\/uploads\/2024\/10\/Marcha-pelo-Clima-na-Cinelandia-Amanda-Baroni-3-2048x1365.jpg 2048w\" sizes=\"(max-width: 2250px) 100vw, 2250px\" \/>\t\t\t\t\t\t\t\t<\/a>\n\t\t\t\t\t\t\t\t\t\t\t\t\t<\/div>\n\t\t\t\t<\/div>\n\t\t\t\t<div class=\"elementor-element elementor-element-8da2458 elementor-widget elementor-widget-heading\" data-id=\"8da2458\" data-element_type=\"widget\" data-widget_type=\"heading.default\">\n\t\t\t\t<div class=\"elementor-widget-container\">\n\t\t\t<h2 class=\"elementor-heading-title elementor-size-default\"><a href=\"https:\/\/rioonwatch.org.br\/?p=76113\" target=\"_blank\">Sociedade Civil Se Re\u00fane em Enxurrada de Eventos Significativos, do Centro \u00e0 Penha, para Exigir o Fim do \u2018Ca\u00f4 Clim\u00e1tico\u2019, Uni\u00e3o Contra Ternium, e Lan\u00e7a Plano Ver\u00e3o de Adapta\u00e7\u00e3o \u00e0s Mudan\u00e7as Clim\u00e1ticas<\/a><\/h2>\t\t<\/div>\n\t\t\t\t<\/div>\n\t\t\t\t\t<\/div>\n\t\t<\/div>\n\t\t\t\t<div class=\"elementor-column elementor-col-33 elementor-top-column elementor-element elementor-element-b27377e\" data-id=\"b27377e\" data-element_type=\"column\">\n\t\t\t<div class=\"elementor-widget-wrap elementor-element-populated\">\n\t\t\t\t\t\t<div class=\"elementor-element elementor-element-83691f7 elementor-widget elementor-widget-image\" data-id=\"83691f7\" data-element_type=\"widget\" data-widget_type=\"image.default\">\n\t\t\t\t<div class=\"elementor-widget-container\">\n\t\t\t\t\t\t\t\t\t\t\t\t\t\t<a href=\"https:\/\/rioonwatch.org.br\/?p=71888\" target=\"_blank\">\n\t\t\t\t\t\t\t<img loading=\"lazy\" decoding=\"async\" width=\"2664\" height=\"1500\" src=\"https:\/\/rioonwatch.org.br\/wp-content\/uploads\/2023\/04\/Audiencia-Publica-do-Plano-Diretor-na-Camara-dos-Vereadores-do-Rio-de-Janeiro-em-5-de-abril-de-2023.-Foto-Mariana-Terra-2664x1500.jpg\" class=\"attachment-large size-large wp-image-67362\" alt=\"Audi\u00eancia P\u00fablica do Plano Diretor na C\u00e2mara dos Vereadores do Rio de Janeiro, em 5 de abril de 2023. Foto: Mariana Terra\" srcset=\"https:\/\/rioonwatch.org.br\/wp-content\/uploads\/2023\/04\/Audiencia-Publica-do-Plano-Diretor-na-Camara-dos-Vereadores-do-Rio-de-Janeiro-em-5-de-abril-de-2023.-Foto-Mariana-Terra-2664x1500.jpg 2664w, https:\/\/rioonwatch.org.br\/wp-content\/uploads\/2023\/04\/Audiencia-Publica-do-Plano-Diretor-na-Camara-dos-Vereadores-do-Rio-de-Janeiro-em-5-de-abril-de-2023.-Foto-Mariana-Terra-620x349.jpg 620w, https:\/\/rioonwatch.org.br\/wp-content\/uploads\/2023\/04\/Audiencia-Publica-do-Plano-Diretor-na-Camara-dos-Vereadores-do-Rio-de-Janeiro-em-5-de-abril-de-2023.-Foto-Mariana-Terra-1117x629.jpg 1117w\" sizes=\"(max-width: 2664px) 100vw, 2664px\" \/>\t\t\t\t\t\t\t\t<\/a>\n\t\t\t\t\t\t\t\t\t\t\t\t\t<\/div>\n\t\t\t\t<\/div>\n\t\t\t\t<div class=\"elementor-element elementor-element-0c78e67 elementor-widget elementor-widget-heading\" data-id=\"0c78e67\" data-element_type=\"widget\" data-widget_type=\"heading.default\">\n\t\t\t\t<div class=\"elementor-widget-container\">\n\t\t\t<h2 class=\"elementor-heading-title elementor-size-default\"><a href=\"https:\/\/rioonwatch.org.br\/?p=71888\" target=\"_blank\">Ap\u00f3s Tr\u00eas Anos de Revis\u00e3o, Rio de Janeiro Aprova seu Novo Plano Diretor: Conhe\u00e7a Duas Inova\u00e7\u00f5es com Impactos para as Favelas<\/a><\/h2>\t\t<\/div>\n\t\t\t\t<\/div>\n\t\t\t\t\t<\/div>\n\t\t<\/div>\n\t\t\t\t\t<\/div>\n\t\t<\/section>\n\t\t\t\t<section class=\"elementor-section elementor-top-section elementor-element elementor-element-fdaa34a secao-posts1 elementor-section-boxed elementor-section-height-default elementor-section-height-default\" data-id=\"fdaa34a\" data-element_type=\"section\" data-settings=\"{&quot;background_background&quot;:&quot;classic&quot;}\">\n\t\t\t\t\t\t<div class=\"elementor-container elementor-column-gap-default\">\n\t\t\t\t\t<div class=\"elementor-column elementor-col-33 elementor-top-column elementor-element elementor-element-296b75e\" data-id=\"296b75e\" data-element_type=\"column\">\n\t\t\t<div class=\"elementor-widget-wrap elementor-element-populated\">\n\t\t\t\t\t\t<div class=\"elementor-element elementor-element-240d070 elementor-widget elementor-widget-image\" data-id=\"240d070\" data-element_type=\"widget\" data-widget_type=\"image.default\">\n\t\t\t\t<div class=\"elementor-widget-container\">\n\t\t\t\t\t\t\t\t\t\t\t\t\t\t<a href=\"https:\/\/rioonwatch.org.br\/?p=73892\" target=\"_blank\">\n\t\t\t\t\t\t\t<img loading=\"lazy\" decoding=\"async\" width=\"1992\" height=\"1500\" src=\"https:\/\/rioonwatch.org.br\/wp-content\/uploads\/2024\/06\/RFS-na-Camara-Federal-1992x1500.jpg\" class=\"attachment-large size-large wp-image-74029\" alt=\"Jovens da RFS falam sobre a idealiza\u00e7\u00e3o e constru\u00e7\u00e3o da atividade COP das Favelas, durante o Grande Encontro Anual de 2023. Foto: B\u00e1rbara Dias\" srcset=\"https:\/\/rioonwatch.org.br\/wp-content\/uploads\/2024\/06\/RFS-na-Camara-Federal-1992x1500.jpg 1992w, https:\/\/rioonwatch.org.br\/wp-content\/uploads\/2024\/06\/RFS-na-Camara-Federal-620x467.jpg 620w, https:\/\/rioonwatch.org.br\/wp-content\/uploads\/2024\/06\/RFS-na-Camara-Federal-326x245.jpg 326w, https:\/\/rioonwatch.org.br\/wp-content\/uploads\/2024\/06\/RFS-na-Camara-Federal-80x60.jpg 80w, https:\/\/rioonwatch.org.br\/wp-content\/uploads\/2024\/06\/RFS-na-Camara-Federal.jpg 2048w\" sizes=\"(max-width: 1992px) 100vw, 1992px\" \/>\t\t\t\t\t\t\t\t<\/a>\n\t\t\t\t\t\t\t\t\t\t\t\t\t<\/div>\n\t\t\t\t<\/div>\n\t\t\t\t<div class=\"elementor-element elementor-element-c5a55b9 elementor-widget elementor-widget-heading\" data-id=\"c5a55b9\" data-element_type=\"widget\" data-widget_type=\"heading.default\">\n\t\t\t\t<div class=\"elementor-widget-container\">\n\t\t\t<h2 class=\"elementor-heading-title elementor-size-default\"><a href=\"https:\/\/rioonwatch.org.br\/?p=73892\" target=\"_blank\">Rede Favela Sustent\u00e1vel em Bras\u00edlia: Comitiva Formada por Mobilizadores de Favelas e Aliados Apresenta Dados e Viv\u00eancias Sobre Energia Justa e Limpa para Autoridades Federais<\/a><\/h2>\t\t<\/div>\n\t\t\t\t<\/div>\n\t\t\t\t\t<\/div>\n\t\t<\/div>\n\t\t\t\t<div class=\"elementor-column elementor-col-33 elementor-top-column elementor-element elementor-element-d560694\" data-id=\"d560694\" data-element_type=\"column\">\n\t\t\t<div class=\"elementor-widget-wrap elementor-element-populated\">\n\t\t\t\t\t\t<div class=\"elementor-element elementor-element-d7613bf elementor-widget elementor-widget-image\" data-id=\"d7613bf\" data-element_type=\"widget\" data-widget_type=\"image.default\">\n\t\t\t\t<div class=\"elementor-widget-container\">\n\t\t\t\t\t\t\t\t\t\t\t\t\t\t<a href=\"https:\/\/rioonwatch.org.br\/?p=62856\" target=\"_blank\">\n\t\t\t\t\t\t\t<img loading=\"lazy\" decoding=\"async\" width=\"944\" height=\"629\" src=\"https:\/\/rioonwatch.org.br\/wp-content\/uploads\/2022\/09\/Camila-Moradia.-Foto-Hector-Santos-e1663789118638-944x629.jpg\" class=\"attachment-large size-large wp-image-62861\" alt=\"Camila Moradia. Foto: Hector Santos\" srcset=\"https:\/\/rioonwatch.org.br\/wp-content\/uploads\/2022\/09\/Camila-Moradia.-Foto-Hector-Santos-e1663789118638-944x629.jpg 944w, https:\/\/rioonwatch.org.br\/wp-content\/uploads\/2022\/09\/Camila-Moradia.-Foto-Hector-Santos-e1663789118638-620x413.jpg 620w, https:\/\/rioonwatch.org.br\/wp-content\/uploads\/2022\/09\/Camila-Moradia.-Foto-Hector-Santos-e1663789118638.jpg 1030w\" sizes=\"(max-width: 944px) 100vw, 944px\" \/>\t\t\t\t\t\t\t\t<\/a>\n\t\t\t\t\t\t\t\t\t\t\t\t\t<\/div>\n\t\t\t\t<\/div>\n\t\t\t\t<div class=\"elementor-element elementor-element-7d6758f elementor-widget elementor-widget-heading\" data-id=\"7d6758f\" data-element_type=\"widget\" data-widget_type=\"heading.default\">\n\t\t\t\t<div class=\"elementor-widget-container\">\n\t\t\t<h2 class=\"elementor-heading-title elementor-size-default\"><a href=\"https:\/\/rioonwatch.org.br\/?p=62856\" target=\"_blank\">Destino dos Moradores da Favela Skol Aponta Direito \u00e0 Moradia Como Pe\u00e7a-Chave no Xadrez Pol\u00edtico do Rio de Janeiro (Parte 1)<\/a><\/h2>\t\t<\/div>\n\t\t\t\t<\/div>\n\t\t\t\t\t<\/div>\n\t\t<\/div>\n\t\t\t\t<div class=\"elementor-column elementor-col-33 elementor-top-column elementor-element elementor-element-0afb634\" data-id=\"0afb634\" data-element_type=\"column\">\n\t\t\t<div class=\"elementor-widget-wrap elementor-element-populated\">\n\t\t\t\t\t\t<div class=\"elementor-element elementor-element-1f21aed elementor-widget elementor-widget-image\" data-id=\"1f21aed\" data-element_type=\"widget\" data-widget_type=\"image.default\">\n\t\t\t\t<div class=\"elementor-widget-container\">\n\t\t\t\t\t\t\t\t\t\t\t\t\t\t<a href=\"https:\/\/rioonwatch.org.br\/?p=62883\" target=\"_blank\">\n\t\t\t\t\t\t\t<img loading=\"lazy\" decoding=\"async\" width=\"943\" height=\"629\" src=\"https:\/\/rioonwatch.org.br\/wp-content\/uploads\/2022\/09\/Camila-Moradia-vestindo-camisa-onde-se-le-Meu-nome-e-favela-minha-historia-tambem.-Foto-Pablo-Vergara-e1664221642532-943x629.jpg\" class=\"attachment-large size-large wp-image-62915\" alt=\"Camila Moradia vestindo camisa onde se l\u00ea &#039;Meu nome \u00e9 favela, minha hist\u00f3ria tamb\u00e9m&#039;. Foto: Pablo Vergara\" srcset=\"https:\/\/rioonwatch.org.br\/wp-content\/uploads\/2022\/09\/Camila-Moradia-vestindo-camisa-onde-se-le-Meu-nome-e-favela-minha-historia-tambem.-Foto-Pablo-Vergara-e1664221642532-943x629.jpg 943w, https:\/\/rioonwatch.org.br\/wp-content\/uploads\/2022\/09\/Camila-Moradia-vestindo-camisa-onde-se-le-Meu-nome-e-favela-minha-historia-tambem.-Foto-Pablo-Vergara-e1664221642532-620x414.jpg 620w, https:\/\/rioonwatch.org.br\/wp-content\/uploads\/2022\/09\/Camila-Moradia-vestindo-camisa-onde-se-le-Meu-nome-e-favela-minha-historia-tambem.-Foto-Pablo-Vergara-e1664221642532.jpg 1030w\" sizes=\"(max-width: 943px) 100vw, 943px\" \/>\t\t\t\t\t\t\t\t<\/a>\n\t\t\t\t\t\t\t\t\t\t\t\t\t<\/div>\n\t\t\t\t<\/div>\n\t\t\t\t<div class=\"elementor-element elementor-element-fff497d elementor-widget elementor-widget-heading\" data-id=\"fff497d\" data-element_type=\"widget\" data-widget_type=\"heading.default\">\n\t\t\t\t<div class=\"elementor-widget-container\">\n\t\t\t<h2 class=\"elementor-heading-title elementor-size-default\"><a href=\"https:\/\/rioonwatch.org.br\/?p=62883\" target=\"_blank\">Destino dos Moradores da Favela Skol Aponta Direito \u00e0 Moradia Como Pe\u00e7a-Chave no Xadrez Pol\u00edtico do Rio de Janeiro (Parte 2)<\/a><\/h2>\t\t<\/div>\n\t\t\t\t<\/div>\n\t\t\t\t\t<\/div>\n\t\t<\/div>\n\t\t\t\t\t<\/div>\n\t\t<\/section>\n\t\t\t\t<section class=\"elementor-section elementor-top-section elementor-element elementor-element-90226ed secao-posts1 elementor-section-boxed elementor-section-height-default elementor-section-height-default\" data-id=\"90226ed\" data-element_type=\"section\" data-settings=\"{&quot;background_background&quot;:&quot;classic&quot;}\">\n\t\t\t\t\t\t<div class=\"elementor-container elementor-column-gap-default\">\n\t\t\t\t\t<div class=\"elementor-column elementor-col-33 elementor-top-column elementor-element elementor-element-dec1680\" data-id=\"dec1680\" data-element_type=\"column\">\n\t\t\t<div class=\"elementor-widget-wrap elementor-element-populated\">\n\t\t\t\t\t\t<div class=\"elementor-element elementor-element-ff0bcf6 elementor-widget elementor-widget-image\" data-id=\"ff0bcf6\" data-element_type=\"widget\" data-widget_type=\"image.default\">\n\t\t\t\t<div class=\"elementor-widget-container\">\n\t\t\t\t\t\t\t\t\t\t\t\t\t\t<a href=\"https:\/\/rioonwatch.org.br\/?p=63642\" target=\"_blank\">\n\t\t\t\t\t\t\t<img loading=\"lazy\" decoding=\"async\" width=\"943\" height=\"629\" src=\"https:\/\/rioonwatch.org.br\/wp-content\/uploads\/2022\/11\/Atrizes-que-participaram-da-peca-Constituicao.-Foto-Patrick-Lima-scaled-e1667986688964-943x629.jpg\" class=\"attachment-large size-large wp-image-63866\" alt=\"Atrizes que participaram da pe\u00e7a Constitui\u00e7\u00e3o. Foto: Patrick Lima\" srcset=\"https:\/\/rioonwatch.org.br\/wp-content\/uploads\/2022\/11\/Atrizes-que-participaram-da-peca-Constituicao.-Foto-Patrick-Lima-scaled-e1667986688964-943x629.jpg 943w, https:\/\/rioonwatch.org.br\/wp-content\/uploads\/2022\/11\/Atrizes-que-participaram-da-peca-Constituicao.-Foto-Patrick-Lima-scaled-e1667986688964-620x414.jpg 620w, https:\/\/rioonwatch.org.br\/wp-content\/uploads\/2022\/11\/Atrizes-que-participaram-da-peca-Constituicao.-Foto-Patrick-Lima-scaled-e1667986688964.jpg 2000w\" sizes=\"(max-width: 943px) 100vw, 943px\" \/>\t\t\t\t\t\t\t\t<\/a>\n\t\t\t\t\t\t\t\t\t\t\t\t\t<\/div>\n\t\t\t\t<\/div>\n\t\t\t\t<div class=\"elementor-element elementor-element-443250c elementor-widget elementor-widget-heading\" data-id=\"443250c\" data-element_type=\"widget\" data-widget_type=\"heading.default\">\n\t\t\t\t<div class=\"elementor-widget-container\">\n\t\t\t<h2 class=\"elementor-heading-title elementor-size-default\"><a href=\"https:\/\/rioonwatch.org.br\/?p=63642\" target=\"_blank\">Pe\u00e7a \u2018Constitui\u00e7\u00e3o\u2019 Acessibiliza Debate sobre Democracia em Japeri<\/a><\/h2>\t\t<\/div>\n\t\t\t\t<\/div>\n\t\t\t\t\t<\/div>\n\t\t<\/div>\n\t\t\t\t<div class=\"elementor-column elementor-col-33 elementor-top-column elementor-element elementor-element-d8b088c\" data-id=\"d8b088c\" data-element_type=\"column\">\n\t\t\t<div class=\"elementor-widget-wrap\">\n\t\t\t\t\t\t\t<\/div>\n\t\t<\/div>\n\t\t\t\t<div class=\"elementor-column elementor-col-33 elementor-top-column elementor-element elementor-element-9439741\" data-id=\"9439741\" data-element_type=\"column\">\n\t\t\t<div class=\"elementor-widget-wrap\">\n\t\t\t\t\t\t\t<\/div>\n\t\t<\/div>\n\t\t\t\t\t<\/div>\n\t\t<\/section>\n\t\t\t\t<section class=\"elementor-section elementor-top-section elementor-element elementor-element-c0c54f5 elementor-section-boxed elementor-section-height-default elementor-section-height-default\" data-id=\"c0c54f5\" data-element_type=\"section\" data-settings=\"{&quot;background_background&quot;:&quot;classic&quot;}\">\n\t\t\t\t\t\t<div class=\"elementor-container elementor-column-gap-default\">\n\t\t\t\t\t<div class=\"elementor-column elementor-col-100 elementor-top-column elementor-element elementor-element-0ac7f4a\" data-id=\"0ac7f4a\" data-element_type=\"column\" data-settings=\"{&quot;background_background&quot;:&quot;classic&quot;}\">\n\t\t\t<div class=\"elementor-widget-wrap elementor-element-populated\">\n\t\t\t\t\t\t<div class=\"elementor-element elementor-element-c9c2d20 elementor-widget elementor-widget-heading\" data-id=\"c9c2d20\" data-element_type=\"widget\" data-widget_type=\"heading.default\">\n\t\t\t\t<div class=\"elementor-widget-container\">\n\t\t\t<h2 class=\"elementor-heading-title elementor-size-default\">Disputa de Narrativas: A Favela N\u00e3o Se Cala<\/h2>\t\t<\/div>\n\t\t\t\t<\/div>\n\t\t\t\t\t<\/div>\n\t\t<\/div>\n\t\t\t\t\t<\/div>\n\t\t<\/section>\n\t\t\t\t<section class=\"elementor-section elementor-top-section elementor-element elementor-element-cec8a87 secao-posts1 elementor-section-boxed elementor-section-height-default elementor-section-height-default\" data-id=\"cec8a87\" data-element_type=\"section\" data-settings=\"{&quot;background_background&quot;:&quot;classic&quot;}\">\n\t\t\t\t\t\t<div class=\"elementor-container elementor-column-gap-default\">\n\t\t\t\t\t<div class=\"elementor-column elementor-col-33 elementor-top-column elementor-element elementor-element-109d326\" data-id=\"109d326\" data-element_type=\"column\">\n\t\t\t<div class=\"elementor-widget-wrap elementor-element-populated\">\n\t\t\t\t\t\t<div class=\"elementor-element elementor-element-e2de807 elementor-widget elementor-widget-image\" data-id=\"e2de807\" data-element_type=\"widget\" data-widget_type=\"image.default\">\n\t\t\t\t<div class=\"elementor-widget-container\">\n\t\t\t\t\t\t\t\t\t\t\t\t\t\t<a href=\"https:\/\/rioonwatch.org.br\/?p=73231\" target=\"_blank\">\n\t\t\t\t\t\t\t<img loading=\"lazy\" decoding=\"async\" width=\"2000\" height=\"1500\" src=\"https:\/\/rioonwatch.org.br\/wp-content\/uploads\/2024\/05\/Foto-com-representantes-e-participantes-do-1a-Conferencia-Internacional-de-Favelas-CIF20-2000x1500.jpg\" class=\"attachment-large size-large wp-image-73266\" alt=\"Foto com representantes e participantes do 1\u00aa Confer\u00eancia Internacional de Favelas (CIF20), na sede da Central \u00danica das Favelas (CUFA) do Complexo da Penha, Zona Norte do Rio de Janeiro. Foto: Amanda Baroni\" srcset=\"https:\/\/rioonwatch.org.br\/wp-content\/uploads\/2024\/05\/Foto-com-representantes-e-participantes-do-1a-Conferencia-Internacional-de-Favelas-CIF20-2000x1500.jpg 2000w, https:\/\/rioonwatch.org.br\/wp-content\/uploads\/2024\/05\/Foto-com-representantes-e-participantes-do-1a-Conferencia-Internacional-de-Favelas-CIF20-620x465.jpg 620w, https:\/\/rioonwatch.org.br\/wp-content\/uploads\/2024\/05\/Foto-com-representantes-e-participantes-do-1a-Conferencia-Internacional-de-Favelas-CIF20-678x509.jpg 678w, https:\/\/rioonwatch.org.br\/wp-content\/uploads\/2024\/05\/Foto-com-representantes-e-participantes-do-1a-Conferencia-Internacional-de-Favelas-CIF20-326x245.jpg 326w, https:\/\/rioonwatch.org.br\/wp-content\/uploads\/2024\/05\/Foto-com-representantes-e-participantes-do-1a-Conferencia-Internacional-de-Favelas-CIF20-80x60.jpg 80w\" sizes=\"(max-width: 2000px) 100vw, 2000px\" \/>\t\t\t\t\t\t\t\t<\/a>\n\t\t\t\t\t\t\t\t\t\t\t\t\t<\/div>\n\t\t\t\t<\/div>\n\t\t\t\t<div class=\"elementor-element elementor-element-b80fb89 elementor-widget elementor-widget-heading\" data-id=\"b80fb89\" data-element_type=\"widget\" data-widget_type=\"heading.default\">\n\t\t\t\t<div class=\"elementor-widget-container\">\n\t\t\t<h2 class=\"elementor-heading-title elementor-size-default\"><a href=\"https:\/\/rioonwatch.org.br\/?p=73231\" target=\"_blank\">Complexo da Penha \u00c9 Palco da 1\u00aa Confer\u00eancia Internacional de Favelas: Propostas Ser\u00e3o Levadas \u00e0 C\u00fapula do G20, em Novembro<\/a><\/h2>\t\t<\/div>\n\t\t\t\t<\/div>\n\t\t\t\t\t<\/div>\n\t\t<\/div>\n\t\t\t\t<div class=\"elementor-column elementor-col-33 elementor-top-column elementor-element elementor-element-0ce10ea\" data-id=\"0ce10ea\" data-element_type=\"column\">\n\t\t\t<div class=\"elementor-widget-wrap elementor-element-populated\">\n\t\t\t\t\t\t<div class=\"elementor-element elementor-element-a51f362 elementor-widget elementor-widget-image\" data-id=\"a51f362\" data-element_type=\"widget\" data-widget_type=\"image.default\">\n\t\t\t\t<div class=\"elementor-widget-container\">\n\t\t\t\t\t\t\t\t\t\t\t\t\t\t<a href=\"https:\/\/rioonwatch.org.br\/?p=72665\" target=\"_blank\">\n\t\t\t\t\t\t\t<img loading=\"lazy\" decoding=\"async\" width=\"943\" height=\"629\" src=\"https:\/\/rioonwatch.org.br\/wp-content\/uploads\/2022\/08\/Camila-Moradia-e-a-Familia-_-Foto-VIII-MARCHA-DAS-MULHERES-NEGRAS-NO-RJ-943x629.jpg\" class=\"attachment-large size-large wp-image-62471\" alt=\"Camila Moradia e a fam\u00edlia na VIII Marcha das Mulheres Negras no Rio de Janeiro, em 2022. Foto: Marcha das Mulheres Negras\" srcset=\"https:\/\/rioonwatch.org.br\/wp-content\/uploads\/2022\/08\/Camila-Moradia-e-a-Familia-_-Foto-VIII-MARCHA-DAS-MULHERES-NEGRAS-NO-RJ-943x629.jpg 943w, https:\/\/rioonwatch.org.br\/wp-content\/uploads\/2022\/08\/Camila-Moradia-e-a-Familia-_-Foto-VIII-MARCHA-DAS-MULHERES-NEGRAS-NO-RJ-620x414.jpg 620w, https:\/\/rioonwatch.org.br\/wp-content\/uploads\/2022\/08\/Camila-Moradia-e-a-Familia-_-Foto-VIII-MARCHA-DAS-MULHERES-NEGRAS-NO-RJ.jpg 1024w\" sizes=\"(max-width: 943px) 100vw, 943px\" \/>\t\t\t\t\t\t\t\t<\/a>\n\t\t\t\t\t\t\t\t\t\t\t\t\t<\/div>\n\t\t\t\t<\/div>\n\t\t\t\t<div class=\"elementor-element elementor-element-6d6c1d8 elementor-widget elementor-widget-heading\" data-id=\"6d6c1d8\" data-element_type=\"widget\" data-widget_type=\"heading.default\">\n\t\t\t\t<div class=\"elementor-widget-container\">\n\t\t\t<h2 class=\"elementor-heading-title elementor-size-default\"><a href=\"https:\/\/rioonwatch.org.br\/?p=72665\" target=\"_blank\">Mulheres Negras contra o Fim do Mundo: Narrativas Socioambientais Embranquecidas Silenciam Nossas Vozes e Estrat\u00e9gias para Adiar os Fins do Mundo [OPINI\u00c3O]<\/a><\/h2>\t\t<\/div>\n\t\t\t\t<\/div>\n\t\t\t\t\t<\/div>\n\t\t<\/div>\n\t\t\t\t<div class=\"elementor-column elementor-col-33 elementor-top-column elementor-element elementor-element-0ebe944\" data-id=\"0ebe944\" data-element_type=\"column\">\n\t\t\t<div class=\"elementor-widget-wrap elementor-element-populated\">\n\t\t\t\t\t\t<div class=\"elementor-element elementor-element-8175016 elementor-widget elementor-widget-image\" data-id=\"8175016\" data-element_type=\"widget\" data-widget_type=\"image.default\">\n\t\t\t\t<div class=\"elementor-widget-container\">\n\t\t\t\t\t\t\t\t\t\t\t\t\t\t<a href=\"https:\/\/rioonwatch.org.br\/?p=74915\" target=\"_blank\">\n\t\t\t\t\t\t\t<img loading=\"lazy\" decoding=\"async\" width=\"2536\" height=\"1452\" src=\"https:\/\/rioonwatch.org.br\/wp-content\/uploads\/2024\/08\/Capa-Julho-Negro-IX.png\" class=\"attachment-large size-large wp-image-74977\" alt=\"\" srcset=\"https:\/\/rioonwatch.org.br\/wp-content\/uploads\/2024\/08\/Capa-Julho-Negro-IX.png 2536w, https:\/\/rioonwatch.org.br\/wp-content\/uploads\/2024\/08\/Capa-Julho-Negro-IX-620x355.png 620w\" sizes=\"(max-width: 2536px) 100vw, 2536px\" \/>\t\t\t\t\t\t\t\t<\/a>\n\t\t\t\t\t\t\t\t\t\t\t\t\t<\/div>\n\t\t\t\t<\/div>\n\t\t\t\t<div class=\"elementor-element elementor-element-83d9581 elementor-widget elementor-widget-heading\" data-id=\"83d9581\" data-element_type=\"widget\" data-widget_type=\"heading.default\">\n\t\t\t\t<div class=\"elementor-widget-container\">\n\t\t\t<h2 class=\"elementor-heading-title elementor-size-default\"><a href=\"https:\/\/rioonwatch.org.br\/?p=74915\" target=\"_blank\">IX Julho Negro, das Favelas \u00e0 Palestina: Roda de Conversa Re\u00fane Mulheres Negras de Favela, Ativistas e Agricultoras<\/a><\/h2>\t\t<\/div>\n\t\t\t\t<\/div>\n\t\t\t\t\t<\/div>\n\t\t<\/div>\n\t\t\t\t\t<\/div>\n\t\t<\/section>\n\t\t\t\t<section class=\"elementor-section elementor-top-section elementor-element elementor-element-ca44522 secao-posts1 elementor-section-boxed elementor-section-height-default elementor-section-height-default\" data-id=\"ca44522\" data-element_type=\"section\" data-settings=\"{&quot;background_background&quot;:&quot;classic&quot;}\">\n\t\t\t\t\t\t<div class=\"elementor-container elementor-column-gap-default\">\n\t\t\t\t\t<div class=\"elementor-column elementor-col-33 elementor-top-column elementor-element elementor-element-03eacbe\" data-id=\"03eacbe\" data-element_type=\"column\">\n\t\t\t<div class=\"elementor-widget-wrap elementor-element-populated\">\n\t\t\t\t\t\t<div class=\"elementor-element elementor-element-19825ba elementor-widget elementor-widget-image\" data-id=\"19825ba\" data-element_type=\"widget\" data-widget_type=\"image.default\">\n\t\t\t\t<div class=\"elementor-widget-container\">\n\t\t\t\t\t\t\t\t\t\t\t\t\t\t<a href=\"https:\/\/rioonwatch.org.br\/?p=75047\" target=\"_blank\">\n\t\t\t\t\t\t\t<img loading=\"lazy\" decoding=\"async\" width=\"1056\" height=\"790\" src=\"https:\/\/rioonwatch.org.br\/wp-content\/uploads\/2024\/08\/Evento-une-dois-estilos-de-danca-consagrados-nas-ruas-do-Brasil-em-Manguinhos.-Foto-Juliana-Portella.png\" class=\"attachment-large size-large wp-image-75068\" alt=\"\" srcset=\"https:\/\/rioonwatch.org.br\/wp-content\/uploads\/2024\/08\/Evento-une-dois-estilos-de-danca-consagrados-nas-ruas-do-Brasil-em-Manguinhos.-Foto-Juliana-Portella.png 1056w, https:\/\/rioonwatch.org.br\/wp-content\/uploads\/2024\/08\/Evento-une-dois-estilos-de-danca-consagrados-nas-ruas-do-Brasil-em-Manguinhos.-Foto-Juliana-Portella-620x464.png 620w, https:\/\/rioonwatch.org.br\/wp-content\/uploads\/2024\/08\/Evento-une-dois-estilos-de-danca-consagrados-nas-ruas-do-Brasil-em-Manguinhos.-Foto-Juliana-Portella-326x245.png 326w, https:\/\/rioonwatch.org.br\/wp-content\/uploads\/2024\/08\/Evento-une-dois-estilos-de-danca-consagrados-nas-ruas-do-Brasil-em-Manguinhos.-Foto-Juliana-Portella-80x60.png 80w\" sizes=\"(max-width: 1056px) 100vw, 1056px\" \/>\t\t\t\t\t\t\t\t<\/a>\n\t\t\t\t\t\t\t\t\t\t\t\t\t<\/div>\n\t\t\t\t<\/div>\n\t\t\t\t<div class=\"elementor-element elementor-element-c262d9b elementor-widget elementor-widget-heading\" data-id=\"c262d9b\" data-element_type=\"widget\" data-widget_type=\"heading.default\">\n\t\t\t\t<div class=\"elementor-widget-container\">\n\t\t\t<h2 class=\"elementor-heading-title elementor-size-default\"><a href=\"https:\/\/rioonwatch.org.br\/?p=75047\" target=\"_blank\">Vit\u00f3rias da Dan\u00e7a Negra e da Cultura Afrodiasp\u00f3rica: Passinho Se Torna Patrim\u00f4nio Cultural e Imaterial do Rio de Janeiro Enquanto Breaking Estreia nas Olimp\u00edadas em 2024<\/a><\/h2>\t\t<\/div>\n\t\t\t\t<\/div>\n\t\t\t\t\t<\/div>\n\t\t<\/div>\n\t\t\t\t<div class=\"elementor-column elementor-col-33 elementor-top-column elementor-element elementor-element-8324a2b\" data-id=\"8324a2b\" data-element_type=\"column\">\n\t\t\t<div class=\"elementor-widget-wrap elementor-element-populated\">\n\t\t\t\t\t\t<div class=\"elementor-element elementor-element-35a966e elementor-widget elementor-widget-image\" data-id=\"35a966e\" data-element_type=\"widget\" data-widget_type=\"image.default\">\n\t\t\t\t<div class=\"elementor-widget-container\">\n\t\t\t\t\t\t\t\t\t\t\t\t\t\t<a href=\"https:\/\/rioonwatch.org.br\/?p=71883\" target=\"_blank\">\n\t\t\t\t\t\t\t<img loading=\"lazy\" decoding=\"async\" width=\"1920\" height=\"1080\" src=\"https:\/\/rioonwatch.org.br\/wp-content\/uploads\/2023\/12\/Carolina-Maria-de-Jesus-em-27-de-maio-de-1952.-Foto-Norberto-Esteves-Jornal-Ultima-Hora-Sao-Paulo.-Colecao-Arquivo-Publico-do-Estado-de-Sao-Paulo.jpg\" class=\"attachment-large size-large wp-image-71948\" alt=\"Carolina Maria de Jesus em 27 de maio de 1952. Foto: Norberto Esteves\/ Jornal \u00daltima Hora, S\u00e3o Paulo. Cole\u00e7\u00e3o Arquivo P\u00fablico do Estado de S\u00e3o Paulo.\" srcset=\"https:\/\/rioonwatch.org.br\/wp-content\/uploads\/2023\/12\/Carolina-Maria-de-Jesus-em-27-de-maio-de-1952.-Foto-Norberto-Esteves-Jornal-Ultima-Hora-Sao-Paulo.-Colecao-Arquivo-Publico-do-Estado-de-Sao-Paulo.jpg 1920w, https:\/\/rioonwatch.org.br\/wp-content\/uploads\/2023\/12\/Carolina-Maria-de-Jesus-em-27-de-maio-de-1952.-Foto-Norberto-Esteves-Jornal-Ultima-Hora-Sao-Paulo.-Colecao-Arquivo-Publico-do-Estado-de-Sao-Paulo-620x349.jpg 620w\" sizes=\"(max-width: 1920px) 100vw, 1920px\" \/>\t\t\t\t\t\t\t\t<\/a>\n\t\t\t\t\t\t\t\t\t\t\t\t\t<\/div>\n\t\t\t\t<\/div>\n\t\t\t\t<div class=\"elementor-element elementor-element-2ac9873 elementor-widget elementor-widget-heading\" data-id=\"2ac9873\" data-element_type=\"widget\" data-widget_type=\"heading.default\">\n\t\t\t\t<div class=\"elementor-widget-container\">\n\t\t\t<h2 class=\"elementor-heading-title elementor-size-default\"><a href=\"https:\/\/rioonwatch.org.br\/?p=71883\" target=\"_blank\">Neste M\u00eas da Mulher, o Que a Trajet\u00f3ria de Carolina Maria de Jesus Tem a Dizer sobre o Brasil de Hoje?<\/a><\/h2>\t\t<\/div>\n\t\t\t\t<\/div>\n\t\t\t\t\t<\/div>\n\t\t<\/div>\n\t\t\t\t<div class=\"elementor-column elementor-col-33 elementor-top-column elementor-element elementor-element-8b2ce12\" data-id=\"8b2ce12\" data-element_type=\"column\">\n\t\t\t<div class=\"elementor-widget-wrap elementor-element-populated\">\n\t\t\t\t\t\t<div class=\"elementor-element elementor-element-6f7a4d9 elementor-widget elementor-widget-image\" data-id=\"6f7a4d9\" data-element_type=\"widget\" data-widget_type=\"image.default\">\n\t\t\t\t<div class=\"elementor-widget-container\">\n\t\t\t\t\t\t\t\t\t\t\t\t\t\t<a href=\"https:\/\/rioonwatch.org.br\/?p=71419\" target=\"_blank\">\n\t\t\t\t\t\t\t<img loading=\"lazy\" decoding=\"async\" width=\"2247\" height=\"1500\" src=\"https:\/\/rioonwatch.org.br\/wp-content\/uploads\/2023\/12\/Auditorio-da-Associacao-Brasileira-de-Imprensa-lotado-para-acompanhar-a-entrega-das-premiacoes-aos-comunicadores-antirracistas.-Foto-Barbara-Dias-2247x1500.jpg\" class=\"attachment-large size-large wp-image-71459\" alt=\"\" srcset=\"https:\/\/rioonwatch.org.br\/wp-content\/uploads\/2023\/12\/Auditorio-da-Associacao-Brasileira-de-Imprensa-lotado-para-acompanhar-a-entrega-das-premiacoes-aos-comunicadores-antirracistas.-Foto-Barbara-Dias-2247x1500.jpg 2247w, https:\/\/rioonwatch.org.br\/wp-content\/uploads\/2023\/12\/Auditorio-da-Associacao-Brasileira-de-Imprensa-lotado-para-acompanhar-a-entrega-das-premiacoes-aos-comunicadores-antirracistas.-Foto-Barbara-Dias-620x414.jpg 620w\" sizes=\"(max-width: 2247px) 100vw, 2247px\" \/>\t\t\t\t\t\t\t\t<\/a>\n\t\t\t\t\t\t\t\t\t\t\t\t\t<\/div>\n\t\t\t\t<\/div>\n\t\t\t\t<div class=\"elementor-element elementor-element-d2d3426 elementor-widget elementor-widget-heading\" data-id=\"d2d3426\" data-element_type=\"widget\" data-widget_type=\"heading.default\">\n\t\t\t\t<div class=\"elementor-widget-container\">\n\t\t\t<h2 class=\"elementor-heading-title elementor-size-default\"><a href=\"https:\/\/rioonwatch.org.br\/?p=71419\" target=\"_blank\">Comunicadores Antirracistas Premiados pela C\u00e2mara Municipal do Rio de Janeiro em Noite Hist\u00f3rica na Associa\u00e7\u00e3o Brasileira de Imprensa<\/a><\/h2>\t\t<\/div>\n\t\t\t\t<\/div>\n\t\t\t\t\t<\/div>\n\t\t<\/div>\n\t\t\t\t\t<\/div>\n\t\t<\/section>\n\t\t\t\t<section class=\"elementor-section elementor-top-section elementor-element elementor-element-d0f2d18 secao-posts1 elementor-section-boxed elementor-section-height-default elementor-section-height-default\" data-id=\"d0f2d18\" data-element_type=\"section\" data-settings=\"{&quot;background_background&quot;:&quot;classic&quot;}\">\n\t\t\t\t\t\t<div class=\"elementor-container elementor-column-gap-default\">\n\t\t\t\t\t<div class=\"elementor-column elementor-col-33 elementor-top-column elementor-element elementor-element-8769f58\" data-id=\"8769f58\" data-element_type=\"column\">\n\t\t\t<div class=\"elementor-widget-wrap elementor-element-populated\">\n\t\t\t\t\t\t<div class=\"elementor-element elementor-element-e4935c8 elementor-widget elementor-widget-image\" data-id=\"e4935c8\" data-element_type=\"widget\" data-widget_type=\"image.default\">\n\t\t\t\t<div class=\"elementor-widget-container\">\n\t\t\t\t\t\t\t\t\t\t\t\t\t\t<a href=\"https:\/\/rioonwatch.org.br\/?p=62119\" target=\"_blank\">\n\t\t\t\t\t\t\t<img loading=\"lazy\" decoding=\"async\" width=\"997\" height=\"629\" src=\"https:\/\/rioonwatch.org.br\/wp-content\/uploads\/2022\/08\/Democracia-997x629.png\" class=\"attachment-large size-large wp-image-62585\" alt=\"Comunicadores de favela dizem n\u00e3o se sentirem seguros para cobrir elei\u00e7\u00f5es. Foto: Tatiana Lima\" srcset=\"https:\/\/rioonwatch.org.br\/wp-content\/uploads\/2022\/08\/Democracia-997x629.png 997w, https:\/\/rioonwatch.org.br\/wp-content\/uploads\/2022\/08\/Democracia-620x391.png 620w, https:\/\/rioonwatch.org.br\/wp-content\/uploads\/2022\/08\/Democracia.png 1026w\" sizes=\"(max-width: 997px) 100vw, 997px\" \/>\t\t\t\t\t\t\t\t<\/a>\n\t\t\t\t\t\t\t\t\t\t\t\t\t<\/div>\n\t\t\t\t<\/div>\n\t\t\t\t<div class=\"elementor-element elementor-element-c90a055 elementor-widget elementor-widget-heading\" data-id=\"c90a055\" data-element_type=\"widget\" data-widget_type=\"heading.default\">\n\t\t\t\t<div class=\"elementor-widget-container\">\n\t\t\t<h2 class=\"elementor-heading-title elementor-size-default\"><a href=\"https:\/\/rioonwatch.org.br\/?p=62119\" target=\"_blank\">Democracia em Xeque Exp\u00f5e Amea\u00e7as \u00e0 Cobertura Eleitoral nas Favelas<\/a><\/h2>\t\t<\/div>\n\t\t\t\t<\/div>\n\t\t\t\t\t<\/div>\n\t\t<\/div>\n\t\t\t\t<div class=\"elementor-column elementor-col-33 elementor-top-column elementor-element elementor-element-d5d3b08\" data-id=\"d5d3b08\" data-element_type=\"column\">\n\t\t\t<div class=\"elementor-widget-wrap elementor-element-populated\">\n\t\t\t\t\t\t<div class=\"elementor-element elementor-element-a8010ab elementor-widget elementor-widget-image\" data-id=\"a8010ab\" data-element_type=\"widget\" data-widget_type=\"image.default\">\n\t\t\t\t<div class=\"elementor-widget-container\">\n\t\t\t\t\t\t\t\t\t\t\t\t\t\t<a href=\"https:\/\/rioonwatch.org.br\/?p=63443\" target=\"_blank\">\n\t\t\t\t\t\t\t<img loading=\"lazy\" decoding=\"async\" width=\"1126\" height=\"629\" src=\"https:\/\/rioonwatch.org.br\/wp-content\/uploads\/2022\/10\/Montagem-Carta-Capital_-Lula-a-esqurerda-usando-o-Bone-com-a-sigla-CPX-e-a-direita-bolsonato-1126x629.jpg\" class=\"attachment-large size-large wp-image-63445\" alt=\"Montagem Carta Capital: Lula \u00e0 esquerda, usando o Bon\u00e9 com a sigla CPX e, \u00e0 direita, Bolsonaro\" srcset=\"https:\/\/rioonwatch.org.br\/wp-content\/uploads\/2022\/10\/Montagem-Carta-Capital_-Lula-a-esqurerda-usando-o-Bone-com-a-sigla-CPX-e-a-direita-bolsonato-1126x629.jpg 1126w, https:\/\/rioonwatch.org.br\/wp-content\/uploads\/2022\/10\/Montagem-Carta-Capital_-Lula-a-esqurerda-usando-o-Bone-com-a-sigla-CPX-e-a-direita-bolsonato-620x346.jpg 620w, https:\/\/rioonwatch.org.br\/wp-content\/uploads\/2022\/10\/Montagem-Carta-Capital_-Lula-a-esqurerda-usando-o-Bone-com-a-sigla-CPX-e-a-direita-bolsonato.jpg 2000w\" sizes=\"(max-width: 1126px) 100vw, 1126px\" \/>\t\t\t\t\t\t\t\t<\/a>\n\t\t\t\t\t\t\t\t\t\t\t\t\t<\/div>\n\t\t\t\t<\/div>\n\t\t\t\t<div class=\"elementor-element elementor-element-de728f4 elementor-widget elementor-widget-heading\" data-id=\"de728f4\" data-element_type=\"widget\" data-widget_type=\"heading.default\">\n\t\t\t\t<div class=\"elementor-widget-container\">\n\t\t\t<h2 class=\"elementor-heading-title elementor-size-default\"><a href=\"https:\/\/rioonwatch.org.br\/?p=63443\" target=\"_blank\">Criminaliza\u00e7\u00e3o da Favela: A Origem das Fake News Sobre a Sigla CPX e As Consequ\u00eancias de Sua Dissemina\u00e7\u00e3o<\/a><\/h2>\t\t<\/div>\n\t\t\t\t<\/div>\n\t\t\t\t\t<\/div>\n\t\t<\/div>\n\t\t\t\t<div class=\"elementor-column elementor-col-33 elementor-top-column elementor-element elementor-element-7ffc62a\" data-id=\"7ffc62a\" data-element_type=\"column\">\n\t\t\t<div class=\"elementor-widget-wrap elementor-element-populated\">\n\t\t\t\t\t\t<div class=\"elementor-element elementor-element-a981096 elementor-widget elementor-widget-image\" data-id=\"a981096\" data-element_type=\"widget\" data-widget_type=\"image.default\">\n\t\t\t\t<div class=\"elementor-widget-container\">\n\t\t\t\t\t\t\t\t\t\t\t\t\t\t<a href=\"https:\/\/rioonwatch.org.br\/?p=65233\" target=\"_blank\">\n\t\t\t\t\t\t\t<img loading=\"lazy\" decoding=\"async\" width=\"2250\" height=\"1500\" src=\"https:\/\/rioonwatch.org.br\/wp-content\/uploads\/2023\/01\/manifestacao_mcamgo_abr_080120231818-12-2250x1500.jpg\" class=\"attachment-large size-large wp-image-65222\" alt=\"Golpistas invadem Congresso, STF e Pal\u00e1cio do Planalto no dia 8 de janeiro de 2023. Foto: Marcelo Camargo\/Ag\u00eancia Brasil\" srcset=\"https:\/\/rioonwatch.org.br\/wp-content\/uploads\/2023\/01\/manifestacao_mcamgo_abr_080120231818-12-2250x1500.jpg 2250w, https:\/\/rioonwatch.org.br\/wp-content\/uploads\/2023\/01\/manifestacao_mcamgo_abr_080120231818-12-620x413.jpg 620w, https:\/\/rioonwatch.org.br\/wp-content\/uploads\/2023\/01\/manifestacao_mcamgo_abr_080120231818-12-944x629.jpg 944w\" sizes=\"(max-width: 2250px) 100vw, 2250px\" \/>\t\t\t\t\t\t\t\t<\/a>\n\t\t\t\t\t\t\t\t\t\t\t\t\t<\/div>\n\t\t\t\t<\/div>\n\t\t\t\t<div class=\"elementor-element elementor-element-41af792 elementor-widget elementor-widget-heading\" data-id=\"41af792\" data-element_type=\"widget\" data-widget_type=\"heading.default\">\n\t\t\t\t<div class=\"elementor-widget-container\">\n\t\t\t<h2 class=\"elementor-heading-title elementor-size-default\"><a href=\"https:\/\/rioonwatch.org.br\/?p=65233\" target=\"_blank\">Permissividade aos Autointitulados \u2018Patriotas\u2019. Tiro, Porrada e Bomba Para as Favelas. #OQueDizemAsRedes Sobre os Ataques em Bras\u00edlia<\/a><\/h2>\t\t<\/div>\n\t\t\t\t<\/div>\n\t\t\t\t\t<\/div>\n\t\t<\/div>\n\t\t\t\t\t<\/div>\n\t\t<\/section>\n\t\t\t\t<section class=\"elementor-section elementor-top-section elementor-element elementor-element-6777c53 secao-posts1 elementor-section-boxed elementor-section-height-default elementor-section-height-default\" data-id=\"6777c53\" data-element_type=\"section\" data-settings=\"{&quot;background_background&quot;:&quot;classic&quot;}\">\n\t\t\t\t\t\t<div class=\"elementor-container elementor-column-gap-default\">\n\t\t\t\t\t<div class=\"elementor-column elementor-col-33 elementor-top-column elementor-element elementor-element-5557659\" data-id=\"5557659\" data-element_type=\"column\">\n\t\t\t<div class=\"elementor-widget-wrap elementor-element-populated\">\n\t\t\t\t\t\t<div class=\"elementor-element elementor-element-92855cc elementor-widget elementor-widget-image\" data-id=\"92855cc\" data-element_type=\"widget\" data-widget_type=\"image.default\">\n\t\t\t\t<div class=\"elementor-widget-container\">\n\t\t\t\t\t\t\t\t\t\t\t\t\t\t<a href=\"https:\/\/rioonwatch.org.br\/?p=65680\" target=\"_blank\">\n\t\t\t\t\t\t\t<img loading=\"lazy\" decoding=\"async\" width=\"1479\" height=\"629\" src=\"https:\/\/rioonwatch.org.br\/wp-content\/uploads\/2023\/02\/Arte-original-por-Rodrigo-Candido-1479x629.png\" class=\"attachment-large size-large wp-image-65923\" alt=\"\" srcset=\"https:\/\/rioonwatch.org.br\/wp-content\/uploads\/2023\/02\/Arte-original-por-Rodrigo-Candido-1479x629.png 1479w, https:\/\/rioonwatch.org.br\/wp-content\/uploads\/2023\/02\/Arte-original-por-Rodrigo-Candido-620x264.png 620w, https:\/\/rioonwatch.org.br\/wp-content\/uploads\/2023\/02\/Arte-original-por-Rodrigo-Candido-1030x439.png 1030w\" sizes=\"(max-width: 1479px) 100vw, 1479px\" \/>\t\t\t\t\t\t\t\t<\/a>\n\t\t\t\t\t\t\t\t\t\t\t\t\t<\/div>\n\t\t\t\t<\/div>\n\t\t\t\t<div class=\"elementor-element elementor-element-0761c38 elementor-widget elementor-widget-heading\" data-id=\"0761c38\" data-element_type=\"widget\" data-widget_type=\"heading.default\">\n\t\t\t\t<div class=\"elementor-widget-container\">\n\t\t\t<h2 class=\"elementor-heading-title elementor-size-default\"><a href=\"https:\/\/rioonwatch.org.br\/?p=65680\" target=\"_blank\">Viol\u00eancia Pol\u00edtica Atrav\u00e9s de Not\u00edcias Falsas: Uma Nova Face da Criminaliza\u00e7\u00e3o da Pobreza e de Lideran\u00e7as Comunit\u00e1rias nas Favelas<\/a><\/h2>\t\t<\/div>\n\t\t\t\t<\/div>\n\t\t\t\t\t<\/div>\n\t\t<\/div>\n\t\t\t\t<div class=\"elementor-column elementor-col-33 elementor-top-column elementor-element elementor-element-31926a6\" data-id=\"31926a6\" data-element_type=\"column\">\n\t\t\t<div class=\"elementor-widget-wrap\">\n\t\t\t\t\t\t\t<\/div>\n\t\t<\/div>\n\t\t\t\t<div class=\"elementor-column elementor-col-33 elementor-top-column elementor-element elementor-element-a7c542d\" data-id=\"a7c542d\" data-element_type=\"column\">\n\t\t\t<div class=\"elementor-widget-wrap\">\n\t\t\t\t\t\t\t<\/div>\n\t\t<\/div>\n\t\t\t\t\t<\/div>\n\t\t<\/section>\n\t\t\t\t<section class=\"elementor-section elementor-top-section elementor-element elementor-element-1ff65d6 elementor-section-boxed elementor-section-height-default elementor-section-height-default\" data-id=\"1ff65d6\" data-element_type=\"section\" data-settings=\"{&quot;background_background&quot;:&quot;classic&quot;}\">\n\t\t\t\t\t\t<div class=\"elementor-container elementor-column-gap-default\">\n\t\t\t\t\t<div class=\"elementor-column elementor-col-100 elementor-top-column elementor-element elementor-element-bcc8886\" data-id=\"bcc8886\" data-element_type=\"column\" data-settings=\"{&quot;background_background&quot;:&quot;classic&quot;}\">\n\t\t\t<div class=\"elementor-widget-wrap elementor-element-populated\">\n\t\t\t\t\t\t<div class=\"elementor-element elementor-element-c715a2c elementor-widget elementor-widget-heading\" data-id=\"c715a2c\" data-element_type=\"widget\" data-widget_type=\"heading.default\">\n\t\t\t\t<div class=\"elementor-widget-container\">\n\t\t\t<h2 class=\"elementor-heading-title elementor-size-default\">Representatividade e Diversidade<\/h2>\t\t<\/div>\n\t\t\t\t<\/div>\n\t\t\t\t\t<\/div>\n\t\t<\/div>\n\t\t\t\t\t<\/div>\n\t\t<\/section>\n\t\t\t\t<section class=\"elementor-section elementor-top-section elementor-element elementor-element-4a8429b secao-posts1 elementor-section-boxed elementor-section-height-default elementor-section-height-default\" data-id=\"4a8429b\" data-element_type=\"section\" data-settings=\"{&quot;background_background&quot;:&quot;classic&quot;}\">\n\t\t\t\t\t\t<div class=\"elementor-container elementor-column-gap-default\">\n\t\t\t\t\t<div class=\"elementor-column elementor-col-33 elementor-top-column elementor-element elementor-element-142feaa\" data-id=\"142feaa\" data-element_type=\"column\">\n\t\t\t<div class=\"elementor-widget-wrap elementor-element-populated\">\n\t\t\t\t\t\t<div class=\"elementor-element elementor-element-df24334 elementor-widget elementor-widget-image\" data-id=\"df24334\" data-element_type=\"widget\" data-widget_type=\"image.default\">\n\t\t\t\t<div class=\"elementor-widget-container\">\n\t\t\t\t\t\t\t\t\t\t\t\t\t\t<a href=\"https:\/\/rioonwatch.org.br\/?p=76384\" target=\"_blank\">\n\t\t\t\t\t\t\t<img loading=\"lazy\" decoding=\"async\" width=\"2250\" height=\"1500\" src=\"https:\/\/rioonwatch.org.br\/wp-content\/uploads\/2024\/11\/Sua-Majestade-Real-Rainha-Diambi-Kab-2250x1500.jpg\" class=\"attachment-large size-large wp-image-76406\" alt=\"Rainha Diambi Kabatusuila de m\u00e3os dadas com Adilson Almeida, presidente da Associa\u00e7\u00e3o Cultural Quilombo do Camorim (ACUQCA), em visita da real ao Quilombo Camorim, na Zona Oeste carioca. Foto: Rhuan Gon\u00e7alves\" srcset=\"https:\/\/rioonwatch.org.br\/wp-content\/uploads\/2024\/11\/Sua-Majestade-Real-Rainha-Diambi-Kab-2250x1500.jpg 2250w, https:\/\/rioonwatch.org.br\/wp-content\/uploads\/2024\/11\/Sua-Majestade-Real-Rainha-Diambi-Kab-620x413.jpg 620w, https:\/\/rioonwatch.org.br\/wp-content\/uploads\/2024\/11\/Sua-Majestade-Real-Rainha-Diambi-Kab-768x512.jpg 768w, https:\/\/rioonwatch.org.br\/wp-content\/uploads\/2024\/11\/Sua-Majestade-Real-Rainha-Diambi-Kab-1536x1024.jpg 1536w, https:\/\/rioonwatch.org.br\/wp-content\/uploads\/2024\/11\/Sua-Majestade-Real-Rainha-Diambi-Kab-2048x1365.jpg 2048w\" sizes=\"(max-width: 2250px) 100vw, 2250px\" \/>\t\t\t\t\t\t\t\t<\/a>\n\t\t\t\t\t\t\t\t\t\t\t\t\t<\/div>\n\t\t\t\t<\/div>\n\t\t\t\t<div class=\"elementor-element elementor-element-7479ab7 elementor-widget elementor-widget-heading\" data-id=\"7479ab7\" data-element_type=\"widget\" data-widget_type=\"heading.default\">\n\t\t\t\t<div class=\"elementor-widget-container\">\n\t\t\t<h2 class=\"elementor-heading-title elementor-size-default\"><a href=\"https:\/\/rioonwatch.org.br\/?p=76384\" target=\"_blank\">Visita de Sua Majestade Real, Rainha Diambi Kabatusuila do Congo, ao Quilombo do Camorim Reconecta a Di\u00e1spora ao Continente-M\u00e3e<\/a><\/h2>\t\t<\/div>\n\t\t\t\t<\/div>\n\t\t\t\t\t<\/div>\n\t\t<\/div>\n\t\t\t\t<div class=\"elementor-column elementor-col-33 elementor-top-column elementor-element elementor-element-69ec991\" data-id=\"69ec991\" data-element_type=\"column\">\n\t\t\t<div class=\"elementor-widget-wrap elementor-element-populated\">\n\t\t\t\t\t\t<div class=\"elementor-element elementor-element-e4a1867 elementor-widget elementor-widget-video\" data-id=\"e4a1867\" data-element_type=\"widget\" data-settings=\"{&quot;youtube_url&quot;:&quot;https:\\\/\\\/www.youtube.com\\\/watch?v=tB9CV49o7ig&quot;,&quot;show_image_overlay&quot;:&quot;yes&quot;,&quot;image_overlay&quot;:{&quot;url&quot;:&quot;https:\\\/\\\/rioonwatch.org.br\\\/wp-content\\\/uploads\\\/2023\\\/10\\\/Ex-Deputada-Estadual-Monica-Francisco-e-Deputada-Estadual-Dani-Monteiro.png&quot;,&quot;id&quot;:70722,&quot;size&quot;:&quot;&quot;,&quot;alt&quot;:&quot;Ex-Deputada Estadual M\\u00f4nica Francisco e Deputada Estadual Dani Monteiro&quot;,&quot;source&quot;:&quot;library&quot;},&quot;video_type&quot;:&quot;youtube&quot;,&quot;controls&quot;:&quot;yes&quot;}\" data-widget_type=\"video.default\">\n\t\t\t\t<div class=\"elementor-widget-container\">\n\t\t\t\t\t<div class=\"elementor-wrapper elementor-open-inline\">\n\t\t\t<div class=\"elementor-video\"><\/div>\t\t\t\t<div class=\"elementor-custom-embed-image-overlay\" style=\"background-image: url(https:\/\/rioonwatch.org.br\/wp-content\/uploads\/2023\/10\/Ex-Deputada-Estadual-Monica-Francisco-e-Deputada-Estadual-Dani-Monteiro.png);\">\n\t\t\t\t\t\t\t\t\t\t\t\t\t\t\t\t<div class=\"elementor-custom-embed-play\" role=\"button\" aria-label=\"Reproduzir v\u00eddeo sobre Ex-Deputada Estadual M\u00f4nica Francisco e Deputada Estadual Dani Monteiro\" tabindex=\"0\">\n\t\t\t\t\t\t\t<i aria-hidden=\"true\" class=\"eicon-play\"><\/i>\t\t\t\t\t\t\t<span class=\"elementor-screen-only\">Reproduzir v\u00eddeo sobre Ex-Deputada Estadual M\u00f4nica Francisco e Deputada Estadual Dani Monteiro<\/span>\n\t\t\t\t\t\t<\/div>\n\t\t\t\t\t\t\t\t\t<\/div>\n\t\t\t\t\t<\/div>\n\t\t\t\t<\/div>\n\t\t\t\t<\/div>\n\t\t\t\t<div class=\"elementor-element elementor-element-a457765 elementor-widget elementor-widget-heading\" data-id=\"a457765\" data-element_type=\"widget\" data-widget_type=\"heading.default\">\n\t\t\t\t<div class=\"elementor-widget-container\">\n\t\t\t<h2 class=\"elementor-heading-title elementor-size-medium\"><a href=\"https:\/\/rioonwatch.org.br\/?p=70667\" target=\"_blank\">Neste Dia da Consci\u00eancia Negra, Assista: \u2018A Vis\u00e3o de Deputadas Negras do Estado do Rio sobre Ra\u00e7a, G\u00eanero e Favela nos Parlamentos\u2019 [V\u00cdDEO]<\/a><\/h2>\t\t<\/div>\n\t\t\t\t<\/div>\n\t\t\t\t\t<\/div>\n\t\t<\/div>\n\t\t\t\t<div class=\"elementor-column elementor-col-33 elementor-top-column elementor-element elementor-element-e9d8826\" data-id=\"e9d8826\" data-element_type=\"column\">\n\t\t\t<div class=\"elementor-widget-wrap elementor-element-populated\">\n\t\t\t\t\t\t<div class=\"elementor-element elementor-element-299f2b1 elementor-widget elementor-widget-image\" data-id=\"299f2b1\" data-element_type=\"widget\" data-widget_type=\"image.default\">\n\t\t\t\t<div class=\"elementor-widget-container\">\n\t\t\t\t\t\t\t\t\t\t\t\t\t\t<a href=\"https:\/\/rioonwatch.org.br\/?p=62921\" target=\"_blank\">\n\t\t\t\t\t\t\t<img loading=\"lazy\" decoding=\"async\" width=\"1334\" height=\"629\" src=\"https:\/\/rioonwatch.org.br\/wp-content\/uploads\/2022\/09\/Igreja-Redenc\u0327a\u0303o-BXD-1334x629.png\" class=\"attachment-large size-large wp-image-62958\" alt=\"Igreja Redenc\u0327a\u0303o BXD reunida no Colab Space coworking em Nil\u00f3polis. Foto: Janaina Tavares\" srcset=\"https:\/\/rioonwatch.org.br\/wp-content\/uploads\/2022\/09\/Igreja-Redenc\u0327a\u0303o-BXD-1334x629.png 1334w, https:\/\/rioonwatch.org.br\/wp-content\/uploads\/2022\/09\/Igreja-Redenc\u0327a\u0303o-BXD-620x292.png 620w\" sizes=\"(max-width: 1334px) 100vw, 1334px\" \/>\t\t\t\t\t\t\t\t<\/a>\n\t\t\t\t\t\t\t\t\t\t\t\t\t<\/div>\n\t\t\t\t<\/div>\n\t\t\t\t<div class=\"elementor-element elementor-element-6afc175 elementor-widget elementor-widget-heading\" data-id=\"6afc175\" data-element_type=\"widget\" data-widget_type=\"heading.default\">\n\t\t\t\t<div class=\"elementor-widget-container\">\n\t\t\t<h2 class=\"elementor-heading-title elementor-size-default\"><a href=\"https:\/\/rioonwatch.org.br\/?p=62921\" target=\"_blank\">Igrejas Progressistas, a Diversidade do Voto Evang\u00e9lico e a Luta pela Democracia nas Periferias<\/a><\/h2>\t\t<\/div>\n\t\t\t\t<\/div>\n\t\t\t\t\t<\/div>\n\t\t<\/div>\n\t\t\t\t\t<\/div>\n\t\t<\/section>\n\t\t\t\t<section class=\"elementor-section elementor-top-section elementor-element elementor-element-0ead019 secao-posts1 elementor-section-boxed elementor-section-height-default elementor-section-height-default\" data-id=\"0ead019\" data-element_type=\"section\" data-settings=\"{&quot;background_background&quot;:&quot;classic&quot;}\">\n\t\t\t\t\t\t<div class=\"elementor-container elementor-column-gap-default\">\n\t\t\t\t\t<div class=\"elementor-column elementor-col-33 elementor-top-column elementor-element elementor-element-59df904\" data-id=\"59df904\" data-element_type=\"column\">\n\t\t\t<div class=\"elementor-widget-wrap elementor-element-populated\">\n\t\t\t\t\t\t<div class=\"elementor-element elementor-element-651dc0e elementor-widget elementor-widget-image\" data-id=\"651dc0e\" data-element_type=\"widget\" data-widget_type=\"image.default\">\n\t\t\t\t<div class=\"elementor-widget-container\">\n\t\t\t\t\t\t\t\t\t\t\t\t\t\t<a href=\"https:\/\/rioonwatch.org.br\/?p=64637\" target=\"_blank\">\n\t\t\t\t\t\t\t<img loading=\"lazy\" decoding=\"async\" width=\"1051\" height=\"629\" src=\"https:\/\/rioonwatch.org.br\/wp-content\/uploads\/2022\/12\/lula-anuncia-ministros_Foto_Marcelo-Camargo_Agencia-Brasil-1051x629.jpg\" class=\"attachment-large size-large wp-image-64646\" alt=\"O Presidente-Eleito Luiz In\u00e1cio Lula da Silva anuncia ministros durante coletiva no CCBB Bras\u00edlia. Foto: Marcelo Camargo\/Ag\u00eancia Brasil\" srcset=\"https:\/\/rioonwatch.org.br\/wp-content\/uploads\/2022\/12\/lula-anuncia-ministros_Foto_Marcelo-Camargo_Agencia-Brasil-1051x629.jpg 1051w, https:\/\/rioonwatch.org.br\/wp-content\/uploads\/2022\/12\/lula-anuncia-ministros_Foto_Marcelo-Camargo_Agencia-Brasil-620x371.jpg 620w, https:\/\/rioonwatch.org.br\/wp-content\/uploads\/2022\/12\/lula-anuncia-ministros_Foto_Marcelo-Camargo_Agencia-Brasil.jpg 1170w\" sizes=\"(max-width: 1051px) 100vw, 1051px\" \/>\t\t\t\t\t\t\t\t<\/a>\n\t\t\t\t\t\t\t\t\t\t\t\t\t<\/div>\n\t\t\t\t<\/div>\n\t\t\t\t<div class=\"elementor-element elementor-element-3342fa1 elementor-widget elementor-widget-heading\" data-id=\"3342fa1\" data-element_type=\"widget\" data-widget_type=\"heading.default\">\n\t\t\t\t<div class=\"elementor-widget-container\">\n\t\t\t<h2 class=\"elementor-heading-title elementor-size-default\"><a href=\"https:\/\/rioonwatch.org.br\/?p=64637\" target=\"_blank\">Representatividade Importa: Acertos e Contradi\u00e7\u00f5es do Gabinete de Transi\u00e7\u00e3o e as Perspectivas para os Minist\u00e9rios do Novo Governo Lula<\/a><\/h2>\t\t<\/div>\n\t\t\t\t<\/div>\n\t\t\t\t\t<\/div>\n\t\t<\/div>\n\t\t\t\t<div class=\"elementor-column elementor-col-33 elementor-top-column elementor-element elementor-element-8ca91db\" data-id=\"8ca91db\" data-element_type=\"column\">\n\t\t\t<div class=\"elementor-widget-wrap elementor-element-populated\">\n\t\t\t\t\t\t<div class=\"elementor-element elementor-element-8eaefc6 elementor-widget elementor-widget-image\" data-id=\"8eaefc6\" data-element_type=\"widget\" data-widget_type=\"image.default\">\n\t\t\t\t<div class=\"elementor-widget-container\">\n\t\t\t\t\t\t\t\t\t\t\t\t\t\t<a href=\"https:\/\/rioonwatch.org.br\/?p=65426\" target=\"_blank\">\n\t\t\t\t\t\t\t<img loading=\"lazy\" decoding=\"async\" width=\"2250\" height=\"1500\" src=\"https:\/\/rioonwatch.org.br\/wp-content\/uploads\/2023\/01\/Valter-Campanato-6_Agencia-Brasil-2250x1500.jpg\" class=\"attachment-large size-large wp-image-65411\" alt=\"O presidente Luiz In\u00e1cio Lula da Silva, participa da cerim\u00f4nia de posse das ministras da Igualdade Racial, Anielle Franco, e dos Povos Ind\u00edgenas, Sonia Guajajara. Foto: Valter Capanema\/ Ag\u00eancia Brasil\" srcset=\"https:\/\/rioonwatch.org.br\/wp-content\/uploads\/2023\/01\/Valter-Campanato-6_Agencia-Brasil-2250x1500.jpg 2250w, https:\/\/rioonwatch.org.br\/wp-content\/uploads\/2023\/01\/Valter-Campanato-6_Agencia-Brasil-620x413.jpg 620w, https:\/\/rioonwatch.org.br\/wp-content\/uploads\/2023\/01\/Valter-Campanato-6_Agencia-Brasil-944x629.jpg 944w\" sizes=\"(max-width: 2250px) 100vw, 2250px\" \/>\t\t\t\t\t\t\t\t<\/a>\n\t\t\t\t\t\t\t\t\t\t\t\t\t<\/div>\n\t\t\t\t<\/div>\n\t\t\t\t<div class=\"elementor-element elementor-element-67f24ac elementor-widget elementor-widget-heading\" data-id=\"67f24ac\" data-element_type=\"widget\" data-widget_type=\"heading.default\">\n\t\t\t\t<div class=\"elementor-widget-container\">\n\t\t\t<h2 class=\"elementor-heading-title elementor-size-default\"><a href=\"https:\/\/rioonwatch.org.br\/?p=65426\" target=\"_blank\">Anielle Franco: Dos Becos da Mar\u00e9 ao Minist\u00e9rio da Igualdade Racial<\/a><\/h2>\t\t<\/div>\n\t\t\t\t<\/div>\n\t\t\t\t\t<\/div>\n\t\t<\/div>\n\t\t\t\t<div class=\"elementor-column elementor-col-33 elementor-top-column elementor-element elementor-element-3061e1a\" data-id=\"3061e1a\" data-element_type=\"column\">\n\t\t\t<div class=\"elementor-widget-wrap elementor-element-populated\">\n\t\t\t\t\t\t<div class=\"elementor-element elementor-element-53536d5 elementor-widget elementor-widget-video\" data-id=\"53536d5\" data-element_type=\"widget\" data-settings=\"{&quot;youtube_url&quot;:&quot;https:\\\/\\\/youtu.be\\\/YpIBxQZ26-8&quot;,&quot;show_image_overlay&quot;:&quot;yes&quot;,&quot;image_overlay&quot;:{&quot;url&quot;:&quot;https:\\\/\\\/rioonwatch.org.br\\\/wp-content\\\/uploads\\\/2023\\\/01\\\/Estacao-de-Comendador-Soares-com-a-Serra-do-Vulcao-ao-Fundo.png&quot;,&quot;id&quot;:65444,&quot;size&quot;:&quot;&quot;,&quot;alt&quot;:&quot;&quot;,&quot;source&quot;:&quot;library&quot;},&quot;video_type&quot;:&quot;youtube&quot;,&quot;controls&quot;:&quot;yes&quot;}\" data-widget_type=\"video.default\">\n\t\t\t\t<div class=\"elementor-widget-container\">\n\t\t\t\t\t<div class=\"elementor-wrapper elementor-open-inline\">\n\t\t\t<div class=\"elementor-video\"><\/div>\t\t\t\t<div class=\"elementor-custom-embed-image-overlay\" style=\"background-image: url(https:\/\/rioonwatch.org.br\/wp-content\/uploads\/2023\/01\/Estacao-de-Comendador-Soares-com-a-Serra-do-Vulcao-ao-Fundo.png);\">\n\t\t\t\t\t\t\t\t\t\t\t\t\t\t\t\t<div class=\"elementor-custom-embed-play\" role=\"button\" aria-label=\"Reproduzir v\u00eddeo\" tabindex=\"0\">\n\t\t\t\t\t\t\t<i aria-hidden=\"true\" class=\"eicon-play\"><\/i>\t\t\t\t\t\t\t<span class=\"elementor-screen-only\">Reproduzir v\u00eddeo<\/span>\n\t\t\t\t\t\t<\/div>\n\t\t\t\t\t\t\t\t\t<\/div>\n\t\t\t\t\t<\/div>\n\t\t\t\t<\/div>\n\t\t\t\t<\/div>\n\t\t\t\t<div class=\"elementor-element elementor-element-38300eb elementor-widget elementor-widget-heading\" data-id=\"38300eb\" data-element_type=\"widget\" data-widget_type=\"heading.default\">\n\t\t\t\t<div class=\"elementor-widget-container\">\n\t\t\t<h2 class=\"elementor-heading-title elementor-size-medium\"><a href=\"https:\/\/rioonwatch.org.br\/?p=64197\" target=\"_blank\">Um Territ\u00f3rio \u00c1rido: Candidaturas de Mulheres Negras e Perif\u00e9ricas da Baixada Fluminense [V\u00cdDEO]<\/a><\/h2>\t\t<\/div>\n\t\t\t\t<\/div>\n\t\t\t\t\t<\/div>\n\t\t<\/div>\n\t\t\t\t\t<\/div>\n\t\t<\/section>\n\t\t\t\t<section class=\"elementor-section elementor-top-section elementor-element elementor-element-4a8c1e4 elementor-section-boxed elementor-section-height-default elementor-section-height-default\" data-id=\"4a8c1e4\" data-element_type=\"section\" data-settings=\"{&quot;background_background&quot;:&quot;classic&quot;}\">\n\t\t\t\t\t\t<div class=\"elementor-container elementor-column-gap-default\">\n\t\t\t\t\t<div class=\"elementor-column elementor-col-100 elementor-top-column elementor-element elementor-element-28e54f5\" data-id=\"28e54f5\" data-element_type=\"column\" data-settings=\"{&quot;background_background&quot;:&quot;classic&quot;}\">\n\t\t\t<div class=\"elementor-widget-wrap elementor-element-populated\">\n\t\t\t\t\t\t<div class=\"elementor-element elementor-element-8c5d21d elementor-widget elementor-widget-heading\" data-id=\"8c5d21d\" data-element_type=\"widget\" data-widget_type=\"heading.default\">\n\t\t\t\t<div class=\"elementor-widget-container\">\n\t\t\t<h2 class=\"elementor-heading-title elementor-size-default\">Marielle: O Girassol da Resist\u00eancia<\/h2>\t\t<\/div>\n\t\t\t\t<\/div>\n\t\t\t\t\t<\/div>\n\t\t<\/div>\n\t\t\t\t\t<\/div>\n\t\t<\/section>\n\t\t\t\t<section class=\"elementor-section elementor-top-section elementor-element elementor-element-0b3aea6 secao-posts1 elementor-section-boxed elementor-section-height-default elementor-section-height-default\" data-id=\"0b3aea6\" data-element_type=\"section\" data-settings=\"{&quot;background_background&quot;:&quot;classic&quot;}\">\n\t\t\t\t\t\t<div class=\"elementor-container elementor-column-gap-default\">\n\t\t\t\t\t<div class=\"elementor-column elementor-col-33 elementor-top-column elementor-element elementor-element-a94b916\" data-id=\"a94b916\" data-element_type=\"column\">\n\t\t\t<div class=\"elementor-widget-wrap elementor-element-populated\">\n\t\t\t\t\t\t<div class=\"elementor-element elementor-element-447b79c elementor-widget elementor-widget-image\" data-id=\"447b79c\" data-element_type=\"widget\" data-widget_type=\"image.default\">\n\t\t\t\t<div class=\"elementor-widget-container\">\n\t\t\t\t\t\t\t\t\t\t\t\t\t\t<a href=\"https:\/\/rioonwatch.org.br\/?p=72625\" target=\"_blank\">\n\t\t\t\t\t\t\t<img loading=\"lazy\" decoding=\"async\" width=\"1600\" height=\"1200\" src=\"https:\/\/rioonwatch.org.br\/wp-content\/uploads\/2024\/03\/Espaco-do-Projeto-Corujinha-que-oferece-rede-de-apoio-em-Marica-a-maes-e-pais-solo-que-estudam-e-trabalham-a-noite-e-nao-tenham-com-quem-deixar-seus-filhos.-Foto-Silvia-Teixeira.jpg\" class=\"attachment-large size-large wp-image-72640\" alt=\"Foto: Secretaria Municipal de Educa\u00e7\u00e3o de Maric\u00e1\" srcset=\"https:\/\/rioonwatch.org.br\/wp-content\/uploads\/2024\/03\/Espaco-do-Projeto-Corujinha-que-oferece-rede-de-apoio-em-Marica-a-maes-e-pais-solo-que-estudam-e-trabalham-a-noite-e-nao-tenham-com-quem-deixar-seus-filhos.-Foto-Silvia-Teixeira.jpg 1600w, https:\/\/rioonwatch.org.br\/wp-content\/uploads\/2024\/03\/Espaco-do-Projeto-Corujinha-que-oferece-rede-de-apoio-em-Marica-a-maes-e-pais-solo-que-estudam-e-trabalham-a-noite-e-nao-tenham-com-quem-deixar-seus-filhos.-Foto-Silvia-Teixeira-620x465.jpg 620w, https:\/\/rioonwatch.org.br\/wp-content\/uploads\/2024\/03\/Espaco-do-Projeto-Corujinha-que-oferece-rede-de-apoio-em-Marica-a-maes-e-pais-solo-que-estudam-e-trabalham-a-noite-e-nao-tenham-com-quem-deixar-seus-filhos.-Foto-Silvia-Teixeira-678x509.jpg 678w, https:\/\/rioonwatch.org.br\/wp-content\/uploads\/2024\/03\/Espaco-do-Projeto-Corujinha-que-oferece-rede-de-apoio-em-Marica-a-maes-e-pais-solo-que-estudam-e-trabalham-a-noite-e-nao-tenham-com-quem-deixar-seus-filhos.-Foto-Silvia-Teixeira-326x245.jpg 326w, https:\/\/rioonwatch.org.br\/wp-content\/uploads\/2024\/03\/Espaco-do-Projeto-Corujinha-que-oferece-rede-de-apoio-em-Marica-a-maes-e-pais-solo-que-estudam-e-trabalham-a-noite-e-nao-tenham-com-quem-deixar-seus-filhos.-Foto-Silvia-Teixeira-80x60.jpg 80w\" sizes=\"(max-width: 1600px) 100vw, 1600px\" \/>\t\t\t\t\t\t\t\t<\/a>\n\t\t\t\t\t\t\t\t\t\t\t\t\t<\/div>\n\t\t\t\t<\/div>\n\t\t\t\t<div class=\"elementor-element elementor-element-c51aec5 elementor-widget elementor-widget-heading\" data-id=\"c51aec5\" data-element_type=\"widget\" data-widget_type=\"heading.default\">\n\t\t\t\t<div class=\"elementor-widget-container\">\n\t\t\t<h2 class=\"elementor-heading-title elementor-size-default\"><a href=\"https:\/\/rioonwatch.org.br\/?p=72625\" target=\"_blank\">Marielle Vive! Em Maric\u00e1, Projeto Corujinhas Oferece Rede de Apoio para M\u00e3es e Pais Solos no Per\u00edodo Noturno<\/a><\/h2>\t\t<\/div>\n\t\t\t\t<\/div>\n\t\t\t\t\t<\/div>\n\t\t<\/div>\n\t\t\t\t<div class=\"elementor-column elementor-col-33 elementor-top-column elementor-element elementor-element-719e021\" data-id=\"719e021\" data-element_type=\"column\">\n\t\t\t<div class=\"elementor-widget-wrap elementor-element-populated\">\n\t\t\t\t\t\t<div class=\"elementor-element elementor-element-c87999c elementor-widget elementor-widget-image\" data-id=\"c87999c\" data-element_type=\"widget\" data-widget_type=\"image.default\">\n\t\t\t\t<div class=\"elementor-widget-container\">\n\t\t\t\t\t\t\t\t\t\t\t\t\t\t<a href=\"https:\/\/rioonwatch.org.br\/?p=62249\" target=\"_blank\">\n\t\t\t\t\t\t\t<img loading=\"lazy\" decoding=\"async\" width=\"2250\" height=\"1500\" src=\"https:\/\/rioonwatch.org.br\/wp-content\/uploads\/2022\/07\/No-dia-27-de-julho-de-2022-aconteceu-a-inauguracao-da-estatua-de-Marielle-Franco-feita-pelo-artista-Edgar-Duvivier-no-Buraco-do-Lume-espaco-historico-de-atuacao-da-parlamentar-no-Centro-da-cidade.-2250x1500.jpg\" class=\"attachment-large size-large wp-image-62251\" alt=\"No dia 27 de julho de 2022, aconteceu a inaugura\u00e7\u00e3o da est\u00e1tua de Marielle Franco, feita pelo artista Edgar Duvivier, no Buraco do Lume, no Centro, espa\u00e7o hist\u00f3rico de atua\u00e7\u00e3o pol\u00edtica da parlamentar do Complexo da Mar\u00e9, asassinada em 2018 a poucos quil\u00f4metros do local. Foto: Alexandre Cerqueira\/ComCat\" srcset=\"https:\/\/rioonwatch.org.br\/wp-content\/uploads\/2022\/07\/No-dia-27-de-julho-de-2022-aconteceu-a-inauguracao-da-estatua-de-Marielle-Franco-feita-pelo-artista-Edgar-Duvivier-no-Buraco-do-Lume-espaco-historico-de-atuacao-da-parlamentar-no-Centro-da-cidade.-2250x1500.jpg 2250w, https:\/\/rioonwatch.org.br\/wp-content\/uploads\/2022\/07\/No-dia-27-de-julho-de-2022-aconteceu-a-inauguracao-da-estatua-de-Marielle-Franco-feita-pelo-artista-Edgar-Duvivier-no-Buraco-do-Lume-espaco-historico-de-atuacao-da-parlamentar-no-Centro-da-cidade.-620x413.jpg 620w, https:\/\/rioonwatch.org.br\/wp-content\/uploads\/2022\/07\/No-dia-27-de-julho-de-2022-aconteceu-a-inauguracao-da-estatua-de-Marielle-Franco-feita-pelo-artista-Edgar-Duvivier-no-Buraco-do-Lume-espaco-historico-de-atuacao-da-parlamentar-no-Centro-da-cidade.-944x629.jpg 944w\" sizes=\"(max-width: 2250px) 100vw, 2250px\" \/>\t\t\t\t\t\t\t\t<\/a>\n\t\t\t\t\t\t\t\t\t\t\t\t\t<\/div>\n\t\t\t\t<\/div>\n\t\t\t\t<div class=\"elementor-element elementor-element-1ee3c74 elementor-widget elementor-widget-heading\" data-id=\"1ee3c74\" data-element_type=\"widget\" data-widget_type=\"heading.default\">\n\t\t\t\t<div class=\"elementor-widget-container\">\n\t\t\t<h2 class=\"elementor-heading-title elementor-size-default\"><a href=\"https:\/\/rioonwatch.org.br\/?p=62249\" target=\"_blank\">Anivers\u00e1rio de Marielle Franco \u00c9 Celebrado com Inaugura\u00e7\u00e3o de Est\u00e1tua da Parlamentar e Aula P\u00fablica de Mulheres Negras no Buraco do Lume, no Centro do Rio de Janeiro [IMAGENS]<\/a><\/h2>\t\t<\/div>\n\t\t\t\t<\/div>\n\t\t\t\t\t<\/div>\n\t\t<\/div>\n\t\t\t\t<div class=\"elementor-column elementor-col-33 elementor-top-column elementor-element elementor-element-a56fae4\" data-id=\"a56fae4\" data-element_type=\"column\">\n\t\t\t<div class=\"elementor-widget-wrap elementor-element-populated\">\n\t\t\t\t\t\t<div class=\"elementor-element elementor-element-65f80c0 elementor-widget elementor-widget-image\" data-id=\"65f80c0\" data-element_type=\"widget\" data-widget_type=\"image.default\">\n\t\t\t\t<div class=\"elementor-widget-container\">\n\t\t\t\t\t\t\t\t\t\t\t\t\t\t<a href=\"https:\/\/rioonwatch.org.br\/?p=63272\" target=\"_blank\">\n\t\t\t\t\t\t\t<img loading=\"lazy\" decoding=\"async\" width=\"1258\" height=\"629\" src=\"https:\/\/rioonwatch.org.br\/wp-content\/uploads\/2022\/10\/Arte-Rafael-Moura-1258x629.jpg\" class=\"attachment-large size-large wp-image-63319\" alt=\"Arte Rafael Moura\" srcset=\"https:\/\/rioonwatch.org.br\/wp-content\/uploads\/2022\/10\/Arte-Rafael-Moura-1258x629.jpg 1258w, https:\/\/rioonwatch.org.br\/wp-content\/uploads\/2022\/10\/Arte-Rafael-Moura-620x310.jpg 620w, https:\/\/rioonwatch.org.br\/wp-content\/uploads\/2022\/10\/Arte-Rafael-Moura.jpg 2000w\" sizes=\"(max-width: 1258px) 100vw, 1258px\" \/>\t\t\t\t\t\t\t\t<\/a>\n\t\t\t\t\t\t\t\t\t\t\t\t\t<\/div>\n\t\t\t\t<\/div>\n\t\t\t\t<div class=\"elementor-element elementor-element-916a82a elementor-widget elementor-widget-heading\" data-id=\"916a82a\" data-element_type=\"widget\" data-widget_type=\"heading.default\">\n\t\t\t\t<div class=\"elementor-widget-container\">\n\t\t\t<h2 class=\"elementor-heading-title elementor-size-default\"><a href=\"https:\/\/rioonwatch.org.br\/?p=63272\" target=\"_blank\">A Vit\u00f3ria de Herdeiras de Marielle nas Elei\u00e7\u00f5es do Rio de Janeiro<\/a><\/h2>\t\t<\/div>\n\t\t\t\t<\/div>\n\t\t\t\t\t<\/div>\n\t\t<\/div>\n\t\t\t\t\t<\/div>\n\t\t<\/section>\n\t\t\t\t<section class=\"elementor-section elementor-top-section elementor-element elementor-element-368468b secao-posts1 elementor-section-boxed elementor-section-height-default elementor-section-height-default\" data-id=\"368468b\" data-element_type=\"section\" data-settings=\"{&quot;background_background&quot;:&quot;classic&quot;}\">\n\t\t\t\t\t\t<div class=\"elementor-container elementor-column-gap-default\">\n\t\t\t\t\t<div class=\"elementor-column elementor-col-33 elementor-top-column elementor-element elementor-element-5d332b5\" data-id=\"5d332b5\" data-element_type=\"column\">\n\t\t\t<div class=\"elementor-widget-wrap elementor-element-populated\">\n\t\t\t\t\t\t<div class=\"elementor-element elementor-element-6cd6874 elementor-widget elementor-widget-image\" data-id=\"6cd6874\" data-element_type=\"widget\" data-widget_type=\"image.default\">\n\t\t\t\t<div class=\"elementor-widget-container\">\n\t\t\t\t\t\t\t\t\t\t\t\t\t\t<a href=\"https:\/\/rioonwatch.org.br\/?p=66709\" target=\"_blank\">\n\t\t\t\t\t\t\t<img loading=\"lazy\" decoding=\"async\" width=\"2193\" height=\"1500\" src=\"https:\/\/rioonwatch.org.br\/wp-content\/uploads\/2023\/03\/Evento-Marielle-Vive-relembra-cinco-anos-do-feminicidio-politico-de-Marielle-Franco-com-mesas-e-exposicao.-Priscila-Silva-2193x1500.jpg\" class=\"attachment-large size-large wp-image-66768\" alt=\"Evento Marielle Vive! relembra cinco anos do feminic\u00eddio pol\u00edtico de Marielle Franco com mesas e exposi\u00e7\u00e3o. Foto: Priscila Silva\" srcset=\"https:\/\/rioonwatch.org.br\/wp-content\/uploads\/2023\/03\/Evento-Marielle-Vive-relembra-cinco-anos-do-feminicidio-politico-de-Marielle-Franco-com-mesas-e-exposicao.-Priscila-Silva-2193x1500.jpg 2193w, https:\/\/rioonwatch.org.br\/wp-content\/uploads\/2023\/03\/Evento-Marielle-Vive-relembra-cinco-anos-do-feminicidio-politico-de-Marielle-Franco-com-mesas-e-exposicao.-Priscila-Silva-620x424.jpg 620w, https:\/\/rioonwatch.org.br\/wp-content\/uploads\/2023\/03\/Evento-Marielle-Vive-relembra-cinco-anos-do-feminicidio-politico-de-Marielle-Franco-com-mesas-e-exposicao.-Priscila-Silva-919x629.jpg 919w\" sizes=\"(max-width: 2193px) 100vw, 2193px\" \/>\t\t\t\t\t\t\t\t<\/a>\n\t\t\t\t\t\t\t\t\t\t\t\t\t<\/div>\n\t\t\t\t<\/div>\n\t\t\t\t<div class=\"elementor-element elementor-element-c0348de elementor-widget elementor-widget-heading\" data-id=\"c0348de\" data-element_type=\"widget\" data-widget_type=\"heading.default\">\n\t\t\t\t<div class=\"elementor-widget-container\">\n\t\t\t<h2 class=\"elementor-heading-title elementor-size-default\"><a href=\"https:\/\/rioonwatch.org.br\/?p=66709\" target=\"_blank\">\u2018Marielle Vive! Favelas na Reconstru\u00e7\u00e3o do Pa\u00eds\u2019 Promove Discuss\u00e3o sobre o Legado de Marielle Franco [IMAGENS]<\/a><\/h2>\t\t<\/div>\n\t\t\t\t<\/div>\n\t\t\t\t\t<\/div>\n\t\t<\/div>\n\t\t\t\t<div class=\"elementor-column elementor-col-33 elementor-top-column elementor-element elementor-element-47ed044\" data-id=\"47ed044\" data-element_type=\"column\">\n\t\t\t<div class=\"elementor-widget-wrap elementor-element-populated\">\n\t\t\t\t\t\t<div class=\"elementor-element elementor-element-8d3b33f elementor-widget elementor-widget-image\" data-id=\"8d3b33f\" data-element_type=\"widget\" data-widget_type=\"image.default\">\n\t\t\t\t<div class=\"elementor-widget-container\">\n\t\t\t\t\t\t\t\t\t\t\t\t\t\t<a href=\"https:\/\/rioonwatch.org.br\/?p=66722\" target=\"_blank\">\n\t\t\t\t\t\t\t<img loading=\"lazy\" decoding=\"async\" width=\"949\" height=\"629\" src=\"https:\/\/rioonwatch.org.br\/wp-content\/uploads\/2023\/03\/Luedji-Luna-se-apresenta-no-Festival-Justica-por-Marielle-e-Anderson.-Foto-Barbara-Dias-949x629.jpg\" class=\"attachment-large size-large wp-image-66797\" alt=\"\" srcset=\"https:\/\/rioonwatch.org.br\/wp-content\/uploads\/2023\/03\/Luedji-Luna-se-apresenta-no-Festival-Justica-por-Marielle-e-Anderson.-Foto-Barbara-Dias-949x629.jpg 949w, https:\/\/rioonwatch.org.br\/wp-content\/uploads\/2023\/03\/Luedji-Luna-se-apresenta-no-Festival-Justica-por-Marielle-e-Anderson.-Foto-Barbara-Dias-620x411.jpg 620w, https:\/\/rioonwatch.org.br\/wp-content\/uploads\/2023\/03\/Luedji-Luna-se-apresenta-no-Festival-Justica-por-Marielle-e-Anderson.-Foto-Barbara-Dias.jpg 2000w\" sizes=\"(max-width: 949px) 100vw, 949px\" \/>\t\t\t\t\t\t\t\t<\/a>\n\t\t\t\t\t\t\t\t\t\t\t\t\t<\/div>\n\t\t\t\t<\/div>\n\t\t\t\t<div class=\"elementor-element elementor-element-fcadf26 elementor-widget elementor-widget-heading\" data-id=\"fcadf26\" data-element_type=\"widget\" data-widget_type=\"heading.default\">\n\t\t\t\t<div class=\"elementor-widget-container\">\n\t\t\t<h2 class=\"elementor-heading-title elementor-size-default\"><a href=\"https:\/\/rioonwatch.org.br\/?p=66722\" target=\"_blank\">Festival \u2018Justi\u00e7a por Marielle\u2019 Re\u00fane Artistas e Sociedade Civil Para Relembrar 5 Anos Sem Justi\u00e7a e Cobrar Respostas [IMAGENS]<\/a><\/h2>\t\t<\/div>\n\t\t\t\t<\/div>\n\t\t\t\t\t<\/div>\n\t\t<\/div>\n\t\t\t\t<div class=\"elementor-column elementor-col-33 elementor-top-column elementor-element elementor-element-71e0b20\" data-id=\"71e0b20\" data-element_type=\"column\">\n\t\t\t<div class=\"elementor-widget-wrap\">\n\t\t\t\t\t\t\t<\/div>\n\t\t<\/div>\n\t\t\t\t\t<\/div>\n\t\t<\/section>\n\t\t\t\t<section class=\"elementor-section elementor-top-section elementor-element elementor-element-22bad36 elementor-section-boxed elementor-section-height-default elementor-section-height-default\" data-id=\"22bad36\" data-element_type=\"section\" data-settings=\"{&quot;background_background&quot;:&quot;classic&quot;}\">\n\t\t\t\t\t\t<div class=\"elementor-container elementor-column-gap-default\">\n\t\t\t\t\t<div class=\"elementor-column elementor-col-100 elementor-top-column elementor-element elementor-element-e75d635\" data-id=\"e75d635\" data-element_type=\"column\" data-settings=\"{&quot;background_background&quot;:&quot;classic&quot;}\">\n\t\t\t<div class=\"elementor-widget-wrap elementor-element-populated\">\n\t\t\t\t\t\t<div class=\"elementor-element elementor-element-be1f84f elementor-widget elementor-widget-heading\" data-id=\"be1f84f\" data-element_type=\"widget\" data-widget_type=\"heading.default\">\n\t\t\t\t<div class=\"elementor-widget-container\">\n\t\t\t<h2 class=\"elementor-heading-title elementor-size-default\">Finalmente, Justi\u00e7a por Marielle e Anderson!<\/h2>\t\t<\/div>\n\t\t\t\t<\/div>\n\t\t\t\t\t<\/div>\n\t\t<\/div>\n\t\t\t\t\t<\/div>\n\t\t<\/section>\n\t\t\t\t<section class=\"elementor-section elementor-top-section elementor-element elementor-element-80e330d secao-posts1 elementor-section-boxed elementor-section-height-default elementor-section-height-default\" data-id=\"80e330d\" data-element_type=\"section\" data-settings=\"{&quot;background_background&quot;:&quot;classic&quot;}\">\n\t\t\t\t\t\t<div class=\"elementor-container elementor-column-gap-default\">\n\t\t\t\t\t<div class=\"elementor-column elementor-col-33 elementor-top-column elementor-element elementor-element-890aae8\" data-id=\"890aae8\" data-element_type=\"column\">\n\t\t\t<div class=\"elementor-widget-wrap elementor-element-populated\">\n\t\t\t\t\t\t<div class=\"elementor-element elementor-element-1cfdaa2 elementor-widget elementor-widget-image\" data-id=\"1cfdaa2\" data-element_type=\"widget\" data-widget_type=\"image.default\">\n\t\t\t\t<div class=\"elementor-widget-container\">\n\t\t\t\t\t\t\t\t\t\t\t\t\t\t<a href=\"https:\/\/rioonwatch.org.br\/?p=73047\" target=\"_blank\">\n\t\t\t\t\t\t\t<img loading=\"lazy\" decoding=\"async\" width=\"1024\" height=\"683\" src=\"https:\/\/rioonwatch.org.br\/wp-content\/uploads\/2019\/03\/marielle-francisco-da-silva-marielle-franco-21544028790-1024x683.jpg\" class=\"attachment-large size-large wp-image-39304\" alt=\"Vereadora Marielle Franco, cria do Complexo da Mar\u00e9, na Zona Norte da cidade do Rio de Janeiro.\" srcset=\"https:\/\/rioonwatch.org.br\/wp-content\/uploads\/2019\/03\/marielle-francisco-da-silva-marielle-franco-21544028790-1024x683.jpg 1024w, https:\/\/rioonwatch.org.br\/wp-content\/uploads\/2019\/03\/marielle-francisco-da-silva-marielle-franco-21544028790-396x264.jpg 396w, https:\/\/rioonwatch.org.br\/wp-content\/uploads\/2019\/03\/marielle-francisco-da-silva-marielle-franco-21544028790-620x413.jpg 620w, https:\/\/rioonwatch.org.br\/wp-content\/uploads\/2019\/03\/marielle-francisco-da-silva-marielle-franco-21544028790-768x512.jpg 768w\" sizes=\"(max-width: 1024px) 100vw, 1024px\" \/>\t\t\t\t\t\t\t\t<\/a>\n\t\t\t\t\t\t\t\t\t\t\t\t\t<\/div>\n\t\t\t\t<\/div>\n\t\t\t\t<div class=\"elementor-element elementor-element-8e008a3 elementor-widget elementor-widget-heading\" data-id=\"8e008a3\" data-element_type=\"widget\" data-widget_type=\"heading.default\">\n\t\t\t\t<div class=\"elementor-widget-container\">\n\t\t\t<h2 class=\"elementor-heading-title elementor-size-default\"><a href=\"https:\/\/rioonwatch.org.br\/?p=73047\" target=\"_blank\">Marielle Foi Morta por Defender o Direito \u00e0 Moradia [EDITORIAL]<\/a><\/h2>\t\t<\/div>\n\t\t\t\t<\/div>\n\t\t\t\t\t<\/div>\n\t\t<\/div>\n\t\t\t\t<div class=\"elementor-column elementor-col-33 elementor-top-column elementor-element elementor-element-eff95cf\" data-id=\"eff95cf\" data-element_type=\"column\">\n\t\t\t<div class=\"elementor-widget-wrap elementor-element-populated\">\n\t\t\t\t\t\t<div class=\"elementor-element elementor-element-1b653ef elementor-widget elementor-widget-image\" data-id=\"1b653ef\" data-element_type=\"widget\" data-widget_type=\"image.default\">\n\t\t\t\t<div class=\"elementor-widget-container\">\n\t\t\t\t\t\t\t\t\t\t\t\t\t\t<a href=\"https:\/\/rioonwatch.org.br\/?p=76299\" target=\"_blank\">\n\t\t\t\t\t\t\t<img loading=\"lazy\" decoding=\"async\" width=\"2250\" height=\"1500\" src=\"https:\/\/rioonwatch.org.br\/wp-content\/uploads\/2024\/11\/Manifestantes-se-reunem-em-frente-ao-Tribunal-de-Justica-do-Rio-de-Janeiro-para-o-Amanhecer-por-Marielle-Franco-e-Anderson-Gomes.-Foto-Alexandre-Cerqueira-ComCat-2250x1500.jpg\" class=\"attachment-large size-large wp-image-76363\" alt=\"Manifestantes se re\u00fanem em frente ao Tribunal de Justi\u00e7a do Rio de Janeiro para o Amanhecer por Marielle Franco e Anderson Gomes. Foto: Alexandre Cerqueira\/ComCat\" srcset=\"https:\/\/rioonwatch.org.br\/wp-content\/uploads\/2024\/11\/Manifestantes-se-reunem-em-frente-ao-Tribunal-de-Justica-do-Rio-de-Janeiro-para-o-Amanhecer-por-Marielle-Franco-e-Anderson-Gomes.-Foto-Alexandre-Cerqueira-ComCat-2250x1500.jpg 2250w, https:\/\/rioonwatch.org.br\/wp-content\/uploads\/2024\/11\/Manifestantes-se-reunem-em-frente-ao-Tribunal-de-Justica-do-Rio-de-Janeiro-para-o-Amanhecer-por-Marielle-Franco-e-Anderson-Gomes.-Foto-Alexandre-Cerqueira-ComCat-620x413.jpg 620w, https:\/\/rioonwatch.org.br\/wp-content\/uploads\/2024\/11\/Manifestantes-se-reunem-em-frente-ao-Tribunal-de-Justica-do-Rio-de-Janeiro-para-o-Amanhecer-por-Marielle-Franco-e-Anderson-Gomes.-Foto-Alexandre-Cerqueira-ComCat-768x512.jpg 768w, https:\/\/rioonwatch.org.br\/wp-content\/uploads\/2024\/11\/Manifestantes-se-reunem-em-frente-ao-Tribunal-de-Justica-do-Rio-de-Janeiro-para-o-Amanhecer-por-Marielle-Franco-e-Anderson-Gomes.-Foto-Alexandre-Cerqueira-ComCat-1536x1024.jpg 1536w, https:\/\/rioonwatch.org.br\/wp-content\/uploads\/2024\/11\/Manifestantes-se-reunem-em-frente-ao-Tribunal-de-Justica-do-Rio-de-Janeiro-para-o-Amanhecer-por-Marielle-Franco-e-Anderson-Gomes.-Foto-Alexandre-Cerqueira-ComCat-2048x1365.jpg 2048w\" sizes=\"(max-width: 2250px) 100vw, 2250px\" \/>\t\t\t\t\t\t\t\t<\/a>\n\t\t\t\t\t\t\t\t\t\t\t\t\t<\/div>\n\t\t\t\t<\/div>\n\t\t\t\t<div class=\"elementor-element elementor-element-663f032 elementor-widget elementor-widget-heading\" data-id=\"663f032\" data-element_type=\"widget\" data-widget_type=\"heading.default\">\n\t\t\t\t<div class=\"elementor-widget-container\">\n\t\t\t<h2 class=\"elementor-heading-title elementor-size-default\"><a href=\"https:\/\/rioonwatch.org.br\/?p=76299\" target=\"_blank\">Executores de Marielle Franco e Anderson Silva S\u00e3o Condenados por Juri Popular: \u2018A Justi\u00e7a por Vezes \u00c9 Lenta, \u00c9 Cega, \u00c9 Burra, \u00c9 Injusta, \u00c9 Errada, \u00c9 Torta, Mas Ela Chega\u2019, Afirma Ju\u00edza do Caso<\/a><\/h2>\t\t<\/div>\n\t\t\t\t<\/div>\n\t\t\t\t\t<\/div>\n\t\t<\/div>\n\t\t\t\t<div class=\"elementor-column elementor-col-33 elementor-top-column elementor-element elementor-element-adf0f9a\" data-id=\"adf0f9a\" data-element_type=\"column\">\n\t\t\t<div class=\"elementor-widget-wrap elementor-element-populated\">\n\t\t\t\t\t\t<div class=\"elementor-element elementor-element-3202b3f elementor-widget elementor-widget-image\" data-id=\"3202b3f\" data-element_type=\"widget\" data-widget_type=\"image.default\">\n\t\t\t\t<div class=\"elementor-widget-container\">\n\t\t\t\t\t\t\t\t\t\t\t\t\t\t<a href=\"https:\/\/rioonwatch.org.br\/?p=72730\" target=\"_blank\">\n\t\t\t\t\t\t\t<img loading=\"lazy\" decoding=\"async\" width=\"944\" height=\"629\" src=\"https:\/\/rioonwatch.org.br\/wp-content\/uploads\/2019\/03\/img-1.-Marielle_Franco_em_agosto_de_2016-944x629.jpg\" class=\"attachment-large size-large wp-image-39302\" alt=\"Marielle Franco discursa na posse do seu primeiro e \u00fanico mandato como vereadora, em 2016. Foto: M\u00eddia Ninja\" srcset=\"https:\/\/rioonwatch.org.br\/wp-content\/uploads\/2019\/03\/img-1.-Marielle_Franco_em_agosto_de_2016-944x629.jpg 944w, https:\/\/rioonwatch.org.br\/wp-content\/uploads\/2019\/03\/img-1.-Marielle_Franco_em_agosto_de_2016-620x413.jpg 620w, https:\/\/rioonwatch.org.br\/wp-content\/uploads\/2019\/03\/img-1.-Marielle_Franco_em_agosto_de_2016-768x512.jpg 768w, https:\/\/rioonwatch.org.br\/wp-content\/uploads\/2019\/03\/img-1.-Marielle_Franco_em_agosto_de_2016-1024x682.jpg 1024w, https:\/\/rioonwatch.org.br\/wp-content\/uploads\/2019\/03\/img-1.-Marielle_Franco_em_agosto_de_2016.jpg 2000w\" sizes=\"(max-width: 944px) 100vw, 944px\" \/>\t\t\t\t\t\t\t\t<\/a>\n\t\t\t\t\t\t\t\t\t\t\t\t\t<\/div>\n\t\t\t\t<\/div>\n\t\t\t\t<div class=\"elementor-element elementor-element-a5982c7 elementor-widget elementor-widget-heading\" data-id=\"a5982c7\" data-element_type=\"widget\" data-widget_type=\"heading.default\">\n\t\t\t\t<div class=\"elementor-widget-container\">\n\t\t\t<h2 class=\"elementor-heading-title elementor-size-default\"><a href=\"https:\/\/rioonwatch.org.br\/?p=72730\" target=\"_blank\">Essa Mem\u00f3ria N\u00e3o Se Apaga: Seis Anos Sem Marielle e Anderson<\/a><\/h2>\t\t<\/div>\n\t\t\t\t<\/div>\n\t\t\t\t\t<\/div>\n\t\t<\/div>\n\t\t\t\t\t<\/div>\n\t\t<\/section>\n\t\t\t\t<section class=\"elementor-section elementor-top-section elementor-element elementor-element-7e1b4fe elementor-section-boxed elementor-section-height-default elementor-section-height-default\" data-id=\"7e1b4fe\" data-element_type=\"section\" data-settings=\"{&quot;background_background&quot;:&quot;classic&quot;}\">\n\t\t\t\t\t\t<div class=\"elementor-container elementor-column-gap-default\">\n\t\t\t\t\t<div class=\"elementor-column elementor-col-100 elementor-top-column elementor-element elementor-element-7b82ee0\" data-id=\"7b82ee0\" data-element_type=\"column\" data-settings=\"{&quot;background_background&quot;:&quot;classic&quot;}\">\n\t\t\t<div class=\"elementor-widget-wrap elementor-element-populated\">\n\t\t\t\t\t\t<div class=\"elementor-element elementor-element-afe3515 elementor-widget elementor-widget-heading\" data-id=\"afe3515\" data-element_type=\"widget\" data-widget_type=\"heading.default\">\n\t\t\t\t<div class=\"elementor-widget-container\">\n\t\t\t<h2 class=\"elementor-heading-title elementor-size-default\">Fotos e Artes<\/h2>\t\t<\/div>\n\t\t\t\t<\/div>\n\t\t\t\t\t<\/div>\n\t\t<\/div>\n\t\t\t\t\t<\/div>\n\t\t<\/section>\n\t\t\t\t<section class=\"elementor-section elementor-top-section elementor-element elementor-element-984f6b0 secao-artistas elementor-section-boxed elementor-section-height-default elementor-section-height-default\" data-id=\"984f6b0\" data-element_type=\"section\" data-settings=\"{&quot;background_background&quot;:&quot;classic&quot;}\">\n\t\t\t\t\t\t<div class=\"elementor-container elementor-column-gap-default\">\n\t\t\t\t\t<div class=\"elementor-column elementor-col-100 elementor-top-column elementor-element elementor-element-87f6325\" data-id=\"87f6325\" data-element_type=\"column\">\n\t\t\t<div class=\"elementor-widget-wrap elementor-element-populated\">\n\t\t\t\t\t\t<div class=\"elementor-element elementor-element-2745f67 elementor-arrows-position-inside elementor-pagination-position-outside elementor-widget elementor-widget-image-carousel\" data-id=\"2745f67\" data-element_type=\"widget\" data-settings=\"{&quot;slides_to_show&quot;:&quot;3&quot;,&quot;infinite&quot;:&quot;no&quot;,&quot;navigation&quot;:&quot;both&quot;,&quot;autoplay&quot;:&quot;yes&quot;,&quot;pause_on_hover&quot;:&quot;yes&quot;,&quot;pause_on_interaction&quot;:&quot;yes&quot;,&quot;autoplay_speed&quot;:5000,&quot;speed&quot;:500}\" data-widget_type=\"image-carousel.default\">\n\t\t\t\t<div class=\"elementor-widget-container\">\n\t\t\t\t\t<div class=\"elementor-image-carousel-wrapper swiper\" dir=\"ltr\">\n\t\t\t<div class=\"elementor-image-carousel swiper-wrapper\" aria-live=\"off\">\n\t\t\t\t\t\t\t\t<div class=\"swiper-slide\" role=\"group\" aria-roledescription=\"slide\" aria-label=\"1 de 6\"><a data-elementor-open-lightbox=\"yes\" data-elementor-lightbox-slideshow=\"2745f67\" data-elementor-lightbox-title=\"No dia 27 de julho de 2022, aconteceu a inaugura\u00e7\u00e3o da est\u00e1tua de Marielle Franco, feita pelo artista Edgar Duvivier, no Buraco do Lume, no Centro, espa\u00e7o hist\u00f3rico de atua\u00e7\u00e3o pol\u00edtica da parlamentar do Complexo da Mar\u00e9, asassinada em 2018 a poucos quil\u00f4metros do local. Foto: Alexandre Cerqueira\/ComCat\" data-elementor-lightbox-description=\"Sobre o fot\u00f3grafo: Alexandre Cerqueira, morador do Lins, Zona Norte, \u00e9 formado em Rela\u00e7\u00f5es Internacionais e desenvolve projetos de educa\u00e7\u00e3o b\u00e1sica nas favelas a partir da fotografia e produ\u00e7\u00e3o de v\u00eddeo como ferramentas de linguagem.\" data-e-action-hash=\"#elementor-action%3Aaction%3Dlightbox%26settings%3DeyJpZCI6NjIyNTEsInVybCI6Imh0dHBzOlwvXC9yaW9vbndhdGNoLm9yZy5iclwvd3AtY29udGVudFwvdXBsb2Fkc1wvMjAyMlwvMDdcL05vLWRpYS0yNy1kZS1qdWxoby1kZS0yMDIyLWFjb250ZWNldS1hLWluYXVndXJhY2FvLWRhLWVzdGF0dWEtZGUtTWFyaWVsbGUtRnJhbmNvLWZlaXRhLXBlbG8tYXJ0aXN0YS1FZGdhci1EdXZpdmllci1uby1CdXJhY28tZG8tTHVtZS1lc3BhY28taGlzdG9yaWNvLWRlLWF0dWFjYW8tZGEtcGFybGFtZW50YXItbm8tQ2VudHJvLWRhLWNpZGFkZS4tc2NhbGVkLmpwZyIsInNsaWRlc2hvdyI6IjI3NDVmNjcifQ%3D%3D\" href=\"https:\/\/rioonwatch.org.br\/wp-content\/uploads\/2022\/07\/No-dia-27-de-julho-de-2022-aconteceu-a-inauguracao-da-estatua-de-Marielle-Franco-feita-pelo-artista-Edgar-Duvivier-no-Buraco-do-Lume-espaco-historico-de-atuacao-da-parlamentar-no-Centro-da-cidade.-scaled.jpg\"><figure class=\"swiper-slide-inner\"><img decoding=\"async\" class=\"swiper-slide-image\" src=\"https:\/\/rioonwatch.org.br\/wp-content\/uploads\/2022\/07\/No-dia-27-de-julho-de-2022-aconteceu-a-inauguracao-da-estatua-de-Marielle-Franco-feita-pelo-artista-Edgar-Duvivier-no-Buraco-do-Lume-espaco-historico-de-atuacao-da-parlamentar-no-Centro-da-cidade.-scaled.jpg\" alt=\"No dia 27 de julho de 2022, aconteceu a inaugura\u00e7\u00e3o da est\u00e1tua de Marielle Franco, feita pelo artista Edgar Duvivier, no Buraco do Lume, no Centro, espa\u00e7o hist\u00f3rico de atua\u00e7\u00e3o pol\u00edtica da parlamentar do Complexo da Mar\u00e9, asassinada em 2018 a poucos quil\u00f4metros do local. Foto: Alexandre Cerqueira\/ComCat\" \/><figcaption class=\"elementor-image-carousel-caption\">No dia 27 de julho de 2022, aconteceu a inaugura\u00e7\u00e3o da est\u00e1tua de Marielle Franco, feita pelo artista Edgar Duvivier, no Buraco do Lume, no Centro, espa\u00e7o hist\u00f3rico de atua\u00e7\u00e3o pol\u00edtica da parlamentar do Complexo da Mar\u00e9, asassinada em 2018 a poucos quil\u00f4metros do local. Foto: Alexandre Cerqueira\/ComCat<\/figcaption><\/figure><\/a><\/div><div class=\"swiper-slide\" role=\"group\" aria-roledescription=\"slide\" aria-label=\"2 de 6\"><a data-elementor-open-lightbox=\"yes\" data-elementor-lightbox-slideshow=\"2745f67\" data-elementor-lightbox-title=\"Arte original por Estev\u00e3o Ribeiro\" data-elementor-lightbox-description=\"Sobre o artista: Estev\u00e3o Ribeiro \u00e9 escritor, ilustrador e roteirista audiovisual. \u00c9 autor da tirinha antirracista R\u00ea Tinta, publicada no instagram @renatatinta.\" data-e-action-hash=\"#elementor-action%3Aaction%3Dlightbox%26settings%3DeyJpZCI6NjM1NzEsInVybCI6Imh0dHBzOlwvXC9yaW9vbndhdGNoLm9yZy5iclwvd3AtY29udGVudFwvdXBsb2Fkc1wvMjAyMlwvMTBcL0FydGUtb3JpZ2luYWwtcG9yLUVzdGV2YW8tUmliZWlyby1zY2FsZWQuanBnIiwic2xpZGVzaG93IjoiMjc0NWY2NyJ9\" href=\"https:\/\/rioonwatch.org.br\/wp-content\/uploads\/2022\/10\/Arte-original-por-Estevao-Ribeiro-scaled.jpg\"><figure class=\"swiper-slide-inner\"><img decoding=\"async\" class=\"swiper-slide-image\" src=\"https:\/\/rioonwatch.org.br\/wp-content\/uploads\/2022\/10\/Arte-original-por-Estevao-Ribeiro-scaled.jpg\" alt=\"Arte original por Estev\u00e3o Ribeiro\" \/><figcaption class=\"elementor-image-carousel-caption\">Arte original por Estev\u00e3o Ribeiro<\/figcaption><\/figure><\/a><\/div><div class=\"swiper-slide\" role=\"group\" aria-roledescription=\"slide\" aria-label=\"3 de 6\"><a data-elementor-open-lightbox=\"yes\" data-elementor-lightbox-slideshow=\"2745f67\" data-elementor-lightbox-title=\"Registro de manifestantes em frente ao Comit\u00ea Democr\u00e1tico de Luta da Rocinha. Foto: B\u00e1rbara Dias\/RioOnWatch\" data-elementor-lightbox-description=\"Sobre a fot\u00f3grafa: B\u00e1rbara Dias, cria de Bangu, possui licenciatura em Ci\u00eancias Biol\u00f3gicas, mestrado em Educa\u00e7\u00e3o Ambiental e atua como professora da rede p\u00fablica desde 2006. \u00c9 fotojornalista e trabalha tamb\u00e9m com fotografia documental. \u00c9 comunicadora popular formada pelo N\u00facleo Piratininga de Comunica\u00e7\u00e3o (NPC) e co-fundadora do Coletivo Fotoguerrilha.\" data-e-action-hash=\"#elementor-action%3Aaction%3Dlightbox%26settings%3DeyJpZCI6NjM4NDYsInVybCI6Imh0dHBzOlwvXC9yaW9vbndhdGNoLm9yZy5iclwvd3AtY29udGVudFwvdXBsb2Fkc1wvMjAyMlwvMTFcL1JlZ2lzdHJvLWRlLW1hbmlmZXN0YW50ZXMtZW0tZnJlbnRlLWFvLUNvbWl0ZS1EZW1vY3JhdGljby1kZS1MdXRhLWRhLVJvY2luaGEuLUZvdG8tQmFyYmFyYS1EaWFzUmlvT25XYXRjaC1zY2FsZWQuanBnIiwic2xpZGVzaG93IjoiMjc0NWY2NyJ9\" href=\"https:\/\/rioonwatch.org.br\/wp-content\/uploads\/2022\/11\/Registro-de-manifestantes-em-frente-ao-Comite-Democratico-de-Luta-da-Rocinha.-Foto-Barbara-DiasRioOnWatch-scaled.jpg\"><figure class=\"swiper-slide-inner\"><img decoding=\"async\" class=\"swiper-slide-image\" src=\"https:\/\/rioonwatch.org.br\/wp-content\/uploads\/2022\/11\/Registro-de-manifestantes-em-frente-ao-Comite-Democratico-de-Luta-da-Rocinha.-Foto-Barbara-DiasRioOnWatch-scaled.jpg\" alt=\"Registro de manifestantes em frente ao Comit\u00ea Democr\u00e1tico de Luta da Rocinha. Foto: B\u00e1rbara Dias\/RioOnWatch\" \/><figcaption class=\"elementor-image-carousel-caption\">Registro de manifestantes em frente ao Comit\u00ea Democr\u00e1tico de Luta da Rocinha. Foto: B\u00e1rbara Dias\/RioOnWatch<\/figcaption><\/figure><\/a><\/div><div class=\"swiper-slide\" role=\"group\" aria-roledescription=\"slide\" aria-label=\"4 de 6\"><a data-elementor-open-lightbox=\"yes\" data-elementor-lightbox-slideshow=\"2745f67\" data-elementor-lightbox-title=\"Moradores da Rocinha cruzam a passarela de acesso \u00e0 favela nodia da vota\u00e7\u00e3o do segundo turno das elei\u00e7\u00f5es 2022. Foto: Alexandre Cerqueira\/RioOnWatch\" data-elementor-lightbox-description=\"Sobre o fot\u00f3grafo: Alexandre Cerqueira, morador do Lins, Zona Norte, \u00e9 formado em Rela\u00e7\u00f5es Internacionais e desenvolve projetos de educa\u00e7\u00e3o b\u00e1sica nas favelas a partir da fotografia e produ\u00e7\u00e3o de v\u00eddeo como ferramentas de linguagem.\" data-e-action-hash=\"#elementor-action%3Aaction%3Dlightbox%26settings%3DeyJpZCI6NjM5NjksInVybCI6Imh0dHBzOlwvXC9yaW9vbndhdGNoLm9yZy5iclwvd3AtY29udGVudFwvdXBsb2Fkc1wvMjAyMlwvMTFcL01vcmFkb3Jlcy1kYS1Sb2NpbmhhLWNydXphbS1hLXBhc3NhcmVsYS1kZS1hY2Vzc28tYS1mYXZlbGEtbm9kaWEtZGEtdm90YWNhby1kby1zZWd1bmRvLXR1cm5vLWRhcy1lbGVpY29lcy0yMDIyLi1Gb3RvLUFsZXhhbmRyZS1DLXNjYWxlZC5qcGciLCJzbGlkZXNob3ciOiIyNzQ1ZjY3In0%3D\" href=\"https:\/\/rioonwatch.org.br\/wp-content\/uploads\/2022\/11\/Moradores-da-Rocinha-cruzam-a-passarela-de-acesso-a-favela-nodia-da-votacao-do-segundo-turno-das-eleicoes-2022.-Foto-Alexandre-C-scaled.jpg\"><figure class=\"swiper-slide-inner\"><img decoding=\"async\" class=\"swiper-slide-image\" src=\"https:\/\/rioonwatch.org.br\/wp-content\/uploads\/2022\/11\/Moradores-da-Rocinha-cruzam-a-passarela-de-acesso-a-favela-nodia-da-votacao-do-segundo-turno-das-eleicoes-2022.-Foto-Alexandre-C-scaled.jpg\" alt=\"Moradores da Rocinha cruzam a passarela de acesso \u00e0 favela nodia da vota\u00e7\u00e3o do segundo turno das elei\u00e7\u00f5es 2022. Foto: Alexandre Cerqueira\/RioOnWatch\" \/><figcaption class=\"elementor-image-carousel-caption\">Moradores da Rocinha cruzam a passarela de acesso \u00e0 favela nodia da vota\u00e7\u00e3o do segundo turno das elei\u00e7\u00f5es 2022. Foto: Alexandre Cerqueira\/RioOnWatch<\/figcaption><\/figure><\/a><\/div><div class=\"swiper-slide\" role=\"group\" aria-roledescription=\"slide\" aria-label=\"5 de 6\"><a data-elementor-open-lightbox=\"yes\" data-elementor-lightbox-slideshow=\"2745f67\" data-elementor-lightbox-title=\"Arte original por Rodrigo C\u00e2ndido\" data-elementor-lightbox-description=\"Sobre o artista: Rodrigo C\u00e2ndido \u00e9 ilustrador e quadrinista, cujo foco \u00e9 colocar gente preta em todas as narrativas imagin\u00e1veis. Seu trabalho tem influ\u00eancias de afrofuturismo, games, m\u00fasica e a hist\u00f3ria de grandes negros e negras que moldaram a humanidade.\" data-e-action-hash=\"#elementor-action%3Aaction%3Dlightbox%26settings%3DeyJpZCI6NjU5MjMsInVybCI6Imh0dHBzOlwvXC9yaW9vbndhdGNoLm9yZy5iclwvd3AtY29udGVudFwvdXBsb2Fkc1wvMjAyM1wvMDJcL0FydGUtb3JpZ2luYWwtcG9yLVJvZHJpZ28tQ2FuZGlkby5wbmciLCJzbGlkZXNob3ciOiIyNzQ1ZjY3In0%3D\" href=\"https:\/\/rioonwatch.org.br\/wp-content\/uploads\/2023\/02\/Arte-original-por-Rodrigo-Candido.png\"><figure class=\"swiper-slide-inner\"><img decoding=\"async\" class=\"swiper-slide-image\" src=\"https:\/\/rioonwatch.org.br\/wp-content\/uploads\/2023\/02\/Arte-original-por-Rodrigo-Candido.png\" alt=\"Arte original por Rodrigo C\u00e2ndido\" \/><figcaption class=\"elementor-image-carousel-caption\">Arte original por Rodrigo C\u00e2ndido<\/figcaption><\/figure><\/a><\/div><div class=\"swiper-slide\" role=\"group\" aria-roledescription=\"slide\" aria-label=\"6 de 6\"><a data-elementor-open-lightbox=\"yes\" data-elementor-lightbox-slideshow=\"2745f67\" data-elementor-lightbox-title=\"Luedji Luna se apresenta no Festival Justi\u00e7a por Marielle e Anderson, realizado pelo Instituto Marielle Franco em 14 de mar\u00e7o de 2023, quando completou 5 anos do assassinato da vereadora. Foto: B\u00e1rbara Dias\" data-elementor-lightbox-description=\"Sobre a fot\u00f3grafa: B\u00e1rbara Dias, cria de Bangu, possui licenciatura em Ci\u00eancias Biol\u00f3gicas, mestrado em Educa\u00e7\u00e3o Ambiental e atua como professora da rede p\u00fablica desde 2006. \u00c9 fotojornalista e trabalha tamb\u00e9m com fotografia documental. \u00c9 comunicadora popular formada pelo N\u00facleo Piratininga de Comunica\u00e7\u00e3o (NPC) e co-fundadora do Coletivo Fotoguerrilha.\" data-e-action-hash=\"#elementor-action%3Aaction%3Dlightbox%26settings%3DeyJpZCI6NjY3OTcsInVybCI6Imh0dHBzOlwvXC9yaW9vbndhdGNoLm9yZy5iclwvd3AtY29udGVudFwvdXBsb2Fkc1wvMjAyM1wvMDNcL0x1ZWRqaS1MdW5hLXNlLWFwcmVzZW50YS1uby1GZXN0aXZhbC1KdXN0aWNhLXBvci1NYXJpZWxsZS1lLUFuZGVyc29uLi1Gb3RvLUJhcmJhcmEtRGlhcy5qcGciLCJzbGlkZXNob3ciOiIyNzQ1ZjY3In0%3D\" href=\"https:\/\/rioonwatch.org.br\/wp-content\/uploads\/2023\/03\/Luedji-Luna-se-apresenta-no-Festival-Justica-por-Marielle-e-Anderson.-Foto-Barbara-Dias.jpg\"><figure class=\"swiper-slide-inner\"><img decoding=\"async\" class=\"swiper-slide-image\" src=\"https:\/\/rioonwatch.org.br\/wp-content\/uploads\/2023\/03\/Luedji-Luna-se-apresenta-no-Festival-Justica-por-Marielle-e-Anderson.-Foto-Barbara-Dias.jpg\" alt=\"Luedji Luna se apresenta no Festival Justi\u00e7a por Marielle e Anderson, realizado pelo Instituto Marielle Franco em 14 de mar\u00e7o de 2023, quando completou 5 anos do assassinato da vereadora. Foto: B\u00e1rbara Dias\" \/><figcaption class=\"elementor-image-carousel-caption\">Luedji Luna se apresenta no Festival Justi\u00e7a por Marielle e Anderson, realizado pelo Instituto Marielle Franco em 14 de mar\u00e7o de 2023, quando completou 5 anos do assassinato da vereadora. Foto: B\u00e1rbara Dias<\/figcaption><\/figure><\/a><\/div>\t\t\t<\/div>\n\t\t\t\t\t\t\t\t\t\t\t\t<div class=\"elementor-swiper-button elementor-swiper-button-prev\" role=\"button\" tabindex=\"0\">\n\t\t\t\t\t\t<i aria-hidden=\"true\" class=\"eicon-chevron-left\"><\/i>\t\t\t\t\t<\/div>\n\t\t\t\t\t<div class=\"elementor-swiper-button elementor-swiper-button-next\" role=\"button\" tabindex=\"0\">\n\t\t\t\t\t\t<i aria-hidden=\"true\" class=\"eicon-chevron-right\"><\/i>\t\t\t\t\t<\/div>\n\t\t\t\t\n\t\t\t\t\t\t\t\t\t<div class=\"swiper-pagination\"><\/div>\n\t\t\t\t\t\t\t\t\t<\/div>\n\t\t\t\t<\/div>\n\t\t\t\t<\/div>\n\t\t\t\t\t<\/div>\n\t\t<\/div>\n\t\t\t\t\t<\/div>\n\t\t<\/section>\n\t\t\t\t<section class=\"elementor-section elementor-top-section elementor-element elementor-element-fbf2aad elementor-section-boxed elementor-section-height-default elementor-section-height-default\" data-id=\"fbf2aad\" data-element_type=\"section\" data-settings=\"{&quot;background_background&quot;:&quot;classic&quot;}\">\n\t\t\t\t\t\t<div class=\"elementor-container elementor-column-gap-default\">\n\t\t\t\t\t<div class=\"elementor-column elementor-col-100 elementor-top-column elementor-element elementor-element-005e30b\" data-id=\"005e30b\" data-element_type=\"column\">\n\t\t\t<div class=\"elementor-widget-wrap\">\n\t\t\t\t\t\t\t<\/div>\n\t\t<\/div>\n\t\t\t\t\t<\/div>\n\t\t<\/section>\n\t\t\t\t<\/div>\n\t\t<!-- AddThis Advanced Settings generic via filter on the_content --><!-- AddThis Share Buttons generic via filter on the_content -->","protected":false},"excerpt":{"rendered":"<div class=\"mh-excerpt\"><p>Tendo em vista a efetiva\u00e7\u00e3o do ponto de vista e das necessidades das favelas como parte integrante do debate p\u00fablico sobre o Direito \u00e0 Cidade, a s\u00e9rie Democracia do RioOnWatch vem pautando a urg\u00eancia de <a class=\"mh-excerpt-more\" href=\"https:\/\/rioonwatch.org.br\/?page_id=68327\" title=\"S\u00e9rie: Democracia\">[&#8230;]<\/a><!-- AddThis Advanced Settings generic via filter on get_the_excerpt --><!-- AddThis Share Buttons generic via filter on get_the_excerpt --><\/p>\n<\/div>","protected":false},"author":167,"featured_media":0,"parent":0,"menu_order":0,"comment_status":"closed","ping_status":"closed","template":"","meta":{"_acf_changed":false,"_monsterinsights_skip_tracking":false,"_monsterinsights_sitenote_active":false,"_monsterinsights_sitenote_note":"","_monsterinsights_sitenote_category":0,"footnotes":""},"class_list":["post-68327","page","type-page","status-publish"],"acf":[],"yoast_head":"<!-- This site is optimized with the Yoast SEO plugin v25.6 - https:\/\/yoast.com\/wordpress\/plugins\/seo\/ -->\n<title>S\u00e9rie: Democracia - RioOnWatch<\/title>\n<meta name=\"robots\" content=\"index, follow, max-snippet:-1, max-image-preview:large, max-video-preview:-1\" \/>\n<link rel=\"canonical\" href=\"https:\/\/rioonwatch.org.br\/?page_id=68327\" \/>\n<meta property=\"og:locale\" content=\"pt_BR\" \/>\n<meta property=\"og:type\" content=\"article\" \/>\n<meta property=\"og:title\" content=\"S\u00e9rie: Democracia - RioOnWatch\" \/>\n<meta property=\"og:description\" content=\"Tendo em vista a efetiva\u00e7\u00e3o do ponto de vista e das necessidades das favelas como parte integrante do debate p\u00fablico sobre o Direito \u00e0 Cidade, a s\u00e9rie Democracia do RioOnWatch vem pautando a urg\u00eancia de [...]\" \/>\n<meta property=\"og:url\" content=\"https:\/\/rioonwatch.org.br\/?page_id=68327\" \/>\n<meta property=\"og:site_name\" content=\"RioOnWatch\" \/>\n<meta property=\"article:modified_time\" content=\"2025-02-25T13:44:46+00:00\" \/>\n<meta property=\"og:image\" content=\"https:\/\/rioonwatch.org.br\/wp-content\/uploads\/2023\/05\/Arte-Serie-Democracia_banner-por-David-Amen.jpg\" \/>\n<meta name=\"twitter:card\" content=\"summary_large_image\" \/>\n<meta name=\"twitter:label1\" content=\"Est. tempo de leitura\" \/>\n\t<meta name=\"twitter:data1\" content=\"19 minutos\" \/>\n<script type=\"application\/ld+json\" class=\"yoast-schema-graph\">{\"@context\":\"https:\/\/schema.org\",\"@graph\":[{\"@type\":\"WebPage\",\"@id\":\"https:\/\/rioonwatch.org.br\/?page_id=68327\",\"url\":\"https:\/\/rioonwatch.org.br\/?page_id=68327\",\"name\":\"S\u00e9rie: Democracia - RioOnWatch\",\"isPartOf\":{\"@id\":\"https:\/\/rioonwatch.org.br\/#website\"},\"primaryImageOfPage\":{\"@id\":\"https:\/\/rioonwatch.org.br\/?page_id=68327#primaryimage\"},\"image\":{\"@id\":\"https:\/\/rioonwatch.org.br\/?page_id=68327#primaryimage\"},\"thumbnailUrl\":\"https:\/\/rioonwatch.org.br\/wp-content\/uploads\/2023\/05\/Arte-Serie-Democracia_banner-por-David-Amen.jpg\",\"datePublished\":\"2023-08-16T18:30:49+00:00\",\"dateModified\":\"2025-02-25T13:44:46+00:00\",\"breadcrumb\":{\"@id\":\"https:\/\/rioonwatch.org.br\/?page_id=68327#breadcrumb\"},\"inLanguage\":\"pt-BR\",\"potentialAction\":[{\"@type\":\"ReadAction\",\"target\":[\"https:\/\/rioonwatch.org.br\/?page_id=68327\"]}]},{\"@type\":\"ImageObject\",\"inLanguage\":\"pt-BR\",\"@id\":\"https:\/\/rioonwatch.org.br\/?page_id=68327#primaryimage\",\"url\":\"https:\/\/rioonwatch.org.br\/wp-content\/uploads\/2023\/05\/Arte-Serie-Democracia_banner-por-David-Amen.jpg\",\"contentUrl\":\"https:\/\/rioonwatch.org.br\/wp-content\/uploads\/2023\/05\/Arte-Serie-Democracia_banner-por-David-Amen.jpg\",\"width\":1536,\"height\":230,\"caption\":\"Arte original da S\u00e9rie Democracia do RioOnWatch_banner por David Amen\"},{\"@type\":\"BreadcrumbList\",\"@id\":\"https:\/\/rioonwatch.org.br\/?page_id=68327#breadcrumb\",\"itemListElement\":[{\"@type\":\"ListItem\",\"position\":1,\"name\":\"In\u00edcio\",\"item\":\"https:\/\/rioonwatch.org.br\/\"},{\"@type\":\"ListItem\",\"position\":2,\"name\":\"S\u00e9rie: Democracia\"}]},{\"@type\":\"WebSite\",\"@id\":\"https:\/\/rioonwatch.org.br\/#website\",\"url\":\"https:\/\/rioonwatch.org.br\/\",\"name\":\"RioOnWatch\",\"description\":\"relatos das favelas cariocas\",\"publisher\":{\"@id\":\"https:\/\/rioonwatch.org.br\/#organization\"},\"potentialAction\":[{\"@type\":\"SearchAction\",\"target\":{\"@type\":\"EntryPoint\",\"urlTemplate\":\"https:\/\/rioonwatch.org.br\/?s={search_term_string}\"},\"query-input\":{\"@type\":\"PropertyValueSpecification\",\"valueRequired\":true,\"valueName\":\"search_term_string\"}}],\"inLanguage\":\"pt-BR\"},{\"@type\":\"Organization\",\"@id\":\"https:\/\/rioonwatch.org.br\/#organization\",\"name\":\"RioOnWatch\",\"url\":\"https:\/\/rioonwatch.org.br\/\",\"logo\":{\"@type\":\"ImageObject\",\"inLanguage\":\"pt-BR\",\"@id\":\"https:\/\/rioonwatch.org.br\/#\/schema\/logo\/image\/\",\"url\":\"https:\/\/rioonwatch.org.br\/wp-content\/uploads\/2021\/06\/RioOnWatchcabecalhoPT11anos-2.png\",\"contentUrl\":\"https:\/\/rioonwatch.org.br\/wp-content\/uploads\/2021\/06\/RioOnWatchcabecalhoPT11anos-2.png\",\"width\":779,\"height\":277,\"caption\":\"RioOnWatch\"},\"image\":{\"@id\":\"https:\/\/rioonwatch.org.br\/#\/schema\/logo\/image\/\"}}]}<\/script>\n<!-- \/ Yoast SEO plugin. -->","yoast_head_json":{"title":"S\u00e9rie: Democracia - RioOnWatch","robots":{"index":"index","follow":"follow","max-snippet":"max-snippet:-1","max-image-preview":"max-image-preview:large","max-video-preview":"max-video-preview:-1"},"canonical":"https:\/\/rioonwatch.org.br\/?page_id=68327","og_locale":"pt_BR","og_type":"article","og_title":"S\u00e9rie: Democracia - RioOnWatch","og_description":"Tendo em vista a efetiva\u00e7\u00e3o do ponto de vista e das necessidades das favelas como parte integrante do debate p\u00fablico sobre o Direito \u00e0 Cidade, a s\u00e9rie Democracia do RioOnWatch vem pautando a urg\u00eancia de [...]","og_url":"https:\/\/rioonwatch.org.br\/?page_id=68327","og_site_name":"RioOnWatch","article_modified_time":"2025-02-25T13:44:46+00:00","og_image":[{"url":"https:\/\/rioonwatch.org.br\/wp-content\/uploads\/2023\/05\/Arte-Serie-Democracia_banner-por-David-Amen.jpg","type":"","width":"","height":""}],"twitter_card":"summary_large_image","twitter_misc":{"Est. tempo de leitura":"19 minutos"},"schema":{"@context":"https:\/\/schema.org","@graph":[{"@type":"WebPage","@id":"https:\/\/rioonwatch.org.br\/?page_id=68327","url":"https:\/\/rioonwatch.org.br\/?page_id=68327","name":"S\u00e9rie: Democracia - RioOnWatch","isPartOf":{"@id":"https:\/\/rioonwatch.org.br\/#website"},"primaryImageOfPage":{"@id":"https:\/\/rioonwatch.org.br\/?page_id=68327#primaryimage"},"image":{"@id":"https:\/\/rioonwatch.org.br\/?page_id=68327#primaryimage"},"thumbnailUrl":"https:\/\/rioonwatch.org.br\/wp-content\/uploads\/2023\/05\/Arte-Serie-Democracia_banner-por-David-Amen.jpg","datePublished":"2023-08-16T18:30:49+00:00","dateModified":"2025-02-25T13:44:46+00:00","breadcrumb":{"@id":"https:\/\/rioonwatch.org.br\/?page_id=68327#breadcrumb"},"inLanguage":"pt-BR","potentialAction":[{"@type":"ReadAction","target":["https:\/\/rioonwatch.org.br\/?page_id=68327"]}]},{"@type":"ImageObject","inLanguage":"pt-BR","@id":"https:\/\/rioonwatch.org.br\/?page_id=68327#primaryimage","url":"https:\/\/rioonwatch.org.br\/wp-content\/uploads\/2023\/05\/Arte-Serie-Democracia_banner-por-David-Amen.jpg","contentUrl":"https:\/\/rioonwatch.org.br\/wp-content\/uploads\/2023\/05\/Arte-Serie-Democracia_banner-por-David-Amen.jpg","width":1536,"height":230,"caption":"Arte original da S\u00e9rie Democracia do RioOnWatch_banner por David Amen"},{"@type":"BreadcrumbList","@id":"https:\/\/rioonwatch.org.br\/?page_id=68327#breadcrumb","itemListElement":[{"@type":"ListItem","position":1,"name":"In\u00edcio","item":"https:\/\/rioonwatch.org.br\/"},{"@type":"ListItem","position":2,"name":"S\u00e9rie: Democracia"}]},{"@type":"WebSite","@id":"https:\/\/rioonwatch.org.br\/#website","url":"https:\/\/rioonwatch.org.br\/","name":"RioOnWatch","description":"relatos das favelas cariocas","publisher":{"@id":"https:\/\/rioonwatch.org.br\/#organization"},"potentialAction":[{"@type":"SearchAction","target":{"@type":"EntryPoint","urlTemplate":"https:\/\/rioonwatch.org.br\/?s={search_term_string}"},"query-input":{"@type":"PropertyValueSpecification","valueRequired":true,"valueName":"search_term_string"}}],"inLanguage":"pt-BR"},{"@type":"Organization","@id":"https:\/\/rioonwatch.org.br\/#organization","name":"RioOnWatch","url":"https:\/\/rioonwatch.org.br\/","logo":{"@type":"ImageObject","inLanguage":"pt-BR","@id":"https:\/\/rioonwatch.org.br\/#\/schema\/logo\/image\/","url":"https:\/\/rioonwatch.org.br\/wp-content\/uploads\/2021\/06\/RioOnWatchcabecalhoPT11anos-2.png","contentUrl":"https:\/\/rioonwatch.org.br\/wp-content\/uploads\/2021\/06\/RioOnWatchcabecalhoPT11anos-2.png","width":779,"height":277,"caption":"RioOnWatch"},"image":{"@id":"https:\/\/rioonwatch.org.br\/#\/schema\/logo\/image\/"}}]}},"_links":{"self":[{"href":"https:\/\/rioonwatch.org.br\/index.php?rest_route=\/wp\/v2\/pages\/68327"}],"collection":[{"href":"https:\/\/rioonwatch.org.br\/index.php?rest_route=\/wp\/v2\/pages"}],"about":[{"href":"https:\/\/rioonwatch.org.br\/index.php?rest_route=\/wp\/v2\/types\/page"}],"author":[{"embeddable":true,"href":"https:\/\/rioonwatch.org.br\/index.php?rest_route=\/wp\/v2\/users\/167"}],"replies":[{"embeddable":true,"href":"https:\/\/rioonwatch.org.br\/index.php?rest_route=%2Fwp%2Fv2%2Fcomments&post=68327"}],"version-history":[{"count":91,"href":"https:\/\/rioonwatch.org.br\/index.php?rest_route=\/wp\/v2\/pages\/68327\/revisions"}],"predecessor-version":[{"id":77213,"href":"https:\/\/rioonwatch.org.br\/index.php?rest_route=\/wp\/v2\/pages\/68327\/revisions\/77213"}],"wp:attachment":[{"href":"https:\/\/rioonwatch.org.br\/index.php?rest_route=%2Fwp%2Fv2%2Fmedia&parent=68327"}],"curies":[{"name":"wp","href":"https:\/\/api.w.org\/{rel}","templated":true}]}}